{"id":13231,"date":"2021-05-30T14:30:43","date_gmt":"2021-05-30T17:30:43","guid":{"rendered":"http:\/\/lazari.com.br\/site\/?page_id=13231"},"modified":"2021-06-29T00:16:37","modified_gmt":"2021-06-29T03:16:37","slug":"pagina-principal","status":"publish","type":"page","link":"http:\/\/lazari.com.br\/site\/","title":{"rendered":"P\u00e1gina Principal"},"content":{"rendered":"<p><div class=\"fusion-fullwidth fullwidth-box fusion-builder-row-1 fusion-flex-container hundred-percent-fullwidth non-hundred-percent-height-scrolling\" style=\"background-color: rgba(255,255,255,0);background-position: left top;background-repeat: no-repeat;border-width: 0px 0px 0px 0px;border-color:#eae9e9;border-style:solid;\" ><div class=\"fusion-builder-row fusion-row fusion-flex-align-items-flex-start\" style=\"width:calc( 100% + 0px ) !important;max-width:calc( 100% + 0px ) !important;margin-left: calc(-0px \/ 2 );margin-right: calc(-0px \/ 2 );\"><div class=\"fusion-layout-column fusion_builder_column fusion-builder-column-0 fusion_builder_column_1_1 1_1 fusion-flex-column fusion-flex-align-self-flex-start fusion-column-no-min-height\"><div class=\"fusion-column-wrapper fusion-flex-justify-content-flex-start fusion-content-layout-column\" style=\"background-position:left top;background-repeat:no-repeat;-webkit-background-size:cover;-moz-background-size:cover;-o-background-size:cover;background-size:cover;padding: 0px 0px 0px 0px;\"><div class=\"fusion-recent-works fusion-portfolio-element fusion-portfolio fusion-portfolio-1 fusion-portfolio-grid fusion-portfolio-paging-pagination fusion-portfolio-three fusion-portfolio-no_text fusion-portfolio-rollover\" data-id=\"-rw-1\" data-columns=\"three\"><style type=\"text\/css\">.fusion-portfolio-1 .fusion-portfolio-wrapper .fusion-col-spacing{padding:0px;}<\/style><div class=\"fusion-portfolio-wrapper\" id=\"fusion-portfolio-1\" data-picturesize=\"auto\" data-pages=\"0\" style=\"margin:-0px;\"><article id=\"portfolio-1-post-13933\" class=\"fusion-portfolio-post 2020 prefeito fusion-col-spacing post-13933\"><div class=\"fusion-portfolio-content-wrapper\" style=\"border:none;\"><span class=\"entry-title rich-snippet-hidden\">2020 &#8211; Juninho (DEM) Prefeito &#8211; Rio Claro\/SP<\/span><span class=\"vcard rich-snippet-hidden\"><span class=\"fn\"><a href=\"http:\/\/lazari.com.br\/site\/author\/daniel\/\" title=\"Posts de Daniel\" rel=\"author\">Daniel<\/a><\/span><\/span><span class=\"updated rich-snippet-hidden\">2022-04-29T00:50:09-03:00<\/span>\n\n<div  class=\"fusion-image-wrapper\" aria-haspopup=\"true\">\n\t\n\t\n\t\n\t\t\n\t\t\t\t\t<img decoding=\"async\" width=\"640\" height=\"480\" src=\"http:\/\/lazari.com.br\/site\/wp-content\/uploads\/2021\/08\/2020-Juninho-01-Destaque.jpg\" class=\"attachment-full size-full wp-post-image\" alt=\"\" srcset=\"http:\/\/lazari.com.br\/site\/wp-content\/uploads\/2021\/08\/2020-Juninho-01-Destaque-200x150.jpg 200w, http:\/\/lazari.com.br\/site\/wp-content\/uploads\/2021\/08\/2020-Juninho-01-Destaque-400x300.jpg 400w, http:\/\/lazari.com.br\/site\/wp-content\/uploads\/2021\/08\/2020-Juninho-01-Destaque-600x450.jpg 600w, http:\/\/lazari.com.br\/site\/wp-content\/uploads\/2021\/08\/2020-Juninho-01-Destaque.jpg 640w\" sizes=\"(min-width: 2200px) 100vw, (min-width: 1124px) 390px, (min-width: 1032px) 585px, (min-width: 940px) 1032px, \" \/>\n\t\n\n\t\t<div class=\"fusion-rollover\">\n\t<div class=\"fusion-rollover-content\">\n\n\t\t\t\t\t\t\t\t\t\t\t\t\t\t<a class=\"fusion-rollover-link\" href=\"http:\/\/lazari.com.br\/site\/portfolio-items\/2020-juninho-dem-prefeito-rio-claro-sp\/\">2020 &#8211; Juninho (DEM) Prefeito &#8211; Rio Claro\/SP<\/a>\n\t\t\t\n\t\t\t\t\t\t\t\t\t\t\t\t\t\t\n\t\t\t\t\t\t\t\t\n\t\t\t\t\t\t\t\t\t\t\t\t\t<div class=\"fusion-rollover-sep\"><\/div>\n\t\t\t\t\n\t\t\t\t\t\t\t\t\t\t\t\t\t\t\t\t\t\t<a class=\"fusion-rollover-gallery\" href=\"http:\/\/lazari.com.br\/site\/wp-content\/uploads\/2021\/08\/2020-Juninho-01-Destaque.jpg\" data-id=\"13933\" data-rel=\"iLightbox[gallery-rw-1]\" data-title=\"2020-Juninho-01-Destaque\" data-caption=\"\">\n\t\t\t\t\t\tGaleria\t\t\t\t\t<\/a>\n\t\t\t\t\t\t\t\t\t\t\t\t\t\t\n\t\t\n\t\t\t\t\t\t\t\t\t\t\t\t<h4 class=\"fusion-rollover-title\">\n\t\t\t\t\t<a class=\"fusion-rollover-title-link\" href=\"http:\/\/lazari.com.br\/site\/portfolio-items\/2020-juninho-dem-prefeito-rio-claro-sp\/\">\n\t\t\t\t\t\t2020 &#8211; Juninho (DEM) Prefeito &#8211; Rio Claro\/SP\t\t\t\t\t<\/a>\n\t\t\t\t<\/h4>\n\t\t\t\n\t\t\t\t\t\t\t\t\t\t<div class=\"fusion-rollover-categories\"><a href=\"http:\/\/lazari.com.br\/site\/portfolio_category\/2020\/\" rel=\"tag\">2020<\/a>, <a href=\"http:\/\/lazari.com.br\/site\/portfolio_category\/prefeito\/\" rel=\"tag\">Prefeito<\/a><\/div>\t\t\t\t\t\n\t\t\n\t\t\t\t\t\t<a class=\"fusion-link-wrapper\" href=\"http:\/\/lazari.com.br\/site\/portfolio-items\/2020-juninho-dem-prefeito-rio-claro-sp\/\" aria-label=\"2020 &#8211; Juninho (DEM) Prefeito &#8211; Rio Claro\/SP\"><\/a>\n\t<\/div>\n<\/div>\n\n\t\n<\/div>\n<\/div><\/article><article id=\"portfolio-1-post-13931\" class=\"fusion-portfolio-post 2020 prefeito fusion-col-spacing post-13931\"><div class=\"fusion-portfolio-content-wrapper\" style=\"border:none;\"><span class=\"entry-title rich-snippet-hidden\">2020 &#8211; Eliseu Daniel (PSDB) Prefeito &#8211; Limeira\/SP<\/span><span class=\"vcard rich-snippet-hidden\"><span class=\"fn\"><a href=\"http:\/\/lazari.com.br\/site\/author\/daniel\/\" title=\"Posts de Daniel\" rel=\"author\">Daniel<\/a><\/span><\/span><span class=\"updated rich-snippet-hidden\">2022-04-29T00:49:54-03:00<\/span>\n\n<div  class=\"fusion-image-wrapper\" aria-haspopup=\"true\">\n\t\n\t\n\t\n\t\t\n\t\t\t\t\t<img decoding=\"async\" width=\"640\" height=\"480\" src=\"http:\/\/lazari.com.br\/site\/wp-content\/uploads\/2021\/08\/2020-Eliseu-Daniel-01-Destaque.jpg\" class=\"attachment-full size-full wp-post-image\" alt=\"\" srcset=\"http:\/\/lazari.com.br\/site\/wp-content\/uploads\/2021\/08\/2020-Eliseu-Daniel-01-Destaque-200x150.jpg 200w, http:\/\/lazari.com.br\/site\/wp-content\/uploads\/2021\/08\/2020-Eliseu-Daniel-01-Destaque-400x300.jpg 400w, http:\/\/lazari.com.br\/site\/wp-content\/uploads\/2021\/08\/2020-Eliseu-Daniel-01-Destaque-600x450.jpg 600w, http:\/\/lazari.com.br\/site\/wp-content\/uploads\/2021\/08\/2020-Eliseu-Daniel-01-Destaque.jpg 640w\" sizes=\"(min-width: 2200px) 100vw, (min-width: 1124px) 390px, (min-width: 1032px) 585px, (min-width: 940px) 1032px, \" \/>\n\t\n\n\t\t<div class=\"fusion-rollover\">\n\t<div class=\"fusion-rollover-content\">\n\n\t\t\t\t\t\t\t\t\t\t\t\t\t\t<a class=\"fusion-rollover-link\" href=\"http:\/\/lazari.com.br\/site\/portfolio-items\/2020-eliseu-daniel-psdb-prefeito-limeira-sp\/\">2020 &#8211; Eliseu Daniel (PSDB) Prefeito &#8211; Limeira\/SP<\/a>\n\t\t\t\n\t\t\t\t\t\t\t\t\t\t\t\t\t\t\n\t\t\t\t\t\t\t\t\n\t\t\t\t\t\t\t\t\t\t\t\t\t<div class=\"fusion-rollover-sep\"><\/div>\n\t\t\t\t\n\t\t\t\t\t\t\t\t\t\t\t\t\t\t\t\t\t\t<a class=\"fusion-rollover-gallery\" href=\"http:\/\/lazari.com.br\/site\/wp-content\/uploads\/2021\/08\/2020-Eliseu-Daniel-01-Destaque.jpg\" data-id=\"13931\" data-rel=\"iLightbox[gallery-rw-1]\" data-title=\"2020-Eliseu-Daniel-01-Destaque\" data-caption=\"\">\n\t\t\t\t\t\tGaleria\t\t\t\t\t<\/a>\n\t\t\t\t\t\t\t\t\t\t\t\t\t\t\n\t\t\n\t\t\t\t\t\t\t\t\t\t\t\t<h4 class=\"fusion-rollover-title\">\n\t\t\t\t\t<a class=\"fusion-rollover-title-link\" href=\"http:\/\/lazari.com.br\/site\/portfolio-items\/2020-eliseu-daniel-psdb-prefeito-limeira-sp\/\">\n\t\t\t\t\t\t2020 &#8211; Eliseu Daniel (PSDB) Prefeito &#8211; Limeira\/SP\t\t\t\t\t<\/a>\n\t\t\t\t<\/h4>\n\t\t\t\n\t\t\t\t\t\t\t\t\t\t<div class=\"fusion-rollover-categories\"><a href=\"http:\/\/lazari.com.br\/site\/portfolio_category\/2020\/\" rel=\"tag\">2020<\/a>, <a href=\"http:\/\/lazari.com.br\/site\/portfolio_category\/prefeito\/\" rel=\"tag\">Prefeito<\/a><\/div>\t\t\t\t\t\n\t\t\n\t\t\t\t\t\t<a class=\"fusion-link-wrapper\" href=\"http:\/\/lazari.com.br\/site\/portfolio-items\/2020-eliseu-daniel-psdb-prefeito-limeira-sp\/\" aria-label=\"2020 &#8211; Eliseu Daniel (PSDB) Prefeito &#8211; Limeira\/SP\"><\/a>\n\t<\/div>\n<\/div>\n\n\t\n<\/div>\n<\/div><\/article><article id=\"portfolio-1-post-13958\" class=\"fusion-portfolio-post 2020 institucional-partidario fusion-col-spacing post-13958\"><div class=\"fusion-portfolio-content-wrapper\" style=\"border:none;\"><span class=\"entry-title rich-snippet-hidden\">2020 &#8211; Prefeitura de Rio Claro\/SP<\/span><span class=\"vcard rich-snippet-hidden\"><span class=\"fn\"><a href=\"http:\/\/lazari.com.br\/site\/author\/daniel\/\" title=\"Posts de Daniel\" rel=\"author\">Daniel<\/a><\/span><\/span><span class=\"updated rich-snippet-hidden\">2021-08-25T11:50:26-03:00<\/span>\n\n<div  class=\"fusion-image-wrapper\" aria-haspopup=\"true\">\n\t\n\t\n\t\n\t\t\n\t\t\t\t\t<img decoding=\"async\" width=\"640\" height=\"480\" src=\"http:\/\/lazari.com.br\/site\/wp-content\/uploads\/2021\/08\/2019-Prefeitura-de-Rio-Claro-01-Destaque-1.jpg\" class=\"attachment-full size-full wp-post-image\" alt=\"\" srcset=\"http:\/\/lazari.com.br\/site\/wp-content\/uploads\/2021\/08\/2019-Prefeitura-de-Rio-Claro-01-Destaque-1-200x150.jpg 200w, http:\/\/lazari.com.br\/site\/wp-content\/uploads\/2021\/08\/2019-Prefeitura-de-Rio-Claro-01-Destaque-1-400x300.jpg 400w, http:\/\/lazari.com.br\/site\/wp-content\/uploads\/2021\/08\/2019-Prefeitura-de-Rio-Claro-01-Destaque-1-600x450.jpg 600w, http:\/\/lazari.com.br\/site\/wp-content\/uploads\/2021\/08\/2019-Prefeitura-de-Rio-Claro-01-Destaque-1.jpg 640w\" sizes=\"(min-width: 2200px) 100vw, (min-width: 1124px) 390px, (min-width: 1032px) 585px, (min-width: 940px) 1032px, \" \/>\n\t\n\n\t\t<div class=\"fusion-rollover\">\n\t<div class=\"fusion-rollover-content\">\n\n\t\t\t\t\t\t\t\t\t\t\t\t\t\t<a class=\"fusion-rollover-link\" href=\"http:\/\/lazari.com.br\/site\/portfolio-items\/2020-prefeitura-de-rio-claro-sp\/\">2020 &#8211; Prefeitura de Rio Claro\/SP<\/a>\n\t\t\t\n\t\t\t\t\t\t\t\t\t\t\t\t\t\t\n\t\t\t\t\t\t\t\t\n\t\t\t\t\t\t\t\t\t\t\t\t\t<div class=\"fusion-rollover-sep\"><\/div>\n\t\t\t\t\n\t\t\t\t\t\t\t\t\t\t\t\t\t\t\t\t\t\t<a class=\"fusion-rollover-gallery\" href=\"http:\/\/lazari.com.br\/site\/wp-content\/uploads\/2021\/08\/2019-Prefeitura-de-Rio-Claro-01-Destaque-1.jpg\" data-id=\"13958\" data-rel=\"iLightbox[gallery-rw-1]\" data-title=\"2019-Prefeitura-de-Rio-Claro-01-Destaque\" data-caption=\"\">\n\t\t\t\t\t\tGaleria\t\t\t\t\t<\/a>\n\t\t\t\t\t\t\t\t\t\t\t\t\t\t\n\t\t\n\t\t\t\t\t\t\t\t\t\t\t\t<h4 class=\"fusion-rollover-title\">\n\t\t\t\t\t<a class=\"fusion-rollover-title-link\" href=\"http:\/\/lazari.com.br\/site\/portfolio-items\/2020-prefeitura-de-rio-claro-sp\/\">\n\t\t\t\t\t\t2020 &#8211; Prefeitura de Rio Claro\/SP\t\t\t\t\t<\/a>\n\t\t\t\t<\/h4>\n\t\t\t\n\t\t\t\t\t\t\t\t\t\t<div class=\"fusion-rollover-categories\"><a href=\"http:\/\/lazari.com.br\/site\/portfolio_category\/2020\/\" rel=\"tag\">2020<\/a>, <a href=\"http:\/\/lazari.com.br\/site\/portfolio_category\/institucional-partidario\/\" rel=\"tag\">Institucional Partid\u00e1rio<\/a><\/div>\t\t\t\t\t\n\t\t\n\t\t\t\t\t\t<a class=\"fusion-link-wrapper\" href=\"http:\/\/lazari.com.br\/site\/portfolio-items\/2020-prefeitura-de-rio-claro-sp\/\" aria-label=\"2020 &#8211; Prefeitura de Rio Claro\/SP\"><\/a>\n\t<\/div>\n<\/div>\n\n\t\n<\/div>\n<\/div><\/article><article id=\"portfolio-1-post-13929\" class=\"fusion-portfolio-post 2020 vereador fusion-col-spacing post-13929\"><div class=\"fusion-portfolio-content-wrapper\" style=\"border:none;\"><span class=\"entry-title rich-snippet-hidden\">2020 &#8211; Andr\u00e9 Godoy (DEM) Vereador &#8211; Rio Claro\/SP<\/span><span class=\"vcard rich-snippet-hidden\"><span class=\"fn\"><a href=\"http:\/\/lazari.com.br\/site\/author\/daniel\/\" title=\"Posts de Daniel\" rel=\"author\">Daniel<\/a><\/span><\/span><span class=\"updated rich-snippet-hidden\">2022-04-29T00:49:30-03:00<\/span>\n\n<div  class=\"fusion-image-wrapper\" aria-haspopup=\"true\">\n\t\n\t\n\t\n\t\t\n\t\t\t\t\t<img decoding=\"async\" width=\"640\" height=\"480\" src=\"http:\/\/lazari.com.br\/site\/wp-content\/uploads\/2021\/08\/2020-Andre-Godoy-01-Destaque.jpg\" class=\"attachment-full size-full wp-post-image\" alt=\"\" srcset=\"http:\/\/lazari.com.br\/site\/wp-content\/uploads\/2021\/08\/2020-Andre-Godoy-01-Destaque-200x150.jpg 200w, http:\/\/lazari.com.br\/site\/wp-content\/uploads\/2021\/08\/2020-Andre-Godoy-01-Destaque-400x300.jpg 400w, http:\/\/lazari.com.br\/site\/wp-content\/uploads\/2021\/08\/2020-Andre-Godoy-01-Destaque-600x450.jpg 600w, http:\/\/lazari.com.br\/site\/wp-content\/uploads\/2021\/08\/2020-Andre-Godoy-01-Destaque.jpg 640w\" sizes=\"(min-width: 2200px) 100vw, (min-width: 1124px) 390px, (min-width: 1032px) 585px, (min-width: 940px) 1032px, \" \/>\n\t\n\n\t\t<div class=\"fusion-rollover\">\n\t<div class=\"fusion-rollover-content\">\n\n\t\t\t\t\t\t\t\t\t\t\t\t\t\t<a class=\"fusion-rollover-link\" href=\"http:\/\/lazari.com.br\/site\/portfolio-items\/2020-andre-godoy-dem-vereador-rio-claro-sp\/\">2020 &#8211; Andr\u00e9 Godoy (DEM) Vereador &#8211; Rio Claro\/SP<\/a>\n\t\t\t\n\t\t\t\t\t\t\t\t\t\t\t\t\t\t\n\t\t\t\t\t\t\t\t\n\t\t\t\t\t\t\t\t\t\t\t\t\t<div class=\"fusion-rollover-sep\"><\/div>\n\t\t\t\t\n\t\t\t\t\t\t\t\t\t\t\t\t\t\t\t\t\t\t<a class=\"fusion-rollover-gallery\" href=\"http:\/\/lazari.com.br\/site\/wp-content\/uploads\/2021\/08\/2020-Andre-Godoy-01-Destaque.jpg\" data-id=\"13929\" data-rel=\"iLightbox[gallery-rw-1]\" data-title=\"2020-Andre-Godoy--01-Destaque\" data-caption=\"\">\n\t\t\t\t\t\tGaleria\t\t\t\t\t<\/a>\n\t\t\t\t\t\t\t\t\t\t\t\t\t\t\n\t\t\n\t\t\t\t\t\t\t\t\t\t\t\t<h4 class=\"fusion-rollover-title\">\n\t\t\t\t\t<a class=\"fusion-rollover-title-link\" href=\"http:\/\/lazari.com.br\/site\/portfolio-items\/2020-andre-godoy-dem-vereador-rio-claro-sp\/\">\n\t\t\t\t\t\t2020 &#8211; Andr\u00e9 Godoy (DEM) Vereador &#8211; Rio Claro\/SP\t\t\t\t\t<\/a>\n\t\t\t\t<\/h4>\n\t\t\t\n\t\t\t\t\t\t\t\t\t\t<div class=\"fusion-rollover-categories\"><a href=\"http:\/\/lazari.com.br\/site\/portfolio_category\/2020\/\" rel=\"tag\">2020<\/a>, <a href=\"http:\/\/lazari.com.br\/site\/portfolio_category\/vereador\/\" rel=\"tag\">Vereador<\/a><\/div>\t\t\t\t\t\n\t\t\n\t\t\t\t\t\t<a class=\"fusion-link-wrapper\" href=\"http:\/\/lazari.com.br\/site\/portfolio-items\/2020-andre-godoy-dem-vereador-rio-claro-sp\/\" aria-label=\"2020 &#8211; Andr\u00e9 Godoy (DEM) Vereador &#8211; Rio Claro\/SP\"><\/a>\n\t<\/div>\n<\/div>\n\n\t\n<\/div>\n<\/div><\/article><article id=\"portfolio-1-post-13916\" class=\"fusion-portfolio-post 2020 vereador fusion-col-spacing post-13916\"><div class=\"fusion-portfolio-content-wrapper\" style=\"border:none;\"><span class=\"entry-title rich-snippet-hidden\">2020 &#8211; Helen Costa (Republicanos) Vereadora &#8211; Limeira\/SP<\/span><span class=\"vcard rich-snippet-hidden\"><span class=\"fn\"><a href=\"http:\/\/lazari.com.br\/site\/author\/daniel\/\" title=\"Posts de Daniel\" rel=\"author\">Daniel<\/a><\/span><\/span><span class=\"updated rich-snippet-hidden\">2022-04-29T00:49:16-03:00<\/span>\n\n<div  class=\"fusion-image-wrapper\" aria-haspopup=\"true\">\n\t\n\t\n\t\n\t\t\n\t\t\t\t\t<img decoding=\"async\" width=\"640\" height=\"480\" src=\"http:\/\/lazari.com.br\/site\/wp-content\/uploads\/2021\/08\/2020-Helen-Costa-01-Destaque.jpg\" class=\"attachment-full size-full wp-post-image\" alt=\"\" srcset=\"http:\/\/lazari.com.br\/site\/wp-content\/uploads\/2021\/08\/2020-Helen-Costa-01-Destaque-200x150.jpg 200w, http:\/\/lazari.com.br\/site\/wp-content\/uploads\/2021\/08\/2020-Helen-Costa-01-Destaque-400x300.jpg 400w, http:\/\/lazari.com.br\/site\/wp-content\/uploads\/2021\/08\/2020-Helen-Costa-01-Destaque-600x450.jpg 600w, http:\/\/lazari.com.br\/site\/wp-content\/uploads\/2021\/08\/2020-Helen-Costa-01-Destaque.jpg 640w\" sizes=\"(min-width: 2200px) 100vw, (min-width: 1124px) 390px, (min-width: 1032px) 585px, (min-width: 940px) 1032px, \" \/>\n\t\n\n\t\t<div class=\"fusion-rollover\">\n\t<div class=\"fusion-rollover-content\">\n\n\t\t\t\t\t\t\t\t\t\t\t\t\t\t<a class=\"fusion-rollover-link\" href=\"http:\/\/lazari.com.br\/site\/portfolio-items\/2020-helen-costa-republicanos-vereadora-limeira-sp\/\">2020 &#8211; Helen Costa (Republicanos) Vereadora &#8211; Limeira\/SP<\/a>\n\t\t\t\n\t\t\t\t\t\t\t\t\t\t\t\t\t\t\n\t\t\t\t\t\t\t\t\n\t\t\t\t\t\t\t\t\t\t\t\t\t<div class=\"fusion-rollover-sep\"><\/div>\n\t\t\t\t\n\t\t\t\t\t\t\t\t\t\t\t\t\t\t\t\t\t\t<a class=\"fusion-rollover-gallery\" href=\"http:\/\/lazari.com.br\/site\/wp-content\/uploads\/2021\/08\/2020-Helen-Costa-01-Destaque.jpg\" data-id=\"13916\" data-rel=\"iLightbox[gallery-rw-1]\" data-title=\"2020-Helen-Costa--01-Destaque\" data-caption=\"\">\n\t\t\t\t\t\tGaleria\t\t\t\t\t<\/a>\n\t\t\t\t\t\t\t\t\t\t\t\t\t\t\n\t\t\n\t\t\t\t\t\t\t\t\t\t\t\t<h4 class=\"fusion-rollover-title\">\n\t\t\t\t\t<a class=\"fusion-rollover-title-link\" href=\"http:\/\/lazari.com.br\/site\/portfolio-items\/2020-helen-costa-republicanos-vereadora-limeira-sp\/\">\n\t\t\t\t\t\t2020 &#8211; Helen Costa (Republicanos) Vereadora &#8211; Limeira\/SP\t\t\t\t\t<\/a>\n\t\t\t\t<\/h4>\n\t\t\t\n\t\t\t\t\t\t\t\t\t\t<div class=\"fusion-rollover-categories\"><a href=\"http:\/\/lazari.com.br\/site\/portfolio_category\/2020\/\" rel=\"tag\">2020<\/a>, <a href=\"http:\/\/lazari.com.br\/site\/portfolio_category\/vereador\/\" rel=\"tag\">Vereador<\/a><\/div>\t\t\t\t\t\n\t\t\n\t\t\t\t\t\t<a class=\"fusion-link-wrapper\" href=\"http:\/\/lazari.com.br\/site\/portfolio-items\/2020-helen-costa-republicanos-vereadora-limeira-sp\/\" aria-label=\"2020 &#8211; Helen Costa (Republicanos) Vereadora &#8211; Limeira\/SP\"><\/a>\n\t<\/div>\n<\/div>\n\n\t\n<\/div>\n<\/div><\/article><article id=\"portfolio-1-post-13906\" class=\"fusion-portfolio-post 2020 vereador fusion-col-spacing post-13906\"><div class=\"fusion-portfolio-content-wrapper\" style=\"border:none;\"><span class=\"entry-title rich-snippet-hidden\">2020 &#8211; Susy Daniel (PSDB) Vereadora &#8211; Limeira\/SP<\/span><span class=\"vcard rich-snippet-hidden\"><span class=\"fn\"><a href=\"http:\/\/lazari.com.br\/site\/author\/daniel\/\" title=\"Posts de Daniel\" rel=\"author\">Daniel<\/a><\/span><\/span><span class=\"updated rich-snippet-hidden\">2022-04-29T00:49:00-03:00<\/span>\n\n<div  class=\"fusion-image-wrapper\" aria-haspopup=\"true\">\n\t\n\t\n\t\n\t\t\n\t\t\t\t\t<img decoding=\"async\" width=\"640\" height=\"480\" src=\"http:\/\/lazari.com.br\/site\/wp-content\/uploads\/2021\/08\/2020-Susy-Daniel-01-Destaque.jpg\" class=\"attachment-full size-full wp-post-image\" alt=\"\" srcset=\"http:\/\/lazari.com.br\/site\/wp-content\/uploads\/2021\/08\/2020-Susy-Daniel-01-Destaque-200x150.jpg 200w, http:\/\/lazari.com.br\/site\/wp-content\/uploads\/2021\/08\/2020-Susy-Daniel-01-Destaque-400x300.jpg 400w, http:\/\/lazari.com.br\/site\/wp-content\/uploads\/2021\/08\/2020-Susy-Daniel-01-Destaque-600x450.jpg 600w, http:\/\/lazari.com.br\/site\/wp-content\/uploads\/2021\/08\/2020-Susy-Daniel-01-Destaque.jpg 640w\" sizes=\"(min-width: 2200px) 100vw, (min-width: 1124px) 390px, (min-width: 1032px) 585px, (min-width: 940px) 1032px, \" \/>\n\t\n\n\t\t<div class=\"fusion-rollover\">\n\t<div class=\"fusion-rollover-content\">\n\n\t\t\t\t\t\t\t\t\t\t\t\t\t\t<a class=\"fusion-rollover-link\" href=\"http:\/\/lazari.com.br\/site\/portfolio-items\/2020-susy-daniel-psdb-vereadora-limeira-sp\/\">2020 &#8211; Susy Daniel (PSDB) Vereadora &#8211; Limeira\/SP<\/a>\n\t\t\t\n\t\t\t\t\t\t\t\t\t\t\t\t\t\t\n\t\t\t\t\t\t\t\t\n\t\t\t\t\t\t\t\t\t\t\t\t\t<div class=\"fusion-rollover-sep\"><\/div>\n\t\t\t\t\n\t\t\t\t\t\t\t\t\t\t\t\t\t\t\t\t\t\t<a class=\"fusion-rollover-gallery\" href=\"http:\/\/lazari.com.br\/site\/wp-content\/uploads\/2021\/08\/2020-Susy-Daniel-01-Destaque.jpg\" data-id=\"13906\" data-rel=\"iLightbox[gallery-rw-1]\" data-title=\"2020-Susy-Daniel--01-Destaque\" data-caption=\"\">\n\t\t\t\t\t\tGaleria\t\t\t\t\t<\/a>\n\t\t\t\t\t\t\t\t\t\t\t\t\t\t\n\t\t\n\t\t\t\t\t\t\t\t\t\t\t\t<h4 class=\"fusion-rollover-title\">\n\t\t\t\t\t<a class=\"fusion-rollover-title-link\" href=\"http:\/\/lazari.com.br\/site\/portfolio-items\/2020-susy-daniel-psdb-vereadora-limeira-sp\/\">\n\t\t\t\t\t\t2020 &#8211; Susy Daniel (PSDB) Vereadora &#8211; Limeira\/SP\t\t\t\t\t<\/a>\n\t\t\t\t<\/h4>\n\t\t\t\n\t\t\t\t\t\t\t\t\t\t<div class=\"fusion-rollover-categories\"><a href=\"http:\/\/lazari.com.br\/site\/portfolio_category\/2020\/\" rel=\"tag\">2020<\/a>, <a href=\"http:\/\/lazari.com.br\/site\/portfolio_category\/vereador\/\" rel=\"tag\">Vereador<\/a><\/div>\t\t\t\t\t\n\t\t\n\t\t\t\t\t\t<a class=\"fusion-link-wrapper\" href=\"http:\/\/lazari.com.br\/site\/portfolio-items\/2020-susy-daniel-psdb-vereadora-limeira-sp\/\" aria-label=\"2020 &#8211; Susy Daniel (PSDB) Vereadora &#8211; Limeira\/SP\"><\/a>\n\t<\/div>\n<\/div>\n\n\t\n<\/div>\n<\/div><\/article><article id=\"portfolio-1-post-13886\" class=\"fusion-portfolio-post 2019 institucional-partidario fusion-col-spacing post-13886\"><div class=\"fusion-portfolio-content-wrapper\" style=\"border:none;\"><span class=\"entry-title rich-snippet-hidden\">2019 &#8211; Prefeitura de Rio Claro\/SP<\/span><span class=\"vcard rich-snippet-hidden\"><span class=\"fn\"><a href=\"http:\/\/lazari.com.br\/site\/author\/daniel\/\" title=\"Posts de Daniel\" rel=\"author\">Daniel<\/a><\/span><\/span><span class=\"updated rich-snippet-hidden\">2021-08-22T13:54:47-03:00<\/span>\n\n<div  class=\"fusion-image-wrapper\" aria-haspopup=\"true\">\n\t\n\t\n\t\n\t\t\n\t\t\t\t\t<img decoding=\"async\" width=\"640\" height=\"480\" src=\"http:\/\/lazari.com.br\/site\/wp-content\/uploads\/2021\/08\/2019-Prefeitura-de-Rio-Claro-01-Destaque.jpg\" class=\"attachment-full size-full wp-post-image\" alt=\"\" srcset=\"http:\/\/lazari.com.br\/site\/wp-content\/uploads\/2021\/08\/2019-Prefeitura-de-Rio-Claro-01-Destaque-200x150.jpg 200w, http:\/\/lazari.com.br\/site\/wp-content\/uploads\/2021\/08\/2019-Prefeitura-de-Rio-Claro-01-Destaque-400x300.jpg 400w, http:\/\/lazari.com.br\/site\/wp-content\/uploads\/2021\/08\/2019-Prefeitura-de-Rio-Claro-01-Destaque-600x450.jpg 600w, http:\/\/lazari.com.br\/site\/wp-content\/uploads\/2021\/08\/2019-Prefeitura-de-Rio-Claro-01-Destaque.jpg 640w\" sizes=\"(min-width: 2200px) 100vw, (min-width: 1124px) 390px, (min-width: 1032px) 585px, (min-width: 940px) 1032px, \" \/>\n\t\n\n\t\t<div class=\"fusion-rollover\">\n\t<div class=\"fusion-rollover-content\">\n\n\t\t\t\t\t\t\t\t\t\t\t\t\t\t<a class=\"fusion-rollover-link\" href=\"http:\/\/lazari.com.br\/site\/portfolio-items\/2019-prefeitura-de-rio-claro-sp\/\">2019 &#8211; Prefeitura de Rio Claro\/SP<\/a>\n\t\t\t\n\t\t\t\t\t\t\t\t\t\t\t\t\t\t\n\t\t\t\t\t\t\t\t\n\t\t\t\t\t\t\t\t\t\t\t\t\t<div class=\"fusion-rollover-sep\"><\/div>\n\t\t\t\t\n\t\t\t\t\t\t\t\t\t\t\t\t\t\t\t\t\t\t<a class=\"fusion-rollover-gallery\" href=\"http:\/\/lazari.com.br\/site\/wp-content\/uploads\/2021\/08\/2019-Prefeitura-de-Rio-Claro-01-Destaque.jpg\" data-id=\"13886\" data-rel=\"iLightbox[gallery-rw-1]\" data-title=\"2019-Prefeitura-de-Rio-Claro-01-Destaque\" data-caption=\"\">\n\t\t\t\t\t\tGaleria\t\t\t\t\t<\/a>\n\t\t\t\t\t\t\t\t\t\t\t\t\t\t\n\t\t\n\t\t\t\t\t\t\t\t\t\t\t\t<h4 class=\"fusion-rollover-title\">\n\t\t\t\t\t<a class=\"fusion-rollover-title-link\" href=\"http:\/\/lazari.com.br\/site\/portfolio-items\/2019-prefeitura-de-rio-claro-sp\/\">\n\t\t\t\t\t\t2019 &#8211; Prefeitura de Rio Claro\/SP\t\t\t\t\t<\/a>\n\t\t\t\t<\/h4>\n\t\t\t\n\t\t\t\t\t\t\t\t\t\t<div class=\"fusion-rollover-categories\"><a href=\"http:\/\/lazari.com.br\/site\/portfolio_category\/2019\/\" rel=\"tag\">2019<\/a>, <a href=\"http:\/\/lazari.com.br\/site\/portfolio_category\/institucional-partidario\/\" rel=\"tag\">Institucional Partid\u00e1rio<\/a><\/div>\t\t\t\t\t\n\t\t\n\t\t\t\t\t\t<a class=\"fusion-link-wrapper\" href=\"http:\/\/lazari.com.br\/site\/portfolio-items\/2019-prefeitura-de-rio-claro-sp\/\" aria-label=\"2019 &#8211; Prefeitura de Rio Claro\/SP\"><\/a>\n\t<\/div>\n<\/div>\n\n\t\n<\/div>\n<\/div><\/article><article id=\"portfolio-1-post-13869\" class=\"fusion-portfolio-post 2019 vereador fusion-col-spacing post-13869\"><div class=\"fusion-portfolio-content-wrapper\" style=\"border:none;\"><span class=\"entry-title rich-snippet-hidden\">2019 &#8211; Andr\u00e9 Godoy (DEM) Vereador &#8211; Rio Claro\/SP<\/span><span class=\"vcard rich-snippet-hidden\"><span class=\"fn\"><a href=\"http:\/\/lazari.com.br\/site\/author\/daniel\/\" title=\"Posts de Daniel\" rel=\"author\">Daniel<\/a><\/span><\/span><span class=\"updated rich-snippet-hidden\">2022-04-29T00:48:40-03:00<\/span>\n\n<div  class=\"fusion-image-wrapper\" aria-haspopup=\"true\">\n\t\n\t\n\t\n\t\t\n\t\t\t\t\t<img decoding=\"async\" width=\"640\" height=\"480\" src=\"http:\/\/lazari.com.br\/site\/wp-content\/uploads\/2021\/08\/2019-Andre-Godoy-01-Destaque.jpg\" class=\"attachment-full size-full wp-post-image\" alt=\"\" srcset=\"http:\/\/lazari.com.br\/site\/wp-content\/uploads\/2021\/08\/2019-Andre-Godoy-01-Destaque-200x150.jpg 200w, http:\/\/lazari.com.br\/site\/wp-content\/uploads\/2021\/08\/2019-Andre-Godoy-01-Destaque-400x300.jpg 400w, http:\/\/lazari.com.br\/site\/wp-content\/uploads\/2021\/08\/2019-Andre-Godoy-01-Destaque-600x450.jpg 600w, http:\/\/lazari.com.br\/site\/wp-content\/uploads\/2021\/08\/2019-Andre-Godoy-01-Destaque.jpg 640w\" sizes=\"(min-width: 2200px) 100vw, (min-width: 1124px) 390px, (min-width: 1032px) 585px, (min-width: 940px) 1032px, \" \/>\n\t\n\n\t\t<div class=\"fusion-rollover\">\n\t<div class=\"fusion-rollover-content\">\n\n\t\t\t\t\t\t\t\t\t\t\t\t\t\t<a class=\"fusion-rollover-link\" href=\"http:\/\/lazari.com.br\/site\/portfolio-items\/2019-andre-godoy-dem-vereador-rio-claro-sp\/\">2019 &#8211; Andr\u00e9 Godoy (DEM) Vereador &#8211; Rio Claro\/SP<\/a>\n\t\t\t\n\t\t\t\t\t\t\t\t\t\t\t\t\t\t\n\t\t\t\t\t\t\t\t\n\t\t\t\t\t\t\t\t\t\t\t\t\t<div class=\"fusion-rollover-sep\"><\/div>\n\t\t\t\t\n\t\t\t\t\t\t\t\t\t\t\t\t\t\t\t\t\t\t<a class=\"fusion-rollover-gallery\" href=\"http:\/\/lazari.com.br\/site\/wp-content\/uploads\/2021\/08\/2019-Andre-Godoy-01-Destaque.jpg\" data-id=\"13869\" data-rel=\"iLightbox[gallery-rw-1]\" data-title=\"2019-Andre-Godoy-01-Destaque\" data-caption=\"\">\n\t\t\t\t\t\tGaleria\t\t\t\t\t<\/a>\n\t\t\t\t\t\t\t\t\t\t\t\t\t\t\n\t\t\n\t\t\t\t\t\t\t\t\t\t\t\t<h4 class=\"fusion-rollover-title\">\n\t\t\t\t\t<a class=\"fusion-rollover-title-link\" href=\"http:\/\/lazari.com.br\/site\/portfolio-items\/2019-andre-godoy-dem-vereador-rio-claro-sp\/\">\n\t\t\t\t\t\t2019 &#8211; Andr\u00e9 Godoy (DEM) Vereador &#8211; Rio Claro\/SP\t\t\t\t\t<\/a>\n\t\t\t\t<\/h4>\n\t\t\t\n\t\t\t\t\t\t\t\t\t\t<div class=\"fusion-rollover-categories\"><a href=\"http:\/\/lazari.com.br\/site\/portfolio_category\/2019\/\" rel=\"tag\">2019<\/a>, <a href=\"http:\/\/lazari.com.br\/site\/portfolio_category\/vereador\/\" rel=\"tag\">Vereador<\/a><\/div>\t\t\t\t\t\n\t\t\n\t\t\t\t\t\t<a class=\"fusion-link-wrapper\" href=\"http:\/\/lazari.com.br\/site\/portfolio-items\/2019-andre-godoy-dem-vereador-rio-claro-sp\/\" aria-label=\"2019 &#8211; Andr\u00e9 Godoy (DEM) Vereador &#8211; Rio Claro\/SP\"><\/a>\n\t<\/div>\n<\/div>\n\n\t\n<\/div>\n<\/div><\/article><article id=\"portfolio-1-post-13863\" class=\"fusion-portfolio-post 2018 presidente fusion-col-spacing post-13863\"><div class=\"fusion-portfolio-content-wrapper\" style=\"border:none;\"><span class=\"entry-title rich-snippet-hidden\">2018 &#8211; Haddad (PT) Presidente &#8211; Brasil<\/span><span class=\"vcard rich-snippet-hidden\"><span class=\"fn\"><a href=\"http:\/\/lazari.com.br\/site\/author\/daniel\/\" title=\"Posts de Daniel\" rel=\"author\">Daniel<\/a><\/span><\/span><span class=\"updated rich-snippet-hidden\">2022-04-29T00:32:38-03:00<\/span>\n\n<div  class=\"fusion-image-wrapper\" aria-haspopup=\"true\">\n\t\n\t\n\t\n\t\t\n\t\t\t\t\t<img decoding=\"async\" width=\"640\" height=\"480\" src=\"http:\/\/lazari.com.br\/site\/wp-content\/uploads\/2021\/08\/2018-Haddad-01-Destaque.jpg\" class=\"attachment-full size-full wp-post-image\" alt=\"\" srcset=\"http:\/\/lazari.com.br\/site\/wp-content\/uploads\/2021\/08\/2018-Haddad-01-Destaque-200x150.jpg 200w, http:\/\/lazari.com.br\/site\/wp-content\/uploads\/2021\/08\/2018-Haddad-01-Destaque-400x300.jpg 400w, http:\/\/lazari.com.br\/site\/wp-content\/uploads\/2021\/08\/2018-Haddad-01-Destaque-600x450.jpg 600w, http:\/\/lazari.com.br\/site\/wp-content\/uploads\/2021\/08\/2018-Haddad-01-Destaque.jpg 640w\" sizes=\"(min-width: 2200px) 100vw, (min-width: 1124px) 390px, (min-width: 1032px) 585px, (min-width: 940px) 1032px, \" \/>\n\t\n\n\t\t<div class=\"fusion-rollover\">\n\t<div class=\"fusion-rollover-content\">\n\n\t\t\t\t\t\t\t\t\t\t\t\t\t\t<a class=\"fusion-rollover-link\" href=\"http:\/\/lazari.com.br\/site\/portfolio-items\/2018-haddad-pt-presidente-brasil\/\">2018 &#8211; Haddad (PT) Presidente &#8211; Brasil<\/a>\n\t\t\t\n\t\t\t\t\t\t\t\t\t\t\t\t\t\t\n\t\t\t\t\t\t\t\t\n\t\t\t\t\t\t\t\t\t\t\t\t\t<div class=\"fusion-rollover-sep\"><\/div>\n\t\t\t\t\n\t\t\t\t\t\t\t\t\t\t\t\t\t\t\t\t\t\t<a class=\"fusion-rollover-gallery\" href=\"http:\/\/lazari.com.br\/site\/wp-content\/uploads\/2021\/08\/2018-Haddad-01-Destaque.jpg\" data-id=\"13863\" data-rel=\"iLightbox[gallery-rw-1]\" data-title=\"2018-Haddad-01-Destaque\" data-caption=\"\">\n\t\t\t\t\t\tGaleria\t\t\t\t\t<\/a>\n\t\t\t\t\t\t\t\t\t\t\t\t\t\t\n\t\t\n\t\t\t\t\t\t\t\t\t\t\t\t<h4 class=\"fusion-rollover-title\">\n\t\t\t\t\t<a class=\"fusion-rollover-title-link\" href=\"http:\/\/lazari.com.br\/site\/portfolio-items\/2018-haddad-pt-presidente-brasil\/\">\n\t\t\t\t\t\t2018 &#8211; Haddad (PT) Presidente &#8211; Brasil\t\t\t\t\t<\/a>\n\t\t\t\t<\/h4>\n\t\t\t\n\t\t\t\t\t\t\t\t\t\t<div class=\"fusion-rollover-categories\"><a href=\"http:\/\/lazari.com.br\/site\/portfolio_category\/2018\/\" rel=\"tag\">2018<\/a>, <a href=\"http:\/\/lazari.com.br\/site\/portfolio_category\/presidente\/\" rel=\"tag\">Presidente<\/a><\/div>\t\t\t\t\t\n\t\t\n\t\t\t\t\t\t<a class=\"fusion-link-wrapper\" href=\"http:\/\/lazari.com.br\/site\/portfolio-items\/2018-haddad-pt-presidente-brasil\/\" aria-label=\"2018 &#8211; Haddad (PT) Presidente &#8211; Brasil\"><\/a>\n\t<\/div>\n<\/div>\n\n\t\n<\/div>\n<\/div><\/article><article id=\"portfolio-1-post-13857\" class=\"fusion-portfolio-post 2018 senador fusion-col-spacing post-13857\"><div class=\"fusion-portfolio-content-wrapper\" style=\"border:none;\"><span class=\"entry-title rich-snippet-hidden\">2018 &#8211; Dilma (PT) Senadora &#8211; MG<\/span><span class=\"vcard rich-snippet-hidden\"><span class=\"fn\"><a href=\"http:\/\/lazari.com.br\/site\/author\/daniel\/\" title=\"Posts de Daniel\" rel=\"author\">Daniel<\/a><\/span><\/span><span class=\"updated rich-snippet-hidden\">2022-04-29T00:32:21-03:00<\/span>\n\n<div  class=\"fusion-image-wrapper\" aria-haspopup=\"true\">\n\t\n\t\n\t\n\t\t\n\t\t\t\t\t<img decoding=\"async\" width=\"640\" height=\"480\" src=\"http:\/\/lazari.com.br\/site\/wp-content\/uploads\/2021\/08\/2018-Dilma-01-Destaque.jpg\" class=\"attachment-full size-full wp-post-image\" alt=\"\" srcset=\"http:\/\/lazari.com.br\/site\/wp-content\/uploads\/2021\/08\/2018-Dilma-01-Destaque-200x150.jpg 200w, http:\/\/lazari.com.br\/site\/wp-content\/uploads\/2021\/08\/2018-Dilma-01-Destaque-400x300.jpg 400w, http:\/\/lazari.com.br\/site\/wp-content\/uploads\/2021\/08\/2018-Dilma-01-Destaque-600x450.jpg 600w, http:\/\/lazari.com.br\/site\/wp-content\/uploads\/2021\/08\/2018-Dilma-01-Destaque.jpg 640w\" sizes=\"(min-width: 2200px) 100vw, (min-width: 1124px) 390px, (min-width: 1032px) 585px, (min-width: 940px) 1032px, \" \/>\n\t\n\n\t\t<div class=\"fusion-rollover\">\n\t<div class=\"fusion-rollover-content\">\n\n\t\t\t\t\t\t\t\t\t\t\t\t\t\t<a class=\"fusion-rollover-link\" href=\"http:\/\/lazari.com.br\/site\/portfolio-items\/2018-dilma-pt-senadora-mg\/\">2018 &#8211; Dilma (PT) Senadora &#8211; MG<\/a>\n\t\t\t\n\t\t\t\t\t\t\t\t\t\t\t\t\t\t\n\t\t\t\t\t\t\t\t\n\t\t\t\t\t\t\t\t\t\t\t\t\t<div class=\"fusion-rollover-sep\"><\/div>\n\t\t\t\t\n\t\t\t\t\t\t\t\t\t\t\t\t\t\t\t\t\t\t<a class=\"fusion-rollover-gallery\" href=\"http:\/\/lazari.com.br\/site\/wp-content\/uploads\/2021\/08\/2018-Dilma-01-Destaque.jpg\" data-id=\"13857\" data-rel=\"iLightbox[gallery-rw-1]\" data-title=\"2018-Dilma-01-Destaque\" data-caption=\"\">\n\t\t\t\t\t\tGaleria\t\t\t\t\t<\/a>\n\t\t\t\t\t\t\t\t\t\t\t\t\t\t\n\t\t\n\t\t\t\t\t\t\t\t\t\t\t\t<h4 class=\"fusion-rollover-title\">\n\t\t\t\t\t<a class=\"fusion-rollover-title-link\" href=\"http:\/\/lazari.com.br\/site\/portfolio-items\/2018-dilma-pt-senadora-mg\/\">\n\t\t\t\t\t\t2018 &#8211; Dilma (PT) Senadora &#8211; MG\t\t\t\t\t<\/a>\n\t\t\t\t<\/h4>\n\t\t\t\n\t\t\t\t\t\t\t\t\t\t<div class=\"fusion-rollover-categories\"><a href=\"http:\/\/lazari.com.br\/site\/portfolio_category\/2018\/\" rel=\"tag\">2018<\/a>, <a href=\"http:\/\/lazari.com.br\/site\/portfolio_category\/senador\/\" rel=\"tag\">Senador<\/a><\/div>\t\t\t\t\t\n\t\t\n\t\t\t\t\t\t<a class=\"fusion-link-wrapper\" href=\"http:\/\/lazari.com.br\/site\/portfolio-items\/2018-dilma-pt-senadora-mg\/\" aria-label=\"2018 &#8211; Dilma (PT) Senadora &#8211; MG\"><\/a>\n\t<\/div>\n<\/div>\n\n\t\n<\/div>\n<\/div><\/article><article id=\"portfolio-1-post-13847\" class=\"fusion-portfolio-post 2018 deputado-estadual fusion-col-spacing post-13847\"><div class=\"fusion-portfolio-content-wrapper\" style=\"border:none;\"><span class=\"entry-title rich-snippet-hidden\">2018 &#8211; Dr. Rafael Camargo (MDB) Deputado Estadual &#8211; SP<\/span><span class=\"vcard rich-snippet-hidden\"><span class=\"fn\"><a href=\"http:\/\/lazari.com.br\/site\/author\/daniel\/\" title=\"Posts de Daniel\" rel=\"author\">Daniel<\/a><\/span><\/span><span class=\"updated rich-snippet-hidden\">2022-04-29T00:48:02-03:00<\/span>\n\n<div  class=\"fusion-image-wrapper\" aria-haspopup=\"true\">\n\t\n\t\n\t\n\t\t\n\t\t\t\t\t<img decoding=\"async\" width=\"640\" height=\"480\" src=\"http:\/\/lazari.com.br\/site\/wp-content\/uploads\/2021\/08\/2018-Dr-Rafael-Camargo-01-Destaque.jpg\" class=\"attachment-full size-full wp-post-image\" alt=\"\" srcset=\"http:\/\/lazari.com.br\/site\/wp-content\/uploads\/2021\/08\/2018-Dr-Rafael-Camargo-01-Destaque-200x150.jpg 200w, http:\/\/lazari.com.br\/site\/wp-content\/uploads\/2021\/08\/2018-Dr-Rafael-Camargo-01-Destaque-400x300.jpg 400w, http:\/\/lazari.com.br\/site\/wp-content\/uploads\/2021\/08\/2018-Dr-Rafael-Camargo-01-Destaque-600x450.jpg 600w, http:\/\/lazari.com.br\/site\/wp-content\/uploads\/2021\/08\/2018-Dr-Rafael-Camargo-01-Destaque.jpg 640w\" sizes=\"(min-width: 2200px) 100vw, (min-width: 1124px) 390px, (min-width: 1032px) 585px, (min-width: 940px) 1032px, \" \/>\n\t\n\n\t\t<div class=\"fusion-rollover\">\n\t<div class=\"fusion-rollover-content\">\n\n\t\t\t\t\t\t\t\t\t\t\t\t\t\t<a class=\"fusion-rollover-link\" href=\"http:\/\/lazari.com.br\/site\/portfolio-items\/2018-dr-rafael-camargo-mdb-deputado-estadual-sp\/\">2018 &#8211; Dr. Rafael Camargo (MDB) Deputado Estadual &#8211; SP<\/a>\n\t\t\t\n\t\t\t\t\t\t\t\t\t\t\t\t\t\t\n\t\t\t\t\t\t\t\t\n\t\t\t\t\t\t\t\t\t\t\t\t\t<div class=\"fusion-rollover-sep\"><\/div>\n\t\t\t\t\n\t\t\t\t\t\t\t\t\t\t\t\t\t\t\t\t\t\t<a class=\"fusion-rollover-gallery\" href=\"http:\/\/lazari.com.br\/site\/wp-content\/uploads\/2021\/08\/2018-Dr-Rafael-Camargo-01-Destaque.jpg\" data-id=\"13847\" data-rel=\"iLightbox[gallery-rw-1]\" data-title=\"2018-Dr-Rafael-Camargo-01-Destaque\" data-caption=\"\">\n\t\t\t\t\t\tGaleria\t\t\t\t\t<\/a>\n\t\t\t\t\t\t\t\t\t\t\t\t\t\t\n\t\t\n\t\t\t\t\t\t\t\t\t\t\t\t<h4 class=\"fusion-rollover-title\">\n\t\t\t\t\t<a class=\"fusion-rollover-title-link\" href=\"http:\/\/lazari.com.br\/site\/portfolio-items\/2018-dr-rafael-camargo-mdb-deputado-estadual-sp\/\">\n\t\t\t\t\t\t2018 &#8211; Dr. Rafael Camargo (MDB) Deputado Estadual &#8211; SP\t\t\t\t\t<\/a>\n\t\t\t\t<\/h4>\n\t\t\t\n\t\t\t\t\t\t\t\t\t\t<div class=\"fusion-rollover-categories\"><a href=\"http:\/\/lazari.com.br\/site\/portfolio_category\/2018\/\" rel=\"tag\">2018<\/a>, <a href=\"http:\/\/lazari.com.br\/site\/portfolio_category\/deputado-estadual\/\" rel=\"tag\">Deputado Estadual<\/a><\/div>\t\t\t\t\t\n\t\t\n\t\t\t\t\t\t<a class=\"fusion-link-wrapper\" href=\"http:\/\/lazari.com.br\/site\/portfolio-items\/2018-dr-rafael-camargo-mdb-deputado-estadual-sp\/\" aria-label=\"2018 &#8211; Dr. Rafael Camargo (MDB) Deputado Estadual &#8211; SP\"><\/a>\n\t<\/div>\n<\/div>\n\n\t\n<\/div>\n<\/div><\/article><article id=\"portfolio-1-post-13842\" class=\"fusion-portfolio-post 2018 institucional-partidario fusion-col-spacing post-13842\"><div class=\"fusion-portfolio-content-wrapper\" style=\"border:none;\"><span class=\"entry-title rich-snippet-hidden\">2018 &#8211; Prefeitura de Rio Claro\/SP<\/span><span class=\"vcard rich-snippet-hidden\"><span class=\"fn\"><a href=\"http:\/\/lazari.com.br\/site\/author\/daniel\/\" title=\"Posts de Daniel\" rel=\"author\">Daniel<\/a><\/span><\/span><span class=\"updated rich-snippet-hidden\">2021-11-04T13:52:04-03:00<\/span>\n\n<div  class=\"fusion-image-wrapper\" aria-haspopup=\"true\">\n\t\n\t\n\t\n\t\t\n\t\t\t\t\t<img decoding=\"async\" width=\"640\" height=\"480\" src=\"http:\/\/lazari.com.br\/site\/wp-content\/uploads\/2021\/08\/2018-Prefeitura-de-Rio-Claro-01-Destaque.jpg\" class=\"attachment-full size-full wp-post-image\" alt=\"\" srcset=\"http:\/\/lazari.com.br\/site\/wp-content\/uploads\/2021\/08\/2018-Prefeitura-de-Rio-Claro-01-Destaque-200x150.jpg 200w, http:\/\/lazari.com.br\/site\/wp-content\/uploads\/2021\/08\/2018-Prefeitura-de-Rio-Claro-01-Destaque-400x300.jpg 400w, http:\/\/lazari.com.br\/site\/wp-content\/uploads\/2021\/08\/2018-Prefeitura-de-Rio-Claro-01-Destaque-600x450.jpg 600w, http:\/\/lazari.com.br\/site\/wp-content\/uploads\/2021\/08\/2018-Prefeitura-de-Rio-Claro-01-Destaque.jpg 640w\" sizes=\"(min-width: 2200px) 100vw, (min-width: 1124px) 390px, (min-width: 1032px) 585px, (min-width: 940px) 1032px, \" \/>\n\t\n\n\t\t<div class=\"fusion-rollover\">\n\t<div class=\"fusion-rollover-content\">\n\n\t\t\t\t\t\t\t\t\t\t\t\t\t\t<a class=\"fusion-rollover-link\" href=\"http:\/\/lazari.com.br\/site\/portfolio-items\/2018-prefeitura-de-rio-claro-sp\/\">2018 &#8211; Prefeitura de Rio Claro\/SP<\/a>\n\t\t\t\n\t\t\t\t\t\t\t\t\t\t\t\t\t\t\n\t\t\t\t\t\t\t\t\n\t\t\t\t\t\t\t\t\t\t\t\t\t<div class=\"fusion-rollover-sep\"><\/div>\n\t\t\t\t\n\t\t\t\t\t\t\t\t\t\t\t\t\t\t\t\t\t\t<a class=\"fusion-rollover-gallery\" href=\"http:\/\/lazari.com.br\/site\/wp-content\/uploads\/2021\/08\/2018-Prefeitura-de-Rio-Claro-01-Destaque.jpg\" data-id=\"13842\" data-rel=\"iLightbox[gallery-rw-1]\" data-title=\"2018-Prefeitura-de-Rio-Claro-01-Destaque\" data-caption=\"\">\n\t\t\t\t\t\tGaleria\t\t\t\t\t<\/a>\n\t\t\t\t\t\t\t\t\t\t\t\t\t\t\n\t\t\n\t\t\t\t\t\t\t\t\t\t\t\t<h4 class=\"fusion-rollover-title\">\n\t\t\t\t\t<a class=\"fusion-rollover-title-link\" href=\"http:\/\/lazari.com.br\/site\/portfolio-items\/2018-prefeitura-de-rio-claro-sp\/\">\n\t\t\t\t\t\t2018 &#8211; Prefeitura de Rio Claro\/SP\t\t\t\t\t<\/a>\n\t\t\t\t<\/h4>\n\t\t\t\n\t\t\t\t\t\t\t\t\t\t<div class=\"fusion-rollover-categories\"><a href=\"http:\/\/lazari.com.br\/site\/portfolio_category\/2018\/\" rel=\"tag\">2018<\/a>, <a href=\"http:\/\/lazari.com.br\/site\/portfolio_category\/institucional-partidario\/\" rel=\"tag\">Institucional Partid\u00e1rio<\/a><\/div>\t\t\t\t\t\n\t\t\n\t\t\t\t\t\t<a class=\"fusion-link-wrapper\" href=\"http:\/\/lazari.com.br\/site\/portfolio-items\/2018-prefeitura-de-rio-claro-sp\/\" aria-label=\"2018 &#8211; Prefeitura de Rio Claro\/SP\"><\/a>\n\t<\/div>\n<\/div>\n\n\t\n<\/div>\n<\/div><\/article><article id=\"portfolio-1-post-13831\" class=\"fusion-portfolio-post 2018 vereador fusion-col-spacing post-13831\"><div class=\"fusion-portfolio-content-wrapper\" style=\"border:none;\"><span class=\"entry-title rich-snippet-hidden\">2018 &#8211; Andr\u00e9 Godoy (DEM) Vereador &#8211; Rio Claro\/SP<\/span><span class=\"vcard rich-snippet-hidden\"><span class=\"fn\"><a href=\"http:\/\/lazari.com.br\/site\/author\/daniel\/\" title=\"Posts de Daniel\" rel=\"author\">Daniel<\/a><\/span><\/span><span class=\"updated rich-snippet-hidden\">2022-04-29T00:32:00-03:00<\/span>\n\n<div  class=\"fusion-image-wrapper\" aria-haspopup=\"true\">\n\t\n\t\n\t\n\t\t\n\t\t\t\t\t<img decoding=\"async\" width=\"640\" height=\"480\" src=\"http:\/\/lazari.com.br\/site\/wp-content\/uploads\/2021\/08\/2018-Andre-Godoy-01-Destaque.jpg\" class=\"attachment-full size-full wp-post-image\" alt=\"\" srcset=\"http:\/\/lazari.com.br\/site\/wp-content\/uploads\/2021\/08\/2018-Andre-Godoy-01-Destaque-200x150.jpg 200w, http:\/\/lazari.com.br\/site\/wp-content\/uploads\/2021\/08\/2018-Andre-Godoy-01-Destaque-400x300.jpg 400w, http:\/\/lazari.com.br\/site\/wp-content\/uploads\/2021\/08\/2018-Andre-Godoy-01-Destaque-600x450.jpg 600w, http:\/\/lazari.com.br\/site\/wp-content\/uploads\/2021\/08\/2018-Andre-Godoy-01-Destaque.jpg 640w\" sizes=\"(min-width: 2200px) 100vw, (min-width: 1124px) 390px, (min-width: 1032px) 585px, (min-width: 940px) 1032px, \" \/>\n\t\n\n\t\t<div class=\"fusion-rollover\">\n\t<div class=\"fusion-rollover-content\">\n\n\t\t\t\t\t\t\t\t\t\t\t\t\t\t<a class=\"fusion-rollover-link\" href=\"http:\/\/lazari.com.br\/site\/portfolio-items\/2018-andre-godoy-dem-vereador-rio-claro-sp\/\">2018 &#8211; Andr\u00e9 Godoy (DEM) Vereador &#8211; Rio Claro\/SP<\/a>\n\t\t\t\n\t\t\t\t\t\t\t\t\t\t\t\t\t\t\n\t\t\t\t\t\t\t\t\n\t\t\t\t\t\t\t\t\t\t\t\t\t<div class=\"fusion-rollover-sep\"><\/div>\n\t\t\t\t\n\t\t\t\t\t\t\t\t\t\t\t\t\t\t\t\t\t\t<a class=\"fusion-rollover-gallery\" href=\"http:\/\/lazari.com.br\/site\/wp-content\/uploads\/2021\/08\/2018-Andre-Godoy-01-Destaque.jpg\" data-id=\"13831\" data-rel=\"iLightbox[gallery-rw-1]\" data-title=\"2018-Andre-Godoy-01-Destaque\" data-caption=\"\">\n\t\t\t\t\t\tGaleria\t\t\t\t\t<\/a>\n\t\t\t\t\t\t\t\t\t\t\t\t\t\t\n\t\t\n\t\t\t\t\t\t\t\t\t\t\t\t<h4 class=\"fusion-rollover-title\">\n\t\t\t\t\t<a class=\"fusion-rollover-title-link\" href=\"http:\/\/lazari.com.br\/site\/portfolio-items\/2018-andre-godoy-dem-vereador-rio-claro-sp\/\">\n\t\t\t\t\t\t2018 &#8211; Andr\u00e9 Godoy (DEM) Vereador &#8211; Rio Claro\/SP\t\t\t\t\t<\/a>\n\t\t\t\t<\/h4>\n\t\t\t\n\t\t\t\t\t\t\t\t\t\t<div class=\"fusion-rollover-categories\"><a href=\"http:\/\/lazari.com.br\/site\/portfolio_category\/2018\/\" rel=\"tag\">2018<\/a>, <a href=\"http:\/\/lazari.com.br\/site\/portfolio_category\/vereador\/\" rel=\"tag\">Vereador<\/a><\/div>\t\t\t\t\t\n\t\t\n\t\t\t\t\t\t<a class=\"fusion-link-wrapper\" href=\"http:\/\/lazari.com.br\/site\/portfolio-items\/2018-andre-godoy-dem-vereador-rio-claro-sp\/\" aria-label=\"2018 &#8211; Andr\u00e9 Godoy (DEM) Vereador &#8211; Rio Claro\/SP\"><\/a>\n\t<\/div>\n<\/div>\n\n\t\n<\/div>\n<\/div><\/article><article id=\"portfolio-1-post-13826\" class=\"fusion-portfolio-post 2018 deputado-federal fusion-col-spacing post-13826\"><div class=\"fusion-portfolio-content-wrapper\" style=\"border:none;\"><span class=\"entry-title rich-snippet-hidden\">2018 &#8211; Gu Tigers (DC) Deputado Federal &#8211; SP<\/span><span class=\"vcard rich-snippet-hidden\"><span class=\"fn\"><a href=\"http:\/\/lazari.com.br\/site\/author\/daniel\/\" title=\"Posts de Daniel\" rel=\"author\">Daniel<\/a><\/span><\/span><span class=\"updated rich-snippet-hidden\">2022-04-29T00:47:34-03:00<\/span>\n\n<div  class=\"fusion-image-wrapper\" aria-haspopup=\"true\">\n\t\n\t\n\t\n\t\t\n\t\t\t\t\t<img decoding=\"async\" width=\"640\" height=\"480\" src=\"http:\/\/lazari.com.br\/site\/wp-content\/uploads\/2021\/08\/2018-Gu-TIgers-01-Destaque.jpg\" class=\"attachment-full size-full wp-post-image\" alt=\"\" srcset=\"http:\/\/lazari.com.br\/site\/wp-content\/uploads\/2021\/08\/2018-Gu-TIgers-01-Destaque-200x150.jpg 200w, http:\/\/lazari.com.br\/site\/wp-content\/uploads\/2021\/08\/2018-Gu-TIgers-01-Destaque-400x300.jpg 400w, http:\/\/lazari.com.br\/site\/wp-content\/uploads\/2021\/08\/2018-Gu-TIgers-01-Destaque-600x450.jpg 600w, http:\/\/lazari.com.br\/site\/wp-content\/uploads\/2021\/08\/2018-Gu-TIgers-01-Destaque.jpg 640w\" sizes=\"(min-width: 2200px) 100vw, (min-width: 1124px) 390px, (min-width: 1032px) 585px, (min-width: 940px) 1032px, \" \/>\n\t\n\n\t\t<div class=\"fusion-rollover\">\n\t<div class=\"fusion-rollover-content\">\n\n\t\t\t\t\t\t\t\t\t\t\t\t\t\t<a class=\"fusion-rollover-link\" href=\"http:\/\/lazari.com.br\/site\/portfolio-items\/2018-gu-tigers-dc-deputado-federal-sp\/\">2018 &#8211; Gu Tigers (DC) Deputado Federal &#8211; SP<\/a>\n\t\t\t\n\t\t\t\t\t\t\t\t\t\t\t\t\t\t\n\t\t\t\t\t\t\t\t\n\t\t\t\t\t\t\t\t\t\t\t\t\t<div class=\"fusion-rollover-sep\"><\/div>\n\t\t\t\t\n\t\t\t\t\t\t\t\t\t\t\t\t\t\t\t\t\t\t<a class=\"fusion-rollover-gallery\" href=\"http:\/\/lazari.com.br\/site\/wp-content\/uploads\/2021\/08\/2018-Gu-TIgers-01-Destaque.jpg\" data-id=\"13826\" data-rel=\"iLightbox[gallery-rw-1]\" data-title=\"2018-Gu-TIgers-01-Destaque\" data-caption=\"\">\n\t\t\t\t\t\tGaleria\t\t\t\t\t<\/a>\n\t\t\t\t\t\t\t\t\t\t\t\t\t\t\n\t\t\n\t\t\t\t\t\t\t\t\t\t\t\t<h4 class=\"fusion-rollover-title\">\n\t\t\t\t\t<a class=\"fusion-rollover-title-link\" href=\"http:\/\/lazari.com.br\/site\/portfolio-items\/2018-gu-tigers-dc-deputado-federal-sp\/\">\n\t\t\t\t\t\t2018 &#8211; Gu Tigers (DC) Deputado Federal &#8211; SP\t\t\t\t\t<\/a>\n\t\t\t\t<\/h4>\n\t\t\t\n\t\t\t\t\t\t\t\t\t\t<div class=\"fusion-rollover-categories\"><a href=\"http:\/\/lazari.com.br\/site\/portfolio_category\/2018\/\" rel=\"tag\">2018<\/a>, <a href=\"http:\/\/lazari.com.br\/site\/portfolio_category\/deputado-federal\/\" rel=\"tag\">Deputado Federal<\/a><\/div>\t\t\t\t\t\n\t\t\n\t\t\t\t\t\t<a class=\"fusion-link-wrapper\" href=\"http:\/\/lazari.com.br\/site\/portfolio-items\/2018-gu-tigers-dc-deputado-federal-sp\/\" aria-label=\"2018 &#8211; Gu Tigers (DC) Deputado Federal &#8211; SP\"><\/a>\n\t<\/div>\n<\/div>\n\n\t\n<\/div>\n<\/div><\/article><article id=\"portfolio-1-post-13818\" class=\"fusion-portfolio-post 2017 institucional-partidario fusion-col-spacing post-13818\"><div class=\"fusion-portfolio-content-wrapper\" style=\"border:none;\"><span class=\"entry-title rich-snippet-hidden\">2017 &#8211; Prefeitura de S\u00e3o Paulo\/SP<\/span><span class=\"vcard rich-snippet-hidden\"><span class=\"fn\"><a href=\"http:\/\/lazari.com.br\/site\/author\/daniel\/\" title=\"Posts de Daniel\" rel=\"author\">Daniel<\/a><\/span><\/span><span class=\"updated rich-snippet-hidden\">2021-08-21T12:46:00-03:00<\/span>\n\n<div  class=\"fusion-image-wrapper\" aria-haspopup=\"true\">\n\t\n\t\n\t\n\t\t\n\t\t\t\t\t<img decoding=\"async\" width=\"640\" height=\"480\" src=\"http:\/\/lazari.com.br\/site\/wp-content\/uploads\/2021\/08\/2017-Prefeitura-de-Sao-Paulo-01-Destaque.jpg\" class=\"attachment-full size-full wp-post-image\" alt=\"\" srcset=\"http:\/\/lazari.com.br\/site\/wp-content\/uploads\/2021\/08\/2017-Prefeitura-de-Sao-Paulo-01-Destaque-200x150.jpg 200w, http:\/\/lazari.com.br\/site\/wp-content\/uploads\/2021\/08\/2017-Prefeitura-de-Sao-Paulo-01-Destaque-400x300.jpg 400w, http:\/\/lazari.com.br\/site\/wp-content\/uploads\/2021\/08\/2017-Prefeitura-de-Sao-Paulo-01-Destaque-600x450.jpg 600w, http:\/\/lazari.com.br\/site\/wp-content\/uploads\/2021\/08\/2017-Prefeitura-de-Sao-Paulo-01-Destaque.jpg 640w\" sizes=\"(min-width: 2200px) 100vw, (min-width: 1124px) 390px, (min-width: 1032px) 585px, (min-width: 940px) 1032px, \" \/>\n\t\n\n\t\t<div class=\"fusion-rollover\">\n\t<div class=\"fusion-rollover-content\">\n\n\t\t\t\t\t\t\t\t\t\t\t\t\t\t<a class=\"fusion-rollover-link\" href=\"http:\/\/lazari.com.br\/site\/portfolio-items\/2017-prefeitura-de-sao-paulo-sp\/\">2017 &#8211; Prefeitura de S\u00e3o Paulo\/SP<\/a>\n\t\t\t\n\t\t\t\t\t\t\t\t\t\t\t\t\t\t\n\t\t\t\t\t\t\t\t\n\t\t\t\t\t\t\t\t\t\t\t\t\t<div class=\"fusion-rollover-sep\"><\/div>\n\t\t\t\t\n\t\t\t\t\t\t\t\t\t\t\t\t\t\t\t\t\t\t<a class=\"fusion-rollover-gallery\" href=\"http:\/\/lazari.com.br\/site\/wp-content\/uploads\/2021\/08\/2017-Prefeitura-de-Sao-Paulo-01-Destaque.jpg\" data-id=\"13818\" data-rel=\"iLightbox[gallery-rw-1]\" data-title=\"2017-Prefeitura-de-Sao-Paulo-01-Destaque\" data-caption=\"\">\n\t\t\t\t\t\tGaleria\t\t\t\t\t<\/a>\n\t\t\t\t\t\t\t\t\t\t\t\t\t\t\n\t\t\n\t\t\t\t\t\t\t\t\t\t\t\t<h4 class=\"fusion-rollover-title\">\n\t\t\t\t\t<a class=\"fusion-rollover-title-link\" href=\"http:\/\/lazari.com.br\/site\/portfolio-items\/2017-prefeitura-de-sao-paulo-sp\/\">\n\t\t\t\t\t\t2017 &#8211; Prefeitura de S\u00e3o Paulo\/SP\t\t\t\t\t<\/a>\n\t\t\t\t<\/h4>\n\t\t\t\n\t\t\t\t\t\t\t\t\t\t<div class=\"fusion-rollover-categories\"><a href=\"http:\/\/lazari.com.br\/site\/portfolio_category\/2017\/\" rel=\"tag\">2017<\/a>, <a href=\"http:\/\/lazari.com.br\/site\/portfolio_category\/institucional-partidario\/\" rel=\"tag\">Institucional Partid\u00e1rio<\/a><\/div>\t\t\t\t\t\n\t\t\n\t\t\t\t\t\t<a class=\"fusion-link-wrapper\" href=\"http:\/\/lazari.com.br\/site\/portfolio-items\/2017-prefeitura-de-sao-paulo-sp\/\" aria-label=\"2017 &#8211; Prefeitura de S\u00e3o Paulo\/SP\"><\/a>\n\t<\/div>\n<\/div>\n\n\t\n<\/div>\n<\/div><\/article><article id=\"portfolio-1-post-13802\" class=\"fusion-portfolio-post 2017 institucional-partidario fusion-col-spacing post-13802\"><div class=\"fusion-portfolio-content-wrapper\" style=\"border:none;\"><span class=\"entry-title rich-snippet-hidden\">2017 &#8211; Prefeitura de Rio Claro\/SP<\/span><span class=\"vcard rich-snippet-hidden\"><span class=\"fn\"><a href=\"http:\/\/lazari.com.br\/site\/author\/daniel\/\" title=\"Posts de Daniel\" rel=\"author\">Daniel<\/a><\/span><\/span><span class=\"updated rich-snippet-hidden\">2021-08-20T11:15:23-03:00<\/span>\n\n<div  class=\"fusion-image-wrapper\" aria-haspopup=\"true\">\n\t\n\t\n\t\n\t\t\n\t\t\t\t\t<img decoding=\"async\" width=\"640\" height=\"480\" src=\"http:\/\/lazari.com.br\/site\/wp-content\/uploads\/2021\/08\/2017-Prefeitura-de-Rio-Claro-01-Destaque.jpg\" class=\"attachment-full size-full wp-post-image\" alt=\"\" srcset=\"http:\/\/lazari.com.br\/site\/wp-content\/uploads\/2021\/08\/2017-Prefeitura-de-Rio-Claro-01-Destaque-200x150.jpg 200w, http:\/\/lazari.com.br\/site\/wp-content\/uploads\/2021\/08\/2017-Prefeitura-de-Rio-Claro-01-Destaque-400x300.jpg 400w, http:\/\/lazari.com.br\/site\/wp-content\/uploads\/2021\/08\/2017-Prefeitura-de-Rio-Claro-01-Destaque-600x450.jpg 600w, http:\/\/lazari.com.br\/site\/wp-content\/uploads\/2021\/08\/2017-Prefeitura-de-Rio-Claro-01-Destaque.jpg 640w\" sizes=\"(min-width: 2200px) 100vw, (min-width: 1124px) 390px, (min-width: 1032px) 585px, (min-width: 940px) 1032px, \" \/>\n\t\n\n\t\t<div class=\"fusion-rollover\">\n\t<div class=\"fusion-rollover-content\">\n\n\t\t\t\t\t\t\t\t\t\t\t\t\t\t<a class=\"fusion-rollover-link\" href=\"http:\/\/lazari.com.br\/site\/portfolio-items\/2017-prefeitura-de-rio-claro-sp\/\">2017 &#8211; Prefeitura de Rio Claro\/SP<\/a>\n\t\t\t\n\t\t\t\t\t\t\t\t\t\t\t\t\t\t\n\t\t\t\t\t\t\t\t\n\t\t\t\t\t\t\t\t\t\t\t\t\t<div class=\"fusion-rollover-sep\"><\/div>\n\t\t\t\t\n\t\t\t\t\t\t\t\t\t\t\t\t\t\t\t\t\t\t<a class=\"fusion-rollover-gallery\" href=\"http:\/\/lazari.com.br\/site\/wp-content\/uploads\/2021\/08\/2017-Prefeitura-de-Rio-Claro-01-Destaque.jpg\" data-id=\"13802\" data-rel=\"iLightbox[gallery-rw-1]\" data-title=\"2017-Prefeitura-de-Rio-Claro-01-Destaque\" data-caption=\"\">\n\t\t\t\t\t\tGaleria\t\t\t\t\t<\/a>\n\t\t\t\t\t\t\t\t\t\t\t\t\t\t\n\t\t\n\t\t\t\t\t\t\t\t\t\t\t\t<h4 class=\"fusion-rollover-title\">\n\t\t\t\t\t<a class=\"fusion-rollover-title-link\" href=\"http:\/\/lazari.com.br\/site\/portfolio-items\/2017-prefeitura-de-rio-claro-sp\/\">\n\t\t\t\t\t\t2017 &#8211; Prefeitura de Rio Claro\/SP\t\t\t\t\t<\/a>\n\t\t\t\t<\/h4>\n\t\t\t\n\t\t\t\t\t\t\t\t\t\t<div class=\"fusion-rollover-categories\"><a href=\"http:\/\/lazari.com.br\/site\/portfolio_category\/2017\/\" rel=\"tag\">2017<\/a>, <a href=\"http:\/\/lazari.com.br\/site\/portfolio_category\/institucional-partidario\/\" rel=\"tag\">Institucional Partid\u00e1rio<\/a><\/div>\t\t\t\t\t\n\t\t\n\t\t\t\t\t\t<a class=\"fusion-link-wrapper\" href=\"http:\/\/lazari.com.br\/site\/portfolio-items\/2017-prefeitura-de-rio-claro-sp\/\" aria-label=\"2017 &#8211; Prefeitura de Rio Claro\/SP\"><\/a>\n\t<\/div>\n<\/div>\n\n\t\n<\/div>\n<\/div><\/article><article id=\"portfolio-1-post-13795\" class=\"fusion-portfolio-post 2016 prefeito fusion-col-spacing post-13795\"><div class=\"fusion-portfolio-content-wrapper\" style=\"border:none;\"><span class=\"entry-title rich-snippet-hidden\">2016 &#8211; Haddad (PT) Prefeito &#8211; S\u00e3o Paulo\/SP<\/span><span class=\"vcard rich-snippet-hidden\"><span class=\"fn\"><a href=\"http:\/\/lazari.com.br\/site\/author\/daniel\/\" title=\"Posts de Daniel\" rel=\"author\">Daniel<\/a><\/span><\/span><span class=\"updated rich-snippet-hidden\">2022-04-29T00:29:54-03:00<\/span>\n\n<div  class=\"fusion-image-wrapper\" aria-haspopup=\"true\">\n\t\n\t\n\t\n\t\t\n\t\t\t\t\t<img decoding=\"async\" width=\"640\" height=\"480\" src=\"http:\/\/lazari.com.br\/site\/wp-content\/uploads\/2021\/08\/2016-Juninho-01-Destaque-1.jpg\" class=\"attachment-full size-full wp-post-image\" alt=\"\" srcset=\"http:\/\/lazari.com.br\/site\/wp-content\/uploads\/2021\/08\/2016-Juninho-01-Destaque-1-200x150.jpg 200w, http:\/\/lazari.com.br\/site\/wp-content\/uploads\/2021\/08\/2016-Juninho-01-Destaque-1-400x300.jpg 400w, http:\/\/lazari.com.br\/site\/wp-content\/uploads\/2021\/08\/2016-Juninho-01-Destaque-1-600x450.jpg 600w, http:\/\/lazari.com.br\/site\/wp-content\/uploads\/2021\/08\/2016-Juninho-01-Destaque-1.jpg 640w\" sizes=\"(min-width: 2200px) 100vw, (min-width: 1124px) 390px, (min-width: 1032px) 585px, (min-width: 940px) 1032px, \" \/>\n\t\n\n\t\t<div class=\"fusion-rollover\">\n\t<div class=\"fusion-rollover-content\">\n\n\t\t\t\t\t\t\t\t\t\t\t\t\t\t<a class=\"fusion-rollover-link\" href=\"http:\/\/lazari.com.br\/site\/portfolio-items\/2016-haddad-pt-prefeito-sao-paulo-sp\/\">2016 &#8211; Haddad (PT) Prefeito &#8211; S\u00e3o Paulo\/SP<\/a>\n\t\t\t\n\t\t\t\t\t\t\t\t\t\t\t\t\t\t\n\t\t\t\t\t\t\t\t\n\t\t\t\t\t\t\t\t\t\t\t\t\t<div class=\"fusion-rollover-sep\"><\/div>\n\t\t\t\t\n\t\t\t\t\t\t\t\t\t\t\t\t\t\t\t\t\t\t<a class=\"fusion-rollover-gallery\" href=\"http:\/\/lazari.com.br\/site\/wp-content\/uploads\/2021\/08\/2016-Juninho-01-Destaque-1.jpg\" data-id=\"13795\" data-rel=\"iLightbox[gallery-rw-1]\" data-title=\"2016-Juninho-01-Destaque\" data-caption=\"\">\n\t\t\t\t\t\tGaleria\t\t\t\t\t<\/a>\n\t\t\t\t\t\t\t\t\t\t\t\t\t\t\n\t\t\n\t\t\t\t\t\t\t\t\t\t\t\t<h4 class=\"fusion-rollover-title\">\n\t\t\t\t\t<a class=\"fusion-rollover-title-link\" href=\"http:\/\/lazari.com.br\/site\/portfolio-items\/2016-haddad-pt-prefeito-sao-paulo-sp\/\">\n\t\t\t\t\t\t2016 &#8211; Haddad (PT) Prefeito &#8211; S\u00e3o Paulo\/SP\t\t\t\t\t<\/a>\n\t\t\t\t<\/h4>\n\t\t\t\n\t\t\t\t\t\t\t\t\t\t<div class=\"fusion-rollover-categories\"><a href=\"http:\/\/lazari.com.br\/site\/portfolio_category\/2016\/\" rel=\"tag\">2016<\/a>, <a href=\"http:\/\/lazari.com.br\/site\/portfolio_category\/prefeito\/\" rel=\"tag\">Prefeito<\/a><\/div>\t\t\t\t\t\n\t\t\n\t\t\t\t\t\t<a class=\"fusion-link-wrapper\" href=\"http:\/\/lazari.com.br\/site\/portfolio-items\/2016-haddad-pt-prefeito-sao-paulo-sp\/\" aria-label=\"2016 &#8211; Haddad (PT) Prefeito &#8211; S\u00e3o Paulo\/SP\"><\/a>\n\t<\/div>\n<\/div>\n\n\t\n<\/div>\n<\/div><\/article><article id=\"portfolio-1-post-13781\" class=\"fusion-portfolio-post 2016 prefeito fusion-col-spacing post-13781\"><div class=\"fusion-portfolio-content-wrapper\" style=\"border:none;\"><span class=\"entry-title rich-snippet-hidden\">2016 &#8211; Juninho (DEM) Prefeito &#8211; Rio Claro\/SP<\/span><span class=\"vcard rich-snippet-hidden\"><span class=\"fn\"><a href=\"http:\/\/lazari.com.br\/site\/author\/daniel\/\" title=\"Posts de Daniel\" rel=\"author\">Daniel<\/a><\/span><\/span><span class=\"updated rich-snippet-hidden\">2022-04-29T00:29:26-03:00<\/span>\n\n<div  class=\"fusion-image-wrapper\" aria-haspopup=\"true\">\n\t\n\t\n\t\n\t\t\n\t\t\t\t\t<img decoding=\"async\" width=\"640\" height=\"480\" src=\"http:\/\/lazari.com.br\/site\/wp-content\/uploads\/2021\/08\/2016-Juninho-01-Destaque.jpg\" class=\"attachment-full size-full wp-post-image\" alt=\"\" srcset=\"http:\/\/lazari.com.br\/site\/wp-content\/uploads\/2021\/08\/2016-Juninho-01-Destaque-200x150.jpg 200w, http:\/\/lazari.com.br\/site\/wp-content\/uploads\/2021\/08\/2016-Juninho-01-Destaque-400x300.jpg 400w, http:\/\/lazari.com.br\/site\/wp-content\/uploads\/2021\/08\/2016-Juninho-01-Destaque-600x450.jpg 600w, http:\/\/lazari.com.br\/site\/wp-content\/uploads\/2021\/08\/2016-Juninho-01-Destaque.jpg 640w\" sizes=\"(min-width: 2200px) 100vw, (min-width: 1124px) 390px, (min-width: 1032px) 585px, (min-width: 940px) 1032px, \" \/>\n\t\n\n\t\t<div class=\"fusion-rollover\">\n\t<div class=\"fusion-rollover-content\">\n\n\t\t\t\t\t\t\t\t\t\t\t\t\t\t<a class=\"fusion-rollover-link\" href=\"http:\/\/lazari.com.br\/site\/portfolio-items\/2016-juninho-dem-prefeito-rio-claro-sp\/\">2016 &#8211; Juninho (DEM) Prefeito &#8211; Rio Claro\/SP<\/a>\n\t\t\t\n\t\t\t\t\t\t\t\t\t\t\t\t\t\t\n\t\t\t\t\t\t\t\t\n\t\t\t\t\t\t\t\t\t\t\t\t\t<div class=\"fusion-rollover-sep\"><\/div>\n\t\t\t\t\n\t\t\t\t\t\t\t\t\t\t\t\t\t\t\t\t\t\t<a class=\"fusion-rollover-gallery\" href=\"http:\/\/lazari.com.br\/site\/wp-content\/uploads\/2021\/08\/2016-Juninho-01-Destaque.jpg\" data-id=\"13781\" data-rel=\"iLightbox[gallery-rw-1]\" data-title=\"2016-Juninho-01-Destaque\" data-caption=\"\">\n\t\t\t\t\t\tGaleria\t\t\t\t\t<\/a>\n\t\t\t\t\t\t\t\t\t\t\t\t\t\t\n\t\t\n\t\t\t\t\t\t\t\t\t\t\t\t<h4 class=\"fusion-rollover-title\">\n\t\t\t\t\t<a class=\"fusion-rollover-title-link\" href=\"http:\/\/lazari.com.br\/site\/portfolio-items\/2016-juninho-dem-prefeito-rio-claro-sp\/\">\n\t\t\t\t\t\t2016 &#8211; Juninho (DEM) Prefeito &#8211; Rio Claro\/SP\t\t\t\t\t<\/a>\n\t\t\t\t<\/h4>\n\t\t\t\n\t\t\t\t\t\t\t\t\t\t<div class=\"fusion-rollover-categories\"><a href=\"http:\/\/lazari.com.br\/site\/portfolio_category\/2016\/\" rel=\"tag\">2016<\/a>, <a href=\"http:\/\/lazari.com.br\/site\/portfolio_category\/prefeito\/\" rel=\"tag\">Prefeito<\/a><\/div>\t\t\t\t\t\n\t\t\n\t\t\t\t\t\t<a class=\"fusion-link-wrapper\" href=\"http:\/\/lazari.com.br\/site\/portfolio-items\/2016-juninho-dem-prefeito-rio-claro-sp\/\" aria-label=\"2016 &#8211; Juninho (DEM) Prefeito &#8211; Rio Claro\/SP\"><\/a>\n\t<\/div>\n<\/div>\n\n\t\n<\/div>\n<\/div><\/article><article id=\"portfolio-1-post-13770\" class=\"fusion-portfolio-post 2016 prefeito fusion-col-spacing post-13770\"><div class=\"fusion-portfolio-content-wrapper\" style=\"border:none;\"><span class=\"entry-title rich-snippet-hidden\">2016 &#8211; Eliseu Daniel (PSDB) Prefeito &#8211; Limeira\/SP<\/span><span class=\"vcard rich-snippet-hidden\"><span class=\"fn\"><a href=\"http:\/\/lazari.com.br\/site\/author\/daniel\/\" title=\"Posts de Daniel\" rel=\"author\">Daniel<\/a><\/span><\/span><span class=\"updated rich-snippet-hidden\">2022-04-29T00:29:10-03:00<\/span>\n\n<div  class=\"fusion-image-wrapper\" aria-haspopup=\"true\">\n\t\n\t\n\t\n\t\t\n\t\t\t\t\t<img decoding=\"async\" width=\"640\" height=\"480\" src=\"http:\/\/lazari.com.br\/site\/wp-content\/uploads\/2021\/08\/2016-Eliseu-Daniel-01-Destaque.jpg\" class=\"attachment-full size-full wp-post-image\" alt=\"\" srcset=\"http:\/\/lazari.com.br\/site\/wp-content\/uploads\/2021\/08\/2016-Eliseu-Daniel-01-Destaque-200x150.jpg 200w, http:\/\/lazari.com.br\/site\/wp-content\/uploads\/2021\/08\/2016-Eliseu-Daniel-01-Destaque-400x300.jpg 400w, http:\/\/lazari.com.br\/site\/wp-content\/uploads\/2021\/08\/2016-Eliseu-Daniel-01-Destaque-600x450.jpg 600w, http:\/\/lazari.com.br\/site\/wp-content\/uploads\/2021\/08\/2016-Eliseu-Daniel-01-Destaque.jpg 640w\" sizes=\"(min-width: 2200px) 100vw, (min-width: 1124px) 390px, (min-width: 1032px) 585px, (min-width: 940px) 1032px, \" \/>\n\t\n\n\t\t<div class=\"fusion-rollover\">\n\t<div class=\"fusion-rollover-content\">\n\n\t\t\t\t\t\t\t\t\t\t\t\t\t\t<a class=\"fusion-rollover-link\" href=\"http:\/\/lazari.com.br\/site\/portfolio-items\/2016-eliseu-daniel-psdb-prefeito-limeira-sp\/\">2016 &#8211; Eliseu Daniel (PSDB) Prefeito &#8211; Limeira\/SP<\/a>\n\t\t\t\n\t\t\t\t\t\t\t\t\t\t\t\t\t\t\n\t\t\t\t\t\t\t\t\n\t\t\t\t\t\t\t\t\t\t\t\t\t<div class=\"fusion-rollover-sep\"><\/div>\n\t\t\t\t\n\t\t\t\t\t\t\t\t\t\t\t\t\t\t\t\t\t\t<a class=\"fusion-rollover-gallery\" href=\"http:\/\/lazari.com.br\/site\/wp-content\/uploads\/2021\/08\/2016-Eliseu-Daniel-01-Destaque.jpg\" data-id=\"13770\" data-rel=\"iLightbox[gallery-rw-1]\" data-title=\"2016-Eliseu-Daniel-01-Destaque\" data-caption=\"\">\n\t\t\t\t\t\tGaleria\t\t\t\t\t<\/a>\n\t\t\t\t\t\t\t\t\t\t\t\t\t\t\n\t\t\n\t\t\t\t\t\t\t\t\t\t\t\t<h4 class=\"fusion-rollover-title\">\n\t\t\t\t\t<a class=\"fusion-rollover-title-link\" href=\"http:\/\/lazari.com.br\/site\/portfolio-items\/2016-eliseu-daniel-psdb-prefeito-limeira-sp\/\">\n\t\t\t\t\t\t2016 &#8211; Eliseu Daniel (PSDB) Prefeito &#8211; Limeira\/SP\t\t\t\t\t<\/a>\n\t\t\t\t<\/h4>\n\t\t\t\n\t\t\t\t\t\t\t\t\t\t<div class=\"fusion-rollover-categories\"><a href=\"http:\/\/lazari.com.br\/site\/portfolio_category\/2016\/\" rel=\"tag\">2016<\/a>, <a href=\"http:\/\/lazari.com.br\/site\/portfolio_category\/prefeito\/\" rel=\"tag\">Prefeito<\/a><\/div>\t\t\t\t\t\n\t\t\n\t\t\t\t\t\t<a class=\"fusion-link-wrapper\" href=\"http:\/\/lazari.com.br\/site\/portfolio-items\/2016-eliseu-daniel-psdb-prefeito-limeira-sp\/\" aria-label=\"2016 &#8211; Eliseu Daniel (PSDB) Prefeito &#8211; Limeira\/SP\"><\/a>\n\t<\/div>\n<\/div>\n\n\t\n<\/div>\n<\/div><\/article><article id=\"portfolio-1-post-13759\" class=\"fusion-portfolio-post 2016 prefeito fusion-col-spacing post-13759\"><div class=\"fusion-portfolio-content-wrapper\" style=\"border:none;\"><span class=\"entry-title rich-snippet-hidden\">2016 &#8211; Z\u00e9 Ant\u00f4nio da Bruel (PDT) Prefeito &#8211; Iracem\u00e1polis\/SP<\/span><span class=\"vcard rich-snippet-hidden\"><span class=\"fn\"><a href=\"http:\/\/lazari.com.br\/site\/author\/daniel\/\" title=\"Posts de Daniel\" rel=\"author\">Daniel<\/a><\/span><\/span><span class=\"updated rich-snippet-hidden\">2022-04-29T00:28:55-03:00<\/span>\n\n<div  class=\"fusion-image-wrapper\" aria-haspopup=\"true\">\n\t\n\t\n\t\n\t\t\n\t\t\t\t\t<img decoding=\"async\" width=\"640\" height=\"480\" src=\"http:\/\/lazari.com.br\/site\/wp-content\/uploads\/2021\/08\/2016-Ze-Antonio-da-Bruel-01-Destaque.jpg\" class=\"attachment-full size-full wp-post-image\" alt=\"\" srcset=\"http:\/\/lazari.com.br\/site\/wp-content\/uploads\/2021\/08\/2016-Ze-Antonio-da-Bruel-01-Destaque-200x150.jpg 200w, http:\/\/lazari.com.br\/site\/wp-content\/uploads\/2021\/08\/2016-Ze-Antonio-da-Bruel-01-Destaque-400x300.jpg 400w, http:\/\/lazari.com.br\/site\/wp-content\/uploads\/2021\/08\/2016-Ze-Antonio-da-Bruel-01-Destaque-600x450.jpg 600w, http:\/\/lazari.com.br\/site\/wp-content\/uploads\/2021\/08\/2016-Ze-Antonio-da-Bruel-01-Destaque.jpg 640w\" sizes=\"(min-width: 2200px) 100vw, (min-width: 1124px) 390px, (min-width: 1032px) 585px, (min-width: 940px) 1032px, \" \/>\n\t\n\n\t\t<div class=\"fusion-rollover\">\n\t<div class=\"fusion-rollover-content\">\n\n\t\t\t\t\t\t\t\t\t\t\t\t\t\t<a class=\"fusion-rollover-link\" href=\"http:\/\/lazari.com.br\/site\/portfolio-items\/2016-ze-antonio-da-bruel-pdt-prefeito-iracemapolis-sp\/\">2016 &#8211; Z\u00e9 Ant\u00f4nio da Bruel (PDT) Prefeito &#8211; Iracem\u00e1polis\/SP<\/a>\n\t\t\t\n\t\t\t\t\t\t\t\t\t\t\t\t\t\t\n\t\t\t\t\t\t\t\t\n\t\t\t\t\t\t\t\t\t\t\t\t\t<div class=\"fusion-rollover-sep\"><\/div>\n\t\t\t\t\n\t\t\t\t\t\t\t\t\t\t\t\t\t\t\t\t\t\t<a class=\"fusion-rollover-gallery\" href=\"http:\/\/lazari.com.br\/site\/wp-content\/uploads\/2021\/08\/2016-Ze-Antonio-da-Bruel-01-Destaque.jpg\" data-id=\"13759\" data-rel=\"iLightbox[gallery-rw-1]\" data-title=\"2016-Z\u00e9-Antonio-da-Bruel-01-Destaque\" data-caption=\"\">\n\t\t\t\t\t\tGaleria\t\t\t\t\t<\/a>\n\t\t\t\t\t\t\t\t\t\t\t\t\t\t\n\t\t\n\t\t\t\t\t\t\t\t\t\t\t\t<h4 class=\"fusion-rollover-title\">\n\t\t\t\t\t<a class=\"fusion-rollover-title-link\" href=\"http:\/\/lazari.com.br\/site\/portfolio-items\/2016-ze-antonio-da-bruel-pdt-prefeito-iracemapolis-sp\/\">\n\t\t\t\t\t\t2016 &#8211; Z\u00e9 Ant\u00f4nio da Bruel (PDT) Prefeito &#8211; Iracem\u00e1polis\/SP\t\t\t\t\t<\/a>\n\t\t\t\t<\/h4>\n\t\t\t\n\t\t\t\t\t\t\t\t\t\t<div class=\"fusion-rollover-categories\"><a href=\"http:\/\/lazari.com.br\/site\/portfolio_category\/2016\/\" rel=\"tag\">2016<\/a>, <a href=\"http:\/\/lazari.com.br\/site\/portfolio_category\/prefeito\/\" rel=\"tag\">Prefeito<\/a><\/div>\t\t\t\t\t\n\t\t\n\t\t\t\t\t\t<a class=\"fusion-link-wrapper\" href=\"http:\/\/lazari.com.br\/site\/portfolio-items\/2016-ze-antonio-da-bruel-pdt-prefeito-iracemapolis-sp\/\" aria-label=\"2016 &#8211; Z\u00e9 Ant\u00f4nio da Bruel (PDT) Prefeito &#8211; Iracem\u00e1polis\/SP\"><\/a>\n\t<\/div>\n<\/div>\n\n\t\n<\/div>\n<\/div><\/article><article id=\"portfolio-1-post-13751\" class=\"fusion-portfolio-post 2016 vereador fusion-col-spacing post-13751\"><div class=\"fusion-portfolio-content-wrapper\" style=\"border:none;\"><span class=\"entry-title rich-snippet-hidden\">2016 &#8211; Wilson Cerqueira (PT) Vereador &#8211; Limeira\/SP<\/span><span class=\"vcard rich-snippet-hidden\"><span class=\"fn\"><a href=\"http:\/\/lazari.com.br\/site\/author\/daniel\/\" title=\"Posts de Daniel\" rel=\"author\">Daniel<\/a><\/span><\/span><span class=\"updated rich-snippet-hidden\">2022-04-29T00:28:41-03:00<\/span>\n\n<div  class=\"fusion-image-wrapper\" aria-haspopup=\"true\">\n\t\n\t\n\t\n\t\t\n\t\t\t\t\t<img decoding=\"async\" width=\"640\" height=\"480\" src=\"http:\/\/lazari.com.br\/site\/wp-content\/uploads\/2021\/08\/2016-Wilson-Cerqueira-01-Destaque.jpg\" class=\"attachment-full size-full wp-post-image\" alt=\"\" srcset=\"http:\/\/lazari.com.br\/site\/wp-content\/uploads\/2021\/08\/2016-Wilson-Cerqueira-01-Destaque-200x150.jpg 200w, http:\/\/lazari.com.br\/site\/wp-content\/uploads\/2021\/08\/2016-Wilson-Cerqueira-01-Destaque-400x300.jpg 400w, http:\/\/lazari.com.br\/site\/wp-content\/uploads\/2021\/08\/2016-Wilson-Cerqueira-01-Destaque-600x450.jpg 600w, http:\/\/lazari.com.br\/site\/wp-content\/uploads\/2021\/08\/2016-Wilson-Cerqueira-01-Destaque.jpg 640w\" sizes=\"(min-width: 2200px) 100vw, (min-width: 1124px) 390px, (min-width: 1032px) 585px, (min-width: 940px) 1032px, \" \/>\n\t\n\n\t\t<div class=\"fusion-rollover\">\n\t<div class=\"fusion-rollover-content\">\n\n\t\t\t\t\t\t\t\t\t\t\t\t\t\t<a class=\"fusion-rollover-link\" href=\"http:\/\/lazari.com.br\/site\/portfolio-items\/2016-wilson-cerqueira-pt-vereador-limeira-sp\/\">2016 &#8211; Wilson Cerqueira (PT) Vereador &#8211; Limeira\/SP<\/a>\n\t\t\t\n\t\t\t\t\t\t\t\t\t\t\t\t\t\t\n\t\t\t\t\t\t\t\t\n\t\t\t\t\t\t\t\t\t\t\t\t\t<div class=\"fusion-rollover-sep\"><\/div>\n\t\t\t\t\n\t\t\t\t\t\t\t\t\t\t\t\t\t\t\t\t\t\t<a class=\"fusion-rollover-gallery\" href=\"http:\/\/lazari.com.br\/site\/wp-content\/uploads\/2021\/08\/2016-Wilson-Cerqueira-01-Destaque.jpg\" data-id=\"13751\" data-rel=\"iLightbox[gallery-rw-1]\" data-title=\"2016-Wilson-Cerqueira-01-Destaque\" data-caption=\"\">\n\t\t\t\t\t\tGaleria\t\t\t\t\t<\/a>\n\t\t\t\t\t\t\t\t\t\t\t\t\t\t\n\t\t\n\t\t\t\t\t\t\t\t\t\t\t\t<h4 class=\"fusion-rollover-title\">\n\t\t\t\t\t<a class=\"fusion-rollover-title-link\" href=\"http:\/\/lazari.com.br\/site\/portfolio-items\/2016-wilson-cerqueira-pt-vereador-limeira-sp\/\">\n\t\t\t\t\t\t2016 &#8211; Wilson Cerqueira (PT) Vereador &#8211; Limeira\/SP\t\t\t\t\t<\/a>\n\t\t\t\t<\/h4>\n\t\t\t\n\t\t\t\t\t\t\t\t\t\t<div class=\"fusion-rollover-categories\"><a href=\"http:\/\/lazari.com.br\/site\/portfolio_category\/2016\/\" rel=\"tag\">2016<\/a>, <a href=\"http:\/\/lazari.com.br\/site\/portfolio_category\/vereador\/\" rel=\"tag\">Vereador<\/a><\/div>\t\t\t\t\t\n\t\t\n\t\t\t\t\t\t<a class=\"fusion-link-wrapper\" href=\"http:\/\/lazari.com.br\/site\/portfolio-items\/2016-wilson-cerqueira-pt-vereador-limeira-sp\/\" aria-label=\"2016 &#8211; Wilson Cerqueira (PT) Vereador &#8211; Limeira\/SP\"><\/a>\n\t<\/div>\n<\/div>\n\n\t\n<\/div>\n<\/div><\/article><article id=\"portfolio-1-post-13741\" class=\"fusion-portfolio-post 2016 vereador fusion-col-spacing post-13741\"><div class=\"fusion-portfolio-content-wrapper\" style=\"border:none;\"><span class=\"entry-title rich-snippet-hidden\">2016 &#8211; F\u00e1bio D&#8217;Andrea (PEN) Vereador &#8211; Limeira\/SP<\/span><span class=\"vcard rich-snippet-hidden\"><span class=\"fn\"><a href=\"http:\/\/lazari.com.br\/site\/author\/daniel\/\" title=\"Posts de Daniel\" rel=\"author\">Daniel<\/a><\/span><\/span><span class=\"updated rich-snippet-hidden\">2022-04-29T00:28:13-03:00<\/span>\n\n<div  class=\"fusion-image-wrapper\" aria-haspopup=\"true\">\n\t\n\t\n\t\n\t\t\n\t\t\t\t\t<img decoding=\"async\" width=\"640\" height=\"480\" src=\"http:\/\/lazari.com.br\/site\/wp-content\/uploads\/2021\/08\/2016-Fabio-DAndrea-01-Destaque.jpg\" class=\"attachment-full size-full wp-post-image\" alt=\"\" srcset=\"http:\/\/lazari.com.br\/site\/wp-content\/uploads\/2021\/08\/2016-Fabio-DAndrea-01-Destaque-200x150.jpg 200w, http:\/\/lazari.com.br\/site\/wp-content\/uploads\/2021\/08\/2016-Fabio-DAndrea-01-Destaque-400x300.jpg 400w, http:\/\/lazari.com.br\/site\/wp-content\/uploads\/2021\/08\/2016-Fabio-DAndrea-01-Destaque-600x450.jpg 600w, http:\/\/lazari.com.br\/site\/wp-content\/uploads\/2021\/08\/2016-Fabio-DAndrea-01-Destaque.jpg 640w\" sizes=\"(min-width: 2200px) 100vw, (min-width: 1124px) 390px, (min-width: 1032px) 585px, (min-width: 940px) 1032px, \" \/>\n\t\n\n\t\t<div class=\"fusion-rollover\">\n\t<div class=\"fusion-rollover-content\">\n\n\t\t\t\t\t\t\t\t\t\t\t\t\t\t<a class=\"fusion-rollover-link\" href=\"http:\/\/lazari.com.br\/site\/portfolio-items\/2016-fabio-dandrea-pen-vereador-limeira-sp\/\">2016 &#8211; F\u00e1bio D&#8217;Andrea (PEN) Vereador &#8211; Limeira\/SP<\/a>\n\t\t\t\n\t\t\t\t\t\t\t\t\t\t\t\t\t\t\n\t\t\t\t\t\t\t\t\n\t\t\t\t\t\t\t\t\t\t\t\t\t<div class=\"fusion-rollover-sep\"><\/div>\n\t\t\t\t\n\t\t\t\t\t\t\t\t\t\t\t\t\t\t\t\t\t\t<a class=\"fusion-rollover-gallery\" href=\"http:\/\/lazari.com.br\/site\/wp-content\/uploads\/2021\/08\/2016-Fabio-DAndrea-01-Destaque.jpg\" data-id=\"13741\" data-rel=\"iLightbox[gallery-rw-1]\" data-title=\"2016-Fabio-DAndrea-01-Destaque\" data-caption=\"\">\n\t\t\t\t\t\tGaleria\t\t\t\t\t<\/a>\n\t\t\t\t\t\t\t\t\t\t\t\t\t\t\n\t\t\n\t\t\t\t\t\t\t\t\t\t\t\t<h4 class=\"fusion-rollover-title\">\n\t\t\t\t\t<a class=\"fusion-rollover-title-link\" href=\"http:\/\/lazari.com.br\/site\/portfolio-items\/2016-fabio-dandrea-pen-vereador-limeira-sp\/\">\n\t\t\t\t\t\t2016 &#8211; F\u00e1bio D&#8217;Andrea (PEN) Vereador &#8211; Limeira\/SP\t\t\t\t\t<\/a>\n\t\t\t\t<\/h4>\n\t\t\t\n\t\t\t\t\t\t\t\t\t\t<div class=\"fusion-rollover-categories\"><a href=\"http:\/\/lazari.com.br\/site\/portfolio_category\/2016\/\" rel=\"tag\">2016<\/a>, <a href=\"http:\/\/lazari.com.br\/site\/portfolio_category\/vereador\/\" rel=\"tag\">Vereador<\/a><\/div>\t\t\t\t\t\n\t\t\n\t\t\t\t\t\t<a class=\"fusion-link-wrapper\" href=\"http:\/\/lazari.com.br\/site\/portfolio-items\/2016-fabio-dandrea-pen-vereador-limeira-sp\/\" aria-label=\"2016 &#8211; F\u00e1bio D&#8217;Andrea (PEN) Vereador &#8211; Limeira\/SP\"><\/a>\n\t<\/div>\n<\/div>\n\n\t\n<\/div>\n<\/div><\/article><article id=\"portfolio-1-post-13735\" class=\"fusion-portfolio-post 2016 vereador fusion-col-spacing post-13735\"><div class=\"fusion-portfolio-content-wrapper\" style=\"border:none;\"><span class=\"entry-title rich-snippet-hidden\">2016 &#8211; Pietro Parronchi (PV) Vereador &#8211; Limeira\/SP<\/span><span class=\"vcard rich-snippet-hidden\"><span class=\"fn\"><a href=\"http:\/\/lazari.com.br\/site\/author\/daniel\/\" title=\"Posts de Daniel\" rel=\"author\">Daniel<\/a><\/span><\/span><span class=\"updated rich-snippet-hidden\">2022-04-29T00:24:55-03:00<\/span>\n\n<div  class=\"fusion-image-wrapper\" aria-haspopup=\"true\">\n\t\n\t\n\t\n\t\t\n\t\t\t\t\t<img decoding=\"async\" width=\"640\" height=\"480\" src=\"http:\/\/lazari.com.br\/site\/wp-content\/uploads\/2021\/08\/2016-Pietro-Parronchi-01-Destaque.jpg\" class=\"attachment-full size-full wp-post-image\" alt=\"\" srcset=\"http:\/\/lazari.com.br\/site\/wp-content\/uploads\/2021\/08\/2016-Pietro-Parronchi-01-Destaque-200x150.jpg 200w, http:\/\/lazari.com.br\/site\/wp-content\/uploads\/2021\/08\/2016-Pietro-Parronchi-01-Destaque-400x300.jpg 400w, http:\/\/lazari.com.br\/site\/wp-content\/uploads\/2021\/08\/2016-Pietro-Parronchi-01-Destaque-600x450.jpg 600w, http:\/\/lazari.com.br\/site\/wp-content\/uploads\/2021\/08\/2016-Pietro-Parronchi-01-Destaque.jpg 640w\" sizes=\"(min-width: 2200px) 100vw, (min-width: 1124px) 390px, (min-width: 1032px) 585px, (min-width: 940px) 1032px, \" \/>\n\t\n\n\t\t<div class=\"fusion-rollover\">\n\t<div class=\"fusion-rollover-content\">\n\n\t\t\t\t\t\t\t\t\t\t\t\t\t\t<a class=\"fusion-rollover-link\" href=\"http:\/\/lazari.com.br\/site\/portfolio-items\/2016-pietro-parronchi-pv-vereador-limeira-sp\/\">2016 &#8211; Pietro Parronchi (PV) Vereador &#8211; Limeira\/SP<\/a>\n\t\t\t\n\t\t\t\t\t\t\t\t\t\t\t\t\t\t\n\t\t\t\t\t\t\t\t\n\t\t\t\t\t\t\t\t\t\t\t\t\t<div class=\"fusion-rollover-sep\"><\/div>\n\t\t\t\t\n\t\t\t\t\t\t\t\t\t\t\t\t\t\t\t\t\t\t<a class=\"fusion-rollover-gallery\" href=\"http:\/\/lazari.com.br\/site\/wp-content\/uploads\/2021\/08\/2016-Pietro-Parronchi-01-Destaque.jpg\" data-id=\"13735\" data-rel=\"iLightbox[gallery-rw-1]\" data-title=\"2016-Pietro-Parronchi-01-Destaque\" data-caption=\"\">\n\t\t\t\t\t\tGaleria\t\t\t\t\t<\/a>\n\t\t\t\t\t\t\t\t\t\t\t\t\t\t\n\t\t\n\t\t\t\t\t\t\t\t\t\t\t\t<h4 class=\"fusion-rollover-title\">\n\t\t\t\t\t<a class=\"fusion-rollover-title-link\" href=\"http:\/\/lazari.com.br\/site\/portfolio-items\/2016-pietro-parronchi-pv-vereador-limeira-sp\/\">\n\t\t\t\t\t\t2016 &#8211; Pietro Parronchi (PV) Vereador &#8211; Limeira\/SP\t\t\t\t\t<\/a>\n\t\t\t\t<\/h4>\n\t\t\t\n\t\t\t\t\t\t\t\t\t\t<div class=\"fusion-rollover-categories\"><a href=\"http:\/\/lazari.com.br\/site\/portfolio_category\/2016\/\" rel=\"tag\">2016<\/a>, <a href=\"http:\/\/lazari.com.br\/site\/portfolio_category\/vereador\/\" rel=\"tag\">Vereador<\/a><\/div>\t\t\t\t\t\n\t\t\n\t\t\t\t\t\t<a class=\"fusion-link-wrapper\" href=\"http:\/\/lazari.com.br\/site\/portfolio-items\/2016-pietro-parronchi-pv-vereador-limeira-sp\/\" aria-label=\"2016 &#8211; Pietro Parronchi (PV) Vereador &#8211; Limeira\/SP\"><\/a>\n\t<\/div>\n<\/div>\n\n\t\n<\/div>\n<\/div><\/article><article id=\"portfolio-1-post-13731\" class=\"fusion-portfolio-post 2015 institucional-partidario fusion-col-spacing post-13731\"><div class=\"fusion-portfolio-content-wrapper\" style=\"border:none;\"><span class=\"entry-title rich-snippet-hidden\">2015 &#8211; PSL (Partido Social Liberal) Diret\u00f3rio Municipal<\/span><span class=\"vcard rich-snippet-hidden\"><span class=\"fn\"><a href=\"http:\/\/lazari.com.br\/site\/author\/daniel\/\" title=\"Posts de Daniel\" rel=\"author\">Daniel<\/a><\/span><\/span><span class=\"updated rich-snippet-hidden\">2021-08-06T06:41:12-03:00<\/span>\n\n<div  class=\"fusion-image-wrapper\" aria-haspopup=\"true\">\n\t\n\t\n\t\n\t\t\n\t\t\t\t\t<img decoding=\"async\" width=\"640\" height=\"480\" src=\"http:\/\/lazari.com.br\/site\/wp-content\/uploads\/2021\/08\/2015-PSL-Limeira-01-Destaque.jpg\" class=\"attachment-full size-full wp-post-image\" alt=\"\" srcset=\"http:\/\/lazari.com.br\/site\/wp-content\/uploads\/2021\/08\/2015-PSL-Limeira-01-Destaque-200x150.jpg 200w, http:\/\/lazari.com.br\/site\/wp-content\/uploads\/2021\/08\/2015-PSL-Limeira-01-Destaque-400x300.jpg 400w, http:\/\/lazari.com.br\/site\/wp-content\/uploads\/2021\/08\/2015-PSL-Limeira-01-Destaque-600x450.jpg 600w, http:\/\/lazari.com.br\/site\/wp-content\/uploads\/2021\/08\/2015-PSL-Limeira-01-Destaque.jpg 640w\" sizes=\"(min-width: 2200px) 100vw, (min-width: 1124px) 390px, (min-width: 1032px) 585px, (min-width: 940px) 1032px, \" \/>\n\t\n\n\t\t<div class=\"fusion-rollover\">\n\t<div class=\"fusion-rollover-content\">\n\n\t\t\t\t\t\t\t\t\t\t\t\t\t\t<a class=\"fusion-rollover-link\" href=\"http:\/\/lazari.com.br\/site\/portfolio-items\/2015-psl-partido-social-liberal-diretorio-municipal\/\">2015 &#8211; PSL (Partido Social Liberal) Diret\u00f3rio Municipal<\/a>\n\t\t\t\n\t\t\t\t\t\t\t\t\t\t\t\t\t\t\n\t\t\t\t\t\t\t\t\n\t\t\t\t\t\t\t\t\t\t\t\t\t<div class=\"fusion-rollover-sep\"><\/div>\n\t\t\t\t\n\t\t\t\t\t\t\t\t\t\t\t\t\t\t\t\t\t\t<a class=\"fusion-rollover-gallery\" href=\"http:\/\/lazari.com.br\/site\/wp-content\/uploads\/2021\/08\/2015-PSL-Limeira-01-Destaque.jpg\" data-id=\"13731\" data-rel=\"iLightbox[gallery-rw-1]\" data-title=\"2015-PSL-Limeira-01-Destaque\" data-caption=\"\">\n\t\t\t\t\t\tGaleria\t\t\t\t\t<\/a>\n\t\t\t\t\t\t\t\t\t\t\t\t\t\t\n\t\t\n\t\t\t\t\t\t\t\t\t\t\t\t<h4 class=\"fusion-rollover-title\">\n\t\t\t\t\t<a class=\"fusion-rollover-title-link\" href=\"http:\/\/lazari.com.br\/site\/portfolio-items\/2015-psl-partido-social-liberal-diretorio-municipal\/\">\n\t\t\t\t\t\t2015 &#8211; PSL (Partido Social Liberal) Diret\u00f3rio Municipal\t\t\t\t\t<\/a>\n\t\t\t\t<\/h4>\n\t\t\t\n\t\t\t\t\t\t\t\t\t\t<div class=\"fusion-rollover-categories\"><a href=\"http:\/\/lazari.com.br\/site\/portfolio_category\/2015\/\" rel=\"tag\">2015<\/a>, <a href=\"http:\/\/lazari.com.br\/site\/portfolio_category\/institucional-partidario\/\" rel=\"tag\">Institucional Partid\u00e1rio<\/a><\/div>\t\t\t\t\t\n\t\t\n\t\t\t\t\t\t<a class=\"fusion-link-wrapper\" href=\"http:\/\/lazari.com.br\/site\/portfolio-items\/2015-psl-partido-social-liberal-diretorio-municipal\/\" aria-label=\"2015 &#8211; PSL (Partido Social Liberal) Diret\u00f3rio Municipal\"><\/a>\n\t<\/div>\n<\/div>\n\n\t\n<\/div>\n<\/div><\/article><article id=\"portfolio-1-post-13726\" class=\"fusion-portfolio-post 2014 presidente fusion-col-spacing post-13726\"><div class=\"fusion-portfolio-content-wrapper\" style=\"border:none;\"><span class=\"entry-title rich-snippet-hidden\">2014 &#8211; Dilma (PT) Presidente &#8211; Brasil<\/span><span class=\"vcard rich-snippet-hidden\"><span class=\"fn\"><a href=\"http:\/\/lazari.com.br\/site\/author\/daniel\/\" title=\"Posts de Daniel\" rel=\"author\">Daniel<\/a><\/span><\/span><span class=\"updated rich-snippet-hidden\">2022-04-29T00:24:41-03:00<\/span>\n\n<div  class=\"fusion-image-wrapper\" aria-haspopup=\"true\">\n\t\n\t\n\t\n\t\t\n\t\t\t\t\t<img decoding=\"async\" width=\"640\" height=\"480\" src=\"http:\/\/lazari.com.br\/site\/wp-content\/uploads\/2021\/08\/2014-Dilma-01-Destaque.jpg\" class=\"attachment-full size-full wp-post-image\" alt=\"\" srcset=\"http:\/\/lazari.com.br\/site\/wp-content\/uploads\/2021\/08\/2014-Dilma-01-Destaque-200x150.jpg 200w, http:\/\/lazari.com.br\/site\/wp-content\/uploads\/2021\/08\/2014-Dilma-01-Destaque-400x300.jpg 400w, http:\/\/lazari.com.br\/site\/wp-content\/uploads\/2021\/08\/2014-Dilma-01-Destaque-600x450.jpg 600w, http:\/\/lazari.com.br\/site\/wp-content\/uploads\/2021\/08\/2014-Dilma-01-Destaque.jpg 640w\" sizes=\"(min-width: 2200px) 100vw, (min-width: 1124px) 390px, (min-width: 1032px) 585px, (min-width: 940px) 1032px, \" \/>\n\t\n\n\t\t<div class=\"fusion-rollover\">\n\t<div class=\"fusion-rollover-content\">\n\n\t\t\t\t\t\t\t\t\t\t\t\t\t\t<a class=\"fusion-rollover-link\" href=\"http:\/\/lazari.com.br\/site\/portfolio-items\/2014-dilma-pt-presidente-brasil\/\">2014 &#8211; Dilma (PT) Presidente &#8211; Brasil<\/a>\n\t\t\t\n\t\t\t\t\t\t\t\t\t\t\t\t\t\t\n\t\t\t\t\t\t\t\t\n\t\t\t\t\t\t\t\t\t\t\t\t\t<div class=\"fusion-rollover-sep\"><\/div>\n\t\t\t\t\n\t\t\t\t\t\t\t\t\t\t\t\t\t\t\t\t\t\t<a class=\"fusion-rollover-gallery\" href=\"http:\/\/lazari.com.br\/site\/wp-content\/uploads\/2021\/08\/2014-Dilma-01-Destaque.jpg\" data-id=\"13726\" data-rel=\"iLightbox[gallery-rw-1]\" data-title=\"2014-Dilma-01-Destaque\" data-caption=\"\">\n\t\t\t\t\t\tGaleria\t\t\t\t\t<\/a>\n\t\t\t\t\t\t\t\t\t\t\t\t\t\t\n\t\t\n\t\t\t\t\t\t\t\t\t\t\t\t<h4 class=\"fusion-rollover-title\">\n\t\t\t\t\t<a class=\"fusion-rollover-title-link\" href=\"http:\/\/lazari.com.br\/site\/portfolio-items\/2014-dilma-pt-presidente-brasil\/\">\n\t\t\t\t\t\t2014 &#8211; Dilma (PT) Presidente &#8211; Brasil\t\t\t\t\t<\/a>\n\t\t\t\t<\/h4>\n\t\t\t\n\t\t\t\t\t\t\t\t\t\t<div class=\"fusion-rollover-categories\"><a href=\"http:\/\/lazari.com.br\/site\/portfolio_category\/2014\/\" rel=\"tag\">2014<\/a>, <a href=\"http:\/\/lazari.com.br\/site\/portfolio_category\/presidente\/\" rel=\"tag\">Presidente<\/a><\/div>\t\t\t\t\t\n\t\t\n\t\t\t\t\t\t<a class=\"fusion-link-wrapper\" href=\"http:\/\/lazari.com.br\/site\/portfolio-items\/2014-dilma-pt-presidente-brasil\/\" aria-label=\"2014 &#8211; Dilma (PT) Presidente &#8211; Brasil\"><\/a>\n\t<\/div>\n<\/div>\n\n\t\n<\/div>\n<\/div><\/article><article id=\"portfolio-1-post-13717\" class=\"fusion-portfolio-post 2014 deputado-federal fusion-col-spacing post-13717\"><div class=\"fusion-portfolio-content-wrapper\" style=\"border:none;\"><span class=\"entry-title rich-snippet-hidden\">2014 &#8211; Ren\u00ea Soares (PTB) Deputado Federal &#8211; SP<\/span><span class=\"vcard rich-snippet-hidden\"><span class=\"fn\"><a href=\"http:\/\/lazari.com.br\/site\/author\/daniel\/\" title=\"Posts de Daniel\" rel=\"author\">Daniel<\/a><\/span><\/span><span class=\"updated rich-snippet-hidden\">2022-04-29T00:24:24-03:00<\/span>\n\n<div  class=\"fusion-image-wrapper\" aria-haspopup=\"true\">\n\t\n\t\n\t\n\t\t\n\t\t\t\t\t<img decoding=\"async\" width=\"640\" height=\"480\" src=\"http:\/\/lazari.com.br\/site\/wp-content\/uploads\/2021\/08\/2014-Rene-Soares-01-Destaque.jpg\" class=\"attachment-full size-full wp-post-image\" alt=\"\" srcset=\"http:\/\/lazari.com.br\/site\/wp-content\/uploads\/2021\/08\/2014-Rene-Soares-01-Destaque-200x150.jpg 200w, http:\/\/lazari.com.br\/site\/wp-content\/uploads\/2021\/08\/2014-Rene-Soares-01-Destaque-400x300.jpg 400w, http:\/\/lazari.com.br\/site\/wp-content\/uploads\/2021\/08\/2014-Rene-Soares-01-Destaque-600x450.jpg 600w, http:\/\/lazari.com.br\/site\/wp-content\/uploads\/2021\/08\/2014-Rene-Soares-01-Destaque.jpg 640w\" sizes=\"(min-width: 2200px) 100vw, (min-width: 1124px) 390px, (min-width: 1032px) 585px, (min-width: 940px) 1032px, \" \/>\n\t\n\n\t\t<div class=\"fusion-rollover\">\n\t<div class=\"fusion-rollover-content\">\n\n\t\t\t\t\t\t\t\t\t\t\t\t\t\t<a class=\"fusion-rollover-link\" href=\"http:\/\/lazari.com.br\/site\/portfolio-items\/2014-rene-soares-ptb-deputado-federal-sp\/\">2014 &#8211; Ren\u00ea Soares (PTB) Deputado Federal &#8211; SP<\/a>\n\t\t\t\n\t\t\t\t\t\t\t\t\t\t\t\t\t\t\n\t\t\t\t\t\t\t\t\n\t\t\t\t\t\t\t\t\t\t\t\t\t<div class=\"fusion-rollover-sep\"><\/div>\n\t\t\t\t\n\t\t\t\t\t\t\t\t\t\t\t\t\t\t\t\t\t\t<a class=\"fusion-rollover-gallery\" href=\"http:\/\/lazari.com.br\/site\/wp-content\/uploads\/2021\/08\/2014-Rene-Soares-01-Destaque.jpg\" data-id=\"13717\" data-rel=\"iLightbox[gallery-rw-1]\" data-title=\"2014-Rene-Soares-01-Destaque\" data-caption=\"\">\n\t\t\t\t\t\tGaleria\t\t\t\t\t<\/a>\n\t\t\t\t\t\t\t\t\t\t\t\t\t\t\n\t\t\n\t\t\t\t\t\t\t\t\t\t\t\t<h4 class=\"fusion-rollover-title\">\n\t\t\t\t\t<a class=\"fusion-rollover-title-link\" href=\"http:\/\/lazari.com.br\/site\/portfolio-items\/2014-rene-soares-ptb-deputado-federal-sp\/\">\n\t\t\t\t\t\t2014 &#8211; Ren\u00ea Soares (PTB) Deputado Federal &#8211; SP\t\t\t\t\t<\/a>\n\t\t\t\t<\/h4>\n\t\t\t\n\t\t\t\t\t\t\t\t\t\t<div class=\"fusion-rollover-categories\"><a href=\"http:\/\/lazari.com.br\/site\/portfolio_category\/2014\/\" rel=\"tag\">2014<\/a>, <a href=\"http:\/\/lazari.com.br\/site\/portfolio_category\/deputado-federal\/\" rel=\"tag\">Deputado Federal<\/a><\/div>\t\t\t\t\t\n\t\t\n\t\t\t\t\t\t<a class=\"fusion-link-wrapper\" href=\"http:\/\/lazari.com.br\/site\/portfolio-items\/2014-rene-soares-ptb-deputado-federal-sp\/\" aria-label=\"2014 &#8211; Ren\u00ea Soares (PTB) Deputado Federal &#8211; SP\"><\/a>\n\t<\/div>\n<\/div>\n\n\t\n<\/div>\n<\/div><\/article><article id=\"portfolio-1-post-13705\" class=\"fusion-portfolio-post 2014 deputado-federal fusion-col-spacing post-13705\"><div class=\"fusion-portfolio-content-wrapper\" style=\"border:none;\"><span class=\"entry-title rich-snippet-hidden\">2014 &#8211; Valdir Elias (PEN) Deputado Federal &#8211; SP<\/span><span class=\"vcard rich-snippet-hidden\"><span class=\"fn\"><a href=\"http:\/\/lazari.com.br\/site\/author\/daniel\/\" title=\"Posts de Daniel\" rel=\"author\">Daniel<\/a><\/span><\/span><span class=\"updated rich-snippet-hidden\">2022-04-29T00:24:09-03:00<\/span>\n\n<div  class=\"fusion-image-wrapper\" aria-haspopup=\"true\">\n\t\n\t\n\t\n\t\t\n\t\t\t\t\t<img decoding=\"async\" width=\"640\" height=\"480\" src=\"http:\/\/lazari.com.br\/site\/wp-content\/uploads\/2021\/08\/2014-Valdir-Elias-01-Destaque.jpg\" class=\"attachment-full size-full wp-post-image\" alt=\"\" srcset=\"http:\/\/lazari.com.br\/site\/wp-content\/uploads\/2021\/08\/2014-Valdir-Elias-01-Destaque-200x150.jpg 200w, http:\/\/lazari.com.br\/site\/wp-content\/uploads\/2021\/08\/2014-Valdir-Elias-01-Destaque-400x300.jpg 400w, http:\/\/lazari.com.br\/site\/wp-content\/uploads\/2021\/08\/2014-Valdir-Elias-01-Destaque-600x450.jpg 600w, http:\/\/lazari.com.br\/site\/wp-content\/uploads\/2021\/08\/2014-Valdir-Elias-01-Destaque.jpg 640w\" sizes=\"(min-width: 2200px) 100vw, (min-width: 1124px) 390px, (min-width: 1032px) 585px, (min-width: 940px) 1032px, \" \/>\n\t\n\n\t\t<div class=\"fusion-rollover\">\n\t<div class=\"fusion-rollover-content\">\n\n\t\t\t\t\t\t\t\t\t\t\t\t\t\t<a class=\"fusion-rollover-link\" href=\"http:\/\/lazari.com.br\/site\/portfolio-items\/2014-valdir-elias-pen-deputado-federal-sp\/\">2014 &#8211; Valdir Elias (PEN) Deputado Federal &#8211; SP<\/a>\n\t\t\t\n\t\t\t\t\t\t\t\t\t\t\t\t\t\t\n\t\t\t\t\t\t\t\t\n\t\t\t\t\t\t\t\t\t\t\t\t\t<div class=\"fusion-rollover-sep\"><\/div>\n\t\t\t\t\n\t\t\t\t\t\t\t\t\t\t\t\t\t\t\t\t\t\t<a class=\"fusion-rollover-gallery\" href=\"http:\/\/lazari.com.br\/site\/wp-content\/uploads\/2021\/08\/2014-Valdir-Elias-01-Destaque.jpg\" data-id=\"13705\" data-rel=\"iLightbox[gallery-rw-1]\" data-title=\"2014-Valdir-Elias-01-Destaque\" data-caption=\"\">\n\t\t\t\t\t\tGaleria\t\t\t\t\t<\/a>\n\t\t\t\t\t\t\t\t\t\t\t\t\t\t\n\t\t\n\t\t\t\t\t\t\t\t\t\t\t\t<h4 class=\"fusion-rollover-title\">\n\t\t\t\t\t<a class=\"fusion-rollover-title-link\" href=\"http:\/\/lazari.com.br\/site\/portfolio-items\/2014-valdir-elias-pen-deputado-federal-sp\/\">\n\t\t\t\t\t\t2014 &#8211; Valdir Elias (PEN) Deputado Federal &#8211; SP\t\t\t\t\t<\/a>\n\t\t\t\t<\/h4>\n\t\t\t\n\t\t\t\t\t\t\t\t\t\t<div class=\"fusion-rollover-categories\"><a href=\"http:\/\/lazari.com.br\/site\/portfolio_category\/2014\/\" rel=\"tag\">2014<\/a>, <a href=\"http:\/\/lazari.com.br\/site\/portfolio_category\/deputado-federal\/\" rel=\"tag\">Deputado Federal<\/a><\/div>\t\t\t\t\t\n\t\t\n\t\t\t\t\t\t<a class=\"fusion-link-wrapper\" href=\"http:\/\/lazari.com.br\/site\/portfolio-items\/2014-valdir-elias-pen-deputado-federal-sp\/\" aria-label=\"2014 &#8211; Valdir Elias (PEN) Deputado Federal &#8211; SP\"><\/a>\n\t<\/div>\n<\/div>\n\n\t\n<\/div>\n<\/div><\/article><article id=\"portfolio-1-post-13700\" class=\"fusion-portfolio-post 2014 deputado-estadual fusion-col-spacing post-13700\"><div class=\"fusion-portfolio-content-wrapper\" style=\"border:none;\"><span class=\"entry-title rich-snippet-hidden\">2014 &#8211; Edmilson Gon\u00e7alves (PSDC) Deputado Estadual &#8211; SP<\/span><span class=\"vcard rich-snippet-hidden\"><span class=\"fn\"><a href=\"http:\/\/lazari.com.br\/site\/author\/daniel\/\" title=\"Posts de Daniel\" rel=\"author\">Daniel<\/a><\/span><\/span><span class=\"updated rich-snippet-hidden\">2022-04-29T00:23:55-03:00<\/span>\n\n<div  class=\"fusion-image-wrapper\" aria-haspopup=\"true\">\n\t\n\t\n\t\n\t\t\n\t\t\t\t\t<img decoding=\"async\" width=\"640\" height=\"480\" src=\"http:\/\/lazari.com.br\/site\/wp-content\/uploads\/2021\/08\/2014-Edmilson-Goncalves-01-Destaque.jpg\" class=\"attachment-full size-full wp-post-image\" alt=\"\" srcset=\"http:\/\/lazari.com.br\/site\/wp-content\/uploads\/2021\/08\/2014-Edmilson-Goncalves-01-Destaque-200x150.jpg 200w, http:\/\/lazari.com.br\/site\/wp-content\/uploads\/2021\/08\/2014-Edmilson-Goncalves-01-Destaque-400x300.jpg 400w, http:\/\/lazari.com.br\/site\/wp-content\/uploads\/2021\/08\/2014-Edmilson-Goncalves-01-Destaque-600x450.jpg 600w, http:\/\/lazari.com.br\/site\/wp-content\/uploads\/2021\/08\/2014-Edmilson-Goncalves-01-Destaque.jpg 640w\" sizes=\"(min-width: 2200px) 100vw, (min-width: 1124px) 390px, (min-width: 1032px) 585px, (min-width: 940px) 1032px, \" \/>\n\t\n\n\t\t<div class=\"fusion-rollover\">\n\t<div class=\"fusion-rollover-content\">\n\n\t\t\t\t\t\t\t\t\t\t\t\t\t\t<a class=\"fusion-rollover-link\" href=\"http:\/\/lazari.com.br\/site\/portfolio-items\/2014-edmilson-goncalves-psdc-deputado-estadual-sp\/\">2014 &#8211; Edmilson Gon\u00e7alves (PSDC) Deputado Estadual &#8211; SP<\/a>\n\t\t\t\n\t\t\t\t\t\t\t\t\t\t\t\t\t\t\n\t\t\t\t\t\t\t\t\n\t\t\t\t\t\t\t\t\t\t\t\t\t<div class=\"fusion-rollover-sep\"><\/div>\n\t\t\t\t\n\t\t\t\t\t\t\t\t\t\t\t\t\t\t\t\t\t\t<a class=\"fusion-rollover-gallery\" href=\"http:\/\/lazari.com.br\/site\/wp-content\/uploads\/2021\/08\/2014-Edmilson-Goncalves-01-Destaque.jpg\" data-id=\"13700\" data-rel=\"iLightbox[gallery-rw-1]\" data-title=\"2014-Edmilson-Goncalves-01-Destaque\" data-caption=\"\">\n\t\t\t\t\t\tGaleria\t\t\t\t\t<\/a>\n\t\t\t\t\t\t\t\t\t\t\t\t\t\t\n\t\t\n\t\t\t\t\t\t\t\t\t\t\t\t<h4 class=\"fusion-rollover-title\">\n\t\t\t\t\t<a class=\"fusion-rollover-title-link\" href=\"http:\/\/lazari.com.br\/site\/portfolio-items\/2014-edmilson-goncalves-psdc-deputado-estadual-sp\/\">\n\t\t\t\t\t\t2014 &#8211; Edmilson Gon\u00e7alves (PSDC) Deputado Estadual &#8211; SP\t\t\t\t\t<\/a>\n\t\t\t\t<\/h4>\n\t\t\t\n\t\t\t\t\t\t\t\t\t\t<div class=\"fusion-rollover-categories\"><a href=\"http:\/\/lazari.com.br\/site\/portfolio_category\/2014\/\" rel=\"tag\">2014<\/a>, <a href=\"http:\/\/lazari.com.br\/site\/portfolio_category\/deputado-estadual\/\" rel=\"tag\">Deputado Estadual<\/a><\/div>\t\t\t\t\t\n\t\t\n\t\t\t\t\t\t<a class=\"fusion-link-wrapper\" href=\"http:\/\/lazari.com.br\/site\/portfolio-items\/2014-edmilson-goncalves-psdc-deputado-estadual-sp\/\" aria-label=\"2014 &#8211; Edmilson Gon\u00e7alves (PSDC) Deputado Estadual &#8211; SP\"><\/a>\n\t<\/div>\n<\/div>\n\n\t\n<\/div>\n<\/div><\/article><article id=\"portfolio-1-post-13695\" class=\"fusion-portfolio-post 2013 institucional-partidario fusion-col-spacing post-13695\"><div class=\"fusion-portfolio-content-wrapper\" style=\"border:none;\"><span class=\"entry-title rich-snippet-hidden\">2013 &#8211; Rede Sustentabilidade<\/span><span class=\"vcard rich-snippet-hidden\"><span class=\"fn\"><a href=\"http:\/\/lazari.com.br\/site\/author\/daniel\/\" title=\"Posts de Daniel\" rel=\"author\">Daniel<\/a><\/span><\/span><span class=\"updated rich-snippet-hidden\">2021-08-05T15:21:07-03:00<\/span>\n\n<div  class=\"fusion-image-wrapper\" aria-haspopup=\"true\">\n\t\n\t\n\t\n\t\t\n\t\t\t\t\t<img decoding=\"async\" width=\"640\" height=\"480\" src=\"http:\/\/lazari.com.br\/site\/wp-content\/uploads\/2021\/08\/2013-Rede-Sustentabilidade-01-Destaque.jpg\" class=\"attachment-full size-full wp-post-image\" alt=\"\" srcset=\"http:\/\/lazari.com.br\/site\/wp-content\/uploads\/2021\/08\/2013-Rede-Sustentabilidade-01-Destaque-200x150.jpg 200w, http:\/\/lazari.com.br\/site\/wp-content\/uploads\/2021\/08\/2013-Rede-Sustentabilidade-01-Destaque-400x300.jpg 400w, http:\/\/lazari.com.br\/site\/wp-content\/uploads\/2021\/08\/2013-Rede-Sustentabilidade-01-Destaque-600x450.jpg 600w, http:\/\/lazari.com.br\/site\/wp-content\/uploads\/2021\/08\/2013-Rede-Sustentabilidade-01-Destaque.jpg 640w\" sizes=\"(min-width: 2200px) 100vw, (min-width: 1124px) 390px, (min-width: 1032px) 585px, (min-width: 940px) 1032px, \" \/>\n\t\n\n\t\t<div class=\"fusion-rollover\">\n\t<div class=\"fusion-rollover-content\">\n\n\t\t\t\t\t\t\t\t\t\t\t\t\t\t<a class=\"fusion-rollover-link\" href=\"http:\/\/lazari.com.br\/site\/portfolio-items\/2013-rede-sustentabilidade\/\">2013 &#8211; Rede Sustentabilidade<\/a>\n\t\t\t\n\t\t\t\t\t\t\t\t\t\t\t\t\t\t\n\t\t\t\t\t\t\t\t\n\t\t\t\t\t\t\t\t\t\t\t\t\t<div class=\"fusion-rollover-sep\"><\/div>\n\t\t\t\t\n\t\t\t\t\t\t\t\t\t\t\t\t\t\t\t\t\t\t<a class=\"fusion-rollover-gallery\" href=\"http:\/\/lazari.com.br\/site\/wp-content\/uploads\/2021\/08\/2013-Rede-Sustentabilidade-01-Destaque.jpg\" data-id=\"13695\" data-rel=\"iLightbox[gallery-rw-1]\" data-title=\"2013-Rede-Sustentabilidade-01-Destaque\" data-caption=\"\">\n\t\t\t\t\t\tGaleria\t\t\t\t\t<\/a>\n\t\t\t\t\t\t\t\t\t\t\t\t\t\t\n\t\t\n\t\t\t\t\t\t\t\t\t\t\t\t<h4 class=\"fusion-rollover-title\">\n\t\t\t\t\t<a class=\"fusion-rollover-title-link\" href=\"http:\/\/lazari.com.br\/site\/portfolio-items\/2013-rede-sustentabilidade\/\">\n\t\t\t\t\t\t2013 &#8211; Rede Sustentabilidade\t\t\t\t\t<\/a>\n\t\t\t\t<\/h4>\n\t\t\t\n\t\t\t\t\t\t\t\t\t\t<div class=\"fusion-rollover-categories\"><a href=\"http:\/\/lazari.com.br\/site\/portfolio_category\/2013\/\" rel=\"tag\">2013<\/a>, <a href=\"http:\/\/lazari.com.br\/site\/portfolio_category\/institucional-partidario\/\" rel=\"tag\">Institucional Partid\u00e1rio<\/a><\/div>\t\t\t\t\t\n\t\t\n\t\t\t\t\t\t<a class=\"fusion-link-wrapper\" href=\"http:\/\/lazari.com.br\/site\/portfolio-items\/2013-rede-sustentabilidade\/\" aria-label=\"2013 &#8211; Rede Sustentabilidade\"><\/a>\n\t<\/div>\n<\/div>\n\n\t\n<\/div>\n<\/div><\/article><article id=\"portfolio-1-post-13682\" class=\"fusion-portfolio-post 2012 presidente fusion-col-spacing post-13682\"><div class=\"fusion-portfolio-content-wrapper\" style=\"border:none;\"><span class=\"entry-title rich-snippet-hidden\">2012 &#8211; Barack Obama (DEM) Presidente &#8211; USA<\/span><span class=\"vcard rich-snippet-hidden\"><span class=\"fn\"><a href=\"http:\/\/lazari.com.br\/site\/author\/daniel\/\" title=\"Posts de Daniel\" rel=\"author\">Daniel<\/a><\/span><\/span><span class=\"updated rich-snippet-hidden\">2022-05-10T11:55:36-03:00<\/span>\n\n<div  class=\"fusion-image-wrapper\" aria-haspopup=\"true\">\n\t\n\t\n\t\n\t\t\n\t\t\t\t\t<img decoding=\"async\" width=\"640\" height=\"480\" src=\"http:\/\/lazari.com.br\/site\/wp-content\/uploads\/2021\/06\/2012-Obama-01-Destaque-1.jpg\" class=\"attachment-full size-full wp-post-image\" alt=\"\" srcset=\"http:\/\/lazari.com.br\/site\/wp-content\/uploads\/2021\/06\/2012-Obama-01-Destaque-1-200x150.jpg 200w, http:\/\/lazari.com.br\/site\/wp-content\/uploads\/2021\/06\/2012-Obama-01-Destaque-1-400x300.jpg 400w, http:\/\/lazari.com.br\/site\/wp-content\/uploads\/2021\/06\/2012-Obama-01-Destaque-1-600x450.jpg 600w, http:\/\/lazari.com.br\/site\/wp-content\/uploads\/2021\/06\/2012-Obama-01-Destaque-1.jpg 640w\" sizes=\"(min-width: 2200px) 100vw, (min-width: 1124px) 390px, (min-width: 1032px) 585px, (min-width: 940px) 1032px, \" \/>\n\t\n\n\t\t<div class=\"fusion-rollover\">\n\t<div class=\"fusion-rollover-content\">\n\n\t\t\t\t\t\t\t\t\t\t\t\t\t\t<a class=\"fusion-rollover-link\" href=\"http:\/\/lazari.com.br\/site\/portfolio-items\/2012-barack-obama-dem-presidente-usa\/\">2012 &#8211; Barack Obama (DEM) Presidente &#8211; USA<\/a>\n\t\t\t\n\t\t\t\t\t\t\t\t\t\t\t\t\t\t\n\t\t\t\t\t\t\t\t\n\t\t\t\t\t\t\t\t\t\t\t\t\t<div class=\"fusion-rollover-sep\"><\/div>\n\t\t\t\t\n\t\t\t\t\t\t\t\t\t\t\t\t\t\t\t\t\t\t<a class=\"fusion-rollover-gallery\" href=\"http:\/\/lazari.com.br\/site\/wp-content\/uploads\/2021\/06\/2012-Obama-01-Destaque-1.jpg\" data-id=\"13682\" data-rel=\"iLightbox[gallery-rw-1]\" data-title=\"2012-Obama-01-Destaque\" data-caption=\"\">\n\t\t\t\t\t\tGaleria\t\t\t\t\t<\/a>\n\t\t\t\t\t\t\t\t\t\t\t\t\t\t\n\t\t\n\t\t\t\t\t\t\t\t\t\t\t\t<h4 class=\"fusion-rollover-title\">\n\t\t\t\t\t<a class=\"fusion-rollover-title-link\" href=\"http:\/\/lazari.com.br\/site\/portfolio-items\/2012-barack-obama-dem-presidente-usa\/\">\n\t\t\t\t\t\t2012 &#8211; Barack Obama (DEM) Presidente &#8211; USA\t\t\t\t\t<\/a>\n\t\t\t\t<\/h4>\n\t\t\t\n\t\t\t\t\t\t\t\t\t\t<div class=\"fusion-rollover-categories\"><a href=\"http:\/\/lazari.com.br\/site\/portfolio_category\/2012\/\" rel=\"tag\">2012<\/a>, <a href=\"http:\/\/lazari.com.br\/site\/portfolio_category\/presidente\/\" rel=\"tag\">Presidente<\/a><\/div>\t\t\t\t\t\n\t\t\n\t\t\t\t\t\t<a class=\"fusion-link-wrapper\" href=\"http:\/\/lazari.com.br\/site\/portfolio-items\/2012-barack-obama-dem-presidente-usa\/\" aria-label=\"2012 &#8211; Barack Obama (DEM) Presidente &#8211; USA\"><\/a>\n\t<\/div>\n<\/div>\n\n\t\n<\/div>\n<\/div><\/article><article id=\"portfolio-1-post-13660\" class=\"fusion-portfolio-post 2012 prefeito fusion-col-spacing post-13660\"><div class=\"fusion-portfolio-content-wrapper\" style=\"border:none;\"><span class=\"entry-title rich-snippet-hidden\">2012 &#8211; Fernando Haddad (PT) Prefeito &#8211; S\u00e3o Paulo\/SP<\/span><span class=\"vcard rich-snippet-hidden\"><span class=\"fn\"><a href=\"http:\/\/lazari.com.br\/site\/author\/daniel\/\" title=\"Posts de Daniel\" rel=\"author\">Daniel<\/a><\/span><\/span><span class=\"updated rich-snippet-hidden\">2022-04-29T00:23:39-03:00<\/span>\n\n<div  class=\"fusion-image-wrapper\" aria-haspopup=\"true\">\n\t\n\t\n\t\n\t\t\n\t\t\t\t\t<img decoding=\"async\" width=\"640\" height=\"480\" src=\"http:\/\/lazari.com.br\/site\/wp-content\/uploads\/2021\/06\/2012-Haddad-01-Destaque.jpg\" class=\"attachment-full size-full wp-post-image\" alt=\"\" srcset=\"http:\/\/lazari.com.br\/site\/wp-content\/uploads\/2021\/06\/2012-Haddad-01-Destaque-200x150.jpg 200w, http:\/\/lazari.com.br\/site\/wp-content\/uploads\/2021\/06\/2012-Haddad-01-Destaque-400x300.jpg 400w, http:\/\/lazari.com.br\/site\/wp-content\/uploads\/2021\/06\/2012-Haddad-01-Destaque-600x450.jpg 600w, http:\/\/lazari.com.br\/site\/wp-content\/uploads\/2021\/06\/2012-Haddad-01-Destaque.jpg 640w\" sizes=\"(min-width: 2200px) 100vw, (min-width: 1124px) 390px, (min-width: 1032px) 585px, (min-width: 940px) 1032px, \" \/>\n\t\n\n\t\t<div class=\"fusion-rollover\">\n\t<div class=\"fusion-rollover-content\">\n\n\t\t\t\t\t\t\t\t\t\t\t\t\t\t<a class=\"fusion-rollover-link\" href=\"http:\/\/lazari.com.br\/site\/portfolio-items\/2012-fernando-haddad-pt-prefeito-sao-paulo-sp\/\">2012 &#8211; Fernando Haddad (PT) Prefeito &#8211; S\u00e3o Paulo\/SP<\/a>\n\t\t\t\n\t\t\t\t\t\t\t\t\t\t\t\t\t\t\n\t\t\t\t\t\t\t\t\n\t\t\t\t\t\t\t\t\t\t\t\t\t<div class=\"fusion-rollover-sep\"><\/div>\n\t\t\t\t\n\t\t\t\t\t\t\t\t\t\t\t\t\t\t\t\t\t\t<a class=\"fusion-rollover-gallery\" href=\"http:\/\/lazari.com.br\/site\/wp-content\/uploads\/2021\/06\/2012-Haddad-01-Destaque.jpg\" data-id=\"13660\" data-rel=\"iLightbox[gallery-rw-1]\" data-title=\"2012-Haddad-01-Destaque\" data-caption=\"\">\n\t\t\t\t\t\tGaleria\t\t\t\t\t<\/a>\n\t\t\t\t\t\t\t\t\t\t\t\t\t\t\n\t\t\n\t\t\t\t\t\t\t\t\t\t\t\t<h4 class=\"fusion-rollover-title\">\n\t\t\t\t\t<a class=\"fusion-rollover-title-link\" href=\"http:\/\/lazari.com.br\/site\/portfolio-items\/2012-fernando-haddad-pt-prefeito-sao-paulo-sp\/\">\n\t\t\t\t\t\t2012 &#8211; Fernando Haddad (PT) Prefeito &#8211; S\u00e3o Paulo\/SP\t\t\t\t\t<\/a>\n\t\t\t\t<\/h4>\n\t\t\t\n\t\t\t\t\t\t\t\t\t\t<div class=\"fusion-rollover-categories\"><a href=\"http:\/\/lazari.com.br\/site\/portfolio_category\/2012\/\" rel=\"tag\">2012<\/a>, <a href=\"http:\/\/lazari.com.br\/site\/portfolio_category\/prefeito\/\" rel=\"tag\">Prefeito<\/a><\/div>\t\t\t\t\t\n\t\t\n\t\t\t\t\t\t<a class=\"fusion-link-wrapper\" href=\"http:\/\/lazari.com.br\/site\/portfolio-items\/2012-fernando-haddad-pt-prefeito-sao-paulo-sp\/\" aria-label=\"2012 &#8211; Fernando Haddad (PT) Prefeito &#8211; S\u00e3o Paulo\/SP\"><\/a>\n\t<\/div>\n<\/div>\n\n\t\n<\/div>\n<\/div><\/article><article id=\"portfolio-1-post-13647\" class=\"fusion-portfolio-post 2012 prefeito fusion-col-spacing post-13647\"><div class=\"fusion-portfolio-content-wrapper\" style=\"border:none;\"><span class=\"entry-title rich-snippet-hidden\">2012 &#8211; Kleber Leite (PTB) Prefeito &#8211; Limeira\/SP<\/span><span class=\"vcard rich-snippet-hidden\"><span class=\"fn\"><a href=\"http:\/\/lazari.com.br\/site\/author\/daniel\/\" title=\"Posts de Daniel\" rel=\"author\">Daniel<\/a><\/span><\/span><span class=\"updated rich-snippet-hidden\">2022-04-29T00:22:52-03:00<\/span>\n\n<div  class=\"fusion-image-wrapper\" aria-haspopup=\"true\">\n\t\n\t\n\t\n\t\t\n\t\t\t\t\t<img decoding=\"async\" width=\"640\" height=\"480\" src=\"http:\/\/lazari.com.br\/site\/wp-content\/uploads\/2021\/06\/2012-Kleber-Leite-01-Destaque.jpg\" class=\"attachment-full size-full wp-post-image\" alt=\"\" srcset=\"http:\/\/lazari.com.br\/site\/wp-content\/uploads\/2021\/06\/2012-Kleber-Leite-01-Destaque-200x150.jpg 200w, http:\/\/lazari.com.br\/site\/wp-content\/uploads\/2021\/06\/2012-Kleber-Leite-01-Destaque-400x300.jpg 400w, http:\/\/lazari.com.br\/site\/wp-content\/uploads\/2021\/06\/2012-Kleber-Leite-01-Destaque-600x450.jpg 600w, http:\/\/lazari.com.br\/site\/wp-content\/uploads\/2021\/06\/2012-Kleber-Leite-01-Destaque.jpg 640w\" sizes=\"(min-width: 2200px) 100vw, (min-width: 1124px) 390px, (min-width: 1032px) 585px, (min-width: 940px) 1032px, \" \/>\n\t\n\n\t\t<div class=\"fusion-rollover\">\n\t<div class=\"fusion-rollover-content\">\n\n\t\t\t\t\t\t\t\t\t\t\t\t\t\t<a class=\"fusion-rollover-link\" href=\"http:\/\/lazari.com.br\/site\/portfolio-items\/2012-kleber-leite-ptb-prefeito-limeira-sp\/\">2012 &#8211; Kleber Leite (PTB) Prefeito &#8211; Limeira\/SP<\/a>\n\t\t\t\n\t\t\t\t\t\t\t\t\t\t\t\t\t\t\n\t\t\t\t\t\t\t\t\n\t\t\t\t\t\t\t\t\t\t\t\t\t<div class=\"fusion-rollover-sep\"><\/div>\n\t\t\t\t\n\t\t\t\t\t\t\t\t\t\t\t\t\t\t\t\t\t\t<a class=\"fusion-rollover-gallery\" href=\"http:\/\/lazari.com.br\/site\/wp-content\/uploads\/2021\/06\/2012-Kleber-Leite-01-Destaque.jpg\" data-id=\"13647\" data-rel=\"iLightbox[gallery-rw-1]\" data-title=\"2012-Kleber-Leite-01-Destaque\" data-caption=\"\">\n\t\t\t\t\t\tGaleria\t\t\t\t\t<\/a>\n\t\t\t\t\t\t\t\t\t\t\t\t\t\t\n\t\t\n\t\t\t\t\t\t\t\t\t\t\t\t<h4 class=\"fusion-rollover-title\">\n\t\t\t\t\t<a class=\"fusion-rollover-title-link\" href=\"http:\/\/lazari.com.br\/site\/portfolio-items\/2012-kleber-leite-ptb-prefeito-limeira-sp\/\">\n\t\t\t\t\t\t2012 &#8211; Kleber Leite (PTB) Prefeito &#8211; Limeira\/SP\t\t\t\t\t<\/a>\n\t\t\t\t<\/h4>\n\t\t\t\n\t\t\t\t\t\t\t\t\t\t<div class=\"fusion-rollover-categories\"><a href=\"http:\/\/lazari.com.br\/site\/portfolio_category\/2012\/\" rel=\"tag\">2012<\/a>, <a href=\"http:\/\/lazari.com.br\/site\/portfolio_category\/prefeito\/\" rel=\"tag\">Prefeito<\/a><\/div>\t\t\t\t\t\n\t\t\n\t\t\t\t\t\t<a class=\"fusion-link-wrapper\" href=\"http:\/\/lazari.com.br\/site\/portfolio-items\/2012-kleber-leite-ptb-prefeito-limeira-sp\/\" aria-label=\"2012 &#8211; Kleber Leite (PTB) Prefeito &#8211; Limeira\/SP\"><\/a>\n\t<\/div>\n<\/div>\n\n\t\n<\/div>\n<\/div><\/article><article id=\"portfolio-1-post-13636\" class=\"fusion-portfolio-post 2012 prefeito fusion-col-spacing post-13636\"><div class=\"fusion-portfolio-content-wrapper\" style=\"border:none;\"><span class=\"entry-title rich-snippet-hidden\">2012 &#8211; Claudinho Cosenza (PSDB) Prefeito &#8211; Iracem\u00e1polis\/SP<\/span><span class=\"vcard rich-snippet-hidden\"><span class=\"fn\"><a href=\"http:\/\/lazari.com.br\/site\/author\/daniel\/\" title=\"Posts de Daniel\" rel=\"author\">Daniel<\/a><\/span><\/span><span class=\"updated rich-snippet-hidden\">2022-04-29T00:22:08-03:00<\/span>\n\n<div  class=\"fusion-image-wrapper\" aria-haspopup=\"true\">\n\t\n\t\n\t\n\t\t\n\t\t\t\t\t<img decoding=\"async\" width=\"640\" height=\"480\" src=\"http:\/\/lazari.com.br\/site\/wp-content\/uploads\/2021\/06\/2012-Claudinho-01-Destaque.jpg\" class=\"attachment-full size-full wp-post-image\" alt=\"\" srcset=\"http:\/\/lazari.com.br\/site\/wp-content\/uploads\/2021\/06\/2012-Claudinho-01-Destaque-200x150.jpg 200w, http:\/\/lazari.com.br\/site\/wp-content\/uploads\/2021\/06\/2012-Claudinho-01-Destaque-400x300.jpg 400w, http:\/\/lazari.com.br\/site\/wp-content\/uploads\/2021\/06\/2012-Claudinho-01-Destaque-600x450.jpg 600w, http:\/\/lazari.com.br\/site\/wp-content\/uploads\/2021\/06\/2012-Claudinho-01-Destaque.jpg 640w\" sizes=\"(min-width: 2200px) 100vw, (min-width: 1124px) 390px, (min-width: 1032px) 585px, (min-width: 940px) 1032px, \" \/>\n\t\n\n\t\t<div class=\"fusion-rollover\">\n\t<div class=\"fusion-rollover-content\">\n\n\t\t\t\t\t\t\t\t\t\t\t\t\t\t<a class=\"fusion-rollover-link\" href=\"http:\/\/lazari.com.br\/site\/portfolio-items\/2012-claudinho-cosenza-pr-prefeito-iracemapolis-sp\/\">2012 &#8211; Claudinho Cosenza (PSDB) Prefeito &#8211; Iracem\u00e1polis\/SP<\/a>\n\t\t\t\n\t\t\t\t\t\t\t\t\t\t\t\t\t\t\n\t\t\t\t\t\t\t\t\n\t\t\t\t\t\t\t\t\t\t\t\t\t<div class=\"fusion-rollover-sep\"><\/div>\n\t\t\t\t\n\t\t\t\t\t\t\t\t\t\t\t\t\t\t\t\t\t\t<a class=\"fusion-rollover-gallery\" href=\"http:\/\/lazari.com.br\/site\/wp-content\/uploads\/2021\/06\/2012-Claudinho-01-Destaque.jpg\" data-id=\"13636\" data-rel=\"iLightbox[gallery-rw-1]\" data-title=\"2012-Claudinho-01-Destaque\" data-caption=\"\">\n\t\t\t\t\t\tGaleria\t\t\t\t\t<\/a>\n\t\t\t\t\t\t\t\t\t\t\t\t\t\t\n\t\t\n\t\t\t\t\t\t\t\t\t\t\t\t<h4 class=\"fusion-rollover-title\">\n\t\t\t\t\t<a class=\"fusion-rollover-title-link\" href=\"http:\/\/lazari.com.br\/site\/portfolio-items\/2012-claudinho-cosenza-pr-prefeito-iracemapolis-sp\/\">\n\t\t\t\t\t\t2012 &#8211; Claudinho Cosenza (PSDB) Prefeito &#8211; Iracem\u00e1polis\/SP\t\t\t\t\t<\/a>\n\t\t\t\t<\/h4>\n\t\t\t\n\t\t\t\t\t\t\t\t\t\t<div class=\"fusion-rollover-categories\"><a href=\"http:\/\/lazari.com.br\/site\/portfolio_category\/2012\/\" rel=\"tag\">2012<\/a>, <a href=\"http:\/\/lazari.com.br\/site\/portfolio_category\/prefeito\/\" rel=\"tag\">Prefeito<\/a><\/div>\t\t\t\t\t\n\t\t\n\t\t\t\t\t\t<a class=\"fusion-link-wrapper\" href=\"http:\/\/lazari.com.br\/site\/portfolio-items\/2012-claudinho-cosenza-pr-prefeito-iracemapolis-sp\/\" aria-label=\"2012 &#8211; Claudinho Cosenza (PSDB) Prefeito &#8211; Iracem\u00e1polis\/SP\"><\/a>\n\t<\/div>\n<\/div>\n\n\t\n<\/div>\n<\/div><\/article><article id=\"portfolio-1-post-13623\" class=\"fusion-portfolio-post 2012 prefeito fusion-col-spacing post-13623\"><div class=\"fusion-portfolio-content-wrapper\" style=\"border:none;\"><span class=\"entry-title rich-snippet-hidden\">2012 &#8211; Dr. Christian (PR) Prefeito &#8211; Cordeir\u00f3polis\/SP<\/span><span class=\"vcard rich-snippet-hidden\"><span class=\"fn\"><a href=\"http:\/\/lazari.com.br\/site\/author\/daniel\/\" title=\"Posts de Daniel\" rel=\"author\">Daniel<\/a><\/span><\/span><span class=\"updated rich-snippet-hidden\">2022-04-29T00:21:52-03:00<\/span>\n\n<div  class=\"fusion-image-wrapper\" aria-haspopup=\"true\">\n\t\n\t\n\t\n\t\t\n\t\t\t\t\t<img decoding=\"async\" width=\"640\" height=\"480\" src=\"http:\/\/lazari.com.br\/site\/wp-content\/uploads\/2021\/06\/2012-Dr-Christian-01-Destaque.jpg\" class=\"attachment-full size-full wp-post-image\" alt=\"\" srcset=\"http:\/\/lazari.com.br\/site\/wp-content\/uploads\/2021\/06\/2012-Dr-Christian-01-Destaque-200x150.jpg 200w, http:\/\/lazari.com.br\/site\/wp-content\/uploads\/2021\/06\/2012-Dr-Christian-01-Destaque-400x300.jpg 400w, http:\/\/lazari.com.br\/site\/wp-content\/uploads\/2021\/06\/2012-Dr-Christian-01-Destaque-600x450.jpg 600w, http:\/\/lazari.com.br\/site\/wp-content\/uploads\/2021\/06\/2012-Dr-Christian-01-Destaque.jpg 640w\" sizes=\"(min-width: 2200px) 100vw, (min-width: 1124px) 390px, (min-width: 1032px) 585px, (min-width: 940px) 1032px, \" \/>\n\t\n\n\t\t<div class=\"fusion-rollover\">\n\t<div class=\"fusion-rollover-content\">\n\n\t\t\t\t\t\t\t\t\t\t\t\t\t\t<a class=\"fusion-rollover-link\" href=\"http:\/\/lazari.com.br\/site\/portfolio-items\/2012-dr-christian-pr-prefeito-cordeiropolis-sp\/\">2012 &#8211; Dr. Christian (PR) Prefeito &#8211; Cordeir\u00f3polis\/SP<\/a>\n\t\t\t\n\t\t\t\t\t\t\t\t\t\t\t\t\t\t\n\t\t\t\t\t\t\t\t\n\t\t\t\t\t\t\t\t\t\t\t\t\t<div class=\"fusion-rollover-sep\"><\/div>\n\t\t\t\t\n\t\t\t\t\t\t\t\t\t\t\t\t\t\t\t\t\t\t<a class=\"fusion-rollover-gallery\" href=\"http:\/\/lazari.com.br\/site\/wp-content\/uploads\/2021\/06\/2012-Dr-Christian-01-Destaque.jpg\" data-id=\"13623\" data-rel=\"iLightbox[gallery-rw-1]\" data-title=\"2012-Dr-Christian-01-Destaque\" data-caption=\"\">\n\t\t\t\t\t\tGaleria\t\t\t\t\t<\/a>\n\t\t\t\t\t\t\t\t\t\t\t\t\t\t\n\t\t\n\t\t\t\t\t\t\t\t\t\t\t\t<h4 class=\"fusion-rollover-title\">\n\t\t\t\t\t<a class=\"fusion-rollover-title-link\" href=\"http:\/\/lazari.com.br\/site\/portfolio-items\/2012-dr-christian-pr-prefeito-cordeiropolis-sp\/\">\n\t\t\t\t\t\t2012 &#8211; Dr. Christian (PR) Prefeito &#8211; Cordeir\u00f3polis\/SP\t\t\t\t\t<\/a>\n\t\t\t\t<\/h4>\n\t\t\t\n\t\t\t\t\t\t\t\t\t\t<div class=\"fusion-rollover-categories\"><a href=\"http:\/\/lazari.com.br\/site\/portfolio_category\/2012\/\" rel=\"tag\">2012<\/a>, <a href=\"http:\/\/lazari.com.br\/site\/portfolio_category\/prefeito\/\" rel=\"tag\">Prefeito<\/a><\/div>\t\t\t\t\t\n\t\t\n\t\t\t\t\t\t<a class=\"fusion-link-wrapper\" href=\"http:\/\/lazari.com.br\/site\/portfolio-items\/2012-dr-christian-pr-prefeito-cordeiropolis-sp\/\" aria-label=\"2012 &#8211; Dr. Christian (PR) Prefeito &#8211; Cordeir\u00f3polis\/SP\"><\/a>\n\t<\/div>\n<\/div>\n\n\t\n<\/div>\n<\/div><\/article><article id=\"portfolio-1-post-13611\" class=\"fusion-portfolio-post 2012 vereador fusion-col-spacing post-13611\"><div class=\"fusion-portfolio-content-wrapper\" style=\"border:none;\"><span class=\"entry-title rich-snippet-hidden\">2012 &#8211; Wilson Cerqueira (PT) Vereador &#8211; Limeira\/SP<\/span><span class=\"vcard rich-snippet-hidden\"><span class=\"fn\"><a href=\"http:\/\/lazari.com.br\/site\/author\/daniel\/\" title=\"Posts de Daniel\" rel=\"author\">Daniel<\/a><\/span><\/span><span class=\"updated rich-snippet-hidden\">2022-04-29T00:21:28-03:00<\/span>\n\n<div  class=\"fusion-image-wrapper\" aria-haspopup=\"true\">\n\t\n\t\n\t\n\t\t\n\t\t\t\t\t<img decoding=\"async\" width=\"640\" height=\"480\" src=\"http:\/\/lazari.com.br\/site\/wp-content\/uploads\/2021\/06\/2012-Wilson-Cerqueira-01-Destaque.jpg\" class=\"attachment-full size-full wp-post-image\" alt=\"\" srcset=\"http:\/\/lazari.com.br\/site\/wp-content\/uploads\/2021\/06\/2012-Wilson-Cerqueira-01-Destaque-200x150.jpg 200w, http:\/\/lazari.com.br\/site\/wp-content\/uploads\/2021\/06\/2012-Wilson-Cerqueira-01-Destaque-400x300.jpg 400w, http:\/\/lazari.com.br\/site\/wp-content\/uploads\/2021\/06\/2012-Wilson-Cerqueira-01-Destaque-600x450.jpg 600w, http:\/\/lazari.com.br\/site\/wp-content\/uploads\/2021\/06\/2012-Wilson-Cerqueira-01-Destaque.jpg 640w\" sizes=\"(min-width: 2200px) 100vw, (min-width: 1124px) 390px, (min-width: 1032px) 585px, (min-width: 940px) 1032px, \" \/>\n\t\n\n\t\t<div class=\"fusion-rollover\">\n\t<div class=\"fusion-rollover-content\">\n\n\t\t\t\t\t\t\t\t\t\t\t\t\t\t<a class=\"fusion-rollover-link\" href=\"http:\/\/lazari.com.br\/site\/portfolio-items\/2012-wilson-cerqueira-pt-vereador-limeira-sp\/\">2012 &#8211; Wilson Cerqueira (PT) Vereador &#8211; Limeira\/SP<\/a>\n\t\t\t\n\t\t\t\t\t\t\t\t\t\t\t\t\t\t\n\t\t\t\t\t\t\t\t\n\t\t\t\t\t\t\t\t\t\t\t\t\t<div class=\"fusion-rollover-sep\"><\/div>\n\t\t\t\t\n\t\t\t\t\t\t\t\t\t\t\t\t\t\t\t\t\t\t<a class=\"fusion-rollover-gallery\" href=\"http:\/\/lazari.com.br\/site\/wp-content\/uploads\/2021\/06\/2012-Wilson-Cerqueira-01-Destaque.jpg\" data-id=\"13611\" data-rel=\"iLightbox[gallery-rw-1]\" data-title=\"2012-Wilson-Cerqueira-01-Destaque\" data-caption=\"\">\n\t\t\t\t\t\tGaleria\t\t\t\t\t<\/a>\n\t\t\t\t\t\t\t\t\t\t\t\t\t\t\n\t\t\n\t\t\t\t\t\t\t\t\t\t\t\t<h4 class=\"fusion-rollover-title\">\n\t\t\t\t\t<a class=\"fusion-rollover-title-link\" href=\"http:\/\/lazari.com.br\/site\/portfolio-items\/2012-wilson-cerqueira-pt-vereador-limeira-sp\/\">\n\t\t\t\t\t\t2012 &#8211; Wilson Cerqueira (PT) Vereador &#8211; Limeira\/SP\t\t\t\t\t<\/a>\n\t\t\t\t<\/h4>\n\t\t\t\n\t\t\t\t\t\t\t\t\t\t<div class=\"fusion-rollover-categories\"><a href=\"http:\/\/lazari.com.br\/site\/portfolio_category\/2012\/\" rel=\"tag\">2012<\/a>, <a href=\"http:\/\/lazari.com.br\/site\/portfolio_category\/vereador\/\" rel=\"tag\">Vereador<\/a><\/div>\t\t\t\t\t\n\t\t\n\t\t\t\t\t\t<a class=\"fusion-link-wrapper\" href=\"http:\/\/lazari.com.br\/site\/portfolio-items\/2012-wilson-cerqueira-pt-vereador-limeira-sp\/\" aria-label=\"2012 &#8211; Wilson Cerqueira (PT) Vereador &#8211; Limeira\/SP\"><\/a>\n\t<\/div>\n<\/div>\n\n\t\n<\/div>\n<\/div><\/article><article id=\"portfolio-1-post-13605\" class=\"fusion-portfolio-post 2012 vereador fusion-col-spacing post-13605\"><div class=\"fusion-portfolio-content-wrapper\" style=\"border:none;\"><span class=\"entry-title rich-snippet-hidden\">2012 &#8211; Silvio Brito (PDT) Vereador &#8211; Limeira\/SP<\/span><span class=\"vcard rich-snippet-hidden\"><span class=\"fn\"><a href=\"http:\/\/lazari.com.br\/site\/author\/daniel\/\" title=\"Posts de Daniel\" rel=\"author\">Daniel<\/a><\/span><\/span><span class=\"updated rich-snippet-hidden\">2022-04-29T00:20:50-03:00<\/span>\n\n<div  class=\"fusion-image-wrapper\" aria-haspopup=\"true\">\n\t\n\t\n\t\n\t\t\n\t\t\t\t\t<img decoding=\"async\" width=\"640\" height=\"480\" src=\"http:\/\/lazari.com.br\/site\/wp-content\/uploads\/2021\/06\/2012-Silvio-Brito-01-Destaque.jpg\" class=\"attachment-full size-full wp-post-image\" alt=\"\" srcset=\"http:\/\/lazari.com.br\/site\/wp-content\/uploads\/2021\/06\/2012-Silvio-Brito-01-Destaque-200x150.jpg 200w, http:\/\/lazari.com.br\/site\/wp-content\/uploads\/2021\/06\/2012-Silvio-Brito-01-Destaque-400x300.jpg 400w, http:\/\/lazari.com.br\/site\/wp-content\/uploads\/2021\/06\/2012-Silvio-Brito-01-Destaque-600x450.jpg 600w, http:\/\/lazari.com.br\/site\/wp-content\/uploads\/2021\/06\/2012-Silvio-Brito-01-Destaque.jpg 640w\" sizes=\"(min-width: 2200px) 100vw, (min-width: 1124px) 390px, (min-width: 1032px) 585px, (min-width: 940px) 1032px, \" \/>\n\t\n\n\t\t<div class=\"fusion-rollover\">\n\t<div class=\"fusion-rollover-content\">\n\n\t\t\t\t\t\t\t\t\t\t\t\t\t\t<a class=\"fusion-rollover-link\" href=\"http:\/\/lazari.com.br\/site\/portfolio-items\/2012-silvio-brito-pdt-vereador-limeira-sp\/\">2012 &#8211; Silvio Brito (PDT) Vereador &#8211; Limeira\/SP<\/a>\n\t\t\t\n\t\t\t\t\t\t\t\t\t\t\t\t\t\t\n\t\t\t\t\t\t\t\t\n\t\t\t\t\t\t\t\t\t\t\t\t\t<div class=\"fusion-rollover-sep\"><\/div>\n\t\t\t\t\n\t\t\t\t\t\t\t\t\t\t\t\t\t\t\t\t\t\t<a class=\"fusion-rollover-gallery\" href=\"http:\/\/lazari.com.br\/site\/wp-content\/uploads\/2021\/06\/2012-Silvio-Brito-01-Destaque.jpg\" data-id=\"13605\" data-rel=\"iLightbox[gallery-rw-1]\" data-title=\"2012-Silvio-Brito-01-Destaque\" data-caption=\"\">\n\t\t\t\t\t\tGaleria\t\t\t\t\t<\/a>\n\t\t\t\t\t\t\t\t\t\t\t\t\t\t\n\t\t\n\t\t\t\t\t\t\t\t\t\t\t\t<h4 class=\"fusion-rollover-title\">\n\t\t\t\t\t<a class=\"fusion-rollover-title-link\" href=\"http:\/\/lazari.com.br\/site\/portfolio-items\/2012-silvio-brito-pdt-vereador-limeira-sp\/\">\n\t\t\t\t\t\t2012 &#8211; Silvio Brito (PDT) Vereador &#8211; Limeira\/SP\t\t\t\t\t<\/a>\n\t\t\t\t<\/h4>\n\t\t\t\n\t\t\t\t\t\t\t\t\t\t<div class=\"fusion-rollover-categories\"><a href=\"http:\/\/lazari.com.br\/site\/portfolio_category\/2012\/\" rel=\"tag\">2012<\/a>, <a href=\"http:\/\/lazari.com.br\/site\/portfolio_category\/vereador\/\" rel=\"tag\">Vereador<\/a><\/div>\t\t\t\t\t\n\t\t\n\t\t\t\t\t\t<a class=\"fusion-link-wrapper\" href=\"http:\/\/lazari.com.br\/site\/portfolio-items\/2012-silvio-brito-pdt-vereador-limeira-sp\/\" aria-label=\"2012 &#8211; Silvio Brito (PDT) Vereador &#8211; Limeira\/SP\"><\/a>\n\t<\/div>\n<\/div>\n\n\t\n<\/div>\n<\/div><\/article><article id=\"portfolio-1-post-13597\" class=\"fusion-portfolio-post 2012 vereador fusion-col-spacing post-13597\"><div class=\"fusion-portfolio-content-wrapper\" style=\"border:none;\"><span class=\"entry-title rich-snippet-hidden\">2012 &#8211; Ralf Silva (PR) Vereador &#8211; Iracem\u00e1polis\/SP<\/span><span class=\"vcard rich-snippet-hidden\"><span class=\"fn\"><a href=\"http:\/\/lazari.com.br\/site\/author\/daniel\/\" title=\"Posts de Daniel\" rel=\"author\">Daniel<\/a><\/span><\/span><span class=\"updated rich-snippet-hidden\">2022-04-29T00:39:46-03:00<\/span>\n\n<div  class=\"fusion-image-wrapper\" aria-haspopup=\"true\">\n\t\n\t\n\t\n\t\t\n\t\t\t\t\t<img decoding=\"async\" width=\"640\" height=\"480\" src=\"http:\/\/lazari.com.br\/site\/wp-content\/uploads\/2021\/06\/2012-Ralf-Silva-01-Destaque.jpg\" class=\"attachment-full size-full wp-post-image\" alt=\"\" srcset=\"http:\/\/lazari.com.br\/site\/wp-content\/uploads\/2021\/06\/2012-Ralf-Silva-01-Destaque-200x150.jpg 200w, http:\/\/lazari.com.br\/site\/wp-content\/uploads\/2021\/06\/2012-Ralf-Silva-01-Destaque-400x300.jpg 400w, http:\/\/lazari.com.br\/site\/wp-content\/uploads\/2021\/06\/2012-Ralf-Silva-01-Destaque-600x450.jpg 600w, http:\/\/lazari.com.br\/site\/wp-content\/uploads\/2021\/06\/2012-Ralf-Silva-01-Destaque.jpg 640w\" sizes=\"(min-width: 2200px) 100vw, (min-width: 1124px) 390px, (min-width: 1032px) 585px, (min-width: 940px) 1032px, \" \/>\n\t\n\n\t\t<div class=\"fusion-rollover\">\n\t<div class=\"fusion-rollover-content\">\n\n\t\t\t\t\t\t\t\t\t\t\t\t\t\t<a class=\"fusion-rollover-link\" href=\"http:\/\/lazari.com.br\/site\/portfolio-items\/2012-ralf-silva-pr-vereador-iracemapolis-sp\/\">2012 &#8211; Ralf Silva (PR) Vereador &#8211; Iracem\u00e1polis\/SP<\/a>\n\t\t\t\n\t\t\t\t\t\t\t\t\t\t\t\t\t\t\n\t\t\t\t\t\t\t\t\n\t\t\t\t\t\t\t\t\t\t\t\t\t<div class=\"fusion-rollover-sep\"><\/div>\n\t\t\t\t\n\t\t\t\t\t\t\t\t\t\t\t\t\t\t\t\t\t\t<a class=\"fusion-rollover-gallery\" href=\"http:\/\/lazari.com.br\/site\/wp-content\/uploads\/2021\/06\/2012-Ralf-Silva-01-Destaque.jpg\" data-id=\"13597\" data-rel=\"iLightbox[gallery-rw-1]\" data-title=\"2012-Ralf-Silva-01-Destaque\" data-caption=\"\">\n\t\t\t\t\t\tGaleria\t\t\t\t\t<\/a>\n\t\t\t\t\t\t\t\t\t\t\t\t\t\t\n\t\t\n\t\t\t\t\t\t\t\t\t\t\t\t<h4 class=\"fusion-rollover-title\">\n\t\t\t\t\t<a class=\"fusion-rollover-title-link\" href=\"http:\/\/lazari.com.br\/site\/portfolio-items\/2012-ralf-silva-pr-vereador-iracemapolis-sp\/\">\n\t\t\t\t\t\t2012 &#8211; Ralf Silva (PR) Vereador &#8211; Iracem\u00e1polis\/SP\t\t\t\t\t<\/a>\n\t\t\t\t<\/h4>\n\t\t\t\n\t\t\t\t\t\t\t\t\t\t<div class=\"fusion-rollover-categories\"><a href=\"http:\/\/lazari.com.br\/site\/portfolio_category\/2012\/\" rel=\"tag\">2012<\/a>, <a href=\"http:\/\/lazari.com.br\/site\/portfolio_category\/vereador\/\" rel=\"tag\">Vereador<\/a><\/div>\t\t\t\t\t\n\t\t\n\t\t\t\t\t\t<a class=\"fusion-link-wrapper\" href=\"http:\/\/lazari.com.br\/site\/portfolio-items\/2012-ralf-silva-pr-vereador-iracemapolis-sp\/\" aria-label=\"2012 &#8211; Ralf Silva (PR) Vereador &#8211; Iracem\u00e1polis\/SP\"><\/a>\n\t<\/div>\n<\/div>\n\n\t\n<\/div>\n<\/div><\/article><article id=\"portfolio-1-post-13674\" class=\"fusion-portfolio-post 2012 institucional-partidario fusion-col-spacing post-13674\"><div class=\"fusion-portfolio-content-wrapper\" style=\"border:none;\"><span class=\"entry-title rich-snippet-hidden\">2012 &#8211; Democratic National Committee (USA)<\/span><span class=\"vcard rich-snippet-hidden\"><span class=\"fn\"><a href=\"http:\/\/lazari.com.br\/site\/author\/daniel\/\" title=\"Posts de Daniel\" rel=\"author\">Daniel<\/a><\/span><\/span><span class=\"updated rich-snippet-hidden\">2021-06-28T12:44:32-03:00<\/span>\n\n<div  class=\"fusion-image-wrapper\" aria-haspopup=\"true\">\n\t\n\t\n\t\n\t\t\n\t\t\t\t\t<img decoding=\"async\" width=\"640\" height=\"480\" src=\"http:\/\/lazari.com.br\/site\/wp-content\/uploads\/2021\/06\/2012-Democrats-01-Destaque.jpg\" class=\"attachment-full size-full wp-post-image\" alt=\"\" srcset=\"http:\/\/lazari.com.br\/site\/wp-content\/uploads\/2021\/06\/2012-Democrats-01-Destaque-200x150.jpg 200w, http:\/\/lazari.com.br\/site\/wp-content\/uploads\/2021\/06\/2012-Democrats-01-Destaque-400x300.jpg 400w, http:\/\/lazari.com.br\/site\/wp-content\/uploads\/2021\/06\/2012-Democrats-01-Destaque-600x450.jpg 600w, http:\/\/lazari.com.br\/site\/wp-content\/uploads\/2021\/06\/2012-Democrats-01-Destaque.jpg 640w\" sizes=\"(min-width: 2200px) 100vw, (min-width: 1124px) 390px, (min-width: 1032px) 585px, (min-width: 940px) 1032px, \" \/>\n\t\n\n\t\t<div class=\"fusion-rollover\">\n\t<div class=\"fusion-rollover-content\">\n\n\t\t\t\t\t\t\t\t\t\t\t\t\t\t<a class=\"fusion-rollover-link\" href=\"http:\/\/lazari.com.br\/site\/portfolio-items\/2012-democratic-national-committee-usa\/\">2012 &#8211; Democratic National Committee (USA)<\/a>\n\t\t\t\n\t\t\t\t\t\t\t\t\t\t\t\t\t\t\n\t\t\t\t\t\t\t\t\n\t\t\t\t\t\t\t\t\t\t\t\t\t<div class=\"fusion-rollover-sep\"><\/div>\n\t\t\t\t\n\t\t\t\t\t\t\t\t\t\t\t\t\t\t\t\t\t\t<a class=\"fusion-rollover-gallery\" href=\"http:\/\/lazari.com.br\/site\/wp-content\/uploads\/2021\/06\/2012-Democrats-01-Destaque.jpg\" data-id=\"13674\" data-rel=\"iLightbox[gallery-rw-1]\" data-title=\"2012-Democrats-01-Destaque\" data-caption=\"\">\n\t\t\t\t\t\tGaleria\t\t\t\t\t<\/a>\n\t\t\t\t\t\t\t\t\t\t\t\t\t\t\n\t\t\n\t\t\t\t\t\t\t\t\t\t\t\t<h4 class=\"fusion-rollover-title\">\n\t\t\t\t\t<a class=\"fusion-rollover-title-link\" href=\"http:\/\/lazari.com.br\/site\/portfolio-items\/2012-democratic-national-committee-usa\/\">\n\t\t\t\t\t\t2012 &#8211; Democratic National Committee (USA)\t\t\t\t\t<\/a>\n\t\t\t\t<\/h4>\n\t\t\t\n\t\t\t\t\t\t\t\t\t\t<div class=\"fusion-rollover-categories\"><a href=\"http:\/\/lazari.com.br\/site\/portfolio_category\/2012\/\" rel=\"tag\">2012<\/a>, <a href=\"http:\/\/lazari.com.br\/site\/portfolio_category\/institucional-partidario\/\" rel=\"tag\">Institucional Partid\u00e1rio<\/a><\/div>\t\t\t\t\t\n\t\t\n\t\t\t\t\t\t<a class=\"fusion-link-wrapper\" href=\"http:\/\/lazari.com.br\/site\/portfolio-items\/2012-democratic-national-committee-usa\/\" aria-label=\"2012 &#8211; Democratic National Committee (USA)\"><\/a>\n\t<\/div>\n<\/div>\n\n\t\n<\/div>\n<\/div><\/article><article id=\"portfolio-1-post-13580\" class=\"fusion-portfolio-post 2012 institucional-partidario prefeito fusion-col-spacing post-13580\"><div class=\"fusion-portfolio-content-wrapper\" style=\"border:none;\"><span class=\"entry-title rich-snippet-hidden\">2012 &#8211; PR (Partido da Rep\u00fablica) Diret\u00f3rio Municipal<\/span><span class=\"vcard rich-snippet-hidden\"><span class=\"fn\"><a href=\"http:\/\/lazari.com.br\/site\/author\/daniel\/\" title=\"Posts de Daniel\" rel=\"author\">Daniel<\/a><\/span><\/span><span class=\"updated rich-snippet-hidden\">2021-06-15T13:13:21-03:00<\/span>\n\n<div  class=\"fusion-image-wrapper\" aria-haspopup=\"true\">\n\t\n\t\n\t\n\t\t\n\t\t\t\t\t<img decoding=\"async\" width=\"640\" height=\"480\" src=\"http:\/\/lazari.com.br\/site\/wp-content\/uploads\/2021\/06\/2012-PR-Limeira-01-Destaque.jpg\" class=\"attachment-full size-full wp-post-image\" alt=\"\" srcset=\"http:\/\/lazari.com.br\/site\/wp-content\/uploads\/2021\/06\/2012-PR-Limeira-01-Destaque-200x150.jpg 200w, http:\/\/lazari.com.br\/site\/wp-content\/uploads\/2021\/06\/2012-PR-Limeira-01-Destaque-400x300.jpg 400w, http:\/\/lazari.com.br\/site\/wp-content\/uploads\/2021\/06\/2012-PR-Limeira-01-Destaque-600x450.jpg 600w, http:\/\/lazari.com.br\/site\/wp-content\/uploads\/2021\/06\/2012-PR-Limeira-01-Destaque.jpg 640w\" sizes=\"(min-width: 2200px) 100vw, (min-width: 1124px) 390px, (min-width: 1032px) 585px, (min-width: 940px) 1032px, \" \/>\n\t\n\n\t\t<div class=\"fusion-rollover\">\n\t<div class=\"fusion-rollover-content\">\n\n\t\t\t\t\t\t\t\t\t\t\t\t\t\t<a class=\"fusion-rollover-link\" href=\"http:\/\/lazari.com.br\/site\/portfolio-items\/2012-pr-partido-da-republica\/\">2012 &#8211; PR (Partido da Rep\u00fablica) Diret\u00f3rio Municipal<\/a>\n\t\t\t\n\t\t\t\t\t\t\t\t\t\t\t\t\t\t\n\t\t\t\t\t\t\t\t\n\t\t\t\t\t\t\t\t\t\t\t\t\t<div class=\"fusion-rollover-sep\"><\/div>\n\t\t\t\t\n\t\t\t\t\t\t\t\t\t\t\t\t\t\t\t\t\t\t<a class=\"fusion-rollover-gallery\" href=\"http:\/\/lazari.com.br\/site\/wp-content\/uploads\/2021\/06\/2012-PR-Limeira-01-Destaque.jpg\" data-id=\"13580\" data-rel=\"iLightbox[gallery-rw-1]\" data-title=\"2012-PR-Limeira-01-Destaque\" data-caption=\"\">\n\t\t\t\t\t\tGaleria\t\t\t\t\t<\/a>\n\t\t\t\t\t\t\t\t\t\t\t\t\t\t\n\t\t\n\t\t\t\t\t\t\t\t\t\t\t\t<h4 class=\"fusion-rollover-title\">\n\t\t\t\t\t<a class=\"fusion-rollover-title-link\" href=\"http:\/\/lazari.com.br\/site\/portfolio-items\/2012-pr-partido-da-republica\/\">\n\t\t\t\t\t\t2012 &#8211; PR (Partido da Rep\u00fablica) Diret\u00f3rio Municipal\t\t\t\t\t<\/a>\n\t\t\t\t<\/h4>\n\t\t\t\n\t\t\t\t\t\t\t\t\t\t<div class=\"fusion-rollover-categories\"><a href=\"http:\/\/lazari.com.br\/site\/portfolio_category\/2012\/\" rel=\"tag\">2012<\/a>, <a href=\"http:\/\/lazari.com.br\/site\/portfolio_category\/institucional-partidario\/\" rel=\"tag\">Institucional Partid\u00e1rio<\/a>, <a href=\"http:\/\/lazari.com.br\/site\/portfolio_category\/prefeito\/\" rel=\"tag\">Prefeito<\/a><\/div>\t\t\t\t\t\n\t\t\n\t\t\t\t\t\t<a class=\"fusion-link-wrapper\" href=\"http:\/\/lazari.com.br\/site\/portfolio-items\/2012-pr-partido-da-republica\/\" aria-label=\"2012 &#8211; PR (Partido da Rep\u00fablica) Diret\u00f3rio Municipal\"><\/a>\n\t<\/div>\n<\/div>\n\n\t\n<\/div>\n<\/div><\/article><article id=\"portfolio-1-post-13575\" class=\"fusion-portfolio-post 2012 institucional-partidario fusion-col-spacing post-13575\"><div class=\"fusion-portfolio-content-wrapper\" style=\"border:none;\"><span class=\"entry-title rich-snippet-hidden\">2012 &#8211; PR Jovem de Limeira<\/span><span class=\"vcard rich-snippet-hidden\"><span class=\"fn\"><a href=\"http:\/\/lazari.com.br\/site\/author\/daniel\/\" title=\"Posts de Daniel\" rel=\"author\">Daniel<\/a><\/span><\/span><span class=\"updated rich-snippet-hidden\">2021-06-11T12:04:18-03:00<\/span>\n\n<div  class=\"fusion-image-wrapper\" aria-haspopup=\"true\">\n\t\n\t\n\t\n\t\t\n\t\t\t\t\t<img decoding=\"async\" width=\"640\" height=\"480\" src=\"http:\/\/lazari.com.br\/site\/wp-content\/uploads\/2021\/06\/2012-PR-Jovem-Limeira-01-Destaque.jpg\" class=\"attachment-full size-full wp-post-image\" alt=\"\" srcset=\"http:\/\/lazari.com.br\/site\/wp-content\/uploads\/2021\/06\/2012-PR-Jovem-Limeira-01-Destaque-200x150.jpg 200w, http:\/\/lazari.com.br\/site\/wp-content\/uploads\/2021\/06\/2012-PR-Jovem-Limeira-01-Destaque-400x300.jpg 400w, http:\/\/lazari.com.br\/site\/wp-content\/uploads\/2021\/06\/2012-PR-Jovem-Limeira-01-Destaque-600x450.jpg 600w, http:\/\/lazari.com.br\/site\/wp-content\/uploads\/2021\/06\/2012-PR-Jovem-Limeira-01-Destaque.jpg 640w\" sizes=\"(min-width: 2200px) 100vw, (min-width: 1124px) 390px, (min-width: 1032px) 585px, (min-width: 940px) 1032px, \" \/>\n\t\n\n\t\t<div class=\"fusion-rollover\">\n\t<div class=\"fusion-rollover-content\">\n\n\t\t\t\t\t\t\t\t\t\t\t\t\t\t<a class=\"fusion-rollover-link\" href=\"http:\/\/lazari.com.br\/site\/portfolio-items\/2012-pr-jovem-de-limeira\/\">2012 &#8211; PR Jovem de Limeira<\/a>\n\t\t\t\n\t\t\t\t\t\t\t\t\t\t\t\t\t\t\n\t\t\t\t\t\t\t\t\n\t\t\t\t\t\t\t\t\t\t\t\t\t<div class=\"fusion-rollover-sep\"><\/div>\n\t\t\t\t\n\t\t\t\t\t\t\t\t\t\t\t\t\t\t\t\t\t\t<a class=\"fusion-rollover-gallery\" href=\"http:\/\/lazari.com.br\/site\/wp-content\/uploads\/2021\/06\/2012-PR-Jovem-Limeira-01-Destaque.jpg\" data-id=\"13575\" data-rel=\"iLightbox[gallery-rw-1]\" data-title=\"2012-PR-Jovem-Limeira-01-Destaque\" data-caption=\"\">\n\t\t\t\t\t\tGaleria\t\t\t\t\t<\/a>\n\t\t\t\t\t\t\t\t\t\t\t\t\t\t\n\t\t\n\t\t\t\t\t\t\t\t\t\t\t\t<h4 class=\"fusion-rollover-title\">\n\t\t\t\t\t<a class=\"fusion-rollover-title-link\" href=\"http:\/\/lazari.com.br\/site\/portfolio-items\/2012-pr-jovem-de-limeira\/\">\n\t\t\t\t\t\t2012 &#8211; PR Jovem de Limeira\t\t\t\t\t<\/a>\n\t\t\t\t<\/h4>\n\t\t\t\n\t\t\t\t\t\t\t\t\t\t<div class=\"fusion-rollover-categories\"><a href=\"http:\/\/lazari.com.br\/site\/portfolio_category\/2012\/\" rel=\"tag\">2012<\/a>, <a href=\"http:\/\/lazari.com.br\/site\/portfolio_category\/institucional-partidario\/\" rel=\"tag\">Institucional Partid\u00e1rio<\/a><\/div>\t\t\t\t\t\n\t\t\n\t\t\t\t\t\t<a class=\"fusion-link-wrapper\" href=\"http:\/\/lazari.com.br\/site\/portfolio-items\/2012-pr-jovem-de-limeira\/\" aria-label=\"2012 &#8211; PR Jovem de Limeira\"><\/a>\n\t<\/div>\n<\/div>\n\n\t\n<\/div>\n<\/div><\/article><article id=\"portfolio-1-post-13566\" class=\"fusion-portfolio-post fusion-col-spacing post-13566\"><div class=\"fusion-portfolio-content-wrapper\" style=\"border:none;\"><span class=\"entry-title rich-snippet-hidden\">2012 &#8211; Isabel Candido &#8220;Bel do Conselho&#8221; &#8211; Limeira\/SP<\/span><span class=\"vcard rich-snippet-hidden\"><span class=\"fn\"><a href=\"http:\/\/lazari.com.br\/site\/author\/daniel\/\" title=\"Posts de Daniel\" rel=\"author\">Daniel<\/a><\/span><\/span><span class=\"updated rich-snippet-hidden\">2022-04-29T00:38:46-03:00<\/span>\n\n<div  class=\"fusion-image-wrapper\" aria-haspopup=\"true\">\n\t\n\t\n\t\n\t\t\n\t\t\t\t\t<img decoding=\"async\" width=\"640\" height=\"480\" src=\"http:\/\/lazari.com.br\/site\/wp-content\/uploads\/2021\/06\/2012-Bel-Conselho-Tutelar-01-Destaque.jpg\" class=\"attachment-full size-full wp-post-image\" alt=\"\" srcset=\"http:\/\/lazari.com.br\/site\/wp-content\/uploads\/2021\/06\/2012-Bel-Conselho-Tutelar-01-Destaque-200x150.jpg 200w, http:\/\/lazari.com.br\/site\/wp-content\/uploads\/2021\/06\/2012-Bel-Conselho-Tutelar-01-Destaque-400x300.jpg 400w, http:\/\/lazari.com.br\/site\/wp-content\/uploads\/2021\/06\/2012-Bel-Conselho-Tutelar-01-Destaque-600x450.jpg 600w, http:\/\/lazari.com.br\/site\/wp-content\/uploads\/2021\/06\/2012-Bel-Conselho-Tutelar-01-Destaque.jpg 640w\" sizes=\"(min-width: 2200px) 100vw, (min-width: 1124px) 390px, (min-width: 1032px) 585px, (min-width: 940px) 1032px, \" \/>\n\t\n\n\t\t<div class=\"fusion-rollover\">\n\t<div class=\"fusion-rollover-content\">\n\n\t\t\t\t\t\t\t\t\t\t\t\t\t\t<a class=\"fusion-rollover-link\" href=\"http:\/\/lazari.com.br\/site\/portfolio-items\/2012-isabel-candido-bel-do-conselho-limeira-sp\/\">2012 &#8211; Isabel Candido &#8220;Bel do Conselho&#8221; &#8211; Limeira\/SP<\/a>\n\t\t\t\n\t\t\t\t\t\t\t\t\t\t\t\t\t\t\n\t\t\t\t\t\t\t\t\n\t\t\t\t\t\t\t\t\t\t\t\t\t<div class=\"fusion-rollover-sep\"><\/div>\n\t\t\t\t\n\t\t\t\t\t\t\t\t\t\t\t\t\t\t\t\t\t\t<a class=\"fusion-rollover-gallery\" href=\"http:\/\/lazari.com.br\/site\/wp-content\/uploads\/2021\/06\/2012-Bel-Conselho-Tutelar-01-Destaque.jpg\" data-id=\"13566\" data-rel=\"iLightbox[gallery-rw-1]\" data-title=\"2012-Bel-Conselho-Tutelar-01-Destaque\" data-caption=\"\">\n\t\t\t\t\t\tGaleria\t\t\t\t\t<\/a>\n\t\t\t\t\t\t\t\t\t\t\t\t\t\t\n\t\t\n\t\t\t\t\t\t\t\t\t\t\t\t<h4 class=\"fusion-rollover-title\">\n\t\t\t\t\t<a class=\"fusion-rollover-title-link\" href=\"http:\/\/lazari.com.br\/site\/portfolio-items\/2012-isabel-candido-bel-do-conselho-limeira-sp\/\">\n\t\t\t\t\t\t2012 &#8211; Isabel Candido &#8220;Bel do Conselho&#8221; &#8211; Limeira\/SP\t\t\t\t\t<\/a>\n\t\t\t\t<\/h4>\n\t\t\t\n\t\t\t\t\t\t\t\t\t\t\t\t\t\t\t\n\t\t\n\t\t\t\t\t\t<a class=\"fusion-link-wrapper\" href=\"http:\/\/lazari.com.br\/site\/portfolio-items\/2012-isabel-candido-bel-do-conselho-limeira-sp\/\" aria-label=\"2012 &#8211; Isabel Candido &#8220;Bel do Conselho&#8221; &#8211; Limeira\/SP\"><\/a>\n\t<\/div>\n<\/div>\n\n\t\n<\/div>\n<\/div><\/article><article id=\"portfolio-1-post-13550\" class=\"fusion-portfolio-post 2011 institucional-partidario fusion-col-spacing post-13550\"><div class=\"fusion-portfolio-content-wrapper\" style=\"border:none;\"><span class=\"entry-title rich-snippet-hidden\">2011 &#8211; PR (Partido da Rep\u00fablica)<\/span><span class=\"vcard rich-snippet-hidden\"><span class=\"fn\"><a href=\"http:\/\/lazari.com.br\/site\/author\/daniel\/\" title=\"Posts de Daniel\" rel=\"author\">Daniel<\/a><\/span><\/span><span class=\"updated rich-snippet-hidden\">2021-06-10T12:42:23-03:00<\/span>\n\n<div  class=\"fusion-image-wrapper\" aria-haspopup=\"true\">\n\t\n\t\n\t\n\t\t\n\t\t\t\t\t<img decoding=\"async\" width=\"640\" height=\"480\" src=\"http:\/\/lazari.com.br\/site\/wp-content\/uploads\/2021\/06\/2011-PR-Limeira-01-Destaque.jpg\" class=\"attachment-full size-full wp-post-image\" alt=\"\" srcset=\"http:\/\/lazari.com.br\/site\/wp-content\/uploads\/2021\/06\/2011-PR-Limeira-01-Destaque-200x150.jpg 200w, http:\/\/lazari.com.br\/site\/wp-content\/uploads\/2021\/06\/2011-PR-Limeira-01-Destaque-400x300.jpg 400w, http:\/\/lazari.com.br\/site\/wp-content\/uploads\/2021\/06\/2011-PR-Limeira-01-Destaque-600x450.jpg 600w, http:\/\/lazari.com.br\/site\/wp-content\/uploads\/2021\/06\/2011-PR-Limeira-01-Destaque.jpg 640w\" sizes=\"(min-width: 2200px) 100vw, (min-width: 1124px) 390px, (min-width: 1032px) 585px, (min-width: 940px) 1032px, \" \/>\n\t\n\n\t\t<div class=\"fusion-rollover\">\n\t<div class=\"fusion-rollover-content\">\n\n\t\t\t\t\t\t\t\t\t\t\t\t\t\t<a class=\"fusion-rollover-link\" href=\"http:\/\/lazari.com.br\/site\/portfolio-items\/2011-pr-partido-da-republica\/\">2011 &#8211; PR (Partido da Rep\u00fablica)<\/a>\n\t\t\t\n\t\t\t\t\t\t\t\t\t\t\t\t\t\t\n\t\t\t\t\t\t\t\t\n\t\t\t\t\t\t\t\t\t\t\t\t\t<div class=\"fusion-rollover-sep\"><\/div>\n\t\t\t\t\n\t\t\t\t\t\t\t\t\t\t\t\t\t\t\t\t\t\t<a class=\"fusion-rollover-gallery\" href=\"http:\/\/lazari.com.br\/site\/wp-content\/uploads\/2021\/06\/2011-PR-Limeira-01-Destaque.jpg\" data-id=\"13550\" data-rel=\"iLightbox[gallery-rw-1]\" data-title=\"2011-PR-Limeira-01-Destaque\" data-caption=\"\">\n\t\t\t\t\t\tGaleria\t\t\t\t\t<\/a>\n\t\t\t\t\t\t\t\t\t\t\t\t\t\t\n\t\t\n\t\t\t\t\t\t\t\t\t\t\t\t<h4 class=\"fusion-rollover-title\">\n\t\t\t\t\t<a class=\"fusion-rollover-title-link\" href=\"http:\/\/lazari.com.br\/site\/portfolio-items\/2011-pr-partido-da-republica\/\">\n\t\t\t\t\t\t2011 &#8211; PR (Partido da Rep\u00fablica)\t\t\t\t\t<\/a>\n\t\t\t\t<\/h4>\n\t\t\t\n\t\t\t\t\t\t\t\t\t\t<div class=\"fusion-rollover-categories\"><a href=\"http:\/\/lazari.com.br\/site\/portfolio_category\/2011\/\" rel=\"tag\">2011<\/a>, <a href=\"http:\/\/lazari.com.br\/site\/portfolio_category\/institucional-partidario\/\" rel=\"tag\">Institucional Partid\u00e1rio<\/a><\/div>\t\t\t\t\t\n\t\t\n\t\t\t\t\t\t<a class=\"fusion-link-wrapper\" href=\"http:\/\/lazari.com.br\/site\/portfolio-items\/2011-pr-partido-da-republica\/\" aria-label=\"2011 &#8211; PR (Partido da Rep\u00fablica)\"><\/a>\n\t<\/div>\n<\/div>\n\n\t\n<\/div>\n<\/div><\/article><article id=\"portfolio-1-post-13541\" class=\"fusion-portfolio-post 2010 presidente fusion-col-spacing post-13541\"><div class=\"fusion-portfolio-content-wrapper\" style=\"border:none;\"><span class=\"entry-title rich-snippet-hidden\">2010 &#8211; Dilma (PT) Presidente &#8211; Brasil<\/span><span class=\"vcard rich-snippet-hidden\"><span class=\"fn\"><a href=\"http:\/\/lazari.com.br\/site\/author\/daniel\/\" title=\"Posts de Daniel\" rel=\"author\">Daniel<\/a><\/span><\/span><span class=\"updated rich-snippet-hidden\">2022-04-29T00:38:06-03:00<\/span>\n\n<div  class=\"fusion-image-wrapper\" aria-haspopup=\"true\">\n\t\n\t\n\t\n\t\t\n\t\t\t\t\t<img decoding=\"async\" width=\"640\" height=\"480\" src=\"http:\/\/lazari.com.br\/site\/wp-content\/uploads\/2021\/06\/2010-Dilma-01-Destaque.jpg\" class=\"attachment-full size-full wp-post-image\" alt=\"\" srcset=\"http:\/\/lazari.com.br\/site\/wp-content\/uploads\/2021\/06\/2010-Dilma-01-Destaque-200x150.jpg 200w, http:\/\/lazari.com.br\/site\/wp-content\/uploads\/2021\/06\/2010-Dilma-01-Destaque-400x300.jpg 400w, http:\/\/lazari.com.br\/site\/wp-content\/uploads\/2021\/06\/2010-Dilma-01-Destaque-600x450.jpg 600w, http:\/\/lazari.com.br\/site\/wp-content\/uploads\/2021\/06\/2010-Dilma-01-Destaque.jpg 640w\" sizes=\"(min-width: 2200px) 100vw, (min-width: 1124px) 390px, (min-width: 1032px) 585px, (min-width: 940px) 1032px, \" \/>\n\t\n\n\t\t<div class=\"fusion-rollover\">\n\t<div class=\"fusion-rollover-content\">\n\n\t\t\t\t\t\t\t\t\t\t\t\t\t\t<a class=\"fusion-rollover-link\" href=\"http:\/\/lazari.com.br\/site\/portfolio-items\/2010-dilma-pt-presidente-brasil\/\">2010 &#8211; Dilma (PT) Presidente &#8211; Brasil<\/a>\n\t\t\t\n\t\t\t\t\t\t\t\t\t\t\t\t\t\t\n\t\t\t\t\t\t\t\t\n\t\t\t\t\t\t\t\t\t\t\t\t\t<div class=\"fusion-rollover-sep\"><\/div>\n\t\t\t\t\n\t\t\t\t\t\t\t\t\t\t\t\t\t\t\t\t\t\t<a class=\"fusion-rollover-gallery\" href=\"http:\/\/lazari.com.br\/site\/wp-content\/uploads\/2021\/06\/2010-Dilma-01-Destaque.jpg\" data-id=\"13541\" data-rel=\"iLightbox[gallery-rw-1]\" data-title=\"2010-Dilma-01-Destaque\" data-caption=\"\">\n\t\t\t\t\t\tGaleria\t\t\t\t\t<\/a>\n\t\t\t\t\t\t\t\t\t\t\t\t\t\t\n\t\t\n\t\t\t\t\t\t\t\t\t\t\t\t<h4 class=\"fusion-rollover-title\">\n\t\t\t\t\t<a class=\"fusion-rollover-title-link\" href=\"http:\/\/lazari.com.br\/site\/portfolio-items\/2010-dilma-pt-presidente-brasil\/\">\n\t\t\t\t\t\t2010 &#8211; Dilma (PT) Presidente &#8211; Brasil\t\t\t\t\t<\/a>\n\t\t\t\t<\/h4>\n\t\t\t\n\t\t\t\t\t\t\t\t\t\t<div class=\"fusion-rollover-categories\"><a href=\"http:\/\/lazari.com.br\/site\/portfolio_category\/2010\/\" rel=\"tag\">2010<\/a>, <a href=\"http:\/\/lazari.com.br\/site\/portfolio_category\/presidente\/\" rel=\"tag\">Presidente<\/a><\/div>\t\t\t\t\t\n\t\t\n\t\t\t\t\t\t<a class=\"fusion-link-wrapper\" href=\"http:\/\/lazari.com.br\/site\/portfolio-items\/2010-dilma-pt-presidente-brasil\/\" aria-label=\"2010 &#8211; Dilma (PT) Presidente &#8211; Brasil\"><\/a>\n\t<\/div>\n<\/div>\n\n\t\n<\/div>\n<\/div><\/article><article id=\"portfolio-1-post-13535\" class=\"fusion-portfolio-post 2010 governador fusion-col-spacing post-13535\"><div class=\"fusion-portfolio-content-wrapper\" style=\"border:none;\"><span class=\"entry-title rich-snippet-hidden\">2010 &#8211; Mercadante (PT) Governador &#8211; SP<\/span><span class=\"vcard rich-snippet-hidden\"><span class=\"fn\"><a href=\"http:\/\/lazari.com.br\/site\/author\/daniel\/\" title=\"Posts de Daniel\" rel=\"author\">Daniel<\/a><\/span><\/span><span class=\"updated rich-snippet-hidden\">2022-04-29T00:37:33-03:00<\/span>\n\n<div  class=\"fusion-image-wrapper\" aria-haspopup=\"true\">\n\t\n\t\n\t\n\t\t\n\t\t\t\t\t<img decoding=\"async\" width=\"640\" height=\"480\" src=\"http:\/\/lazari.com.br\/site\/wp-content\/uploads\/2021\/06\/2010-Mercadante-01-Destaque.jpg\" class=\"attachment-full size-full wp-post-image\" alt=\"\" srcset=\"http:\/\/lazari.com.br\/site\/wp-content\/uploads\/2021\/06\/2010-Mercadante-01-Destaque-200x150.jpg 200w, http:\/\/lazari.com.br\/site\/wp-content\/uploads\/2021\/06\/2010-Mercadante-01-Destaque-400x300.jpg 400w, http:\/\/lazari.com.br\/site\/wp-content\/uploads\/2021\/06\/2010-Mercadante-01-Destaque-600x450.jpg 600w, http:\/\/lazari.com.br\/site\/wp-content\/uploads\/2021\/06\/2010-Mercadante-01-Destaque.jpg 640w\" sizes=\"(min-width: 2200px) 100vw, (min-width: 1124px) 390px, (min-width: 1032px) 585px, (min-width: 940px) 1032px, \" \/>\n\t\n\n\t\t<div class=\"fusion-rollover\">\n\t<div class=\"fusion-rollover-content\">\n\n\t\t\t\t\t\t\t\t\t\t\t\t\t\t<a class=\"fusion-rollover-link\" href=\"http:\/\/lazari.com.br\/site\/portfolio-items\/2010-mercadante-pt-governador-sp\/\">2010 &#8211; Mercadante (PT) Governador &#8211; SP<\/a>\n\t\t\t\n\t\t\t\t\t\t\t\t\t\t\t\t\t\t\n\t\t\t\t\t\t\t\t\n\t\t\t\t\t\t\t\t\t\t\t\t\t<div class=\"fusion-rollover-sep\"><\/div>\n\t\t\t\t\n\t\t\t\t\t\t\t\t\t\t\t\t\t\t\t\t\t\t<a class=\"fusion-rollover-gallery\" href=\"http:\/\/lazari.com.br\/site\/wp-content\/uploads\/2021\/06\/2010-Mercadante-01-Destaque.jpg\" data-id=\"13535\" data-rel=\"iLightbox[gallery-rw-1]\" data-title=\"2010-Mercadante-01-Destaque\" data-caption=\"\">\n\t\t\t\t\t\tGaleria\t\t\t\t\t<\/a>\n\t\t\t\t\t\t\t\t\t\t\t\t\t\t\n\t\t\n\t\t\t\t\t\t\t\t\t\t\t\t<h4 class=\"fusion-rollover-title\">\n\t\t\t\t\t<a class=\"fusion-rollover-title-link\" href=\"http:\/\/lazari.com.br\/site\/portfolio-items\/2010-mercadante-pt-governador-sp\/\">\n\t\t\t\t\t\t2010 &#8211; Mercadante (PT) Governador &#8211; SP\t\t\t\t\t<\/a>\n\t\t\t\t<\/h4>\n\t\t\t\n\t\t\t\t\t\t\t\t\t\t<div class=\"fusion-rollover-categories\"><a href=\"http:\/\/lazari.com.br\/site\/portfolio_category\/2010\/\" rel=\"tag\">2010<\/a>, <a href=\"http:\/\/lazari.com.br\/site\/portfolio_category\/governador\/\" rel=\"tag\">Governador<\/a><\/div>\t\t\t\t\t\n\t\t\n\t\t\t\t\t\t<a class=\"fusion-link-wrapper\" href=\"http:\/\/lazari.com.br\/site\/portfolio-items\/2010-mercadante-pt-governador-sp\/\" aria-label=\"2010 &#8211; Mercadante (PT) Governador &#8211; SP\"><\/a>\n\t<\/div>\n<\/div>\n\n\t\n<\/div>\n<\/div><\/article><article id=\"portfolio-1-post-13529\" class=\"fusion-portfolio-post 2010 senador fusion-col-spacing post-13529\"><div class=\"fusion-portfolio-content-wrapper\" style=\"border:none;\"><span class=\"entry-title rich-snippet-hidden\">2010 &#8211; Marta (PT) Senadora &#8211; SP<\/span><span class=\"vcard rich-snippet-hidden\"><span class=\"fn\"><a href=\"http:\/\/lazari.com.br\/site\/author\/daniel\/\" title=\"Posts de Daniel\" rel=\"author\">Daniel<\/a><\/span><\/span><span class=\"updated rich-snippet-hidden\">2022-04-29T00:37:22-03:00<\/span>\n\n<div  class=\"fusion-image-wrapper\" aria-haspopup=\"true\">\n\t\n\t\n\t\n\t\t\n\t\t\t\t\t<img decoding=\"async\" width=\"640\" height=\"480\" src=\"http:\/\/lazari.com.br\/site\/wp-content\/uploads\/2021\/06\/2010-Marta-01-Destaque.jpg\" class=\"attachment-full size-full wp-post-image\" alt=\"\" srcset=\"http:\/\/lazari.com.br\/site\/wp-content\/uploads\/2021\/06\/2010-Marta-01-Destaque-200x150.jpg 200w, http:\/\/lazari.com.br\/site\/wp-content\/uploads\/2021\/06\/2010-Marta-01-Destaque-400x300.jpg 400w, http:\/\/lazari.com.br\/site\/wp-content\/uploads\/2021\/06\/2010-Marta-01-Destaque-600x450.jpg 600w, http:\/\/lazari.com.br\/site\/wp-content\/uploads\/2021\/06\/2010-Marta-01-Destaque.jpg 640w\" sizes=\"(min-width: 2200px) 100vw, (min-width: 1124px) 390px, (min-width: 1032px) 585px, (min-width: 940px) 1032px, \" \/>\n\t\n\n\t\t<div class=\"fusion-rollover\">\n\t<div class=\"fusion-rollover-content\">\n\n\t\t\t\t\t\t\t\t\t\t\t\t\t\t<a class=\"fusion-rollover-link\" href=\"http:\/\/lazari.com.br\/site\/portfolio-items\/2010-marta-pt-senadora-sp\/\">2010 &#8211; Marta (PT) Senadora &#8211; SP<\/a>\n\t\t\t\n\t\t\t\t\t\t\t\t\t\t\t\t\t\t\n\t\t\t\t\t\t\t\t\n\t\t\t\t\t\t\t\t\t\t\t\t\t<div class=\"fusion-rollover-sep\"><\/div>\n\t\t\t\t\n\t\t\t\t\t\t\t\t\t\t\t\t\t\t\t\t\t\t<a class=\"fusion-rollover-gallery\" href=\"http:\/\/lazari.com.br\/site\/wp-content\/uploads\/2021\/06\/2010-Marta-01-Destaque.jpg\" data-id=\"13529\" data-rel=\"iLightbox[gallery-rw-1]\" data-title=\"2010-Marta-01-Destaque\" data-caption=\"\">\n\t\t\t\t\t\tGaleria\t\t\t\t\t<\/a>\n\t\t\t\t\t\t\t\t\t\t\t\t\t\t\n\t\t\n\t\t\t\t\t\t\t\t\t\t\t\t<h4 class=\"fusion-rollover-title\">\n\t\t\t\t\t<a class=\"fusion-rollover-title-link\" href=\"http:\/\/lazari.com.br\/site\/portfolio-items\/2010-marta-pt-senadora-sp\/\">\n\t\t\t\t\t\t2010 &#8211; Marta (PT) Senadora &#8211; SP\t\t\t\t\t<\/a>\n\t\t\t\t<\/h4>\n\t\t\t\n\t\t\t\t\t\t\t\t\t\t<div class=\"fusion-rollover-categories\"><a href=\"http:\/\/lazari.com.br\/site\/portfolio_category\/2010\/\" rel=\"tag\">2010<\/a>, <a href=\"http:\/\/lazari.com.br\/site\/portfolio_category\/senador\/\" rel=\"tag\">Senador<\/a><\/div>\t\t\t\t\t\n\t\t\n\t\t\t\t\t\t<a class=\"fusion-link-wrapper\" href=\"http:\/\/lazari.com.br\/site\/portfolio-items\/2010-marta-pt-senadora-sp\/\" aria-label=\"2010 &#8211; Marta (PT) Senadora &#8211; SP\"><\/a>\n\t<\/div>\n<\/div>\n\n\t\n<\/div>\n<\/div><\/article><article id=\"portfolio-1-post-13521\" class=\"fusion-portfolio-post 2010 deputado-estadual fusion-col-spacing post-13521\"><div class=\"fusion-portfolio-content-wrapper\" style=\"border:none;\"><span class=\"entry-title rich-snippet-hidden\">2010 &#8211; Adinan Ortolan (PT) Deputado Estadual &#8211; SP<\/span><span class=\"vcard rich-snippet-hidden\"><span class=\"fn\"><a href=\"http:\/\/lazari.com.br\/site\/author\/daniel\/\" title=\"Posts de Daniel\" rel=\"author\">Daniel<\/a><\/span><\/span><span class=\"updated rich-snippet-hidden\">2022-04-29T00:37:09-03:00<\/span>\n\n<div  class=\"fusion-image-wrapper\" aria-haspopup=\"true\">\n\t\n\t\n\t\n\t\t\n\t\t\t\t\t<img decoding=\"async\" width=\"640\" height=\"480\" src=\"http:\/\/lazari.com.br\/site\/wp-content\/uploads\/2021\/06\/2010-Adinan-Ortolan-01-Destaque.jpg\" class=\"attachment-full size-full wp-post-image\" alt=\"\" srcset=\"http:\/\/lazari.com.br\/site\/wp-content\/uploads\/2021\/06\/2010-Adinan-Ortolan-01-Destaque-200x150.jpg 200w, http:\/\/lazari.com.br\/site\/wp-content\/uploads\/2021\/06\/2010-Adinan-Ortolan-01-Destaque-400x300.jpg 400w, http:\/\/lazari.com.br\/site\/wp-content\/uploads\/2021\/06\/2010-Adinan-Ortolan-01-Destaque-600x450.jpg 600w, http:\/\/lazari.com.br\/site\/wp-content\/uploads\/2021\/06\/2010-Adinan-Ortolan-01-Destaque.jpg 640w\" sizes=\"(min-width: 2200px) 100vw, (min-width: 1124px) 390px, (min-width: 1032px) 585px, (min-width: 940px) 1032px, \" \/>\n\t\n\n\t\t<div class=\"fusion-rollover\">\n\t<div class=\"fusion-rollover-content\">\n\n\t\t\t\t\t\t\t\t\t\t\t\t\t\t<a class=\"fusion-rollover-link\" href=\"http:\/\/lazari.com.br\/site\/portfolio-items\/2010-adinan-ortolan-pt-deputado-estadual-sp\/\">2010 &#8211; Adinan Ortolan (PT) Deputado Estadual &#8211; SP<\/a>\n\t\t\t\n\t\t\t\t\t\t\t\t\t\t\t\t\t\t\n\t\t\t\t\t\t\t\t\n\t\t\t\t\t\t\t\t\t\t\t\t\t<div class=\"fusion-rollover-sep\"><\/div>\n\t\t\t\t\n\t\t\t\t\t\t\t\t\t\t\t\t\t\t\t\t\t\t<a class=\"fusion-rollover-gallery\" href=\"http:\/\/lazari.com.br\/site\/wp-content\/uploads\/2021\/06\/2010-Adinan-Ortolan-01-Destaque.jpg\" data-id=\"13521\" data-rel=\"iLightbox[gallery-rw-1]\" data-title=\"2010-Adinan-Ortolan-01-Destaque\" data-caption=\"\">\n\t\t\t\t\t\tGaleria\t\t\t\t\t<\/a>\n\t\t\t\t\t\t\t\t\t\t\t\t\t\t\n\t\t\n\t\t\t\t\t\t\t\t\t\t\t\t<h4 class=\"fusion-rollover-title\">\n\t\t\t\t\t<a class=\"fusion-rollover-title-link\" href=\"http:\/\/lazari.com.br\/site\/portfolio-items\/2010-adinan-ortolan-pt-deputado-estadual-sp\/\">\n\t\t\t\t\t\t2010 &#8211; Adinan Ortolan (PT) Deputado Estadual &#8211; SP\t\t\t\t\t<\/a>\n\t\t\t\t<\/h4>\n\t\t\t\n\t\t\t\t\t\t\t\t\t\t<div class=\"fusion-rollover-categories\"><a href=\"http:\/\/lazari.com.br\/site\/portfolio_category\/2010\/\" rel=\"tag\">2010<\/a>, <a href=\"http:\/\/lazari.com.br\/site\/portfolio_category\/deputado-estadual\/\" rel=\"tag\">Deputado Estadual<\/a><\/div>\t\t\t\t\t\n\t\t\n\t\t\t\t\t\t<a class=\"fusion-link-wrapper\" href=\"http:\/\/lazari.com.br\/site\/portfolio-items\/2010-adinan-ortolan-pt-deputado-estadual-sp\/\" aria-label=\"2010 &#8211; Adinan Ortolan (PT) Deputado Estadual &#8211; SP\"><\/a>\n\t<\/div>\n<\/div>\n\n\t\n<\/div>\n<\/div><\/article><article id=\"portfolio-1-post-13507\" class=\"fusion-portfolio-post 2010 deputado-federal fusion-col-spacing post-13507\"><div class=\"fusion-portfolio-content-wrapper\" style=\"border:none;\"><span class=\"entry-title rich-snippet-hidden\">2010 &#8211; Osmar Lopes (PT) Deputado Federal &#8211; SP<\/span><span class=\"vcard rich-snippet-hidden\"><span class=\"fn\"><a href=\"http:\/\/lazari.com.br\/site\/author\/daniel\/\" title=\"Posts de Daniel\" rel=\"author\">Daniel<\/a><\/span><\/span><span class=\"updated rich-snippet-hidden\">2022-04-29T00:36:56-03:00<\/span>\n\n<div  class=\"fusion-image-wrapper\" aria-haspopup=\"true\">\n\t\n\t\n\t\n\t\t\n\t\t\t\t\t<img decoding=\"async\" width=\"640\" height=\"480\" src=\"http:\/\/lazari.com.br\/site\/wp-content\/uploads\/2021\/06\/2010-Osmar-Lopes-01-Destaque.jpg\" class=\"attachment-full size-full wp-post-image\" alt=\"\" srcset=\"http:\/\/lazari.com.br\/site\/wp-content\/uploads\/2021\/06\/2010-Osmar-Lopes-01-Destaque-200x150.jpg 200w, http:\/\/lazari.com.br\/site\/wp-content\/uploads\/2021\/06\/2010-Osmar-Lopes-01-Destaque-400x300.jpg 400w, http:\/\/lazari.com.br\/site\/wp-content\/uploads\/2021\/06\/2010-Osmar-Lopes-01-Destaque-600x450.jpg 600w, http:\/\/lazari.com.br\/site\/wp-content\/uploads\/2021\/06\/2010-Osmar-Lopes-01-Destaque.jpg 640w\" sizes=\"(min-width: 2200px) 100vw, (min-width: 1124px) 390px, (min-width: 1032px) 585px, (min-width: 940px) 1032px, \" \/>\n\t\n\n\t\t<div class=\"fusion-rollover\">\n\t<div class=\"fusion-rollover-content\">\n\n\t\t\t\t\t\t\t\t\t\t\t\t\t\t<a class=\"fusion-rollover-link\" href=\"http:\/\/lazari.com.br\/site\/portfolio-items\/2010-osmar-lopes-pt-deputado-federal-sp\/\">2010 &#8211; Osmar Lopes (PT) Deputado Federal &#8211; SP<\/a>\n\t\t\t\n\t\t\t\t\t\t\t\t\t\t\t\t\t\t\n\t\t\t\t\t\t\t\t\n\t\t\t\t\t\t\t\t\t\t\t\t\t<div class=\"fusion-rollover-sep\"><\/div>\n\t\t\t\t\n\t\t\t\t\t\t\t\t\t\t\t\t\t\t\t\t\t\t<a class=\"fusion-rollover-gallery\" href=\"http:\/\/lazari.com.br\/site\/wp-content\/uploads\/2021\/06\/2010-Osmar-Lopes-01-Destaque.jpg\" data-id=\"13507\" data-rel=\"iLightbox[gallery-rw-1]\" data-title=\"2010-Osmar-Lopes-01-Destaque\" data-caption=\"\">\n\t\t\t\t\t\tGaleria\t\t\t\t\t<\/a>\n\t\t\t\t\t\t\t\t\t\t\t\t\t\t\n\t\t\n\t\t\t\t\t\t\t\t\t\t\t\t<h4 class=\"fusion-rollover-title\">\n\t\t\t\t\t<a class=\"fusion-rollover-title-link\" href=\"http:\/\/lazari.com.br\/site\/portfolio-items\/2010-osmar-lopes-pt-deputado-federal-sp\/\">\n\t\t\t\t\t\t2010 &#8211; Osmar Lopes (PT) Deputado Federal &#8211; SP\t\t\t\t\t<\/a>\n\t\t\t\t<\/h4>\n\t\t\t\n\t\t\t\t\t\t\t\t\t\t<div class=\"fusion-rollover-categories\"><a href=\"http:\/\/lazari.com.br\/site\/portfolio_category\/2010\/\" rel=\"tag\">2010<\/a>, <a href=\"http:\/\/lazari.com.br\/site\/portfolio_category\/deputado-federal\/\" rel=\"tag\">Deputado Federal<\/a><\/div>\t\t\t\t\t\n\t\t\n\t\t\t\t\t\t<a class=\"fusion-link-wrapper\" href=\"http:\/\/lazari.com.br\/site\/portfolio-items\/2010-osmar-lopes-pt-deputado-federal-sp\/\" aria-label=\"2010 &#8211; Osmar Lopes (PT) Deputado Federal &#8211; SP\"><\/a>\n\t<\/div>\n<\/div>\n\n\t\n<\/div>\n<\/div><\/article><article id=\"portfolio-1-post-13491\" class=\"fusion-portfolio-post 2010 mandato vereador fusion-col-spacing post-13491\"><div class=\"fusion-portfolio-content-wrapper\" style=\"border:none;\"><span class=\"entry-title rich-snippet-hidden\">2010 &#8211; Eliseu Daniel (PDT) Mandato Vereador &#8211; Limeira\/SP<\/span><span class=\"vcard rich-snippet-hidden\"><span class=\"fn\"><a href=\"http:\/\/lazari.com.br\/site\/author\/daniel\/\" title=\"Posts de Daniel\" rel=\"author\">Daniel<\/a><\/span><\/span><span class=\"updated rich-snippet-hidden\">2022-04-29T00:36:43-03:00<\/span>\n\n<div  class=\"fusion-image-wrapper\" aria-haspopup=\"true\">\n\t\n\t\n\t\n\t\t\n\t\t\t\t\t<img decoding=\"async\" width=\"640\" height=\"480\" src=\"http:\/\/lazari.com.br\/site\/wp-content\/uploads\/2021\/06\/2010-Eliseu-Daniel-01-Destaque.jpg\" class=\"attachment-full size-full wp-post-image\" alt=\"\" srcset=\"http:\/\/lazari.com.br\/site\/wp-content\/uploads\/2021\/06\/2010-Eliseu-Daniel-01-Destaque-200x150.jpg 200w, http:\/\/lazari.com.br\/site\/wp-content\/uploads\/2021\/06\/2010-Eliseu-Daniel-01-Destaque-400x300.jpg 400w, http:\/\/lazari.com.br\/site\/wp-content\/uploads\/2021\/06\/2010-Eliseu-Daniel-01-Destaque-600x450.jpg 600w, http:\/\/lazari.com.br\/site\/wp-content\/uploads\/2021\/06\/2010-Eliseu-Daniel-01-Destaque.jpg 640w\" sizes=\"(min-width: 2200px) 100vw, (min-width: 1124px) 390px, (min-width: 1032px) 585px, (min-width: 940px) 1032px, \" \/>\n\t\n\n\t\t<div class=\"fusion-rollover\">\n\t<div class=\"fusion-rollover-content\">\n\n\t\t\t\t\t\t\t\t\t\t\t\t\t\t<a class=\"fusion-rollover-link\" href=\"http:\/\/lazari.com.br\/site\/portfolio-items\/2010-eliseu-daniel-pdt-mandato-vereador-limeira-sp\/\">2010 &#8211; Eliseu Daniel (PDT) Mandato Vereador &#8211; Limeira\/SP<\/a>\n\t\t\t\n\t\t\t\t\t\t\t\t\t\t\t\t\t\t\n\t\t\t\t\t\t\t\t\n\t\t\t\t\t\t\t\t\t\t\t\t\t<div class=\"fusion-rollover-sep\"><\/div>\n\t\t\t\t\n\t\t\t\t\t\t\t\t\t\t\t\t\t\t\t\t\t\t<a class=\"fusion-rollover-gallery\" href=\"http:\/\/lazari.com.br\/site\/wp-content\/uploads\/2021\/06\/2010-Eliseu-Daniel-01-Destaque.jpg\" data-id=\"13491\" data-rel=\"iLightbox[gallery-rw-1]\" data-title=\"2010-Eliseu-Daniel-01-Destaque\" data-caption=\"\">\n\t\t\t\t\t\tGaleria\t\t\t\t\t<\/a>\n\t\t\t\t\t\t\t\t\t\t\t\t\t\t\n\t\t\n\t\t\t\t\t\t\t\t\t\t\t\t<h4 class=\"fusion-rollover-title\">\n\t\t\t\t\t<a class=\"fusion-rollover-title-link\" href=\"http:\/\/lazari.com.br\/site\/portfolio-items\/2010-eliseu-daniel-pdt-mandato-vereador-limeira-sp\/\">\n\t\t\t\t\t\t2010 &#8211; Eliseu Daniel (PDT) Mandato Vereador &#8211; Limeira\/SP\t\t\t\t\t<\/a>\n\t\t\t\t<\/h4>\n\t\t\t\n\t\t\t\t\t\t\t\t\t\t<div class=\"fusion-rollover-categories\"><a href=\"http:\/\/lazari.com.br\/site\/portfolio_category\/2010\/\" rel=\"tag\">2010<\/a>, <a href=\"http:\/\/lazari.com.br\/site\/portfolio_category\/mandato\/\" rel=\"tag\">Mandato<\/a>, <a href=\"http:\/\/lazari.com.br\/site\/portfolio_category\/vereador\/\" rel=\"tag\">Vereador<\/a><\/div>\t\t\t\t\t\n\t\t\n\t\t\t\t\t\t<a class=\"fusion-link-wrapper\" href=\"http:\/\/lazari.com.br\/site\/portfolio-items\/2010-eliseu-daniel-pdt-mandato-vereador-limeira-sp\/\" aria-label=\"2010 &#8211; Eliseu Daniel (PDT) Mandato Vereador &#8211; Limeira\/SP\"><\/a>\n\t<\/div>\n<\/div>\n\n\t\n<\/div>\n<\/div><\/article><article id=\"portfolio-1-post-13466\" class=\"fusion-portfolio-post 2010 deputado-estadual fusion-col-spacing post-13466\"><div class=\"fusion-portfolio-content-wrapper\" style=\"border:none;\"><span class=\"entry-title rich-snippet-hidden\">2010 &#8211; Paulo Hadich (PSB) Deputado Estadual &#8211; SP<\/span><span class=\"vcard rich-snippet-hidden\"><span class=\"fn\"><a href=\"http:\/\/lazari.com.br\/site\/author\/daniel\/\" title=\"Posts de Daniel\" rel=\"author\">Daniel<\/a><\/span><\/span><span class=\"updated rich-snippet-hidden\">2022-04-29T00:35:55-03:00<\/span>\n\n<div  class=\"fusion-image-wrapper\" aria-haspopup=\"true\">\n\t\n\t\n\t\n\t\t\n\t\t\t\t\t<img decoding=\"async\" width=\"640\" height=\"480\" src=\"http:\/\/lazari.com.br\/site\/wp-content\/uploads\/2021\/06\/2010-Paulo-Hadich-01-Destaque.jpg\" class=\"attachment-full size-full wp-post-image\" alt=\"\" srcset=\"http:\/\/lazari.com.br\/site\/wp-content\/uploads\/2021\/06\/2010-Paulo-Hadich-01-Destaque-200x150.jpg 200w, http:\/\/lazari.com.br\/site\/wp-content\/uploads\/2021\/06\/2010-Paulo-Hadich-01-Destaque-400x300.jpg 400w, http:\/\/lazari.com.br\/site\/wp-content\/uploads\/2021\/06\/2010-Paulo-Hadich-01-Destaque-600x450.jpg 600w, http:\/\/lazari.com.br\/site\/wp-content\/uploads\/2021\/06\/2010-Paulo-Hadich-01-Destaque.jpg 640w\" sizes=\"(min-width: 2200px) 100vw, (min-width: 1124px) 390px, (min-width: 1032px) 585px, (min-width: 940px) 1032px, \" \/>\n\t\n\n\t\t<div class=\"fusion-rollover\">\n\t<div class=\"fusion-rollover-content\">\n\n\t\t\t\t\t\t\t\t\t\t\t\t\t\t<a class=\"fusion-rollover-link\" href=\"http:\/\/lazari.com.br\/site\/portfolio-items\/2008-osmar-lopes-pt-prefeito-limeira-sp-2\/\">2010 &#8211; Paulo Hadich (PSB) Deputado Estadual &#8211; SP<\/a>\n\t\t\t\n\t\t\t\t\t\t\t\t\t\t\t\t\t\t\n\t\t\t\t\t\t\t\t\n\t\t\t\t\t\t\t\t\t\t\t\t\t<div class=\"fusion-rollover-sep\"><\/div>\n\t\t\t\t\n\t\t\t\t\t\t\t\t\t\t\t\t\t\t\t\t\t\t<a class=\"fusion-rollover-gallery\" href=\"http:\/\/lazari.com.br\/site\/wp-content\/uploads\/2021\/06\/2010-Paulo-Hadich-01-Destaque.jpg\" data-id=\"13466\" data-rel=\"iLightbox[gallery-rw-1]\" data-title=\"2010-Paulo-Hadich-01-Destaque\" data-caption=\"\">\n\t\t\t\t\t\tGaleria\t\t\t\t\t<\/a>\n\t\t\t\t\t\t\t\t\t\t\t\t\t\t\n\t\t\n\t\t\t\t\t\t\t\t\t\t\t\t<h4 class=\"fusion-rollover-title\">\n\t\t\t\t\t<a class=\"fusion-rollover-title-link\" href=\"http:\/\/lazari.com.br\/site\/portfolio-items\/2008-osmar-lopes-pt-prefeito-limeira-sp-2\/\">\n\t\t\t\t\t\t2010 &#8211; Paulo Hadich (PSB) Deputado Estadual &#8211; SP\t\t\t\t\t<\/a>\n\t\t\t\t<\/h4>\n\t\t\t\n\t\t\t\t\t\t\t\t\t\t<div class=\"fusion-rollover-categories\"><a href=\"http:\/\/lazari.com.br\/site\/portfolio_category\/2010\/\" rel=\"tag\">2010<\/a>, <a href=\"http:\/\/lazari.com.br\/site\/portfolio_category\/deputado-estadual\/\" rel=\"tag\">Deputado Estadual<\/a><\/div>\t\t\t\t\t\n\t\t\n\t\t\t\t\t\t<a class=\"fusion-link-wrapper\" href=\"http:\/\/lazari.com.br\/site\/portfolio-items\/2008-osmar-lopes-pt-prefeito-limeira-sp-2\/\" aria-label=\"2010 &#8211; Paulo Hadich (PSB) Deputado Estadual &#8211; SP\"><\/a>\n\t<\/div>\n<\/div>\n\n\t\n<\/div>\n<\/div><\/article><article id=\"portfolio-1-post-13461\" class=\"fusion-portfolio-post 2010 deputado-federal fusion-col-spacing post-13461\"><div class=\"fusion-portfolio-content-wrapper\" style=\"border:none;\"><span class=\"entry-title rich-snippet-hidden\">2010 &#8211; Dr. C\u00e9sar Cortez (PV) Deputado Federal &#8211; SP<\/span><span class=\"vcard rich-snippet-hidden\"><span class=\"fn\"><a href=\"http:\/\/lazari.com.br\/site\/author\/daniel\/\" title=\"Posts de Daniel\" rel=\"author\">Daniel<\/a><\/span><\/span><span class=\"updated rich-snippet-hidden\">2022-04-29T00:35:39-03:00<\/span>\n\n<div  class=\"fusion-image-wrapper\" aria-haspopup=\"true\">\n\t\n\t\n\t\n\t\t\n\t\t\t\t\t<img decoding=\"async\" width=\"640\" height=\"480\" src=\"http:\/\/lazari.com.br\/site\/wp-content\/uploads\/2021\/06\/2010-Cesar-Cortez-01-Destaque.jpg\" class=\"attachment-full size-full wp-post-image\" alt=\"\" srcset=\"http:\/\/lazari.com.br\/site\/wp-content\/uploads\/2021\/06\/2010-Cesar-Cortez-01-Destaque-200x150.jpg 200w, http:\/\/lazari.com.br\/site\/wp-content\/uploads\/2021\/06\/2010-Cesar-Cortez-01-Destaque-400x300.jpg 400w, http:\/\/lazari.com.br\/site\/wp-content\/uploads\/2021\/06\/2010-Cesar-Cortez-01-Destaque-600x450.jpg 600w, http:\/\/lazari.com.br\/site\/wp-content\/uploads\/2021\/06\/2010-Cesar-Cortez-01-Destaque.jpg 640w\" sizes=\"(min-width: 2200px) 100vw, (min-width: 1124px) 390px, (min-width: 1032px) 585px, (min-width: 940px) 1032px, \" \/>\n\t\n\n\t\t<div class=\"fusion-rollover\">\n\t<div class=\"fusion-rollover-content\">\n\n\t\t\t\t\t\t\t\t\t\t\t\t\t\t<a class=\"fusion-rollover-link\" href=\"http:\/\/lazari.com.br\/site\/portfolio-items\/2010-dr-cesar-cortez-pv-deputado-federal-sp\/\">2010 &#8211; Dr. C\u00e9sar Cortez (PV) Deputado Federal &#8211; SP<\/a>\n\t\t\t\n\t\t\t\t\t\t\t\t\t\t\t\t\t\t\n\t\t\t\t\t\t\t\t\n\t\t\t\t\t\t\t\t\t\t\t\t\t<div class=\"fusion-rollover-sep\"><\/div>\n\t\t\t\t\n\t\t\t\t\t\t\t\t\t\t\t\t\t\t\t\t\t\t<a class=\"fusion-rollover-gallery\" href=\"http:\/\/lazari.com.br\/site\/wp-content\/uploads\/2021\/06\/2010-Cesar-Cortez-01-Destaque.jpg\" data-id=\"13461\" data-rel=\"iLightbox[gallery-rw-1]\" data-title=\"2010-Cesar-Cortez-01-Destaque\" data-caption=\"\">\n\t\t\t\t\t\tGaleria\t\t\t\t\t<\/a>\n\t\t\t\t\t\t\t\t\t\t\t\t\t\t\n\t\t\n\t\t\t\t\t\t\t\t\t\t\t\t<h4 class=\"fusion-rollover-title\">\n\t\t\t\t\t<a class=\"fusion-rollover-title-link\" href=\"http:\/\/lazari.com.br\/site\/portfolio-items\/2010-dr-cesar-cortez-pv-deputado-federal-sp\/\">\n\t\t\t\t\t\t2010 &#8211; Dr. C\u00e9sar Cortez (PV) Deputado Federal &#8211; SP\t\t\t\t\t<\/a>\n\t\t\t\t<\/h4>\n\t\t\t\n\t\t\t\t\t\t\t\t\t\t<div class=\"fusion-rollover-categories\"><a href=\"http:\/\/lazari.com.br\/site\/portfolio_category\/2010\/\" rel=\"tag\">2010<\/a>, <a href=\"http:\/\/lazari.com.br\/site\/portfolio_category\/deputado-federal\/\" rel=\"tag\">Deputado Federal<\/a><\/div>\t\t\t\t\t\n\t\t\n\t\t\t\t\t\t<a class=\"fusion-link-wrapper\" href=\"http:\/\/lazari.com.br\/site\/portfolio-items\/2010-dr-cesar-cortez-pv-deputado-federal-sp\/\" aria-label=\"2010 &#8211; Dr. C\u00e9sar Cortez (PV) Deputado Federal &#8211; SP\"><\/a>\n\t<\/div>\n<\/div>\n\n\t\n<\/div>\n<\/div><\/article><article id=\"portfolio-1-post-13457\" class=\"fusion-portfolio-post 2010 deputado-estadual fusion-col-spacing post-13457\"><div class=\"fusion-portfolio-content-wrapper\" style=\"border:none;\"><span class=\"entry-title rich-snippet-hidden\">2010 &#8211; Breno Cortella (PT) Deputado Estadual &#8211; SP<\/span><span class=\"vcard rich-snippet-hidden\"><span class=\"fn\"><a href=\"http:\/\/lazari.com.br\/site\/author\/daniel\/\" title=\"Posts de Daniel\" rel=\"author\">Daniel<\/a><\/span><\/span><span class=\"updated rich-snippet-hidden\">2022-04-29T00:35:07-03:00<\/span>\n\n<div  class=\"fusion-image-wrapper\" aria-haspopup=\"true\">\n\t\n\t\n\t\n\t\t\n\t\t\t\t\t<img decoding=\"async\" width=\"640\" height=\"480\" src=\"http:\/\/lazari.com.br\/site\/wp-content\/uploads\/2021\/06\/2010-Breno-Cortella-01-Destaque.jpg\" class=\"attachment-full size-full wp-post-image\" alt=\"\" srcset=\"http:\/\/lazari.com.br\/site\/wp-content\/uploads\/2021\/06\/2010-Breno-Cortella-01-Destaque-200x150.jpg 200w, http:\/\/lazari.com.br\/site\/wp-content\/uploads\/2021\/06\/2010-Breno-Cortella-01-Destaque-400x300.jpg 400w, http:\/\/lazari.com.br\/site\/wp-content\/uploads\/2021\/06\/2010-Breno-Cortella-01-Destaque-600x450.jpg 600w, http:\/\/lazari.com.br\/site\/wp-content\/uploads\/2021\/06\/2010-Breno-Cortella-01-Destaque.jpg 640w\" sizes=\"(min-width: 2200px) 100vw, (min-width: 1124px) 390px, (min-width: 1032px) 585px, (min-width: 940px) 1032px, \" \/>\n\t\n\n\t\t<div class=\"fusion-rollover\">\n\t<div class=\"fusion-rollover-content\">\n\n\t\t\t\t\t\t\t\t\t\t\t\t\t\t<a class=\"fusion-rollover-link\" href=\"http:\/\/lazari.com.br\/site\/portfolio-items\/2010-breno-cortella-pt-deputado-estadual-sp\/\">2010 &#8211; Breno Cortella (PT) Deputado Estadual &#8211; SP<\/a>\n\t\t\t\n\t\t\t\t\t\t\t\t\t\t\t\t\t\t\n\t\t\t\t\t\t\t\t\n\t\t\t\t\t\t\t\t\t\t\t\t\t<div class=\"fusion-rollover-sep\"><\/div>\n\t\t\t\t\n\t\t\t\t\t\t\t\t\t\t\t\t\t\t\t\t\t\t<a class=\"fusion-rollover-gallery\" href=\"http:\/\/lazari.com.br\/site\/wp-content\/uploads\/2021\/06\/2010-Breno-Cortella-01-Destaque.jpg\" data-id=\"13457\" data-rel=\"iLightbox[gallery-rw-1]\" data-title=\"2010-Breno-Cortella-01-Destaque\" data-caption=\"\">\n\t\t\t\t\t\tGaleria\t\t\t\t\t<\/a>\n\t\t\t\t\t\t\t\t\t\t\t\t\t\t\n\t\t\n\t\t\t\t\t\t\t\t\t\t\t\t<h4 class=\"fusion-rollover-title\">\n\t\t\t\t\t<a class=\"fusion-rollover-title-link\" href=\"http:\/\/lazari.com.br\/site\/portfolio-items\/2010-breno-cortella-pt-deputado-estadual-sp\/\">\n\t\t\t\t\t\t2010 &#8211; Breno Cortella (PT) Deputado Estadual &#8211; SP\t\t\t\t\t<\/a>\n\t\t\t\t<\/h4>\n\t\t\t\n\t\t\t\t\t\t\t\t\t\t<div class=\"fusion-rollover-categories\"><a href=\"http:\/\/lazari.com.br\/site\/portfolio_category\/2010\/\" rel=\"tag\">2010<\/a>, <a href=\"http:\/\/lazari.com.br\/site\/portfolio_category\/deputado-estadual\/\" rel=\"tag\">Deputado Estadual<\/a><\/div>\t\t\t\t\t\n\t\t\n\t\t\t\t\t\t<a class=\"fusion-link-wrapper\" href=\"http:\/\/lazari.com.br\/site\/portfolio-items\/2010-breno-cortella-pt-deputado-estadual-sp\/\" aria-label=\"2010 &#8211; Breno Cortella (PT) Deputado Estadual &#8211; SP\"><\/a>\n\t<\/div>\n<\/div>\n\n\t\n<\/div>\n<\/div><\/article><article id=\"portfolio-1-post-13448\" class=\"fusion-portfolio-post 2010 mandato vereador fusion-col-spacing post-13448\"><div class=\"fusion-portfolio-content-wrapper\" style=\"border:none;\"><span class=\"entry-title rich-snippet-hidden\">2010 &#8211; Ronei Martins (PT) Mandato Vereador &#8211; Limeira\/SP<\/span><span class=\"vcard rich-snippet-hidden\"><span class=\"fn\"><a href=\"http:\/\/lazari.com.br\/site\/author\/daniel\/\" title=\"Posts de Daniel\" rel=\"author\">Daniel<\/a><\/span><\/span><span class=\"updated rich-snippet-hidden\">2022-04-29T00:34:55-03:00<\/span>\n\n<div  class=\"fusion-image-wrapper\" aria-haspopup=\"true\">\n\t\n\t\n\t\n\t\t\n\t\t\t\t\t<img decoding=\"async\" width=\"640\" height=\"480\" src=\"http:\/\/lazari.com.br\/site\/wp-content\/uploads\/2021\/06\/2010-Ronei-Martins-01-Destaque.jpg\" class=\"attachment-full size-full wp-post-image\" alt=\"\" srcset=\"http:\/\/lazari.com.br\/site\/wp-content\/uploads\/2021\/06\/2010-Ronei-Martins-01-Destaque-200x150.jpg 200w, http:\/\/lazari.com.br\/site\/wp-content\/uploads\/2021\/06\/2010-Ronei-Martins-01-Destaque-400x300.jpg 400w, http:\/\/lazari.com.br\/site\/wp-content\/uploads\/2021\/06\/2010-Ronei-Martins-01-Destaque-600x450.jpg 600w, http:\/\/lazari.com.br\/site\/wp-content\/uploads\/2021\/06\/2010-Ronei-Martins-01-Destaque.jpg 640w\" sizes=\"(min-width: 2200px) 100vw, (min-width: 1124px) 390px, (min-width: 1032px) 585px, (min-width: 940px) 1032px, \" \/>\n\t\n\n\t\t<div class=\"fusion-rollover\">\n\t<div class=\"fusion-rollover-content\">\n\n\t\t\t\t\t\t\t\t\t\t\t\t\t\t<a class=\"fusion-rollover-link\" href=\"http:\/\/lazari.com.br\/site\/portfolio-items\/2010-ronei-martins-pt-mandato-vereador-limeira-sp\/\">2010 &#8211; Ronei Martins (PT) Mandato Vereador &#8211; Limeira\/SP<\/a>\n\t\t\t\n\t\t\t\t\t\t\t\t\t\t\t\t\t\t\n\t\t\t\t\t\t\t\t\n\t\t\t\t\t\t\t\t\t\t\t\t\t<div class=\"fusion-rollover-sep\"><\/div>\n\t\t\t\t\n\t\t\t\t\t\t\t\t\t\t\t\t\t\t\t\t\t\t<a class=\"fusion-rollover-gallery\" href=\"http:\/\/lazari.com.br\/site\/wp-content\/uploads\/2021\/06\/2010-Ronei-Martins-01-Destaque.jpg\" data-id=\"13448\" data-rel=\"iLightbox[gallery-rw-1]\" data-title=\"2010-Ronei-Martins-01-Destaque\" data-caption=\"\">\n\t\t\t\t\t\tGaleria\t\t\t\t\t<\/a>\n\t\t\t\t\t\t\t\t\t\t\t\t\t\t\n\t\t\n\t\t\t\t\t\t\t\t\t\t\t\t<h4 class=\"fusion-rollover-title\">\n\t\t\t\t\t<a class=\"fusion-rollover-title-link\" href=\"http:\/\/lazari.com.br\/site\/portfolio-items\/2010-ronei-martins-pt-mandato-vereador-limeira-sp\/\">\n\t\t\t\t\t\t2010 &#8211; Ronei Martins (PT) Mandato Vereador &#8211; Limeira\/SP\t\t\t\t\t<\/a>\n\t\t\t\t<\/h4>\n\t\t\t\n\t\t\t\t\t\t\t\t\t\t<div class=\"fusion-rollover-categories\"><a href=\"http:\/\/lazari.com.br\/site\/portfolio_category\/2010\/\" rel=\"tag\">2010<\/a>, <a href=\"http:\/\/lazari.com.br\/site\/portfolio_category\/mandato\/\" rel=\"tag\">Mandato<\/a>, <a href=\"http:\/\/lazari.com.br\/site\/portfolio_category\/vereador\/\" rel=\"tag\">Vereador<\/a><\/div>\t\t\t\t\t\n\t\t\n\t\t\t\t\t\t<a class=\"fusion-link-wrapper\" href=\"http:\/\/lazari.com.br\/site\/portfolio-items\/2010-ronei-martins-pt-mandato-vereador-limeira-sp\/\" aria-label=\"2010 &#8211; Ronei Martins (PT) Mandato Vereador &#8211; Limeira\/SP\"><\/a>\n\t<\/div>\n<\/div>\n\n\t\n<\/div>\n<\/div><\/article><article id=\"portfolio-1-post-13442\" class=\"fusion-portfolio-post 2009 mandato presidente fusion-col-spacing post-13442\"><div class=\"fusion-portfolio-content-wrapper\" style=\"border:none;\"><span class=\"entry-title rich-snippet-hidden\">2009 &#8211; Barack Obama (Democrats) Presidente &#8211; USA<\/span><span class=\"vcard rich-snippet-hidden\"><span class=\"fn\"><a href=\"http:\/\/lazari.com.br\/site\/author\/daniel\/\" title=\"Posts de Daniel\" rel=\"author\">Daniel<\/a><\/span><\/span><span class=\"updated rich-snippet-hidden\">2022-04-29T00:34:36-03:00<\/span>\n\n<div  class=\"fusion-image-wrapper\" aria-haspopup=\"true\">\n\t\n\t\n\t\n\t\t\n\t\t\t\t\t<img decoding=\"async\" width=\"640\" height=\"480\" src=\"http:\/\/lazari.com.br\/site\/wp-content\/uploads\/2021\/06\/2009-Barack-Obama-01-Destaque.jpg\" class=\"attachment-full size-full wp-post-image\" alt=\"\" srcset=\"http:\/\/lazari.com.br\/site\/wp-content\/uploads\/2021\/06\/2009-Barack-Obama-01-Destaque-200x150.jpg 200w, http:\/\/lazari.com.br\/site\/wp-content\/uploads\/2021\/06\/2009-Barack-Obama-01-Destaque-400x300.jpg 400w, http:\/\/lazari.com.br\/site\/wp-content\/uploads\/2021\/06\/2009-Barack-Obama-01-Destaque-600x450.jpg 600w, http:\/\/lazari.com.br\/site\/wp-content\/uploads\/2021\/06\/2009-Barack-Obama-01-Destaque.jpg 640w\" sizes=\"(min-width: 2200px) 100vw, (min-width: 1124px) 390px, (min-width: 1032px) 585px, (min-width: 940px) 1032px, \" \/>\n\t\n\n\t\t<div class=\"fusion-rollover\">\n\t<div class=\"fusion-rollover-content\">\n\n\t\t\t\t\t\t\t\t\t\t\t\t\t\t<a class=\"fusion-rollover-link\" href=\"http:\/\/lazari.com.br\/site\/portfolio-items\/2009-barack-obama-democrats-presidente-usa\/\">2009 &#8211; Barack Obama (Democrats) Presidente &#8211; USA<\/a>\n\t\t\t\n\t\t\t\t\t\t\t\t\t\t\t\t\t\t\n\t\t\t\t\t\t\t\t\n\t\t\t\t\t\t\t\t\t\t\t\t\t<div class=\"fusion-rollover-sep\"><\/div>\n\t\t\t\t\n\t\t\t\t\t\t\t\t\t\t\t\t\t\t\t\t\t\t<a class=\"fusion-rollover-gallery\" href=\"http:\/\/lazari.com.br\/site\/wp-content\/uploads\/2021\/06\/2009-Barack-Obama-01-Destaque.jpg\" data-id=\"13442\" data-rel=\"iLightbox[gallery-rw-1]\" data-title=\"2009-Barack-Obama-01-Destaque\" data-caption=\"\">\n\t\t\t\t\t\tGaleria\t\t\t\t\t<\/a>\n\t\t\t\t\t\t\t\t\t\t\t\t\t\t\n\t\t\n\t\t\t\t\t\t\t\t\t\t\t\t<h4 class=\"fusion-rollover-title\">\n\t\t\t\t\t<a class=\"fusion-rollover-title-link\" href=\"http:\/\/lazari.com.br\/site\/portfolio-items\/2009-barack-obama-democrats-presidente-usa\/\">\n\t\t\t\t\t\t2009 &#8211; Barack Obama (Democrats) Presidente &#8211; USA\t\t\t\t\t<\/a>\n\t\t\t\t<\/h4>\n\t\t\t\n\t\t\t\t\t\t\t\t\t\t<div class=\"fusion-rollover-categories\"><a href=\"http:\/\/lazari.com.br\/site\/portfolio_category\/2009\/\" rel=\"tag\">2009<\/a>, <a href=\"http:\/\/lazari.com.br\/site\/portfolio_category\/mandato\/\" rel=\"tag\">Mandato<\/a>, <a href=\"http:\/\/lazari.com.br\/site\/portfolio_category\/presidente\/\" rel=\"tag\">Presidente<\/a><\/div>\t\t\t\t\t\n\t\t\n\t\t\t\t\t\t<a class=\"fusion-link-wrapper\" href=\"http:\/\/lazari.com.br\/site\/portfolio-items\/2009-barack-obama-democrats-presidente-usa\/\" aria-label=\"2009 &#8211; Barack Obama (Democrats) Presidente &#8211; USA\"><\/a>\n\t<\/div>\n<\/div>\n\n\t\n<\/div>\n<\/div><\/article><article id=\"portfolio-1-post-13437\" class=\"fusion-portfolio-post 2008 prefeito fusion-col-spacing post-13437\"><div class=\"fusion-portfolio-content-wrapper\" style=\"border:none;\"><span class=\"entry-title rich-snippet-hidden\">2008 &#8211; Jo\u00e3o Walter (PSDB) Prefeito &#8211; Rio Claro\/SP<\/span><span class=\"vcard rich-snippet-hidden\"><span class=\"fn\"><a href=\"http:\/\/lazari.com.br\/site\/author\/daniel\/\" title=\"Posts de Daniel\" rel=\"author\">Daniel<\/a><\/span><\/span><span class=\"updated rich-snippet-hidden\">2022-04-29T00:33:55-03:00<\/span>\n\n<div  class=\"fusion-image-wrapper\" aria-haspopup=\"true\">\n\t\n\t\n\t\n\t\t\n\t\t\t\t\t<img decoding=\"async\" width=\"640\" height=\"480\" src=\"http:\/\/lazari.com.br\/site\/wp-content\/uploads\/2021\/06\/2008-Joao-Walter-01-Destaque.jpg\" class=\"attachment-full size-full wp-post-image\" alt=\"\" srcset=\"http:\/\/lazari.com.br\/site\/wp-content\/uploads\/2021\/06\/2008-Joao-Walter-01-Destaque-200x150.jpg 200w, http:\/\/lazari.com.br\/site\/wp-content\/uploads\/2021\/06\/2008-Joao-Walter-01-Destaque-400x300.jpg 400w, http:\/\/lazari.com.br\/site\/wp-content\/uploads\/2021\/06\/2008-Joao-Walter-01-Destaque-600x450.jpg 600w, http:\/\/lazari.com.br\/site\/wp-content\/uploads\/2021\/06\/2008-Joao-Walter-01-Destaque.jpg 640w\" sizes=\"(min-width: 2200px) 100vw, (min-width: 1124px) 390px, (min-width: 1032px) 585px, (min-width: 940px) 1032px, \" \/>\n\t\n\n\t\t<div class=\"fusion-rollover\">\n\t<div class=\"fusion-rollover-content\">\n\n\t\t\t\t\t\t\t\t\t\t\t\t\t\t<a class=\"fusion-rollover-link\" href=\"http:\/\/lazari.com.br\/site\/portfolio-items\/2008-joao-walter-psdb-prefeito-rio-claro-sp\/\">2008 &#8211; Jo\u00e3o Walter (PSDB) Prefeito &#8211; Rio Claro\/SP<\/a>\n\t\t\t\n\t\t\t\t\t\t\t\t\t\t\t\t\t\t\n\t\t\t\t\t\t\t\t\n\t\t\t\t\t\t\t\t\t\t\t\t\t<div class=\"fusion-rollover-sep\"><\/div>\n\t\t\t\t\n\t\t\t\t\t\t\t\t\t\t\t\t\t\t\t\t\t\t<a class=\"fusion-rollover-gallery\" href=\"http:\/\/lazari.com.br\/site\/wp-content\/uploads\/2021\/06\/2008-Joao-Walter-01-Destaque.jpg\" data-id=\"13437\" data-rel=\"iLightbox[gallery-rw-1]\" data-title=\"2008-Joao-Walter-01-Destaque\" data-caption=\"\">\n\t\t\t\t\t\tGaleria\t\t\t\t\t<\/a>\n\t\t\t\t\t\t\t\t\t\t\t\t\t\t\n\t\t\n\t\t\t\t\t\t\t\t\t\t\t\t<h4 class=\"fusion-rollover-title\">\n\t\t\t\t\t<a class=\"fusion-rollover-title-link\" href=\"http:\/\/lazari.com.br\/site\/portfolio-items\/2008-joao-walter-psdb-prefeito-rio-claro-sp\/\">\n\t\t\t\t\t\t2008 &#8211; Jo\u00e3o Walter (PSDB) Prefeito &#8211; Rio Claro\/SP\t\t\t\t\t<\/a>\n\t\t\t\t<\/h4>\n\t\t\t\n\t\t\t\t\t\t\t\t\t\t<div class=\"fusion-rollover-categories\"><a href=\"http:\/\/lazari.com.br\/site\/portfolio_category\/2008\/\" rel=\"tag\">2008<\/a>, <a href=\"http:\/\/lazari.com.br\/site\/portfolio_category\/prefeito\/\" rel=\"tag\">Prefeito<\/a><\/div>\t\t\t\t\t\n\t\t\n\t\t\t\t\t\t<a class=\"fusion-link-wrapper\" href=\"http:\/\/lazari.com.br\/site\/portfolio-items\/2008-joao-walter-psdb-prefeito-rio-claro-sp\/\" aria-label=\"2008 &#8211; Jo\u00e3o Walter (PSDB) Prefeito &#8211; Rio Claro\/SP\"><\/a>\n\t<\/div>\n<\/div>\n\n\t\n<\/div>\n<\/div><\/article><article id=\"portfolio-1-post-13433\" class=\"fusion-portfolio-post 2008 prefeito fusion-col-spacing post-13433\"><div class=\"fusion-portfolio-content-wrapper\" style=\"border:none;\"><span class=\"entry-title rich-snippet-hidden\">2008 &#8211; Marta (PT) Prefeita &#8211; S\u00e3o Paulo\/SP<\/span><span class=\"vcard rich-snippet-hidden\"><span class=\"fn\"><a href=\"http:\/\/lazari.com.br\/site\/author\/daniel\/\" title=\"Posts de Daniel\" rel=\"author\">Daniel<\/a><\/span><\/span><span class=\"updated rich-snippet-hidden\">2022-04-29T00:33:41-03:00<\/span>\n\n<div  class=\"fusion-image-wrapper\" aria-haspopup=\"true\">\n\t\n\t\n\t\n\t\t\n\t\t\t\t\t<img decoding=\"async\" width=\"640\" height=\"480\" src=\"http:\/\/lazari.com.br\/site\/wp-content\/uploads\/2021\/06\/2008-Marta-01-Destaque.jpg\" class=\"attachment-full size-full wp-post-image\" alt=\"\" srcset=\"http:\/\/lazari.com.br\/site\/wp-content\/uploads\/2021\/06\/2008-Marta-01-Destaque-200x150.jpg 200w, http:\/\/lazari.com.br\/site\/wp-content\/uploads\/2021\/06\/2008-Marta-01-Destaque-400x300.jpg 400w, http:\/\/lazari.com.br\/site\/wp-content\/uploads\/2021\/06\/2008-Marta-01-Destaque-600x450.jpg 600w, http:\/\/lazari.com.br\/site\/wp-content\/uploads\/2021\/06\/2008-Marta-01-Destaque.jpg 640w\" sizes=\"(min-width: 2200px) 100vw, (min-width: 1124px) 390px, (min-width: 1032px) 585px, (min-width: 940px) 1032px, \" \/>\n\t\n\n\t\t<div class=\"fusion-rollover\">\n\t<div class=\"fusion-rollover-content\">\n\n\t\t\t\t\t\t\t\t\t\t\t\t\t\t<a class=\"fusion-rollover-link\" href=\"http:\/\/lazari.com.br\/site\/portfolio-items\/2008-marta-pt-prefeito-limeira-sp\/\">2008 &#8211; Marta (PT) Prefeita &#8211; S\u00e3o Paulo\/SP<\/a>\n\t\t\t\n\t\t\t\t\t\t\t\t\t\t\t\t\t\t\n\t\t\t\t\t\t\t\t\n\t\t\t\t\t\t\t\t\t\t\t\t\t<div class=\"fusion-rollover-sep\"><\/div>\n\t\t\t\t\n\t\t\t\t\t\t\t\t\t\t\t\t\t\t\t\t\t\t<a class=\"fusion-rollover-gallery\" href=\"http:\/\/lazari.com.br\/site\/wp-content\/uploads\/2021\/06\/2008-Marta-01-Destaque.jpg\" data-id=\"13433\" data-rel=\"iLightbox[gallery-rw-1]\" data-title=\"2008-Marta-01-Destaque\" data-caption=\"\">\n\t\t\t\t\t\tGaleria\t\t\t\t\t<\/a>\n\t\t\t\t\t\t\t\t\t\t\t\t\t\t\n\t\t\n\t\t\t\t\t\t\t\t\t\t\t\t<h4 class=\"fusion-rollover-title\">\n\t\t\t\t\t<a class=\"fusion-rollover-title-link\" href=\"http:\/\/lazari.com.br\/site\/portfolio-items\/2008-marta-pt-prefeito-limeira-sp\/\">\n\t\t\t\t\t\t2008 &#8211; Marta (PT) Prefeita &#8211; S\u00e3o Paulo\/SP\t\t\t\t\t<\/a>\n\t\t\t\t<\/h4>\n\t\t\t\n\t\t\t\t\t\t\t\t\t\t<div class=\"fusion-rollover-categories\"><a href=\"http:\/\/lazari.com.br\/site\/portfolio_category\/2008\/\" rel=\"tag\">2008<\/a>, <a href=\"http:\/\/lazari.com.br\/site\/portfolio_category\/prefeito\/\" rel=\"tag\">Prefeito<\/a><\/div>\t\t\t\t\t\n\t\t\n\t\t\t\t\t\t<a class=\"fusion-link-wrapper\" href=\"http:\/\/lazari.com.br\/site\/portfolio-items\/2008-marta-pt-prefeito-limeira-sp\/\" aria-label=\"2008 &#8211; Marta (PT) Prefeita &#8211; S\u00e3o Paulo\/SP\"><\/a>\n\t<\/div>\n<\/div>\n\n\t\n<\/div>\n<\/div><\/article><article id=\"portfolio-1-post-13416\" class=\"fusion-portfolio-post 2008 prefeito fusion-col-spacing post-13416\"><div class=\"fusion-portfolio-content-wrapper\" style=\"border:none;\"><span class=\"entry-title rich-snippet-hidden\">2008 &#8211; Osmar Lopes (PT) Prefeito &#8211; Limeira\/SP<\/span><span class=\"vcard rich-snippet-hidden\"><span class=\"fn\"><a href=\"http:\/\/lazari.com.br\/site\/author\/daniel\/\" title=\"Posts de Daniel\" rel=\"author\">Daniel<\/a><\/span><\/span><span class=\"updated rich-snippet-hidden\">2022-04-29T00:46:30-03:00<\/span>\n\n<div  class=\"fusion-image-wrapper\" aria-haspopup=\"true\">\n\t\n\t\n\t\n\t\t\n\t\t\t\t\t<img decoding=\"async\" width=\"640\" height=\"480\" src=\"http:\/\/lazari.com.br\/site\/wp-content\/uploads\/2021\/06\/2008-Osmar-Lopes-01-Destaque.jpg\" class=\"attachment-full size-full wp-post-image\" alt=\"\" srcset=\"http:\/\/lazari.com.br\/site\/wp-content\/uploads\/2021\/06\/2008-Osmar-Lopes-01-Destaque-200x150.jpg 200w, http:\/\/lazari.com.br\/site\/wp-content\/uploads\/2021\/06\/2008-Osmar-Lopes-01-Destaque-400x300.jpg 400w, http:\/\/lazari.com.br\/site\/wp-content\/uploads\/2021\/06\/2008-Osmar-Lopes-01-Destaque-600x450.jpg 600w, http:\/\/lazari.com.br\/site\/wp-content\/uploads\/2021\/06\/2008-Osmar-Lopes-01-Destaque.jpg 640w\" sizes=\"(min-width: 2200px) 100vw, (min-width: 1124px) 390px, (min-width: 1032px) 585px, (min-width: 940px) 1032px, \" \/>\n\t\n\n\t\t<div class=\"fusion-rollover\">\n\t<div class=\"fusion-rollover-content\">\n\n\t\t\t\t\t\t\t\t\t\t\t\t\t\t<a class=\"fusion-rollover-link\" href=\"http:\/\/lazari.com.br\/site\/portfolio-items\/2008-osmar-lopes-pt-prefeito-limeira-sp\/\">2008 &#8211; Osmar Lopes (PT) Prefeito &#8211; Limeira\/SP<\/a>\n\t\t\t\n\t\t\t\t\t\t\t\t\t\t\t\t\t\t\n\t\t\t\t\t\t\t\t\n\t\t\t\t\t\t\t\t\t\t\t\t\t<div class=\"fusion-rollover-sep\"><\/div>\n\t\t\t\t\n\t\t\t\t\t\t\t\t\t\t\t\t\t\t\t\t\t\t<a class=\"fusion-rollover-gallery\" href=\"http:\/\/lazari.com.br\/site\/wp-content\/uploads\/2021\/06\/2008-Osmar-Lopes-01-Destaque.jpg\" data-id=\"13416\" data-rel=\"iLightbox[gallery-rw-1]\" data-title=\"2008-Osmar-Lopes-01-Destaque\" data-caption=\"\">\n\t\t\t\t\t\tGaleria\t\t\t\t\t<\/a>\n\t\t\t\t\t\t\t\t\t\t\t\t\t\t\n\t\t\n\t\t\t\t\t\t\t\t\t\t\t\t<h4 class=\"fusion-rollover-title\">\n\t\t\t\t\t<a class=\"fusion-rollover-title-link\" href=\"http:\/\/lazari.com.br\/site\/portfolio-items\/2008-osmar-lopes-pt-prefeito-limeira-sp\/\">\n\t\t\t\t\t\t2008 &#8211; Osmar Lopes (PT) Prefeito &#8211; Limeira\/SP\t\t\t\t\t<\/a>\n\t\t\t\t<\/h4>\n\t\t\t\n\t\t\t\t\t\t\t\t\t\t<div class=\"fusion-rollover-categories\"><a href=\"http:\/\/lazari.com.br\/site\/portfolio_category\/2008\/\" rel=\"tag\">2008<\/a>, <a href=\"http:\/\/lazari.com.br\/site\/portfolio_category\/prefeito\/\" rel=\"tag\">Prefeito<\/a><\/div>\t\t\t\t\t\n\t\t\n\t\t\t\t\t\t<a class=\"fusion-link-wrapper\" href=\"http:\/\/lazari.com.br\/site\/portfolio-items\/2008-osmar-lopes-pt-prefeito-limeira-sp\/\" aria-label=\"2008 &#8211; Osmar Lopes (PT) Prefeito &#8211; Limeira\/SP\"><\/a>\n\t<\/div>\n<\/div>\n\n\t\n<\/div>\n<\/div><\/article><article id=\"portfolio-1-post-13408\" class=\"fusion-portfolio-post 2008 vereador fusion-col-spacing post-13408\"><div class=\"fusion-portfolio-content-wrapper\" style=\"border:none;\"><span class=\"entry-title rich-snippet-hidden\">2008 &#8211; Miguelzinho Lombardi (PR) Vereador &#8211; Limeira\/SP<\/span><span class=\"vcard rich-snippet-hidden\"><span class=\"fn\"><a href=\"http:\/\/lazari.com.br\/site\/author\/daniel\/\" title=\"Posts de Daniel\" rel=\"author\">Daniel<\/a><\/span><\/span><span class=\"updated rich-snippet-hidden\">2022-04-29T00:46:15-03:00<\/span>\n\n<div  class=\"fusion-image-wrapper\" aria-haspopup=\"true\">\n\t\n\t\n\t\n\t\t\n\t\t\t\t\t<img decoding=\"async\" width=\"640\" height=\"480\" src=\"http:\/\/lazari.com.br\/site\/wp-content\/uploads\/2021\/06\/2008-Miguelzinho-Lombardi-01-Destaque.jpg\" class=\"attachment-full size-full wp-post-image\" alt=\"\" srcset=\"http:\/\/lazari.com.br\/site\/wp-content\/uploads\/2021\/06\/2008-Miguelzinho-Lombardi-01-Destaque-200x150.jpg 200w, http:\/\/lazari.com.br\/site\/wp-content\/uploads\/2021\/06\/2008-Miguelzinho-Lombardi-01-Destaque-400x300.jpg 400w, http:\/\/lazari.com.br\/site\/wp-content\/uploads\/2021\/06\/2008-Miguelzinho-Lombardi-01-Destaque-600x450.jpg 600w, http:\/\/lazari.com.br\/site\/wp-content\/uploads\/2021\/06\/2008-Miguelzinho-Lombardi-01-Destaque.jpg 640w\" sizes=\"(min-width: 2200px) 100vw, (min-width: 1124px) 390px, (min-width: 1032px) 585px, (min-width: 940px) 1032px, \" \/>\n\t\n\n\t\t<div class=\"fusion-rollover\">\n\t<div class=\"fusion-rollover-content\">\n\n\t\t\t\t\t\t\t\t\t\t\t\t\t\t<a class=\"fusion-rollover-link\" href=\"http:\/\/lazari.com.br\/site\/portfolio-items\/2008-miguelzinho-lombardi-pr-vereador-limeira-sp\/\">2008 &#8211; Miguelzinho Lombardi (PR) Vereador &#8211; Limeira\/SP<\/a>\n\t\t\t\n\t\t\t\t\t\t\t\t\t\t\t\t\t\t\n\t\t\t\t\t\t\t\t\n\t\t\t\t\t\t\t\t\t\t\t\t\t<div class=\"fusion-rollover-sep\"><\/div>\n\t\t\t\t\n\t\t\t\t\t\t\t\t\t\t\t\t\t\t\t\t\t\t<a class=\"fusion-rollover-gallery\" href=\"http:\/\/lazari.com.br\/site\/wp-content\/uploads\/2021\/06\/2008-Miguelzinho-Lombardi-01-Destaque.jpg\" data-id=\"13408\" data-rel=\"iLightbox[gallery-rw-1]\" data-title=\"2008-Miguelzinho-Lombardi--01-Destaque\" data-caption=\"\">\n\t\t\t\t\t\tGaleria\t\t\t\t\t<\/a>\n\t\t\t\t\t\t\t\t\t\t\t\t\t\t\n\t\t\n\t\t\t\t\t\t\t\t\t\t\t\t<h4 class=\"fusion-rollover-title\">\n\t\t\t\t\t<a class=\"fusion-rollover-title-link\" href=\"http:\/\/lazari.com.br\/site\/portfolio-items\/2008-miguelzinho-lombardi-pr-vereador-limeira-sp\/\">\n\t\t\t\t\t\t2008 &#8211; Miguelzinho Lombardi (PR) Vereador &#8211; Limeira\/SP\t\t\t\t\t<\/a>\n\t\t\t\t<\/h4>\n\t\t\t\n\t\t\t\t\t\t\t\t\t\t<div class=\"fusion-rollover-categories\"><a href=\"http:\/\/lazari.com.br\/site\/portfolio_category\/2008\/\" rel=\"tag\">2008<\/a>, <a href=\"http:\/\/lazari.com.br\/site\/portfolio_category\/vereador\/\" rel=\"tag\">Vereador<\/a><\/div>\t\t\t\t\t\n\t\t\n\t\t\t\t\t\t<a class=\"fusion-link-wrapper\" href=\"http:\/\/lazari.com.br\/site\/portfolio-items\/2008-miguelzinho-lombardi-pr-vereador-limeira-sp\/\" aria-label=\"2008 &#8211; Miguelzinho Lombardi (PR) Vereador &#8211; Limeira\/SP\"><\/a>\n\t<\/div>\n<\/div>\n\n\t\n<\/div>\n<\/div><\/article><article id=\"portfolio-1-post-13405\" class=\"fusion-portfolio-post 2008 vereador fusion-col-spacing post-13405\"><div class=\"fusion-portfolio-content-wrapper\" style=\"border:none;\"><span class=\"entry-title rich-snippet-hidden\">2008 &#8211; Ronei Martins (PT) Vereador &#8211; Limeira\/SP<\/span><span class=\"vcard rich-snippet-hidden\"><span class=\"fn\"><a href=\"http:\/\/lazari.com.br\/site\/author\/daniel\/\" title=\"Posts de Daniel\" rel=\"author\">Daniel<\/a><\/span><\/span><span class=\"updated rich-snippet-hidden\">2022-04-29T00:46:02-03:00<\/span>\n\n<div  class=\"fusion-image-wrapper\" aria-haspopup=\"true\">\n\t\n\t\n\t\n\t\t\n\t\t\t\t\t<img decoding=\"async\" width=\"640\" height=\"480\" src=\"http:\/\/lazari.com.br\/site\/wp-content\/uploads\/2021\/06\/2008-Ronei-Martins-01-Destaque.jpg\" class=\"attachment-full size-full wp-post-image\" alt=\"\" srcset=\"http:\/\/lazari.com.br\/site\/wp-content\/uploads\/2021\/06\/2008-Ronei-Martins-01-Destaque-200x150.jpg 200w, http:\/\/lazari.com.br\/site\/wp-content\/uploads\/2021\/06\/2008-Ronei-Martins-01-Destaque-400x300.jpg 400w, http:\/\/lazari.com.br\/site\/wp-content\/uploads\/2021\/06\/2008-Ronei-Martins-01-Destaque-600x450.jpg 600w, http:\/\/lazari.com.br\/site\/wp-content\/uploads\/2021\/06\/2008-Ronei-Martins-01-Destaque.jpg 640w\" sizes=\"(min-width: 2200px) 100vw, (min-width: 1124px) 390px, (min-width: 1032px) 585px, (min-width: 940px) 1032px, \" \/>\n\t\n\n\t\t<div class=\"fusion-rollover\">\n\t<div class=\"fusion-rollover-content\">\n\n\t\t\t\t\t\t\t\t\t\t\t\t\t\t<a class=\"fusion-rollover-link\" href=\"http:\/\/lazari.com.br\/site\/portfolio-items\/2008-ronei-martins-pt-vereador-limeira-sp\/\">2008 &#8211; Ronei Martins (PT) Vereador &#8211; Limeira\/SP<\/a>\n\t\t\t\n\t\t\t\t\t\t\t\t\t\t\t\t\t\t\n\t\t\t\t\t\t\t\t\n\t\t\t\t\t\t\t\t\t\t\t\t\t<div class=\"fusion-rollover-sep\"><\/div>\n\t\t\t\t\n\t\t\t\t\t\t\t\t\t\t\t\t\t\t\t\t\t\t<a class=\"fusion-rollover-gallery\" href=\"http:\/\/lazari.com.br\/site\/wp-content\/uploads\/2021\/06\/2008-Ronei-Martins-01-Destaque.jpg\" data-id=\"13405\" data-rel=\"iLightbox[gallery-rw-1]\" data-title=\"2008-Ronei-Martins-01-Destaque\" data-caption=\"\">\n\t\t\t\t\t\tGaleria\t\t\t\t\t<\/a>\n\t\t\t\t\t\t\t\t\t\t\t\t\t\t\n\t\t\n\t\t\t\t\t\t\t\t\t\t\t\t<h4 class=\"fusion-rollover-title\">\n\t\t\t\t\t<a class=\"fusion-rollover-title-link\" href=\"http:\/\/lazari.com.br\/site\/portfolio-items\/2008-ronei-martins-pt-vereador-limeira-sp\/\">\n\t\t\t\t\t\t2008 &#8211; Ronei Martins (PT) Vereador &#8211; Limeira\/SP\t\t\t\t\t<\/a>\n\t\t\t\t<\/h4>\n\t\t\t\n\t\t\t\t\t\t\t\t\t\t<div class=\"fusion-rollover-categories\"><a href=\"http:\/\/lazari.com.br\/site\/portfolio_category\/2008\/\" rel=\"tag\">2008<\/a>, <a href=\"http:\/\/lazari.com.br\/site\/portfolio_category\/vereador\/\" rel=\"tag\">Vereador<\/a><\/div>\t\t\t\t\t\n\t\t\n\t\t\t\t\t\t<a class=\"fusion-link-wrapper\" href=\"http:\/\/lazari.com.br\/site\/portfolio-items\/2008-ronei-martins-pt-vereador-limeira-sp\/\" aria-label=\"2008 &#8211; Ronei Martins (PT) Vereador &#8211; Limeira\/SP\"><\/a>\n\t<\/div>\n<\/div>\n\n\t\n<\/div>\n<\/div><\/article><article id=\"portfolio-1-post-13397\" class=\"fusion-portfolio-post 2008 vereador fusion-col-spacing post-13397\"><div class=\"fusion-portfolio-content-wrapper\" style=\"border:none;\"><span class=\"entry-title rich-snippet-hidden\">2008 &#8211; Z\u00e9 Carlos Pinto (PT) Vereador &#8211; Limeira\/SP<\/span><span class=\"vcard rich-snippet-hidden\"><span class=\"fn\"><a href=\"http:\/\/lazari.com.br\/site\/author\/daniel\/\" title=\"Posts de Daniel\" rel=\"author\">Daniel<\/a><\/span><\/span><span class=\"updated rich-snippet-hidden\">2022-04-29T00:45:27-03:00<\/span>\n\n<div  class=\"fusion-image-wrapper\" aria-haspopup=\"true\">\n\t\n\t\n\t\n\t\t\n\t\t\t\t\t<img decoding=\"async\" width=\"640\" height=\"480\" src=\"http:\/\/lazari.com.br\/site\/wp-content\/uploads\/2021\/06\/2008-Ze-Carlos-Pinto-01-Destaque.jpg\" class=\"attachment-full size-full wp-post-image\" alt=\"\" srcset=\"http:\/\/lazari.com.br\/site\/wp-content\/uploads\/2021\/06\/2008-Ze-Carlos-Pinto-01-Destaque-200x150.jpg 200w, http:\/\/lazari.com.br\/site\/wp-content\/uploads\/2021\/06\/2008-Ze-Carlos-Pinto-01-Destaque-400x300.jpg 400w, http:\/\/lazari.com.br\/site\/wp-content\/uploads\/2021\/06\/2008-Ze-Carlos-Pinto-01-Destaque-600x450.jpg 600w, http:\/\/lazari.com.br\/site\/wp-content\/uploads\/2021\/06\/2008-Ze-Carlos-Pinto-01-Destaque.jpg 640w\" sizes=\"(min-width: 2200px) 100vw, (min-width: 1124px) 390px, (min-width: 1032px) 585px, (min-width: 940px) 1032px, \" \/>\n\t\n\n\t\t<div class=\"fusion-rollover\">\n\t<div class=\"fusion-rollover-content\">\n\n\t\t\t\t\t\t\t\t\t\t\t\t\t\t<a class=\"fusion-rollover-link\" href=\"http:\/\/lazari.com.br\/site\/portfolio-items\/2008-ze-carlos-pinto-pt-vereador-limeira-sp\/\">2008 &#8211; Z\u00e9 Carlos Pinto (PT) Vereador &#8211; Limeira\/SP<\/a>\n\t\t\t\n\t\t\t\t\t\t\t\t\t\t\t\t\t\t\n\t\t\t\t\t\t\t\t\n\t\t\t\t\t\t\t\t\t\t\t\t\t<div class=\"fusion-rollover-sep\"><\/div>\n\t\t\t\t\n\t\t\t\t\t\t\t\t\t\t\t\t\t\t\t\t\t\t<a class=\"fusion-rollover-gallery\" href=\"http:\/\/lazari.com.br\/site\/wp-content\/uploads\/2021\/06\/2008-Ze-Carlos-Pinto-01-Destaque.jpg\" data-id=\"13397\" data-rel=\"iLightbox[gallery-rw-1]\" data-title=\"2008-Z\u00e9-Carlos-Pinto-01-Destaque\" data-caption=\"\">\n\t\t\t\t\t\tGaleria\t\t\t\t\t<\/a>\n\t\t\t\t\t\t\t\t\t\t\t\t\t\t\n\t\t\n\t\t\t\t\t\t\t\t\t\t\t\t<h4 class=\"fusion-rollover-title\">\n\t\t\t\t\t<a class=\"fusion-rollover-title-link\" href=\"http:\/\/lazari.com.br\/site\/portfolio-items\/2008-ze-carlos-pinto-pt-vereador-limeira-sp\/\">\n\t\t\t\t\t\t2008 &#8211; Z\u00e9 Carlos Pinto (PT) Vereador &#8211; Limeira\/SP\t\t\t\t\t<\/a>\n\t\t\t\t<\/h4>\n\t\t\t\n\t\t\t\t\t\t\t\t\t\t<div class=\"fusion-rollover-categories\"><a href=\"http:\/\/lazari.com.br\/site\/portfolio_category\/2008\/\" rel=\"tag\">2008<\/a>, <a href=\"http:\/\/lazari.com.br\/site\/portfolio_category\/vereador\/\" rel=\"tag\">Vereador<\/a><\/div>\t\t\t\t\t\n\t\t\n\t\t\t\t\t\t<a class=\"fusion-link-wrapper\" href=\"http:\/\/lazari.com.br\/site\/portfolio-items\/2008-ze-carlos-pinto-pt-vereador-limeira-sp\/\" aria-label=\"2008 &#8211; Z\u00e9 Carlos Pinto (PT) Vereador &#8211; Limeira\/SP\"><\/a>\n\t<\/div>\n<\/div>\n\n\t\n<\/div>\n<\/div><\/article><article id=\"portfolio-1-post-13391\" class=\"fusion-portfolio-post 2008 vereador fusion-col-spacing post-13391\"><div class=\"fusion-portfolio-content-wrapper\" style=\"border:none;\"><span class=\"entry-title rich-snippet-hidden\">2008 &#8211; Vanderlei Dionisio (PPS) Vereador &#8211; Piracicaba\/SP<\/span><span class=\"vcard rich-snippet-hidden\"><span class=\"fn\"><a href=\"http:\/\/lazari.com.br\/site\/author\/daniel\/\" title=\"Posts de Daniel\" rel=\"author\">Daniel<\/a><\/span><\/span><span class=\"updated rich-snippet-hidden\">2022-04-29T00:45:09-03:00<\/span>\n\n<div  class=\"fusion-image-wrapper\" aria-haspopup=\"true\">\n\t\n\t\n\t\n\t\t\n\t\t\t\t\t<img decoding=\"async\" width=\"640\" height=\"480\" src=\"http:\/\/lazari.com.br\/site\/wp-content\/uploads\/2021\/06\/2008-Vanderlei-Dionisio-01-Destaque.jpg\" class=\"attachment-full size-full wp-post-image\" alt=\"\" srcset=\"http:\/\/lazari.com.br\/site\/wp-content\/uploads\/2021\/06\/2008-Vanderlei-Dionisio-01-Destaque-200x150.jpg 200w, http:\/\/lazari.com.br\/site\/wp-content\/uploads\/2021\/06\/2008-Vanderlei-Dionisio-01-Destaque-400x300.jpg 400w, http:\/\/lazari.com.br\/site\/wp-content\/uploads\/2021\/06\/2008-Vanderlei-Dionisio-01-Destaque-600x450.jpg 600w, http:\/\/lazari.com.br\/site\/wp-content\/uploads\/2021\/06\/2008-Vanderlei-Dionisio-01-Destaque.jpg 640w\" sizes=\"(min-width: 2200px) 100vw, (min-width: 1124px) 390px, (min-width: 1032px) 585px, (min-width: 940px) 1032px, \" \/>\n\t\n\n\t\t<div class=\"fusion-rollover\">\n\t<div class=\"fusion-rollover-content\">\n\n\t\t\t\t\t\t\t\t\t\t\t\t\t\t<a class=\"fusion-rollover-link\" href=\"http:\/\/lazari.com.br\/site\/portfolio-items\/2008-vanderlei-dionisio-pps-vereador-piracicaba-sp\/\">2008 &#8211; Vanderlei Dionisio (PPS) Vereador &#8211; Piracicaba\/SP<\/a>\n\t\t\t\n\t\t\t\t\t\t\t\t\t\t\t\t\t\t\n\t\t\t\t\t\t\t\t\n\t\t\t\t\t\t\t\t\t\t\t\t\t<div class=\"fusion-rollover-sep\"><\/div>\n\t\t\t\t\n\t\t\t\t\t\t\t\t\t\t\t\t\t\t\t\t\t\t<a class=\"fusion-rollover-gallery\" href=\"http:\/\/lazari.com.br\/site\/wp-content\/uploads\/2021\/06\/2008-Vanderlei-Dionisio-01-Destaque.jpg\" data-id=\"13391\" data-rel=\"iLightbox[gallery-rw-1]\" data-title=\"2008-Vanderlei-Dionisio-01-Destaque\" data-caption=\"\">\n\t\t\t\t\t\tGaleria\t\t\t\t\t<\/a>\n\t\t\t\t\t\t\t\t\t\t\t\t\t\t\n\t\t\n\t\t\t\t\t\t\t\t\t\t\t\t<h4 class=\"fusion-rollover-title\">\n\t\t\t\t\t<a class=\"fusion-rollover-title-link\" href=\"http:\/\/lazari.com.br\/site\/portfolio-items\/2008-vanderlei-dionisio-pps-vereador-piracicaba-sp\/\">\n\t\t\t\t\t\t2008 &#8211; Vanderlei Dionisio (PPS) Vereador &#8211; Piracicaba\/SP\t\t\t\t\t<\/a>\n\t\t\t\t<\/h4>\n\t\t\t\n\t\t\t\t\t\t\t\t\t\t<div class=\"fusion-rollover-categories\"><a href=\"http:\/\/lazari.com.br\/site\/portfolio_category\/2008\/\" rel=\"tag\">2008<\/a>, <a href=\"http:\/\/lazari.com.br\/site\/portfolio_category\/vereador\/\" rel=\"tag\">Vereador<\/a><\/div>\t\t\t\t\t\n\t\t\n\t\t\t\t\t\t<a class=\"fusion-link-wrapper\" href=\"http:\/\/lazari.com.br\/site\/portfolio-items\/2008-vanderlei-dionisio-pps-vereador-piracicaba-sp\/\" aria-label=\"2008 &#8211; Vanderlei Dionisio (PPS) Vereador &#8211; Piracicaba\/SP\"><\/a>\n\t<\/div>\n<\/div>\n\n\t\n<\/div>\n<\/div><\/article><article id=\"portfolio-1-post-13383\" class=\"fusion-portfolio-post 2008 vereador fusion-col-spacing post-13383\"><div class=\"fusion-portfolio-content-wrapper\" style=\"border:none;\"><span class=\"entry-title rich-snippet-hidden\">2008 &#8211; Nelson Caldeiras (PT) Vereador &#8211; Limeira\/SP<\/span><span class=\"vcard rich-snippet-hidden\"><span class=\"fn\"><a href=\"http:\/\/lazari.com.br\/site\/author\/daniel\/\" title=\"Posts de Daniel\" rel=\"author\">Daniel<\/a><\/span><\/span><span class=\"updated rich-snippet-hidden\">2022-04-29T00:44:04-03:00<\/span>\n\n<div  class=\"fusion-image-wrapper\" aria-haspopup=\"true\">\n\t\n\t\n\t\n\t\t\n\t\t\t\t\t<img decoding=\"async\" width=\"640\" height=\"480\" src=\"http:\/\/lazari.com.br\/site\/wp-content\/uploads\/2021\/06\/2008-Nelson-Caldeiras-01-Destaque.jpg\" class=\"attachment-full size-full wp-post-image\" alt=\"\" srcset=\"http:\/\/lazari.com.br\/site\/wp-content\/uploads\/2021\/06\/2008-Nelson-Caldeiras-01-Destaque-200x150.jpg 200w, http:\/\/lazari.com.br\/site\/wp-content\/uploads\/2021\/06\/2008-Nelson-Caldeiras-01-Destaque-400x300.jpg 400w, http:\/\/lazari.com.br\/site\/wp-content\/uploads\/2021\/06\/2008-Nelson-Caldeiras-01-Destaque-600x450.jpg 600w, http:\/\/lazari.com.br\/site\/wp-content\/uploads\/2021\/06\/2008-Nelson-Caldeiras-01-Destaque.jpg 640w\" sizes=\"(min-width: 2200px) 100vw, (min-width: 1124px) 390px, (min-width: 1032px) 585px, (min-width: 940px) 1032px, \" \/>\n\t\n\n\t\t<div class=\"fusion-rollover\">\n\t<div class=\"fusion-rollover-content\">\n\n\t\t\t\t\t\t\t\t\t\t\t\t\t\t<a class=\"fusion-rollover-link\" href=\"http:\/\/lazari.com.br\/site\/portfolio-items\/2008-nelson-caldeiras-pt-vereador-limeira-sp\/\">2008 &#8211; Nelson Caldeiras (PT) Vereador &#8211; Limeira\/SP<\/a>\n\t\t\t\n\t\t\t\t\t\t\t\t\t\t\t\t\t\t\n\t\t\t\t\t\t\t\t\n\t\t\t\t\t\t\t\t\t\t\t\t\t<div class=\"fusion-rollover-sep\"><\/div>\n\t\t\t\t\n\t\t\t\t\t\t\t\t\t\t\t\t\t\t\t\t\t\t<a class=\"fusion-rollover-gallery\" href=\"http:\/\/lazari.com.br\/site\/wp-content\/uploads\/2021\/06\/2008-Nelson-Caldeiras-01-Destaque.jpg\" data-id=\"13383\" data-rel=\"iLightbox[gallery-rw-1]\" data-title=\"2008-Nelson-Caldeiras-01-Destaque\" data-caption=\"\">\n\t\t\t\t\t\tGaleria\t\t\t\t\t<\/a>\n\t\t\t\t\t\t\t\t\t\t\t\t\t\t\n\t\t\n\t\t\t\t\t\t\t\t\t\t\t\t<h4 class=\"fusion-rollover-title\">\n\t\t\t\t\t<a class=\"fusion-rollover-title-link\" href=\"http:\/\/lazari.com.br\/site\/portfolio-items\/2008-nelson-caldeiras-pt-vereador-limeira-sp\/\">\n\t\t\t\t\t\t2008 &#8211; Nelson Caldeiras (PT) Vereador &#8211; Limeira\/SP\t\t\t\t\t<\/a>\n\t\t\t\t<\/h4>\n\t\t\t\n\t\t\t\t\t\t\t\t\t\t<div class=\"fusion-rollover-categories\"><a href=\"http:\/\/lazari.com.br\/site\/portfolio_category\/2008\/\" rel=\"tag\">2008<\/a>, <a href=\"http:\/\/lazari.com.br\/site\/portfolio_category\/vereador\/\" rel=\"tag\">Vereador<\/a><\/div>\t\t\t\t\t\n\t\t\n\t\t\t\t\t\t<a class=\"fusion-link-wrapper\" href=\"http:\/\/lazari.com.br\/site\/portfolio-items\/2008-nelson-caldeiras-pt-vereador-limeira-sp\/\" aria-label=\"2008 &#8211; Nelson Caldeiras (PT) Vereador &#8211; Limeira\/SP\"><\/a>\n\t<\/div>\n<\/div>\n\n\t\n<\/div>\n<\/div><\/article><article id=\"portfolio-1-post-13379\" class=\"fusion-portfolio-post 2008 vereador fusion-col-spacing post-13379\"><div class=\"fusion-portfolio-content-wrapper\" style=\"border:none;\"><span class=\"entry-title rich-snippet-hidden\">2008 &#8211; Roberto Dias (PT) Vereador &#8211; Limeira\/SP<\/span><span class=\"vcard rich-snippet-hidden\"><span class=\"fn\"><a href=\"http:\/\/lazari.com.br\/site\/author\/daniel\/\" title=\"Posts de Daniel\" rel=\"author\">Daniel<\/a><\/span><\/span><span class=\"updated rich-snippet-hidden\">2022-04-29T00:43:52-03:00<\/span>\n\n<div  class=\"fusion-image-wrapper\" aria-haspopup=\"true\">\n\t\n\t\n\t\n\t\t\n\t\t\t\t\t<img decoding=\"async\" width=\"640\" height=\"480\" src=\"http:\/\/lazari.com.br\/site\/wp-content\/uploads\/2021\/06\/2008-Roberto-Dias-01-Destaque.jpg\" class=\"attachment-full size-full wp-post-image\" alt=\"\" srcset=\"http:\/\/lazari.com.br\/site\/wp-content\/uploads\/2021\/06\/2008-Roberto-Dias-01-Destaque-200x150.jpg 200w, http:\/\/lazari.com.br\/site\/wp-content\/uploads\/2021\/06\/2008-Roberto-Dias-01-Destaque-400x300.jpg 400w, http:\/\/lazari.com.br\/site\/wp-content\/uploads\/2021\/06\/2008-Roberto-Dias-01-Destaque-600x450.jpg 600w, http:\/\/lazari.com.br\/site\/wp-content\/uploads\/2021\/06\/2008-Roberto-Dias-01-Destaque.jpg 640w\" sizes=\"(min-width: 2200px) 100vw, (min-width: 1124px) 390px, (min-width: 1032px) 585px, (min-width: 940px) 1032px, \" \/>\n\t\n\n\t\t<div class=\"fusion-rollover\">\n\t<div class=\"fusion-rollover-content\">\n\n\t\t\t\t\t\t\t\t\t\t\t\t\t\t<a class=\"fusion-rollover-link\" href=\"http:\/\/lazari.com.br\/site\/portfolio-items\/2008-roberto-dias-pt-vereador-limeira-sp\/\">2008 &#8211; Roberto Dias (PT) Vereador &#8211; Limeira\/SP<\/a>\n\t\t\t\n\t\t\t\t\t\t\t\t\t\t\t\t\t\t\n\t\t\t\t\t\t\t\t\n\t\t\t\t\t\t\t\t\t\t\t\t\t<div class=\"fusion-rollover-sep\"><\/div>\n\t\t\t\t\n\t\t\t\t\t\t\t\t\t\t\t\t\t\t\t\t\t\t<a class=\"fusion-rollover-gallery\" href=\"http:\/\/lazari.com.br\/site\/wp-content\/uploads\/2021\/06\/2008-Roberto-Dias-01-Destaque.jpg\" data-id=\"13379\" data-rel=\"iLightbox[gallery-rw-1]\" data-title=\"2008-Roberto-Dias-01-Destaque\" data-caption=\"\">\n\t\t\t\t\t\tGaleria\t\t\t\t\t<\/a>\n\t\t\t\t\t\t\t\t\t\t\t\t\t\t\n\t\t\n\t\t\t\t\t\t\t\t\t\t\t\t<h4 class=\"fusion-rollover-title\">\n\t\t\t\t\t<a class=\"fusion-rollover-title-link\" href=\"http:\/\/lazari.com.br\/site\/portfolio-items\/2008-roberto-dias-pt-vereador-limeira-sp\/\">\n\t\t\t\t\t\t2008 &#8211; Roberto Dias (PT) Vereador &#8211; Limeira\/SP\t\t\t\t\t<\/a>\n\t\t\t\t<\/h4>\n\t\t\t\n\t\t\t\t\t\t\t\t\t\t<div class=\"fusion-rollover-categories\"><a href=\"http:\/\/lazari.com.br\/site\/portfolio_category\/2008\/\" rel=\"tag\">2008<\/a>, <a href=\"http:\/\/lazari.com.br\/site\/portfolio_category\/vereador\/\" rel=\"tag\">Vereador<\/a><\/div>\t\t\t\t\t\n\t\t\n\t\t\t\t\t\t<a class=\"fusion-link-wrapper\" href=\"http:\/\/lazari.com.br\/site\/portfolio-items\/2008-roberto-dias-pt-vereador-limeira-sp\/\" aria-label=\"2008 &#8211; Roberto Dias (PT) Vereador &#8211; Limeira\/SP\"><\/a>\n\t<\/div>\n<\/div>\n\n\t\n<\/div>\n<\/div><\/article><article id=\"portfolio-1-post-13374\" class=\"fusion-portfolio-post 2008 vereador fusion-col-spacing post-13374\"><div class=\"fusion-portfolio-content-wrapper\" style=\"border:none;\"><span class=\"entry-title rich-snippet-hidden\">2008 &#8211; Galdino (PT) Vereador &#8211; Limeira\/SP<\/span><span class=\"vcard rich-snippet-hidden\"><span class=\"fn\"><a href=\"http:\/\/lazari.com.br\/site\/author\/daniel\/\" title=\"Posts de Daniel\" rel=\"author\">Daniel<\/a><\/span><\/span><span class=\"updated rich-snippet-hidden\">2022-04-29T00:43:39-03:00<\/span>\n\n<div  class=\"fusion-image-wrapper\" aria-haspopup=\"true\">\n\t\n\t\n\t\n\t\t\n\t\t\t\t\t<img decoding=\"async\" width=\"640\" height=\"480\" src=\"http:\/\/lazari.com.br\/site\/wp-content\/uploads\/2021\/06\/2008-Galdino-01-Destaque.jpg\" class=\"attachment-full size-full wp-post-image\" alt=\"\" srcset=\"http:\/\/lazari.com.br\/site\/wp-content\/uploads\/2021\/06\/2008-Galdino-01-Destaque-200x150.jpg 200w, http:\/\/lazari.com.br\/site\/wp-content\/uploads\/2021\/06\/2008-Galdino-01-Destaque-400x300.jpg 400w, http:\/\/lazari.com.br\/site\/wp-content\/uploads\/2021\/06\/2008-Galdino-01-Destaque-600x450.jpg 600w, http:\/\/lazari.com.br\/site\/wp-content\/uploads\/2021\/06\/2008-Galdino-01-Destaque.jpg 640w\" sizes=\"(min-width: 2200px) 100vw, (min-width: 1124px) 390px, (min-width: 1032px) 585px, (min-width: 940px) 1032px, \" \/>\n\t\n\n\t\t<div class=\"fusion-rollover\">\n\t<div class=\"fusion-rollover-content\">\n\n\t\t\t\t\t\t\t\t\t\t\t\t\t\t<a class=\"fusion-rollover-link\" href=\"http:\/\/lazari.com.br\/site\/portfolio-items\/2008-galdino-pt-vereador-limeira-sp\/\">2008 &#8211; Galdino (PT) Vereador &#8211; Limeira\/SP<\/a>\n\t\t\t\n\t\t\t\t\t\t\t\t\t\t\t\t\t\t\n\t\t\t\t\t\t\t\t\n\t\t\t\t\t\t\t\t\t\t\t\t\t<div class=\"fusion-rollover-sep\"><\/div>\n\t\t\t\t\n\t\t\t\t\t\t\t\t\t\t\t\t\t\t\t\t\t\t<a class=\"fusion-rollover-gallery\" href=\"http:\/\/lazari.com.br\/site\/wp-content\/uploads\/2021\/06\/2008-Galdino-01-Destaque.jpg\" data-id=\"13374\" data-rel=\"iLightbox[gallery-rw-1]\" data-title=\"2008-Galdino-01-Destaque\" data-caption=\"\">\n\t\t\t\t\t\tGaleria\t\t\t\t\t<\/a>\n\t\t\t\t\t\t\t\t\t\t\t\t\t\t\n\t\t\n\t\t\t\t\t\t\t\t\t\t\t\t<h4 class=\"fusion-rollover-title\">\n\t\t\t\t\t<a class=\"fusion-rollover-title-link\" href=\"http:\/\/lazari.com.br\/site\/portfolio-items\/2008-galdino-pt-vereador-limeira-sp\/\">\n\t\t\t\t\t\t2008 &#8211; Galdino (PT) Vereador &#8211; Limeira\/SP\t\t\t\t\t<\/a>\n\t\t\t\t<\/h4>\n\t\t\t\n\t\t\t\t\t\t\t\t\t\t<div class=\"fusion-rollover-categories\"><a href=\"http:\/\/lazari.com.br\/site\/portfolio_category\/2008\/\" rel=\"tag\">2008<\/a>, <a href=\"http:\/\/lazari.com.br\/site\/portfolio_category\/vereador\/\" rel=\"tag\">Vereador<\/a><\/div>\t\t\t\t\t\n\t\t\n\t\t\t\t\t\t<a class=\"fusion-link-wrapper\" href=\"http:\/\/lazari.com.br\/site\/portfolio-items\/2008-galdino-pt-vereador-limeira-sp\/\" aria-label=\"2008 &#8211; Galdino (PT) Vereador &#8211; Limeira\/SP\"><\/a>\n\t<\/div>\n<\/div>\n\n\t\n<\/div>\n<\/div><\/article><article id=\"portfolio-1-post-13358\" class=\"fusion-portfolio-post 2007 institucional-partidario fusion-col-spacing post-13358\"><div class=\"fusion-portfolio-content-wrapper\" style=\"border:none;\"><span class=\"entry-title rich-snippet-hidden\">2007 &#8211; PT Nacional<\/span><span class=\"vcard rich-snippet-hidden\"><span class=\"fn\"><a href=\"http:\/\/lazari.com.br\/site\/author\/daniel\/\" title=\"Posts de Daniel\" rel=\"author\">Daniel<\/a><\/span><\/span><span class=\"updated rich-snippet-hidden\">2021-09-29T09:37:32-03:00<\/span>\n\n<div  class=\"fusion-image-wrapper\" aria-haspopup=\"true\">\n\t\n\t\n\t\n\t\t\n\t\t\t\t\t<img decoding=\"async\" width=\"640\" height=\"480\" src=\"http:\/\/lazari.com.br\/site\/wp-content\/uploads\/2021\/06\/2007-PT-Nacional-01-Destaque.jpg\" class=\"attachment-full size-full wp-post-image\" alt=\"\" srcset=\"http:\/\/lazari.com.br\/site\/wp-content\/uploads\/2021\/06\/2007-PT-Nacional-01-Destaque-200x150.jpg 200w, http:\/\/lazari.com.br\/site\/wp-content\/uploads\/2021\/06\/2007-PT-Nacional-01-Destaque-400x300.jpg 400w, http:\/\/lazari.com.br\/site\/wp-content\/uploads\/2021\/06\/2007-PT-Nacional-01-Destaque-600x450.jpg 600w, http:\/\/lazari.com.br\/site\/wp-content\/uploads\/2021\/06\/2007-PT-Nacional-01-Destaque.jpg 640w\" sizes=\"(min-width: 2200px) 100vw, (min-width: 1124px) 390px, (min-width: 1032px) 585px, (min-width: 940px) 1032px, \" \/>\n\t\n\n\t\t<div class=\"fusion-rollover\">\n\t<div class=\"fusion-rollover-content\">\n\n\t\t\t\t\t\t\t\t\t\t\t\t\t\t<a class=\"fusion-rollover-link\" href=\"http:\/\/lazari.com.br\/site\/portfolio-items\/2007-pt-nacional\/\">2007 &#8211; PT Nacional<\/a>\n\t\t\t\n\t\t\t\t\t\t\t\t\t\t\t\t\t\t\n\t\t\t\t\t\t\t\t\n\t\t\t\t\t\t\t\t\t\t\t\t\t<div class=\"fusion-rollover-sep\"><\/div>\n\t\t\t\t\n\t\t\t\t\t\t\t\t\t\t\t\t\t\t\t\t\t\t<a class=\"fusion-rollover-gallery\" href=\"http:\/\/lazari.com.br\/site\/wp-content\/uploads\/2021\/06\/2007-PT-Nacional-01-Destaque.jpg\" data-id=\"13358\" data-rel=\"iLightbox[gallery-rw-1]\" data-title=\"2007-PT-Nacional-01-Destaque\" data-caption=\"\">\n\t\t\t\t\t\tGaleria\t\t\t\t\t<\/a>\n\t\t\t\t\t\t\t\t\t\t\t\t\t\t\n\t\t\n\t\t\t\t\t\t\t\t\t\t\t\t<h4 class=\"fusion-rollover-title\">\n\t\t\t\t\t<a class=\"fusion-rollover-title-link\" href=\"http:\/\/lazari.com.br\/site\/portfolio-items\/2007-pt-nacional\/\">\n\t\t\t\t\t\t2007 &#8211; PT Nacional\t\t\t\t\t<\/a>\n\t\t\t\t<\/h4>\n\t\t\t\n\t\t\t\t\t\t\t\t\t\t<div class=\"fusion-rollover-categories\"><a href=\"http:\/\/lazari.com.br\/site\/portfolio_category\/2007\/\" rel=\"tag\">2007<\/a>, <a href=\"http:\/\/lazari.com.br\/site\/portfolio_category\/institucional-partidario\/\" rel=\"tag\">Institucional Partid\u00e1rio<\/a><\/div>\t\t\t\t\t\n\t\t\n\t\t\t\t\t\t<a class=\"fusion-link-wrapper\" href=\"http:\/\/lazari.com.br\/site\/portfolio-items\/2007-pt-nacional\/\" aria-label=\"2007 &#8211; PT Nacional\"><\/a>\n\t<\/div>\n<\/div>\n\n\t\n<\/div>\n<\/div><\/article><article id=\"portfolio-1-post-13327\" class=\"fusion-portfolio-post 2006 presidente fusion-col-spacing post-13327\"><div class=\"fusion-portfolio-content-wrapper\" style=\"border:none;\"><span class=\"entry-title rich-snippet-hidden\">2006 &#8211; Lula (PT) Presidente &#8211; Brasil<\/span><span class=\"vcard rich-snippet-hidden\"><span class=\"fn\"><a href=\"http:\/\/lazari.com.br\/site\/author\/daniel\/\" title=\"Posts de Daniel\" rel=\"author\">Daniel<\/a><\/span><\/span><span class=\"updated rich-snippet-hidden\">2022-04-29T00:43:20-03:00<\/span>\n\n<div  class=\"fusion-image-wrapper\" aria-haspopup=\"true\">\n\t\n\t\n\t\n\t\t\n\t\t\t\t\t<img decoding=\"async\" width=\"640\" height=\"480\" src=\"http:\/\/lazari.com.br\/site\/wp-content\/uploads\/2021\/06\/2006-Lula-01-Destaque.jpg\" class=\"attachment-full size-full wp-post-image\" alt=\"\" srcset=\"http:\/\/lazari.com.br\/site\/wp-content\/uploads\/2021\/06\/2006-Lula-01-Destaque-200x150.jpg 200w, http:\/\/lazari.com.br\/site\/wp-content\/uploads\/2021\/06\/2006-Lula-01-Destaque-400x300.jpg 400w, http:\/\/lazari.com.br\/site\/wp-content\/uploads\/2021\/06\/2006-Lula-01-Destaque-600x450.jpg 600w, http:\/\/lazari.com.br\/site\/wp-content\/uploads\/2021\/06\/2006-Lula-01-Destaque.jpg 640w\" sizes=\"(min-width: 2200px) 100vw, (min-width: 1124px) 390px, (min-width: 1032px) 585px, (min-width: 940px) 1032px, \" \/>\n\t\n\n\t\t<div class=\"fusion-rollover\">\n\t<div class=\"fusion-rollover-content\">\n\n\t\t\t\t\t\t\t\t\t\t\t\t\t\t<a class=\"fusion-rollover-link\" href=\"http:\/\/lazari.com.br\/site\/portfolio-items\/2006-lula-pt-presidente-brasil\/\">2006 &#8211; Lula (PT) Presidente &#8211; Brasil<\/a>\n\t\t\t\n\t\t\t\t\t\t\t\t\t\t\t\t\t\t\n\t\t\t\t\t\t\t\t\n\t\t\t\t\t\t\t\t\t\t\t\t\t<div class=\"fusion-rollover-sep\"><\/div>\n\t\t\t\t\n\t\t\t\t\t\t\t\t\t\t\t\t\t\t\t\t\t\t<a class=\"fusion-rollover-gallery\" href=\"http:\/\/lazari.com.br\/site\/wp-content\/uploads\/2021\/06\/2006-Lula-01-Destaque.jpg\" data-id=\"13327\" data-rel=\"iLightbox[gallery-rw-1]\" data-title=\"2006-Lula-01-Destaque\" data-caption=\"\">\n\t\t\t\t\t\tGaleria\t\t\t\t\t<\/a>\n\t\t\t\t\t\t\t\t\t\t\t\t\t\t\n\t\t\n\t\t\t\t\t\t\t\t\t\t\t\t<h4 class=\"fusion-rollover-title\">\n\t\t\t\t\t<a class=\"fusion-rollover-title-link\" href=\"http:\/\/lazari.com.br\/site\/portfolio-items\/2006-lula-pt-presidente-brasil\/\">\n\t\t\t\t\t\t2006 &#8211; Lula (PT) Presidente &#8211; Brasil\t\t\t\t\t<\/a>\n\t\t\t\t<\/h4>\n\t\t\t\n\t\t\t\t\t\t\t\t\t\t<div class=\"fusion-rollover-categories\"><a href=\"http:\/\/lazari.com.br\/site\/portfolio_category\/2006\/\" rel=\"tag\">2006<\/a>, <a href=\"http:\/\/lazari.com.br\/site\/portfolio_category\/presidente\/\" rel=\"tag\">Presidente<\/a><\/div>\t\t\t\t\t\n\t\t\n\t\t\t\t\t\t<a class=\"fusion-link-wrapper\" href=\"http:\/\/lazari.com.br\/site\/portfolio-items\/2006-lula-pt-presidente-brasil\/\" aria-label=\"2006 &#8211; Lula (PT) Presidente &#8211; Brasil\"><\/a>\n\t<\/div>\n<\/div>\n\n\t\n<\/div>\n<\/div><\/article><article id=\"portfolio-1-post-13309\" class=\"fusion-portfolio-post 2004 prefeito fusion-col-spacing post-13309\"><div class=\"fusion-portfolio-content-wrapper\" style=\"border:none;\"><span class=\"entry-title rich-snippet-hidden\">2004 &#8211; Wilson Cerqueira (PT) Prefeito &#8211; Limeira\/SP<\/span><span class=\"vcard rich-snippet-hidden\"><span class=\"fn\"><a href=\"http:\/\/lazari.com.br\/site\/author\/daniel\/\" title=\"Posts de Daniel\" rel=\"author\">Daniel<\/a><\/span><\/span><span class=\"updated rich-snippet-hidden\">2022-04-29T00:41:54-03:00<\/span>\n\n<div  class=\"fusion-image-wrapper\" aria-haspopup=\"true\">\n\t\n\t\n\t\n\t\t\n\t\t\t\t\t<img decoding=\"async\" width=\"640\" height=\"480\" src=\"http:\/\/lazari.com.br\/site\/wp-content\/uploads\/2021\/06\/2004-Wilson-Cerqueira-01-Destaque.jpg\" class=\"attachment-full size-full wp-post-image\" alt=\"\" srcset=\"http:\/\/lazari.com.br\/site\/wp-content\/uploads\/2021\/06\/2004-Wilson-Cerqueira-01-Destaque-200x150.jpg 200w, http:\/\/lazari.com.br\/site\/wp-content\/uploads\/2021\/06\/2004-Wilson-Cerqueira-01-Destaque-400x300.jpg 400w, http:\/\/lazari.com.br\/site\/wp-content\/uploads\/2021\/06\/2004-Wilson-Cerqueira-01-Destaque-600x450.jpg 600w, http:\/\/lazari.com.br\/site\/wp-content\/uploads\/2021\/06\/2004-Wilson-Cerqueira-01-Destaque.jpg 640w\" sizes=\"(min-width: 2200px) 100vw, (min-width: 1124px) 390px, (min-width: 1032px) 585px, (min-width: 940px) 1032px, \" \/>\n\t\n\n\t\t<div class=\"fusion-rollover\">\n\t<div class=\"fusion-rollover-content\">\n\n\t\t\t\t\t\t\t\t\t\t\t\t\t\t<a class=\"fusion-rollover-link\" href=\"http:\/\/lazari.com.br\/site\/portfolio-items\/2004-wilson-cerqueira-pt-prefeito-limeira-sp\/\">2004 &#8211; Wilson Cerqueira (PT) Prefeito &#8211; Limeira\/SP<\/a>\n\t\t\t\n\t\t\t\t\t\t\t\t\t\t\t\t\t\t\n\t\t\t\t\t\t\t\t\n\t\t\t\t\t\t\t\t\t\t\t\t\t<div class=\"fusion-rollover-sep\"><\/div>\n\t\t\t\t\n\t\t\t\t\t\t\t\t\t\t\t\t\t\t\t\t\t\t<a class=\"fusion-rollover-gallery\" href=\"http:\/\/lazari.com.br\/site\/wp-content\/uploads\/2021\/06\/2004-Wilson-Cerqueira-01-Destaque.jpg\" data-id=\"13309\" data-rel=\"iLightbox[gallery-rw-1]\" data-title=\"2004-Wilson-Cerqueira-01-Destaque\" data-caption=\"\">\n\t\t\t\t\t\tGaleria\t\t\t\t\t<\/a>\n\t\t\t\t\t\t\t\t\t\t\t\t\t\t\n\t\t\n\t\t\t\t\t\t\t\t\t\t\t\t<h4 class=\"fusion-rollover-title\">\n\t\t\t\t\t<a class=\"fusion-rollover-title-link\" href=\"http:\/\/lazari.com.br\/site\/portfolio-items\/2004-wilson-cerqueira-pt-prefeito-limeira-sp\/\">\n\t\t\t\t\t\t2004 &#8211; Wilson Cerqueira (PT) Prefeito &#8211; Limeira\/SP\t\t\t\t\t<\/a>\n\t\t\t\t<\/h4>\n\t\t\t\n\t\t\t\t\t\t\t\t\t\t<div class=\"fusion-rollover-categories\"><a href=\"http:\/\/lazari.com.br\/site\/portfolio_category\/2004\/\" rel=\"tag\">2004<\/a>, <a href=\"http:\/\/lazari.com.br\/site\/portfolio_category\/prefeito\/\" rel=\"tag\">Prefeito<\/a><\/div>\t\t\t\t\t\n\t\t\n\t\t\t\t\t\t<a class=\"fusion-link-wrapper\" href=\"http:\/\/lazari.com.br\/site\/portfolio-items\/2004-wilson-cerqueira-pt-prefeito-limeira-sp\/\" aria-label=\"2004 &#8211; Wilson Cerqueira (PT) Prefeito &#8211; Limeira\/SP\"><\/a>\n\t<\/div>\n<\/div>\n\n\t\n<\/div>\n<\/div><\/article><article id=\"portfolio-1-post-13301\" class=\"fusion-portfolio-post 2004 vereador fusion-col-spacing post-13301\"><div class=\"fusion-portfolio-content-wrapper\" style=\"border:none;\"><span class=\"entry-title rich-snippet-hidden\">2004 &#8211; Ronei Martins (PT) Vereador &#8211; Limeira\/SP<\/span><span class=\"vcard rich-snippet-hidden\"><span class=\"fn\"><a href=\"http:\/\/lazari.com.br\/site\/author\/daniel\/\" title=\"Posts de Daniel\" rel=\"author\">Daniel<\/a><\/span><\/span><span class=\"updated rich-snippet-hidden\">2022-04-29T00:41:39-03:00<\/span>\n\n<div  class=\"fusion-image-wrapper\" aria-haspopup=\"true\">\n\t\n\t\n\t\n\t\t\n\t\t\t\t\t<img decoding=\"async\" width=\"640\" height=\"480\" src=\"http:\/\/lazari.com.br\/site\/wp-content\/uploads\/2021\/06\/2004-Ronei-Martins-01-Destaque-1.jpg\" class=\"attachment-full size-full wp-post-image\" alt=\"\" srcset=\"http:\/\/lazari.com.br\/site\/wp-content\/uploads\/2021\/06\/2004-Ronei-Martins-01-Destaque-1-200x150.jpg 200w, http:\/\/lazari.com.br\/site\/wp-content\/uploads\/2021\/06\/2004-Ronei-Martins-01-Destaque-1-400x300.jpg 400w, http:\/\/lazari.com.br\/site\/wp-content\/uploads\/2021\/06\/2004-Ronei-Martins-01-Destaque-1-600x450.jpg 600w, http:\/\/lazari.com.br\/site\/wp-content\/uploads\/2021\/06\/2004-Ronei-Martins-01-Destaque-1.jpg 640w\" sizes=\"(min-width: 2200px) 100vw, (min-width: 1124px) 390px, (min-width: 1032px) 585px, (min-width: 940px) 1032px, \" \/>\n\t\n\n\t\t<div class=\"fusion-rollover\">\n\t<div class=\"fusion-rollover-content\">\n\n\t\t\t\t\t\t\t\t\t\t\t\t\t\t<a class=\"fusion-rollover-link\" href=\"http:\/\/lazari.com.br\/site\/portfolio-items\/2004-ronei-martins-pt-vereador-limeira-sp\/\">2004 &#8211; Ronei Martins (PT) Vereador &#8211; Limeira\/SP<\/a>\n\t\t\t\n\t\t\t\t\t\t\t\t\t\t\t\t\t\t\n\t\t\t\t\t\t\t\t\n\t\t\t\t\t\t\t\t\t\t\t\t\t<div class=\"fusion-rollover-sep\"><\/div>\n\t\t\t\t\n\t\t\t\t\t\t\t\t\t\t\t\t\t\t\t\t\t\t<a class=\"fusion-rollover-gallery\" href=\"http:\/\/lazari.com.br\/site\/wp-content\/uploads\/2021\/06\/2004-Ronei-Martins-01-Destaque-1.jpg\" data-id=\"13301\" data-rel=\"iLightbox[gallery-rw-1]\" data-title=\"2004-Ronei-Martins-01-Destaque\" data-caption=\"\">\n\t\t\t\t\t\tGaleria\t\t\t\t\t<\/a>\n\t\t\t\t\t\t\t\t\t\t\t\t\t\t\n\t\t\n\t\t\t\t\t\t\t\t\t\t\t\t<h4 class=\"fusion-rollover-title\">\n\t\t\t\t\t<a class=\"fusion-rollover-title-link\" href=\"http:\/\/lazari.com.br\/site\/portfolio-items\/2004-ronei-martins-pt-vereador-limeira-sp\/\">\n\t\t\t\t\t\t2004 &#8211; Ronei Martins (PT) Vereador &#8211; Limeira\/SP\t\t\t\t\t<\/a>\n\t\t\t\t<\/h4>\n\t\t\t\n\t\t\t\t\t\t\t\t\t\t<div class=\"fusion-rollover-categories\"><a href=\"http:\/\/lazari.com.br\/site\/portfolio_category\/2004\/\" rel=\"tag\">2004<\/a>, <a href=\"http:\/\/lazari.com.br\/site\/portfolio_category\/vereador\/\" rel=\"tag\">Vereador<\/a><\/div>\t\t\t\t\t\n\t\t\n\t\t\t\t\t\t<a class=\"fusion-link-wrapper\" href=\"http:\/\/lazari.com.br\/site\/portfolio-items\/2004-ronei-martins-pt-vereador-limeira-sp\/\" aria-label=\"2004 &#8211; Ronei Martins (PT) Vereador &#8211; Limeira\/SP\"><\/a>\n\t<\/div>\n<\/div>\n\n\t\n<\/div>\n<\/div><\/article><article id=\"portfolio-1-post-13285\" class=\"fusion-portfolio-post 2004 prefeito fusion-col-spacing post-13285\"><div class=\"fusion-portfolio-content-wrapper\" style=\"border:none;\"><span class=\"entry-title rich-snippet-hidden\">2004 &#8211; Jos\u00e9 Ronaldo (PFL) Prefeito &#8211; Feira de Santana\/BA<\/span><span class=\"vcard rich-snippet-hidden\"><span class=\"fn\"><a href=\"http:\/\/lazari.com.br\/site\/author\/daniel\/\" title=\"Posts de Daniel\" rel=\"author\">Daniel<\/a><\/span><\/span><span class=\"updated rich-snippet-hidden\">2022-04-29T00:41:11-03:00<\/span>\n\n<div  class=\"fusion-image-wrapper\" aria-haspopup=\"true\">\n\t\n\t\n\t\n\t\t\n\t\t\t\t\t<img decoding=\"async\" width=\"640\" height=\"480\" src=\"http:\/\/lazari.com.br\/site\/wp-content\/uploads\/2021\/06\/2004-Jose-Ronaldo-01-Destaque.jpg\" class=\"attachment-full size-full wp-post-image\" alt=\"\" srcset=\"http:\/\/lazari.com.br\/site\/wp-content\/uploads\/2021\/06\/2004-Jose-Ronaldo-01-Destaque-200x150.jpg 200w, http:\/\/lazari.com.br\/site\/wp-content\/uploads\/2021\/06\/2004-Jose-Ronaldo-01-Destaque-400x300.jpg 400w, http:\/\/lazari.com.br\/site\/wp-content\/uploads\/2021\/06\/2004-Jose-Ronaldo-01-Destaque-600x450.jpg 600w, http:\/\/lazari.com.br\/site\/wp-content\/uploads\/2021\/06\/2004-Jose-Ronaldo-01-Destaque.jpg 640w\" sizes=\"(min-width: 2200px) 100vw, (min-width: 1124px) 390px, (min-width: 1032px) 585px, (min-width: 940px) 1032px, \" \/>\n\t\n\n\t\t<div class=\"fusion-rollover\">\n\t<div class=\"fusion-rollover-content\">\n\n\t\t\t\t\t\t\t\t\t\t\t\t\t\t<a class=\"fusion-rollover-link\" href=\"http:\/\/lazari.com.br\/site\/portfolio-items\/2004-jose-ronaldo-pfl-prefeito-feira-de-santana-ba\/\">2004 &#8211; Jos\u00e9 Ronaldo (PFL) Prefeito &#8211; Feira de Santana\/BA<\/a>\n\t\t\t\n\t\t\t\t\t\t\t\t\t\t\t\t\t\t\n\t\t\t\t\t\t\t\t\n\t\t\t\t\t\t\t\t\t\t\t\t\t<div class=\"fusion-rollover-sep\"><\/div>\n\t\t\t\t\n\t\t\t\t\t\t\t\t\t\t\t\t\t\t\t\t\t\t<a class=\"fusion-rollover-gallery\" href=\"http:\/\/lazari.com.br\/site\/wp-content\/uploads\/2021\/06\/2004-Jose-Ronaldo-01-Destaque.jpg\" data-id=\"13285\" data-rel=\"iLightbox[gallery-rw-1]\" data-title=\"2004-Jos\u00e9-Ronaldo-01-Destaque\" data-caption=\"\">\n\t\t\t\t\t\tGaleria\t\t\t\t\t<\/a>\n\t\t\t\t\t\t\t\t\t\t\t\t\t\t\n\t\t\n\t\t\t\t\t\t\t\t\t\t\t\t<h4 class=\"fusion-rollover-title\">\n\t\t\t\t\t<a class=\"fusion-rollover-title-link\" href=\"http:\/\/lazari.com.br\/site\/portfolio-items\/2004-jose-ronaldo-pfl-prefeito-feira-de-santana-ba\/\">\n\t\t\t\t\t\t2004 &#8211; Jos\u00e9 Ronaldo (PFL) Prefeito &#8211; Feira de Santana\/BA\t\t\t\t\t<\/a>\n\t\t\t\t<\/h4>\n\t\t\t\n\t\t\t\t\t\t\t\t\t\t<div class=\"fusion-rollover-categories\"><a href=\"http:\/\/lazari.com.br\/site\/portfolio_category\/2004\/\" rel=\"tag\">2004<\/a>, <a href=\"http:\/\/lazari.com.br\/site\/portfolio_category\/prefeito\/\" rel=\"tag\">Prefeito<\/a><\/div>\t\t\t\t\t\n\t\t\n\t\t\t\t\t\t<a class=\"fusion-link-wrapper\" href=\"http:\/\/lazari.com.br\/site\/portfolio-items\/2004-jose-ronaldo-pfl-prefeito-feira-de-santana-ba\/\" aria-label=\"2004 &#8211; Jos\u00e9 Ronaldo (PFL) Prefeito &#8211; Feira de Santana\/BA\"><\/a>\n\t<\/div>\n<\/div>\n\n\t\n<\/div>\n<\/div><\/article><article id=\"portfolio-1-post-13279\" class=\"fusion-portfolio-post 2004 prefeito fusion-col-spacing post-13279\"><div class=\"fusion-portfolio-content-wrapper\" style=\"border:none;\"><span class=\"entry-title rich-snippet-hidden\">2004 &#8211; Barjas Negri (PSDB) Prefeito &#8211; Piracicaba\/SP<\/span><span class=\"vcard rich-snippet-hidden\"><span class=\"fn\"><a href=\"http:\/\/lazari.com.br\/site\/author\/daniel\/\" title=\"Posts de Daniel\" rel=\"author\">Daniel<\/a><\/span><\/span><span class=\"updated rich-snippet-hidden\">2022-04-29T00:41:00-03:00<\/span>\n\n<div  class=\"fusion-image-wrapper\" aria-haspopup=\"true\">\n\t\n\t\n\t\n\t\t\n\t\t\t\t\t<img decoding=\"async\" width=\"640\" height=\"480\" src=\"http:\/\/lazari.com.br\/site\/wp-content\/uploads\/2021\/06\/2004-Barjas-Negri-01-Destaque.jpg\" class=\"attachment-full size-full wp-post-image\" alt=\"\" srcset=\"http:\/\/lazari.com.br\/site\/wp-content\/uploads\/2021\/06\/2004-Barjas-Negri-01-Destaque-200x150.jpg 200w, http:\/\/lazari.com.br\/site\/wp-content\/uploads\/2021\/06\/2004-Barjas-Negri-01-Destaque-400x300.jpg 400w, http:\/\/lazari.com.br\/site\/wp-content\/uploads\/2021\/06\/2004-Barjas-Negri-01-Destaque-600x450.jpg 600w, http:\/\/lazari.com.br\/site\/wp-content\/uploads\/2021\/06\/2004-Barjas-Negri-01-Destaque.jpg 640w\" sizes=\"(min-width: 2200px) 100vw, (min-width: 1124px) 390px, (min-width: 1032px) 585px, (min-width: 940px) 1032px, \" \/>\n\t\n\n\t\t<div class=\"fusion-rollover\">\n\t<div class=\"fusion-rollover-content\">\n\n\t\t\t\t\t\t\t\t\t\t\t\t\t\t<a class=\"fusion-rollover-link\" href=\"http:\/\/lazari.com.br\/site\/portfolio-items\/2004-barjas-negri-psdb-prefeito-piracicaba-sp\/\">2004 &#8211; Barjas Negri (PSDB) Prefeito &#8211; Piracicaba\/SP<\/a>\n\t\t\t\n\t\t\t\t\t\t\t\t\t\t\t\t\t\t\n\t\t\t\t\t\t\t\t\n\t\t\t\t\t\t\t\t\t\t\t\t\t<div class=\"fusion-rollover-sep\"><\/div>\n\t\t\t\t\n\t\t\t\t\t\t\t\t\t\t\t\t\t\t\t\t\t\t<a class=\"fusion-rollover-gallery\" href=\"http:\/\/lazari.com.br\/site\/wp-content\/uploads\/2021\/06\/2004-Barjas-Negri-01-Destaque.jpg\" data-id=\"13279\" data-rel=\"iLightbox[gallery-rw-1]\" data-title=\"2004-Barjas-Negri-01-Destaque\" data-caption=\"\">\n\t\t\t\t\t\tGaleria\t\t\t\t\t<\/a>\n\t\t\t\t\t\t\t\t\t\t\t\t\t\t\n\t\t\n\t\t\t\t\t\t\t\t\t\t\t\t<h4 class=\"fusion-rollover-title\">\n\t\t\t\t\t<a class=\"fusion-rollover-title-link\" href=\"http:\/\/lazari.com.br\/site\/portfolio-items\/2004-barjas-negri-psdb-prefeito-piracicaba-sp\/\">\n\t\t\t\t\t\t2004 &#8211; Barjas Negri (PSDB) Prefeito &#8211; Piracicaba\/SP\t\t\t\t\t<\/a>\n\t\t\t\t<\/h4>\n\t\t\t\n\t\t\t\t\t\t\t\t\t\t<div class=\"fusion-rollover-categories\"><a href=\"http:\/\/lazari.com.br\/site\/portfolio_category\/2004\/\" rel=\"tag\">2004<\/a>, <a href=\"http:\/\/lazari.com.br\/site\/portfolio_category\/prefeito\/\" rel=\"tag\">Prefeito<\/a><\/div>\t\t\t\t\t\n\t\t\n\t\t\t\t\t\t<a class=\"fusion-link-wrapper\" href=\"http:\/\/lazari.com.br\/site\/portfolio-items\/2004-barjas-negri-psdb-prefeito-piracicaba-sp\/\" aria-label=\"2004 &#8211; Barjas Negri (PSDB) Prefeito &#8211; Piracicaba\/SP\"><\/a>\n\t<\/div>\n<\/div>\n\n\t\n<\/div>\n<\/div><\/article><article id=\"portfolio-1-post-13268\" class=\"fusion-portfolio-post 2002 prefeito fusion-col-spacing post-13268\"><div class=\"fusion-portfolio-content-wrapper\" style=\"border:none;\"><span class=\"entry-title rich-snippet-hidden\">2002 &#8211; Silvio F\u00e9lix (PDT) Prefeito &#8211; Limeira\/SP<\/span><span class=\"vcard rich-snippet-hidden\"><span class=\"fn\"><a href=\"http:\/\/lazari.com.br\/site\/author\/daniel\/\" title=\"Posts de Daniel\" rel=\"author\">Daniel<\/a><\/span><\/span><span class=\"updated rich-snippet-hidden\">2022-04-29T00:40:47-03:00<\/span>\n\n<div  class=\"fusion-image-wrapper\" aria-haspopup=\"true\">\n\t\n\t\n\t\n\t\t\n\t\t\t\t\t<img decoding=\"async\" width=\"640\" height=\"480\" src=\"http:\/\/lazari.com.br\/site\/wp-content\/uploads\/2021\/06\/2002-Silvio-Felix-01-Destaque-1.jpg\" class=\"attachment-full size-full wp-post-image\" alt=\"\" srcset=\"http:\/\/lazari.com.br\/site\/wp-content\/uploads\/2021\/06\/2002-Silvio-Felix-01-Destaque-1-200x150.jpg 200w, http:\/\/lazari.com.br\/site\/wp-content\/uploads\/2021\/06\/2002-Silvio-Felix-01-Destaque-1-400x300.jpg 400w, http:\/\/lazari.com.br\/site\/wp-content\/uploads\/2021\/06\/2002-Silvio-Felix-01-Destaque-1-600x450.jpg 600w, http:\/\/lazari.com.br\/site\/wp-content\/uploads\/2021\/06\/2002-Silvio-Felix-01-Destaque-1.jpg 640w\" sizes=\"(min-width: 2200px) 100vw, (min-width: 1124px) 390px, (min-width: 1032px) 585px, (min-width: 940px) 1032px, \" \/>\n\t\n\n\t\t<div class=\"fusion-rollover\">\n\t<div class=\"fusion-rollover-content\">\n\n\t\t\t\t\t\t\t\t\t\t\t\t\t\t<a class=\"fusion-rollover-link\" href=\"http:\/\/lazari.com.br\/site\/portfolio-items\/2002-silvio-felix-pdt-prefeito-limeira-sp\/\">2002 &#8211; Silvio F\u00e9lix (PDT) Prefeito &#8211; Limeira\/SP<\/a>\n\t\t\t\n\t\t\t\t\t\t\t\t\t\t\t\t\t\t\n\t\t\t\t\t\t\t\t\n\t\t\t\t\t\t\t\t\t\t\t\t\t<div class=\"fusion-rollover-sep\"><\/div>\n\t\t\t\t\n\t\t\t\t\t\t\t\t\t\t\t\t\t\t\t\t\t\t<a class=\"fusion-rollover-gallery\" href=\"http:\/\/lazari.com.br\/site\/wp-content\/uploads\/2021\/06\/2002-Silvio-Felix-01-Destaque-1.jpg\" data-id=\"13268\" data-rel=\"iLightbox[gallery-rw-1]\" data-title=\"2002-Silvio-Felix-01-Destaque\" data-caption=\"\">\n\t\t\t\t\t\tGaleria\t\t\t\t\t<\/a>\n\t\t\t\t\t\t\t\t\t\t\t\t\t\t\n\t\t\n\t\t\t\t\t\t\t\t\t\t\t\t<h4 class=\"fusion-rollover-title\">\n\t\t\t\t\t<a class=\"fusion-rollover-title-link\" href=\"http:\/\/lazari.com.br\/site\/portfolio-items\/2002-silvio-felix-pdt-prefeito-limeira-sp\/\">\n\t\t\t\t\t\t2002 &#8211; Silvio F\u00e9lix (PDT) Prefeito &#8211; Limeira\/SP\t\t\t\t\t<\/a>\n\t\t\t\t<\/h4>\n\t\t\t\n\t\t\t\t\t\t\t\t\t\t<div class=\"fusion-rollover-categories\"><a href=\"http:\/\/lazari.com.br\/site\/portfolio_category\/2002\/\" rel=\"tag\">2002<\/a>, <a href=\"http:\/\/lazari.com.br\/site\/portfolio_category\/prefeito\/\" rel=\"tag\">Prefeito<\/a><\/div>\t\t\t\t\t\n\t\t\n\t\t\t\t\t\t<a class=\"fusion-link-wrapper\" href=\"http:\/\/lazari.com.br\/site\/portfolio-items\/2002-silvio-felix-pdt-prefeito-limeira-sp\/\" aria-label=\"2002 &#8211; Silvio F\u00e9lix (PDT) Prefeito &#8211; Limeira\/SP\"><\/a>\n\t<\/div>\n<\/div>\n\n\t\n<\/div>\n<\/div><\/article><\/div><\/div><\/div><style type=\"text\/css\">.fusion-body .fusion-builder-column-0{width:100% !important;margin-top : 0px;margin-bottom : 0px;}.fusion-builder-column-0 > .fusion-column-wrapper {padding-top : 0px !important;padding-right : 0px !important;margin-right : 0px;padding-bottom : 0px !important;padding-left : 0px !important;margin-left : 0px;}@media only screen and (max-width:1024px) {.fusion-body .fusion-builder-column-0{width:100% !important;}.fusion-builder-column-0 > .fusion-column-wrapper {margin-right : 0px;margin-left : 0px;}}@media only screen and (max-width:640px) {.fusion-body .fusion-builder-column-0{width:100% !important;}.fusion-builder-column-0 > .fusion-column-wrapper {margin-right : 0px;margin-left : 0px;}}<\/style><\/div><\/div><style type=\"text\/css\">.fusion-body .fusion-flex-container.fusion-builder-row-1{ padding-top : 0px;margin-top : 0px;padding-right : 0px;padding-bottom : 0px;margin-bottom : 0px;padding-left : 0px;}<\/style><\/div><div class=\"fusion-fullwidth fullwidth-box fusion-builder-row-2 fusion-flex-container nonhundred-percent-fullwidth non-hundred-percent-height-scrolling\" style=\"background-color: #6796bf;background-position: left center;background-repeat: no-repeat;border-width: 0px 0px 0px 0px;border-color:#eae9e9;border-style:solid;\" ><div class=\"fusion-builder-row fusion-row fusion-flex-align-items-center\" style=\"max-width:calc( 1170px + 0px );margin-left: calc(-0px \/ 2 );margin-right: calc(-0px \/ 2 );\"><div class=\"fusion-layout-column fusion_builder_column fusion-builder-column-1 fusion_builder_column_1_1 1_1 fusion-flex-column fusion-flex-align-self-flex-start fusion-column-no-min-height\"><div class=\"fusion-column-wrapper fusion-flex-justify-content-flex-start fusion-content-layout-column\" style=\"background-position:left top;background-repeat:no-repeat;-webkit-background-size:cover;-moz-background-size:cover;-o-background-size:cover;background-size:cover;padding: 0px 0px 0px 0px;\"><style type=\"text\/css\">@media only screen and (max-width:1024px) {.fusion-title.fusion-title-1{margin-top:20px!important; margin-right:0px!important;margin-bottom:20px!important;margin-left:0px!important;}}@media only screen and (max-width:640px) {.fusion-title.fusion-title-1{margin-top:0px!important; margin-right:0px!important;margin-bottom:20px!important; margin-left:0px!important;}}<\/style><div class=\"fusion-title title fusion-title-1 fusion-title-center fusion-title-text fusion-title-size-two\" style=\"margin-top:20px;margin-right:0px;margin-bottom:20px;margin-left:0px;\"><div class=\"title-sep-container title-sep-container-left\"><div class=\"title-sep sep-\" style=\"border-color:#e0dede;\"><\/div><\/div><h2 class=\"title-heading-center\" style=\"margin:0;color:#ffffff;\">Campanha completa. Consultoria. Dire\u00e7\u00e3o para programas de r\u00e1dio e TV. Roteiros para programas de TV. Prepara\u00e7\u00e3o e acompanhamento em debates.<\/h2><div class=\"title-sep-container title-sep-container-right\"><div class=\"title-sep sep-\" style=\"border-color:#e0dede;\"><\/div><\/div><\/div><\/div><style type=\"text\/css\">.fusion-body .fusion-builder-column-1{width:100% !important;margin-top : 20px;margin-bottom : 20px;}.fusion-builder-column-1 > .fusion-column-wrapper {padding-top : 0px !important;padding-right : 0px !important;margin-right : 0px;padding-bottom : 0px !important;padding-left : 0px !important;margin-left : 0px;}@media only screen and (max-width:1024px) {.fusion-body .fusion-builder-column-1{width:100% !important;}.fusion-builder-column-1 > .fusion-column-wrapper {margin-right : 0px;margin-left : 0px;}}@media only screen and (max-width:640px) {.fusion-body .fusion-builder-column-1{width:100% !important;}.fusion-builder-column-1 > .fusion-column-wrapper {margin-right : 0px;margin-left : 0px;}}<\/style><\/div><\/div><style type=\"text\/css\">.fusion-body .fusion-flex-container.fusion-builder-row-2{ padding-top : 0px;margin-top : 0px;padding-right : 0px;padding-bottom : 0px;margin-bottom : 0px;padding-left : 0px;}<\/style><\/div><div class=\"fusion-fullwidth fullwidth-box fusion-builder-row-3 fusion-flex-container nonhundred-percent-fullwidth non-hundred-percent-height-scrolling\" style=\"background-color: rgba(255,255,255,0);background-position: left top;background-repeat: repeat;border-width: 0px 0px 0px 0px;border-color:#eae9e9;border-style:solid;\" ><div class=\"fusion-builder-row fusion-row fusion-flex-align-items-flex-start\" style=\"max-width:1216.8px;margin-left: calc(-4% \/ 2 );margin-right: calc(-4% \/ 2 );\"><div class=\"fusion-layout-column fusion_builder_column fusion-builder-column-2 fusion_builder_column_1_1 1_1 fusion-flex-column fusion-flex-align-self-flex-start fusion-column-no-min-height\"><div class=\"fusion-column-wrapper fusion-flex-justify-content-flex-start fusion-content-layout-column\" style=\"background-position:left top;background-repeat:no-repeat;-webkit-background-size:cover;-moz-background-size:cover;-o-background-size:cover;background-size:cover;padding: 0px 0px 0px 0px;\"><div class=\"fusion-separator\" style=\"align-self: center;margin-left: auto;margin-right: auto;margin-top:10px;margin-bottom:65px;width:100%;max-width:350px;\"><div class=\"fusion-separator-border sep-single sep-solid\" style=\"border-color:rgba(000,000,000,.3);border-top-width:1px;\"><\/div><\/div><style type=\"text\/css\">@media only screen and (max-width:1024px) {.fusion-title.fusion-title-2{margin-top:0px!important; margin-right:0px!important;margin-bottom:30px!important;margin-left:0px!important;}}@media only screen and (max-width:640px) {.fusion-title.fusion-title-2{margin-top:0px!important; margin-right:0px!important;margin-bottom:20px!important; margin-left:0px!important;}}<\/style><div class=\"fusion-title title fusion-title-2 fusion-title-center fusion-title-text fusion-title-size-one\" style=\"margin-top:0px;margin-right:0px;margin-bottom:30px;margin-left:0px;\"><div class=\"title-sep-container title-sep-container-left\"><div class=\"title-sep sep-\" style=\"border-color:#e0dede;\"><\/div><\/div><h1 class=\"title-heading-center\" style=\"margin:0;\">Contagem regressiva para as elei\u00e7\u00f5es de 2022<\/h1><div class=\"title-sep-container title-sep-container-right\"><div class=\"title-sep sep-\" style=\"border-color:#e0dede;\"><\/div><\/div><\/div><div class=\"fusion-countdown fusion-countdown-1 fusion-countdown-floated fusion-countdown-label-text_flow\"><style type=\"text\/css\">.fusion-countdown-1 {background-color:#a0ce4e;margin-top:;margin-bottom:;margin-left:;margin-right:;}.fusion-countdown-1 .fusion-dash-wrapper{padding:5px;}.fusion-countdown-1 .fusion-dash{background-color:#333333;padding:0.6em 1.1em 0.6em 1.1em;border-radius:4px;}.fusion-countdown-1 .fusion-dash.fusion-dash{border:0px solid #1d242d;}.fusion-countdown-1 .fusion-countdown-counter-wrapper,.fusion-countdown-1 .fusion-dash-title,.fusion-countdown-1 .fusion-countdown-heading{font-size:18px;color:#ffffff;}.fusion-countdown-1 .fusion-countdown-subheading{font-size:14px;color:#ffffff;}.fusion-countdown-1  .fusion-countdown-link{color:#ffffff;}<\/style><div class=\"fusion-countdown-heading-wrapper\"><div class=\"fusion-countdown-subheading\"><\/div><div class=\"fusion-countdown-heading\"><\/div><\/div><div class=\"fusion-countdown-counter-wrapper\" id=\"fusion-countdown-1\" data-gmt-offset=\"-3\" data-timer=\"2022-10-02-08-00-00\" data-omit-weeks=\"1\"><div class=\"fusion-dash-wrapper \"><div class=\"fusion-dash fusion-dash-days\"><div class=\"fusion-digit-wrapper\"><div class=\"fusion-thousand-digit fusion-digit\">0<\/div><div class=\"fusion-hundred-digit fusion-digit\">0<\/div><div class=\"fusion-digit\">0<\/div><div class=\"fusion-digit\">0<\/div><\/div><div class=\"fusion-dash-title\">Days<\/div><\/div><\/div><div class=\"fusion-dash-wrapper \"><div class=\"fusion-dash fusion-dash-hours\"><div class=\"fusion-digit-wrapper\"><div class=\"fusion-digit\">0<\/div><div class=\"fusion-digit\">0<\/div><\/div><div class=\"fusion-dash-title\">Hrs<\/div><\/div><\/div><div class=\"fusion-dash-wrapper \"><div class=\"fusion-dash fusion-dash-minutes\"><div class=\"fusion-digit-wrapper\"><div class=\"fusion-digit\">0<\/div><div class=\"fusion-digit\">0<\/div><\/div><div class=\"fusion-dash-title\">Min<\/div><\/div><\/div><div class=\"fusion-dash-wrapper \"><div class=\"fusion-dash fusion-dash-seconds\"><div class=\"fusion-digit-wrapper\"><div class=\"fusion-digit\">0<\/div><div class=\"fusion-digit\">0<\/div><\/div><div class=\"fusion-dash-title\">Sec<\/div><\/div><\/div><\/div><\/div><div class=\"fusion-section-separator section-separator triangle fusion-section-separator-1\"><div class=\"fusion-section-separator-svg\" style=\"border-top:1px solid #f6f6f6;\"><div class=\"divider-candy-arrow top\" style=\"bottom:0px;border-bottom-color: #f6f6f6;\"><\/div><div class=\"divider-candy top\" style=\"top:-21px;border-bottom:1px solid #f6f6f6;border-left:1px solid #f6f6f6;\"><\/div><\/div><div class=\"fusion-section-separator-spacer\"><div class=\"fusion-section-separator-spacer-height\" style=\"height:1px;\"><\/div><\/div><style type=\"text\/css\">.fusion-section-separator-1 .fusion-section-separator-svg {margin-left:1.92%;margin-right:1.92%;}@media only screen and (max-width:1024px) {.fusion-section-separator-1 .fusion-section-separator-svg {margin-left:1.92%;margin-right:1.92%;}}@media only screen and (max-width:640px) {.fusion-section-separator-1 .fusion-section-separator-svg {margin-left:1.92%;margin-right:1.92%;}}<\/style><\/div><style type=\"text\/css\">@media only screen and (max-width:1024px) {.fusion-title.fusion-title-3{margin-top:0px!important; margin-right:0px!important;margin-bottom:30px!important;margin-left:0px!important;}}@media only screen and (max-width:640px) {.fusion-title.fusion-title-3{margin-top:0px!important; margin-right:0px!important;margin-bottom:20px!important; margin-left:0px!important;}}<\/style><div class=\"fusion-title title fusion-title-3 fusion-title-center fusion-title-text fusion-title-size-one\" style=\"margin-top:0px;margin-right:0px;margin-bottom:30px;margin-left:0px;\"><div class=\"title-sep-container title-sep-container-left\"><div class=\"title-sep sep-\" style=\"border-color:#e0dede;\"><\/div><\/div><h1 class=\"title-heading-center\" style=\"margin:0;\">Voc\u00ea e sua equipe est\u00e3o preparados?<\/h1><div class=\"title-sep-container title-sep-container-right\"><div class=\"title-sep sep-\" style=\"border-color:#e0dede;\"><\/div><\/div><\/div><\/div><style type=\"text\/css\">.fusion-body .fusion-builder-column-2{width:100% !important;margin-top : 0px;margin-bottom : 0px;}.fusion-builder-column-2 > .fusion-column-wrapper {padding-top : 0px !important;padding-right : 0px !important;margin-right : 1.92%;padding-bottom : 0px !important;padding-left : 0px !important;margin-left : 1.92%;}@media only screen and (max-width:1024px) {.fusion-body .fusion-builder-column-2{width:100% !important;}.fusion-builder-column-2 > .fusion-column-wrapper {margin-right : 1.92%;margin-left : 1.92%;}}@media only screen and (max-width:640px) {.fusion-body .fusion-builder-column-2{width:100% !important;}.fusion-builder-column-2 > .fusion-column-wrapper {margin-right : 1.92%;margin-left : 1.92%;}}<\/style><\/div><div class=\"fusion-layout-column fusion_builder_column fusion-builder-column-3 fusion_builder_column_1_5 1_5 fusion-flex-column\"><div class=\"fusion-column-wrapper fusion-flex-justify-content-flex-start fusion-content-layout-column\" style=\"background-position:left top;background-repeat:no-repeat;-webkit-background-size:cover;-moz-background-size:cover;-o-background-size:cover;background-size:cover;padding: 0px 0px 0px 0px;\"><div class=\"fusion-counters-circle counters-circle\"><div class=\"counter-circle-wrapper\" style=\"height:200px;width:200px;\" data-originalsize=\"200\" data-animationOffset=\"100%\"><div class=\"fusion-counter-circle counter-circle counter-circle-content\" data-percent=\"20\" data-countdown=\"\" data-filledcolor=\"#6798bd\" data-unfilledcolor=\"rgba(000,000,000,.05)\" data-scale=\"\" data-size=\"200\" data-speed=\"1500\" data-strokesize=\"10\" style=\"font-size:45.454545454545px;height:200px;width:200px;\"><div class=\"fusion-counter-circle-content-inner\"><i class=\"fb-icon-element-1 fb-icon-element fontawesome-icon fa-comments fas circle-no\" style=\"font-size:40px;align-self:center;\"><\/i><style>i.fb-icon-element.fontawesome-icon.fb-icon-element-1{ color: #6798bd;}i.fb-icon-element.fontawesome-icon.fb-icon-element-1:hover { color: #6798bd;}<\/style><\/div><\/div><\/div><\/div><div class=\"fusion-text fusion-text-1\"><h3 style=\"text-align: center;\">1. Primeiras Reuni\u00f5es<\/h3>\n<\/div><div class=\"fusion-separator\" style=\"align-self: center;margin-left: auto;margin-right: auto;margin-top:5px;margin-bottom:25px;width:100%;max-width:120px;\"><div class=\"fusion-separator-border sep-single sep-solid\" style=\"border-color:rgba(000,000,000,.3);border-top-width:1px;\"><\/div><\/div><div class=\"fusion-text fusion-text-2\" style=\"text-align:center;\"><p>Essenciais para conhecermos as bandeiras pol\u00edticas do pol\u00edtico. Assessores e inten\u00e7\u00f5es eleitorais.<\/p>\n<\/div><\/div><style type=\"text\/css\">.fusion-body .fusion-builder-column-3{width:20% !important;margin-top : 0px;margin-bottom : 20px;}.fusion-builder-column-3 > .fusion-column-wrapper {padding-top : 0px !important;padding-right : 0px !important;margin-right : 9.6%;padding-bottom : 0px !important;padding-left : 0px !important;margin-left : 9.6%;}@media only screen and (max-width:1024px) {.fusion-body .fusion-builder-column-3{width:100% !important;}.fusion-builder-column-3 > .fusion-column-wrapper {margin-right : 1.92%;margin-left : 1.92%;}}@media only screen and (max-width:640px) {.fusion-body .fusion-builder-column-3{width:100% !important;}.fusion-builder-column-3 > .fusion-column-wrapper {margin-right : 1.92%;margin-left : 1.92%;}}<\/style><\/div><div class=\"fusion-layout-column fusion_builder_column fusion-builder-column-4 fusion_builder_column_1_5 1_5 fusion-flex-column\"><div class=\"fusion-column-wrapper fusion-flex-justify-content-flex-start fusion-content-layout-column\" style=\"background-position:left top;background-repeat:no-repeat;-webkit-background-size:cover;-moz-background-size:cover;-o-background-size:cover;background-size:cover;padding: 0px 0px 0px 0px;\"><div class=\"fusion-counters-circle counters-circle\"><div class=\"counter-circle-wrapper\" style=\"height:200px;width:200px;\" data-originalsize=\"200\" data-animationOffset=\"100%\"><div class=\"fusion-counter-circle counter-circle counter-circle-content\" data-percent=\"40\" data-countdown=\"\" data-filledcolor=\"#cea96c\" data-unfilledcolor=\"rgba(000,000,000,.05)\" data-scale=\"\" data-size=\"200\" data-speed=\"2500\" data-strokesize=\"10\" style=\"font-size:45.454545454545px;height:200px;width:200px;\"><div class=\"fusion-counter-circle-content-inner\"><i class=\"fb-icon-element-2 fb-icon-element fontawesome-icon fa-briefcase fas circle-no\" style=\"font-size:40px;align-self:center;\"><\/i><style>i.fb-icon-element.fontawesome-icon.fb-icon-element-2{ color: #cea96c;}i.fb-icon-element.fontawesome-icon.fb-icon-element-2:hover { color: #cea96c;}<\/style><\/div><\/div><\/div><\/div><div class=\"fusion-text fusion-text-3\"><h3 style=\"text-align: center;\">2. Estudo Eleitoral<\/h3>\n<\/div><div class=\"fusion-separator\" style=\"align-self: center;margin-left: auto;margin-right: auto;margin-top:5px;margin-bottom:25px;width:100%;max-width:120px;\"><div class=\"fusion-separator-border sep-single sep-solid\" style=\"border-color:rgba(000,000,000,.3);border-top-width:1px;\"><\/div><\/div><div class=\"fusion-text fusion-text-4\" style=\"text-align:center;\"><p>Conhecimento e t\u00e9cnica diferenciada. Ap\u00f3s alguns dias de estudo eleitoral \u00e9 poss\u00edvel tra\u00e7ar a melhor forma de percorrermos o caminho. Assim atingir o objetivo tra\u00e7ado pelo pol\u00edtico.<\/p>\n<\/div><\/div><style type=\"text\/css\">.fusion-body .fusion-builder-column-4{width:20% !important;margin-top : 0px;margin-bottom : 20px;}.fusion-builder-column-4 > .fusion-column-wrapper {padding-top : 0px !important;padding-right : 0px !important;margin-right : 9.6%;padding-bottom : 0px !important;padding-left : 0px !important;margin-left : 9.6%;}@media only screen and (max-width:1024px) {.fusion-body .fusion-builder-column-4{width:100% !important;}.fusion-builder-column-4 > .fusion-column-wrapper {margin-right : 1.92%;margin-left : 1.92%;}}@media only screen and (max-width:640px) {.fusion-body .fusion-builder-column-4{width:100% !important;}.fusion-builder-column-4 > .fusion-column-wrapper {margin-right : 1.92%;margin-left : 1.92%;}}<\/style><\/div><div class=\"fusion-layout-column fusion_builder_column fusion-builder-column-5 fusion_builder_column_1_5 1_5 fusion-flex-column\"><div class=\"fusion-column-wrapper fusion-flex-justify-content-flex-start fusion-content-layout-column\" style=\"background-position:left top;background-repeat:no-repeat;-webkit-background-size:cover;-moz-background-size:cover;-o-background-size:cover;background-size:cover;padding: 0px 0px 0px 0px;\"><div class=\"fusion-counters-circle counters-circle\"><div class=\"counter-circle-wrapper\" style=\"height:200px;width:200px;\" data-originalsize=\"200\" data-animationOffset=\"100%\"><div class=\"fusion-counter-circle counter-circle counter-circle-content\" data-percent=\"60\" data-countdown=\"\" data-filledcolor=\"#b7c289\" data-unfilledcolor=\"rgba(000,000,000,.05)\" data-scale=\"\" data-size=\"200\" data-speed=\"3500\" data-strokesize=\"10\" style=\"font-size:45.454545454545px;height:200px;width:200px;\"><div class=\"fusion-counter-circle-content-inner\"><i class=\"fb-icon-element-3 fb-icon-element fontawesome-icon fa-code fas circle-no\" style=\"font-size:40px;align-self:center;\"><\/i><style>i.fb-icon-element.fontawesome-icon.fb-icon-element-3{ color: #b7c289;}i.fb-icon-element.fontawesome-icon.fb-icon-element-3:hover { color: #b7c289;}<\/style><\/div><\/div><\/div><\/div><div class=\"fusion-text fusion-text-5\"><h3 style=\"text-align: center;\">3. Planejamento<\/h3>\n<\/div><div class=\"fusion-separator\" style=\"align-self: center;margin-left: auto;margin-right: auto;margin-top:5px;margin-bottom:25px;width:100%;max-width:120px;\"><div class=\"fusion-separator-border sep-single sep-solid\" style=\"border-color:rgba(000,000,000,.3);border-top-width:1px;\"><\/div><\/div><div class=\"fusion-text fusion-text-6\" style=\"text-align:center;\"><p>Etapa primordial para al\u00e9m de cumprimos os objetivos, cumprirmos de forma exemplar. N\u00e3o deixando para o futuro problemas que podem prejudicar a evolu\u00e7\u00e3o da vida p\u00fablica do pol\u00edtico.<\/p>\n<\/div><\/div><style type=\"text\/css\">.fusion-body .fusion-builder-column-5{width:20% !important;margin-top : 0px;margin-bottom : 20px;}.fusion-builder-column-5 > .fusion-column-wrapper {padding-top : 0px !important;padding-right : 0px !important;margin-right : 9.6%;padding-bottom : 0px !important;padding-left : 0px !important;margin-left : 9.6%;}@media only screen and (max-width:1024px) {.fusion-body .fusion-builder-column-5{width:100% !important;}.fusion-builder-column-5 > .fusion-column-wrapper {margin-right : 1.92%;margin-left : 1.92%;}}@media only screen and (max-width:640px) {.fusion-body .fusion-builder-column-5{width:100% !important;}.fusion-builder-column-5 > .fusion-column-wrapper {margin-right : 1.92%;margin-left : 1.92%;}}<\/style><\/div><div class=\"fusion-layout-column fusion_builder_column fusion-builder-column-6 fusion_builder_column_1_5 1_5 fusion-flex-column\"><div class=\"fusion-column-wrapper fusion-flex-justify-content-flex-start fusion-content-layout-column\" style=\"background-position:left top;background-repeat:no-repeat;-webkit-background-size:cover;-moz-background-size:cover;-o-background-size:cover;background-size:cover;padding: 0px 0px 0px 0px;\"><div class=\"fusion-counters-circle counters-circle\"><div class=\"counter-circle-wrapper\" style=\"height:200px;width:200px;\" data-originalsize=\"200\" data-animationOffset=\"100%\"><div class=\"fusion-counter-circle counter-circle counter-circle-content\" data-percent=\"80\" data-countdown=\"\" data-filledcolor=\"#c06d3f\" data-unfilledcolor=\"rgba(000,000,000,.05)\" data-scale=\"\" data-size=\"200\" data-speed=\"2500\" data-strokesize=\"10\" style=\"font-size:45.454545454545px;height:200px;width:200px;\"><div class=\"fusion-counter-circle-content-inner\"><i class=\"fb-icon-element-4 fb-icon-element fontawesome-icon fa-life-ring far circle-no\" style=\"font-size:40px;align-self:center;\"><\/i><style>i.fb-icon-element.fontawesome-icon.fb-icon-element-4{ color: #cea96c;}i.fb-icon-element.fontawesome-icon.fb-icon-element-4:hover { color: #cea96c;}<\/style><\/div><\/div><\/div><\/div><div class=\"fusion-text fusion-text-7\"><h3 style=\"text-align: center;\">4. Produ\u00e7\u00e3o<\/h3>\n<\/div><div class=\"fusion-separator\" style=\"align-self: center;margin-left: auto;margin-right: auto;margin-top:5px;margin-bottom:25px;width:100%;max-width:120px;\"><div class=\"fusion-separator-border sep-single sep-solid\" style=\"border-color:rgba(000,000,000,.3);border-top-width:1px;\"><\/div><\/div><div class=\"fusion-text fusion-text-8\" style=\"text-align:center;\"><p>Produ\u00e7\u00e3o veloz. Em per\u00edodo eleitoral o trabalho \u00e9 feito para o mesmo dia. Com equipe de trabalho funcional 24\/7 n\u00e3o existe brechas para \u201cdepois\u201d.<\/p>\n<\/div><\/div><style type=\"text\/css\">.fusion-body .fusion-builder-column-6{width:20% !important;margin-top : 0px;margin-bottom : 20px;}.fusion-builder-column-6 > .fusion-column-wrapper {padding-top : 0px !important;padding-right : 0px !important;margin-right : 9.6%;padding-bottom : 0px !important;padding-left : 0px !important;margin-left : 9.6%;}@media only screen and (max-width:1024px) {.fusion-body .fusion-builder-column-6{width:100% !important;}.fusion-builder-column-6 > .fusion-column-wrapper {margin-right : 1.92%;margin-left : 1.92%;}}@media only screen and (max-width:640px) {.fusion-body .fusion-builder-column-6{width:100% !important;}.fusion-builder-column-6 > .fusion-column-wrapper {margin-right : 1.92%;margin-left : 1.92%;}}<\/style><\/div><div class=\"fusion-layout-column fusion_builder_column fusion-builder-column-7 fusion_builder_column_1_5 1_5 fusion-flex-column\"><div class=\"fusion-column-wrapper fusion-flex-justify-content-flex-start fusion-content-layout-column\" style=\"background-position:left top;background-repeat:no-repeat;-webkit-background-size:cover;-moz-background-size:cover;-o-background-size:cover;background-size:cover;padding: 0px 0px 0px 0px;\"><div class=\"fusion-counters-circle counters-circle\"><div class=\"counter-circle-wrapper\" style=\"height:200px;width:200px;\" data-originalsize=\"200\" data-animationOffset=\"100%\"><div class=\"fusion-counter-circle counter-circle counter-circle-content\" data-percent=\"100\" data-countdown=\"\" data-filledcolor=\"#000000\" data-unfilledcolor=\"rgba(000,000,000,.05)\" data-scale=\"\" data-size=\"200\" data-speed=\"4500\" data-strokesize=\"10\" style=\"font-size:45.454545454545px;height:200px;width:200px;\"><div class=\"fusion-counter-circle-content-inner\"><i class=\"fb-icon-element-5 fb-icon-element fontawesome-icon fa-paper-plane far circle-no\" style=\"font-size:40px;align-self:center;\"><\/i><style>i.fb-icon-element.fontawesome-icon.fb-icon-element-5{ color: #000;}i.fb-icon-element.fontawesome-icon.fb-icon-element-5:hover { color: #000;}<\/style><\/div><\/div><\/div><\/div><div class=\"fusion-text fusion-text-9\"><h3 style=\"text-align: center;\">5. Entrega<\/h3>\n<\/div><div class=\"fusion-separator\" style=\"align-self: center;margin-left: auto;margin-right: auto;margin-top:5px;margin-bottom:25px;width:100%;max-width:120px;\"><div class=\"fusion-separator-border sep-single sep-solid\" style=\"border-color:rgba(000,000,000,.3);border-top-width:1px;\"><\/div><\/div><div class=\"fusion-text fusion-text-10\" style=\"text-align:center;\"><p>Feita com a melhor qualidade poss\u00edvel e no menor tempo exigido. A coordena\u00e7\u00e3o da campanha nunca quer ouvir sobre entregas de material \u201camanh\u00e3\u201d. Campanhas eleitorais exigem agilidade. \u00c9 tudo \u201cpra j\u00e1\u201d. Com esta velocidade. A comunica\u00e7\u00e3o eleitoral \u00e9 uma preocupa\u00e7\u00e3o a menos dentro da campanha.<\/p>\n<\/div><\/div><style type=\"text\/css\">.fusion-body .fusion-builder-column-7{width:20% !important;margin-top : 0px;margin-bottom : 20px;}.fusion-builder-column-7 > .fusion-column-wrapper {padding-top : 0px !important;padding-right : 0px !important;margin-right : 9.6%;padding-bottom : 0px !important;padding-left : 0px !important;margin-left : 9.6%;}@media only screen and (max-width:1024px) {.fusion-body .fusion-builder-column-7{width:100% !important;}.fusion-builder-column-7 > .fusion-column-wrapper {margin-right : 1.92%;margin-left : 1.92%;}}@media only screen and (max-width:640px) {.fusion-body .fusion-builder-column-7{width:100% !important;}.fusion-builder-column-7 > .fusion-column-wrapper {margin-right : 1.92%;margin-left : 1.92%;}}<\/style><\/div><\/div><style type=\"text\/css\">.fusion-body .fusion-flex-container.fusion-builder-row-3{ padding-top : 70px;margin-top : 0px;padding-right : 0px;padding-bottom : 50px;margin-bottom : 0px;padding-left : 0px;}<\/style><\/div><\/p>\n","protected":false},"excerpt":{"rendered":"","protected":false},"author":1,"featured_media":0,"parent":0,"menu_order":0,"comment_status":"open","ping_status":"closed","template":"100-width.php","meta":{"footnotes":""},"class_list":["post-13231","page","type-page","status-publish","hentry"],"_links":{"self":[{"href":"http:\/\/lazari.com.br\/site\/wp-json\/wp\/v2\/pages\/13231","targetHints":{"allow":["GET"]}}],"collection":[{"href":"http:\/\/lazari.com.br\/site\/wp-json\/wp\/v2\/pages"}],"about":[{"href":"http:\/\/lazari.com.br\/site\/wp-json\/wp\/v2\/types\/page"}],"author":[{"embeddable":true,"href":"http:\/\/lazari.com.br\/site\/wp-json\/wp\/v2\/users\/1"}],"replies":[{"embeddable":true,"href":"http:\/\/lazari.com.br\/site\/wp-json\/wp\/v2\/comments?post=13231"}],"version-history":[{"count":21,"href":"http:\/\/lazari.com.br\/site\/wp-json\/wp\/v2\/pages\/13231\/revisions"}],"predecessor-version":[{"id":13693,"href":"http:\/\/lazari.com.br\/site\/wp-json\/wp\/v2\/pages\/13231\/revisions\/13693"}],"wp:attachment":[{"href":"http:\/\/lazari.com.br\/site\/wp-json\/wp\/v2\/media?parent=13231"}],"curies":[{"name":"wp","href":"https:\/\/api.w.org\/{rel}","templated":true}]}}