{"id":13263,"date":"2021-05-30T17:15:50","date_gmt":"2021-05-30T20:15:50","guid":{"rendered":"http:\/\/lazari.com.br\/site\/?page_id=13263"},"modified":"2021-06-03T16:10:20","modified_gmt":"2021-06-03T19:10:20","slug":"prefeito","status":"publish","type":"page","link":"http:\/\/lazari.com.br\/site\/prefeito\/","title":{"rendered":"Prefeito"},"content":{"rendered":"<div class=\"fusion-fullwidth fullwidth-box fusion-builder-row-1 fusion-flex-container hundred-percent-fullwidth non-hundred-percent-height-scrolling\" style=\"background-color: rgba(255,255,255,0);background-position: left top;background-repeat: no-repeat;border-width: 0px 0px 0px 0px;border-color:#eae9e9;border-style:solid;\" ><div class=\"fusion-builder-row fusion-row fusion-flex-align-items-flex-start\" style=\"width:104% !important;max-width:104% !important;margin-left: calc(-4% \/ 2 );margin-right: calc(-4% \/ 2 );\"><div class=\"fusion-layout-column fusion_builder_column fusion-builder-column-0 fusion_builder_column_1_1 1_1 fusion-flex-column fusion-flex-align-self-flex-start fusion-column-no-min-height\"><div class=\"fusion-column-wrapper fusion-flex-justify-content-flex-start fusion-content-layout-column\" style=\"background-position:left top;background-repeat:no-repeat;-webkit-background-size:cover;-moz-background-size:cover;-o-background-size:cover;background-size:cover;padding: 0px 0px 0px 0px;\"><div class=\"fusion-recent-works fusion-portfolio-element fusion-portfolio fusion-portfolio-1 fusion-portfolio-grid fusion-portfolio-paging-pagination fusion-portfolio-three fusion-portfolio-no_text fusion-portfolio-rollover\" data-id=\"-rw-1\" data-columns=\"three\"><style type=\"text\/css\">.fusion-portfolio-1 .fusion-portfolio-wrapper .fusion-col-spacing{padding:0px;}<\/style><div class=\"fusion-portfolio-wrapper\" id=\"fusion-portfolio-1\" data-picturesize=\"auto\" data-pages=\"2\" style=\"margin:-0px;\"><article id=\"portfolio-1-post-13933\" class=\"fusion-portfolio-post 2020 prefeito fusion-col-spacing post-13933\"><div class=\"fusion-portfolio-content-wrapper\" style=\"border:none;\"><span class=\"entry-title rich-snippet-hidden\">2020 &#8211; Juninho (DEM) Prefeito &#8211; Rio Claro\/SP<\/span><span class=\"vcard rich-snippet-hidden\"><span class=\"fn\"><a href=\"http:\/\/lazari.com.br\/site\/author\/daniel\/\" title=\"Posts de Daniel\" rel=\"author\">Daniel<\/a><\/span><\/span><span class=\"updated rich-snippet-hidden\">2022-04-29T00:50:09-03:00<\/span>\n\n<div  class=\"fusion-image-wrapper\" aria-haspopup=\"true\">\n\t\n\t\n\t\n\t\t\n\t\t\t\t\t<img decoding=\"async\" width=\"640\" height=\"480\" src=\"http:\/\/lazari.com.br\/site\/wp-content\/uploads\/2021\/08\/2020-Juninho-01-Destaque.jpg\" class=\"attachment-full size-full wp-post-image\" alt=\"\" srcset=\"http:\/\/lazari.com.br\/site\/wp-content\/uploads\/2021\/08\/2020-Juninho-01-Destaque-200x150.jpg 200w, http:\/\/lazari.com.br\/site\/wp-content\/uploads\/2021\/08\/2020-Juninho-01-Destaque-400x300.jpg 400w, http:\/\/lazari.com.br\/site\/wp-content\/uploads\/2021\/08\/2020-Juninho-01-Destaque-600x450.jpg 600w, http:\/\/lazari.com.br\/site\/wp-content\/uploads\/2021\/08\/2020-Juninho-01-Destaque.jpg 640w\" sizes=\"(min-width: 2200px) 100vw, (min-width: 1124px) 390px, (min-width: 1032px) 585px, (min-width: 940px) 1032px, \" \/>\n\t\n\n\t\t<div class=\"fusion-rollover\">\n\t<div class=\"fusion-rollover-content\">\n\n\t\t\t\t\t\t\t\t\t\t\t\t\t\t<a class=\"fusion-rollover-link\" href=\"http:\/\/lazari.com.br\/site\/portfolio-items\/2020-juninho-dem-prefeito-rio-claro-sp\/?portfolioCats=37\">2020 &#8211; Juninho (DEM) Prefeito &#8211; Rio Claro\/SP<\/a>\n\t\t\t\n\t\t\t\t\t\t\t\t\t\t\t\t\t\t\n\t\t\t\t\t\t\t\t\n\t\t\t\t\t\t\t\t\t\t\t\t\t<div class=\"fusion-rollover-sep\"><\/div>\n\t\t\t\t\n\t\t\t\t\t\t\t\t\t\t\t\t\t\t\t\t\t\t<a class=\"fusion-rollover-gallery\" href=\"http:\/\/lazari.com.br\/site\/wp-content\/uploads\/2021\/08\/2020-Juninho-01-Destaque.jpg\" data-id=\"13933\" data-rel=\"iLightbox[gallery-rw-1]\" data-title=\"2020-Juninho-01-Destaque\" data-caption=\"\">\n\t\t\t\t\t\tGaleria\t\t\t\t\t<\/a>\n\t\t\t\t\t\t\t\t\t\t\t\t\t\t\n\t\t\n\t\t\t\t\t\t\t\t\t\t\t\t<h4 class=\"fusion-rollover-title\">\n\t\t\t\t\t<a class=\"fusion-rollover-title-link\" href=\"http:\/\/lazari.com.br\/site\/portfolio-items\/2020-juninho-dem-prefeito-rio-claro-sp\/?portfolioCats=37\">\n\t\t\t\t\t\t2020 &#8211; Juninho (DEM) Prefeito &#8211; Rio Claro\/SP\t\t\t\t\t<\/a>\n\t\t\t\t<\/h4>\n\t\t\t\n\t\t\t\t\t\t\t\t\t\t<div class=\"fusion-rollover-categories\"><a href=\"http:\/\/lazari.com.br\/site\/portfolio_category\/2020\/\" rel=\"tag\">2020<\/a>, <a href=\"http:\/\/lazari.com.br\/site\/portfolio_category\/prefeito\/\" rel=\"tag\">Prefeito<\/a><\/div>\t\t\t\t\t\n\t\t\n\t\t\t\t\t\t<a class=\"fusion-link-wrapper\" href=\"http:\/\/lazari.com.br\/site\/portfolio-items\/2020-juninho-dem-prefeito-rio-claro-sp\/?portfolioCats=37\" aria-label=\"2020 &#8211; Juninho (DEM) Prefeito &#8211; Rio Claro\/SP\"><\/a>\n\t<\/div>\n<\/div>\n\n\t\n<\/div>\n<\/div><\/article><article id=\"portfolio-1-post-13931\" class=\"fusion-portfolio-post 2020 prefeito fusion-col-spacing post-13931\"><div class=\"fusion-portfolio-content-wrapper\" style=\"border:none;\"><span class=\"entry-title rich-snippet-hidden\">2020 &#8211; Eliseu Daniel (PSDB) Prefeito &#8211; Limeira\/SP<\/span><span class=\"vcard rich-snippet-hidden\"><span class=\"fn\"><a href=\"http:\/\/lazari.com.br\/site\/author\/daniel\/\" title=\"Posts de Daniel\" rel=\"author\">Daniel<\/a><\/span><\/span><span class=\"updated rich-snippet-hidden\">2022-04-29T00:49:54-03:00<\/span>\n\n<div  class=\"fusion-image-wrapper\" aria-haspopup=\"true\">\n\t\n\t\n\t\n\t\t\n\t\t\t\t\t<img decoding=\"async\" width=\"640\" height=\"480\" src=\"http:\/\/lazari.com.br\/site\/wp-content\/uploads\/2021\/08\/2020-Eliseu-Daniel-01-Destaque.jpg\" class=\"attachment-full size-full wp-post-image\" alt=\"\" srcset=\"http:\/\/lazari.com.br\/site\/wp-content\/uploads\/2021\/08\/2020-Eliseu-Daniel-01-Destaque-200x150.jpg 200w, http:\/\/lazari.com.br\/site\/wp-content\/uploads\/2021\/08\/2020-Eliseu-Daniel-01-Destaque-400x300.jpg 400w, http:\/\/lazari.com.br\/site\/wp-content\/uploads\/2021\/08\/2020-Eliseu-Daniel-01-Destaque-600x450.jpg 600w, http:\/\/lazari.com.br\/site\/wp-content\/uploads\/2021\/08\/2020-Eliseu-Daniel-01-Destaque.jpg 640w\" sizes=\"(min-width: 2200px) 100vw, (min-width: 1124px) 390px, (min-width: 1032px) 585px, (min-width: 940px) 1032px, \" \/>\n\t\n\n\t\t<div class=\"fusion-rollover\">\n\t<div class=\"fusion-rollover-content\">\n\n\t\t\t\t\t\t\t\t\t\t\t\t\t\t<a class=\"fusion-rollover-link\" href=\"http:\/\/lazari.com.br\/site\/portfolio-items\/2020-eliseu-daniel-psdb-prefeito-limeira-sp\/?portfolioCats=37\">2020 &#8211; Eliseu Daniel (PSDB) Prefeito &#8211; Limeira\/SP<\/a>\n\t\t\t\n\t\t\t\t\t\t\t\t\t\t\t\t\t\t\n\t\t\t\t\t\t\t\t\n\t\t\t\t\t\t\t\t\t\t\t\t\t<div class=\"fusion-rollover-sep\"><\/div>\n\t\t\t\t\n\t\t\t\t\t\t\t\t\t\t\t\t\t\t\t\t\t\t<a class=\"fusion-rollover-gallery\" href=\"http:\/\/lazari.com.br\/site\/wp-content\/uploads\/2021\/08\/2020-Eliseu-Daniel-01-Destaque.jpg\" data-id=\"13931\" data-rel=\"iLightbox[gallery-rw-1]\" data-title=\"2020-Eliseu-Daniel-01-Destaque\" data-caption=\"\">\n\t\t\t\t\t\tGaleria\t\t\t\t\t<\/a>\n\t\t\t\t\t\t\t\t\t\t\t\t\t\t\n\t\t\n\t\t\t\t\t\t\t\t\t\t\t\t<h4 class=\"fusion-rollover-title\">\n\t\t\t\t\t<a class=\"fusion-rollover-title-link\" href=\"http:\/\/lazari.com.br\/site\/portfolio-items\/2020-eliseu-daniel-psdb-prefeito-limeira-sp\/?portfolioCats=37\">\n\t\t\t\t\t\t2020 &#8211; Eliseu Daniel (PSDB) Prefeito &#8211; Limeira\/SP\t\t\t\t\t<\/a>\n\t\t\t\t<\/h4>\n\t\t\t\n\t\t\t\t\t\t\t\t\t\t<div class=\"fusion-rollover-categories\"><a href=\"http:\/\/lazari.com.br\/site\/portfolio_category\/2020\/\" rel=\"tag\">2020<\/a>, <a href=\"http:\/\/lazari.com.br\/site\/portfolio_category\/prefeito\/\" rel=\"tag\">Prefeito<\/a><\/div>\t\t\t\t\t\n\t\t\n\t\t\t\t\t\t<a class=\"fusion-link-wrapper\" href=\"http:\/\/lazari.com.br\/site\/portfolio-items\/2020-eliseu-daniel-psdb-prefeito-limeira-sp\/?portfolioCats=37\" aria-label=\"2020 &#8211; Eliseu Daniel (PSDB) Prefeito &#8211; Limeira\/SP\"><\/a>\n\t<\/div>\n<\/div>\n\n\t\n<\/div>\n<\/div><\/article><article id=\"portfolio-1-post-13795\" class=\"fusion-portfolio-post 2016 prefeito fusion-col-spacing post-13795\"><div class=\"fusion-portfolio-content-wrapper\" style=\"border:none;\"><span class=\"entry-title rich-snippet-hidden\">2016 &#8211; Haddad (PT) Prefeito &#8211; S\u00e3o Paulo\/SP<\/span><span class=\"vcard rich-snippet-hidden\"><span class=\"fn\"><a href=\"http:\/\/lazari.com.br\/site\/author\/daniel\/\" title=\"Posts de Daniel\" rel=\"author\">Daniel<\/a><\/span><\/span><span class=\"updated rich-snippet-hidden\">2022-04-29T00:29:54-03:00<\/span>\n\n<div  class=\"fusion-image-wrapper\" aria-haspopup=\"true\">\n\t\n\t\n\t\n\t\t\n\t\t\t\t\t<img decoding=\"async\" width=\"640\" height=\"480\" src=\"http:\/\/lazari.com.br\/site\/wp-content\/uploads\/2021\/08\/2016-Juninho-01-Destaque-1.jpg\" class=\"attachment-full size-full wp-post-image\" alt=\"\" srcset=\"http:\/\/lazari.com.br\/site\/wp-content\/uploads\/2021\/08\/2016-Juninho-01-Destaque-1-200x150.jpg 200w, http:\/\/lazari.com.br\/site\/wp-content\/uploads\/2021\/08\/2016-Juninho-01-Destaque-1-400x300.jpg 400w, http:\/\/lazari.com.br\/site\/wp-content\/uploads\/2021\/08\/2016-Juninho-01-Destaque-1-600x450.jpg 600w, http:\/\/lazari.com.br\/site\/wp-content\/uploads\/2021\/08\/2016-Juninho-01-Destaque-1.jpg 640w\" sizes=\"(min-width: 2200px) 100vw, (min-width: 1124px) 390px, (min-width: 1032px) 585px, (min-width: 940px) 1032px, \" \/>\n\t\n\n\t\t<div class=\"fusion-rollover\">\n\t<div class=\"fusion-rollover-content\">\n\n\t\t\t\t\t\t\t\t\t\t\t\t\t\t<a class=\"fusion-rollover-link\" href=\"http:\/\/lazari.com.br\/site\/portfolio-items\/2016-haddad-pt-prefeito-sao-paulo-sp\/?portfolioCats=37\">2016 &#8211; Haddad (PT) Prefeito &#8211; S\u00e3o Paulo\/SP<\/a>\n\t\t\t\n\t\t\t\t\t\t\t\t\t\t\t\t\t\t\n\t\t\t\t\t\t\t\t\n\t\t\t\t\t\t\t\t\t\t\t\t\t<div class=\"fusion-rollover-sep\"><\/div>\n\t\t\t\t\n\t\t\t\t\t\t\t\t\t\t\t\t\t\t\t\t\t\t<a class=\"fusion-rollover-gallery\" href=\"http:\/\/lazari.com.br\/site\/wp-content\/uploads\/2021\/08\/2016-Juninho-01-Destaque-1.jpg\" data-id=\"13795\" data-rel=\"iLightbox[gallery-rw-1]\" data-title=\"2016-Juninho-01-Destaque\" data-caption=\"\">\n\t\t\t\t\t\tGaleria\t\t\t\t\t<\/a>\n\t\t\t\t\t\t\t\t\t\t\t\t\t\t\n\t\t\n\t\t\t\t\t\t\t\t\t\t\t\t<h4 class=\"fusion-rollover-title\">\n\t\t\t\t\t<a class=\"fusion-rollover-title-link\" href=\"http:\/\/lazari.com.br\/site\/portfolio-items\/2016-haddad-pt-prefeito-sao-paulo-sp\/?portfolioCats=37\">\n\t\t\t\t\t\t2016 &#8211; Haddad (PT) Prefeito &#8211; S\u00e3o Paulo\/SP\t\t\t\t\t<\/a>\n\t\t\t\t<\/h4>\n\t\t\t\n\t\t\t\t\t\t\t\t\t\t<div class=\"fusion-rollover-categories\"><a href=\"http:\/\/lazari.com.br\/site\/portfolio_category\/2016\/\" rel=\"tag\">2016<\/a>, <a href=\"http:\/\/lazari.com.br\/site\/portfolio_category\/prefeito\/\" rel=\"tag\">Prefeito<\/a><\/div>\t\t\t\t\t\n\t\t\n\t\t\t\t\t\t<a class=\"fusion-link-wrapper\" href=\"http:\/\/lazari.com.br\/site\/portfolio-items\/2016-haddad-pt-prefeito-sao-paulo-sp\/?portfolioCats=37\" aria-label=\"2016 &#8211; Haddad (PT) Prefeito &#8211; S\u00e3o Paulo\/SP\"><\/a>\n\t<\/div>\n<\/div>\n\n\t\n<\/div>\n<\/div><\/article><article id=\"portfolio-1-post-13781\" class=\"fusion-portfolio-post 2016 prefeito fusion-col-spacing post-13781\"><div class=\"fusion-portfolio-content-wrapper\" style=\"border:none;\"><span class=\"entry-title rich-snippet-hidden\">2016 &#8211; Juninho (DEM) Prefeito &#8211; Rio Claro\/SP<\/span><span class=\"vcard rich-snippet-hidden\"><span class=\"fn\"><a href=\"http:\/\/lazari.com.br\/site\/author\/daniel\/\" title=\"Posts de Daniel\" rel=\"author\">Daniel<\/a><\/span><\/span><span class=\"updated rich-snippet-hidden\">2022-04-29T00:29:26-03:00<\/span>\n\n<div  class=\"fusion-image-wrapper\" aria-haspopup=\"true\">\n\t\n\t\n\t\n\t\t\n\t\t\t\t\t<img decoding=\"async\" width=\"640\" height=\"480\" src=\"http:\/\/lazari.com.br\/site\/wp-content\/uploads\/2021\/08\/2016-Juninho-01-Destaque.jpg\" class=\"attachment-full size-full wp-post-image\" alt=\"\" srcset=\"http:\/\/lazari.com.br\/site\/wp-content\/uploads\/2021\/08\/2016-Juninho-01-Destaque-200x150.jpg 200w, http:\/\/lazari.com.br\/site\/wp-content\/uploads\/2021\/08\/2016-Juninho-01-Destaque-400x300.jpg 400w, http:\/\/lazari.com.br\/site\/wp-content\/uploads\/2021\/08\/2016-Juninho-01-Destaque-600x450.jpg 600w, http:\/\/lazari.com.br\/site\/wp-content\/uploads\/2021\/08\/2016-Juninho-01-Destaque.jpg 640w\" sizes=\"(min-width: 2200px) 100vw, (min-width: 1124px) 390px, (min-width: 1032px) 585px, (min-width: 940px) 1032px, \" \/>\n\t\n\n\t\t<div class=\"fusion-rollover\">\n\t<div class=\"fusion-rollover-content\">\n\n\t\t\t\t\t\t\t\t\t\t\t\t\t\t<a class=\"fusion-rollover-link\" href=\"http:\/\/lazari.com.br\/site\/portfolio-items\/2016-juninho-dem-prefeito-rio-claro-sp\/?portfolioCats=37\">2016 &#8211; Juninho (DEM) Prefeito &#8211; Rio Claro\/SP<\/a>\n\t\t\t\n\t\t\t\t\t\t\t\t\t\t\t\t\t\t\n\t\t\t\t\t\t\t\t\n\t\t\t\t\t\t\t\t\t\t\t\t\t<div class=\"fusion-rollover-sep\"><\/div>\n\t\t\t\t\n\t\t\t\t\t\t\t\t\t\t\t\t\t\t\t\t\t\t<a class=\"fusion-rollover-gallery\" href=\"http:\/\/lazari.com.br\/site\/wp-content\/uploads\/2021\/08\/2016-Juninho-01-Destaque.jpg\" data-id=\"13781\" data-rel=\"iLightbox[gallery-rw-1]\" data-title=\"2016-Juninho-01-Destaque\" data-caption=\"\">\n\t\t\t\t\t\tGaleria\t\t\t\t\t<\/a>\n\t\t\t\t\t\t\t\t\t\t\t\t\t\t\n\t\t\n\t\t\t\t\t\t\t\t\t\t\t\t<h4 class=\"fusion-rollover-title\">\n\t\t\t\t\t<a class=\"fusion-rollover-title-link\" href=\"http:\/\/lazari.com.br\/site\/portfolio-items\/2016-juninho-dem-prefeito-rio-claro-sp\/?portfolioCats=37\">\n\t\t\t\t\t\t2016 &#8211; Juninho (DEM) Prefeito &#8211; Rio Claro\/SP\t\t\t\t\t<\/a>\n\t\t\t\t<\/h4>\n\t\t\t\n\t\t\t\t\t\t\t\t\t\t<div class=\"fusion-rollover-categories\"><a href=\"http:\/\/lazari.com.br\/site\/portfolio_category\/2016\/\" rel=\"tag\">2016<\/a>, <a href=\"http:\/\/lazari.com.br\/site\/portfolio_category\/prefeito\/\" rel=\"tag\">Prefeito<\/a><\/div>\t\t\t\t\t\n\t\t\n\t\t\t\t\t\t<a class=\"fusion-link-wrapper\" href=\"http:\/\/lazari.com.br\/site\/portfolio-items\/2016-juninho-dem-prefeito-rio-claro-sp\/?portfolioCats=37\" aria-label=\"2016 &#8211; Juninho (DEM) Prefeito &#8211; Rio Claro\/SP\"><\/a>\n\t<\/div>\n<\/div>\n\n\t\n<\/div>\n<\/div><\/article><article id=\"portfolio-1-post-13770\" class=\"fusion-portfolio-post 2016 prefeito fusion-col-spacing post-13770\"><div class=\"fusion-portfolio-content-wrapper\" style=\"border:none;\"><span class=\"entry-title rich-snippet-hidden\">2016 &#8211; Eliseu Daniel (PSDB) Prefeito &#8211; Limeira\/SP<\/span><span class=\"vcard rich-snippet-hidden\"><span class=\"fn\"><a href=\"http:\/\/lazari.com.br\/site\/author\/daniel\/\" title=\"Posts de Daniel\" rel=\"author\">Daniel<\/a><\/span><\/span><span class=\"updated rich-snippet-hidden\">2022-04-29T00:29:10-03:00<\/span>\n\n<div  class=\"fusion-image-wrapper\" aria-haspopup=\"true\">\n\t\n\t\n\t\n\t\t\n\t\t\t\t\t<img decoding=\"async\" width=\"640\" height=\"480\" src=\"http:\/\/lazari.com.br\/site\/wp-content\/uploads\/2021\/08\/2016-Eliseu-Daniel-01-Destaque.jpg\" class=\"attachment-full size-full wp-post-image\" alt=\"\" srcset=\"http:\/\/lazari.com.br\/site\/wp-content\/uploads\/2021\/08\/2016-Eliseu-Daniel-01-Destaque-200x150.jpg 200w, http:\/\/lazari.com.br\/site\/wp-content\/uploads\/2021\/08\/2016-Eliseu-Daniel-01-Destaque-400x300.jpg 400w, http:\/\/lazari.com.br\/site\/wp-content\/uploads\/2021\/08\/2016-Eliseu-Daniel-01-Destaque-600x450.jpg 600w, http:\/\/lazari.com.br\/site\/wp-content\/uploads\/2021\/08\/2016-Eliseu-Daniel-01-Destaque.jpg 640w\" sizes=\"(min-width: 2200px) 100vw, (min-width: 1124px) 390px, (min-width: 1032px) 585px, (min-width: 940px) 1032px, \" \/>\n\t\n\n\t\t<div class=\"fusion-rollover\">\n\t<div class=\"fusion-rollover-content\">\n\n\t\t\t\t\t\t\t\t\t\t\t\t\t\t<a class=\"fusion-rollover-link\" href=\"http:\/\/lazari.com.br\/site\/portfolio-items\/2016-eliseu-daniel-psdb-prefeito-limeira-sp\/?portfolioCats=37\">2016 &#8211; Eliseu Daniel (PSDB) Prefeito &#8211; Limeira\/SP<\/a>\n\t\t\t\n\t\t\t\t\t\t\t\t\t\t\t\t\t\t\n\t\t\t\t\t\t\t\t\n\t\t\t\t\t\t\t\t\t\t\t\t\t<div class=\"fusion-rollover-sep\"><\/div>\n\t\t\t\t\n\t\t\t\t\t\t\t\t\t\t\t\t\t\t\t\t\t\t<a class=\"fusion-rollover-gallery\" href=\"http:\/\/lazari.com.br\/site\/wp-content\/uploads\/2021\/08\/2016-Eliseu-Daniel-01-Destaque.jpg\" data-id=\"13770\" data-rel=\"iLightbox[gallery-rw-1]\" data-title=\"2016-Eliseu-Daniel-01-Destaque\" data-caption=\"\">\n\t\t\t\t\t\tGaleria\t\t\t\t\t<\/a>\n\t\t\t\t\t\t\t\t\t\t\t\t\t\t\n\t\t\n\t\t\t\t\t\t\t\t\t\t\t\t<h4 class=\"fusion-rollover-title\">\n\t\t\t\t\t<a class=\"fusion-rollover-title-link\" href=\"http:\/\/lazari.com.br\/site\/portfolio-items\/2016-eliseu-daniel-psdb-prefeito-limeira-sp\/?portfolioCats=37\">\n\t\t\t\t\t\t2016 &#8211; Eliseu Daniel (PSDB) Prefeito &#8211; Limeira\/SP\t\t\t\t\t<\/a>\n\t\t\t\t<\/h4>\n\t\t\t\n\t\t\t\t\t\t\t\t\t\t<div class=\"fusion-rollover-categories\"><a href=\"http:\/\/lazari.com.br\/site\/portfolio_category\/2016\/\" rel=\"tag\">2016<\/a>, <a href=\"http:\/\/lazari.com.br\/site\/portfolio_category\/prefeito\/\" rel=\"tag\">Prefeito<\/a><\/div>\t\t\t\t\t\n\t\t\n\t\t\t\t\t\t<a class=\"fusion-link-wrapper\" href=\"http:\/\/lazari.com.br\/site\/portfolio-items\/2016-eliseu-daniel-psdb-prefeito-limeira-sp\/?portfolioCats=37\" aria-label=\"2016 &#8211; Eliseu Daniel (PSDB) Prefeito &#8211; Limeira\/SP\"><\/a>\n\t<\/div>\n<\/div>\n\n\t\n<\/div>\n<\/div><\/article><article id=\"portfolio-1-post-13759\" class=\"fusion-portfolio-post 2016 prefeito fusion-col-spacing post-13759\"><div class=\"fusion-portfolio-content-wrapper\" style=\"border:none;\"><span class=\"entry-title rich-snippet-hidden\">2016 &#8211; Z\u00e9 Ant\u00f4nio da Bruel (PDT) Prefeito &#8211; Iracem\u00e1polis\/SP<\/span><span class=\"vcard rich-snippet-hidden\"><span class=\"fn\"><a href=\"http:\/\/lazari.com.br\/site\/author\/daniel\/\" title=\"Posts de Daniel\" rel=\"author\">Daniel<\/a><\/span><\/span><span class=\"updated rich-snippet-hidden\">2022-04-29T00:28:55-03:00<\/span>\n\n<div  class=\"fusion-image-wrapper\" aria-haspopup=\"true\">\n\t\n\t\n\t\n\t\t\n\t\t\t\t\t<img decoding=\"async\" width=\"640\" height=\"480\" src=\"http:\/\/lazari.com.br\/site\/wp-content\/uploads\/2021\/08\/2016-Ze-Antonio-da-Bruel-01-Destaque.jpg\" class=\"attachment-full size-full wp-post-image\" alt=\"\" srcset=\"http:\/\/lazari.com.br\/site\/wp-content\/uploads\/2021\/08\/2016-Ze-Antonio-da-Bruel-01-Destaque-200x150.jpg 200w, http:\/\/lazari.com.br\/site\/wp-content\/uploads\/2021\/08\/2016-Ze-Antonio-da-Bruel-01-Destaque-400x300.jpg 400w, http:\/\/lazari.com.br\/site\/wp-content\/uploads\/2021\/08\/2016-Ze-Antonio-da-Bruel-01-Destaque-600x450.jpg 600w, http:\/\/lazari.com.br\/site\/wp-content\/uploads\/2021\/08\/2016-Ze-Antonio-da-Bruel-01-Destaque.jpg 640w\" sizes=\"(min-width: 2200px) 100vw, (min-width: 1124px) 390px, (min-width: 1032px) 585px, (min-width: 940px) 1032px, \" \/>\n\t\n\n\t\t<div class=\"fusion-rollover\">\n\t<div class=\"fusion-rollover-content\">\n\n\t\t\t\t\t\t\t\t\t\t\t\t\t\t<a class=\"fusion-rollover-link\" href=\"http:\/\/lazari.com.br\/site\/portfolio-items\/2016-ze-antonio-da-bruel-pdt-prefeito-iracemapolis-sp\/?portfolioCats=37\">2016 &#8211; Z\u00e9 Ant\u00f4nio da Bruel (PDT) Prefeito &#8211; Iracem\u00e1polis\/SP<\/a>\n\t\t\t\n\t\t\t\t\t\t\t\t\t\t\t\t\t\t\n\t\t\t\t\t\t\t\t\n\t\t\t\t\t\t\t\t\t\t\t\t\t<div class=\"fusion-rollover-sep\"><\/div>\n\t\t\t\t\n\t\t\t\t\t\t\t\t\t\t\t\t\t\t\t\t\t\t<a class=\"fusion-rollover-gallery\" href=\"http:\/\/lazari.com.br\/site\/wp-content\/uploads\/2021\/08\/2016-Ze-Antonio-da-Bruel-01-Destaque.jpg\" data-id=\"13759\" data-rel=\"iLightbox[gallery-rw-1]\" data-title=\"2016-Z\u00e9-Antonio-da-Bruel-01-Destaque\" data-caption=\"\">\n\t\t\t\t\t\tGaleria\t\t\t\t\t<\/a>\n\t\t\t\t\t\t\t\t\t\t\t\t\t\t\n\t\t\n\t\t\t\t\t\t\t\t\t\t\t\t<h4 class=\"fusion-rollover-title\">\n\t\t\t\t\t<a class=\"fusion-rollover-title-link\" href=\"http:\/\/lazari.com.br\/site\/portfolio-items\/2016-ze-antonio-da-bruel-pdt-prefeito-iracemapolis-sp\/?portfolioCats=37\">\n\t\t\t\t\t\t2016 &#8211; Z\u00e9 Ant\u00f4nio da Bruel (PDT) Prefeito &#8211; Iracem\u00e1polis\/SP\t\t\t\t\t<\/a>\n\t\t\t\t<\/h4>\n\t\t\t\n\t\t\t\t\t\t\t\t\t\t<div class=\"fusion-rollover-categories\"><a href=\"http:\/\/lazari.com.br\/site\/portfolio_category\/2016\/\" rel=\"tag\">2016<\/a>, <a href=\"http:\/\/lazari.com.br\/site\/portfolio_category\/prefeito\/\" rel=\"tag\">Prefeito<\/a><\/div>\t\t\t\t\t\n\t\t\n\t\t\t\t\t\t<a class=\"fusion-link-wrapper\" href=\"http:\/\/lazari.com.br\/site\/portfolio-items\/2016-ze-antonio-da-bruel-pdt-prefeito-iracemapolis-sp\/?portfolioCats=37\" aria-label=\"2016 &#8211; Z\u00e9 Ant\u00f4nio da Bruel (PDT) Prefeito &#8211; Iracem\u00e1polis\/SP\"><\/a>\n\t<\/div>\n<\/div>\n\n\t\n<\/div>\n<\/div><\/article><article id=\"portfolio-1-post-13660\" class=\"fusion-portfolio-post 2012 prefeito fusion-col-spacing post-13660\"><div class=\"fusion-portfolio-content-wrapper\" style=\"border:none;\"><span class=\"entry-title rich-snippet-hidden\">2012 &#8211; Fernando Haddad (PT) Prefeito &#8211; S\u00e3o Paulo\/SP<\/span><span class=\"vcard rich-snippet-hidden\"><span class=\"fn\"><a href=\"http:\/\/lazari.com.br\/site\/author\/daniel\/\" title=\"Posts de Daniel\" rel=\"author\">Daniel<\/a><\/span><\/span><span class=\"updated rich-snippet-hidden\">2022-04-29T00:23:39-03:00<\/span>\n\n<div  class=\"fusion-image-wrapper\" aria-haspopup=\"true\">\n\t\n\t\n\t\n\t\t\n\t\t\t\t\t<img decoding=\"async\" width=\"640\" height=\"480\" src=\"http:\/\/lazari.com.br\/site\/wp-content\/uploads\/2021\/06\/2012-Haddad-01-Destaque.jpg\" class=\"attachment-full size-full wp-post-image\" alt=\"\" srcset=\"http:\/\/lazari.com.br\/site\/wp-content\/uploads\/2021\/06\/2012-Haddad-01-Destaque-200x150.jpg 200w, http:\/\/lazari.com.br\/site\/wp-content\/uploads\/2021\/06\/2012-Haddad-01-Destaque-400x300.jpg 400w, http:\/\/lazari.com.br\/site\/wp-content\/uploads\/2021\/06\/2012-Haddad-01-Destaque-600x450.jpg 600w, http:\/\/lazari.com.br\/site\/wp-content\/uploads\/2021\/06\/2012-Haddad-01-Destaque.jpg 640w\" sizes=\"(min-width: 2200px) 100vw, (min-width: 1124px) 390px, (min-width: 1032px) 585px, (min-width: 940px) 1032px, \" \/>\n\t\n\n\t\t<div class=\"fusion-rollover\">\n\t<div class=\"fusion-rollover-content\">\n\n\t\t\t\t\t\t\t\t\t\t\t\t\t\t<a class=\"fusion-rollover-link\" href=\"http:\/\/lazari.com.br\/site\/portfolio-items\/2012-fernando-haddad-pt-prefeito-sao-paulo-sp\/?portfolioCats=37\">2012 &#8211; Fernando Haddad (PT) Prefeito &#8211; S\u00e3o Paulo\/SP<\/a>\n\t\t\t\n\t\t\t\t\t\t\t\t\t\t\t\t\t\t\n\t\t\t\t\t\t\t\t\n\t\t\t\t\t\t\t\t\t\t\t\t\t<div class=\"fusion-rollover-sep\"><\/div>\n\t\t\t\t\n\t\t\t\t\t\t\t\t\t\t\t\t\t\t\t\t\t\t<a class=\"fusion-rollover-gallery\" href=\"http:\/\/lazari.com.br\/site\/wp-content\/uploads\/2021\/06\/2012-Haddad-01-Destaque.jpg\" data-id=\"13660\" data-rel=\"iLightbox[gallery-rw-1]\" data-title=\"2012-Haddad-01-Destaque\" data-caption=\"\">\n\t\t\t\t\t\tGaleria\t\t\t\t\t<\/a>\n\t\t\t\t\t\t\t\t\t\t\t\t\t\t\n\t\t\n\t\t\t\t\t\t\t\t\t\t\t\t<h4 class=\"fusion-rollover-title\">\n\t\t\t\t\t<a class=\"fusion-rollover-title-link\" href=\"http:\/\/lazari.com.br\/site\/portfolio-items\/2012-fernando-haddad-pt-prefeito-sao-paulo-sp\/?portfolioCats=37\">\n\t\t\t\t\t\t2012 &#8211; Fernando Haddad (PT) Prefeito &#8211; S\u00e3o Paulo\/SP\t\t\t\t\t<\/a>\n\t\t\t\t<\/h4>\n\t\t\t\n\t\t\t\t\t\t\t\t\t\t<div class=\"fusion-rollover-categories\"><a href=\"http:\/\/lazari.com.br\/site\/portfolio_category\/2012\/\" rel=\"tag\">2012<\/a>, <a href=\"http:\/\/lazari.com.br\/site\/portfolio_category\/prefeito\/\" rel=\"tag\">Prefeito<\/a><\/div>\t\t\t\t\t\n\t\t\n\t\t\t\t\t\t<a class=\"fusion-link-wrapper\" href=\"http:\/\/lazari.com.br\/site\/portfolio-items\/2012-fernando-haddad-pt-prefeito-sao-paulo-sp\/?portfolioCats=37\" aria-label=\"2012 &#8211; Fernando Haddad (PT) Prefeito &#8211; S\u00e3o Paulo\/SP\"><\/a>\n\t<\/div>\n<\/div>\n\n\t\n<\/div>\n<\/div><\/article><article id=\"portfolio-1-post-13647\" class=\"fusion-portfolio-post 2012 prefeito fusion-col-spacing post-13647\"><div class=\"fusion-portfolio-content-wrapper\" style=\"border:none;\"><span class=\"entry-title rich-snippet-hidden\">2012 &#8211; Kleber Leite (PTB) Prefeito &#8211; Limeira\/SP<\/span><span class=\"vcard rich-snippet-hidden\"><span class=\"fn\"><a href=\"http:\/\/lazari.com.br\/site\/author\/daniel\/\" title=\"Posts de Daniel\" rel=\"author\">Daniel<\/a><\/span><\/span><span class=\"updated rich-snippet-hidden\">2022-04-29T00:22:52-03:00<\/span>\n\n<div  class=\"fusion-image-wrapper\" aria-haspopup=\"true\">\n\t\n\t\n\t\n\t\t\n\t\t\t\t\t<img decoding=\"async\" width=\"640\" height=\"480\" src=\"http:\/\/lazari.com.br\/site\/wp-content\/uploads\/2021\/06\/2012-Kleber-Leite-01-Destaque.jpg\" class=\"attachment-full size-full wp-post-image\" alt=\"\" srcset=\"http:\/\/lazari.com.br\/site\/wp-content\/uploads\/2021\/06\/2012-Kleber-Leite-01-Destaque-200x150.jpg 200w, http:\/\/lazari.com.br\/site\/wp-content\/uploads\/2021\/06\/2012-Kleber-Leite-01-Destaque-400x300.jpg 400w, http:\/\/lazari.com.br\/site\/wp-content\/uploads\/2021\/06\/2012-Kleber-Leite-01-Destaque-600x450.jpg 600w, http:\/\/lazari.com.br\/site\/wp-content\/uploads\/2021\/06\/2012-Kleber-Leite-01-Destaque.jpg 640w\" sizes=\"(min-width: 2200px) 100vw, (min-width: 1124px) 390px, (min-width: 1032px) 585px, (min-width: 940px) 1032px, \" \/>\n\t\n\n\t\t<div class=\"fusion-rollover\">\n\t<div class=\"fusion-rollover-content\">\n\n\t\t\t\t\t\t\t\t\t\t\t\t\t\t<a class=\"fusion-rollover-link\" href=\"http:\/\/lazari.com.br\/site\/portfolio-items\/2012-kleber-leite-ptb-prefeito-limeira-sp\/?portfolioCats=37\">2012 &#8211; Kleber Leite (PTB) Prefeito &#8211; Limeira\/SP<\/a>\n\t\t\t\n\t\t\t\t\t\t\t\t\t\t\t\t\t\t\n\t\t\t\t\t\t\t\t\n\t\t\t\t\t\t\t\t\t\t\t\t\t<div class=\"fusion-rollover-sep\"><\/div>\n\t\t\t\t\n\t\t\t\t\t\t\t\t\t\t\t\t\t\t\t\t\t\t<a class=\"fusion-rollover-gallery\" href=\"http:\/\/lazari.com.br\/site\/wp-content\/uploads\/2021\/06\/2012-Kleber-Leite-01-Destaque.jpg\" data-id=\"13647\" data-rel=\"iLightbox[gallery-rw-1]\" data-title=\"2012-Kleber-Leite-01-Destaque\" data-caption=\"\">\n\t\t\t\t\t\tGaleria\t\t\t\t\t<\/a>\n\t\t\t\t\t\t\t\t\t\t\t\t\t\t\n\t\t\n\t\t\t\t\t\t\t\t\t\t\t\t<h4 class=\"fusion-rollover-title\">\n\t\t\t\t\t<a class=\"fusion-rollover-title-link\" href=\"http:\/\/lazari.com.br\/site\/portfolio-items\/2012-kleber-leite-ptb-prefeito-limeira-sp\/?portfolioCats=37\">\n\t\t\t\t\t\t2012 &#8211; Kleber Leite (PTB) Prefeito &#8211; Limeira\/SP\t\t\t\t\t<\/a>\n\t\t\t\t<\/h4>\n\t\t\t\n\t\t\t\t\t\t\t\t\t\t<div class=\"fusion-rollover-categories\"><a href=\"http:\/\/lazari.com.br\/site\/portfolio_category\/2012\/\" rel=\"tag\">2012<\/a>, <a href=\"http:\/\/lazari.com.br\/site\/portfolio_category\/prefeito\/\" rel=\"tag\">Prefeito<\/a><\/div>\t\t\t\t\t\n\t\t\n\t\t\t\t\t\t<a class=\"fusion-link-wrapper\" href=\"http:\/\/lazari.com.br\/site\/portfolio-items\/2012-kleber-leite-ptb-prefeito-limeira-sp\/?portfolioCats=37\" aria-label=\"2012 &#8211; Kleber Leite (PTB) Prefeito &#8211; Limeira\/SP\"><\/a>\n\t<\/div>\n<\/div>\n\n\t\n<\/div>\n<\/div><\/article><article id=\"portfolio-1-post-13636\" class=\"fusion-portfolio-post 2012 prefeito fusion-col-spacing post-13636\"><div class=\"fusion-portfolio-content-wrapper\" style=\"border:none;\"><span class=\"entry-title rich-snippet-hidden\">2012 &#8211; Claudinho Cosenza (PSDB) Prefeito &#8211; Iracem\u00e1polis\/SP<\/span><span class=\"vcard rich-snippet-hidden\"><span class=\"fn\"><a href=\"http:\/\/lazari.com.br\/site\/author\/daniel\/\" title=\"Posts de Daniel\" rel=\"author\">Daniel<\/a><\/span><\/span><span class=\"updated rich-snippet-hidden\">2022-04-29T00:22:08-03:00<\/span>\n\n<div  class=\"fusion-image-wrapper\" aria-haspopup=\"true\">\n\t\n\t\n\t\n\t\t\n\t\t\t\t\t<img decoding=\"async\" width=\"640\" height=\"480\" src=\"http:\/\/lazari.com.br\/site\/wp-content\/uploads\/2021\/06\/2012-Claudinho-01-Destaque.jpg\" class=\"attachment-full size-full wp-post-image\" alt=\"\" srcset=\"http:\/\/lazari.com.br\/site\/wp-content\/uploads\/2021\/06\/2012-Claudinho-01-Destaque-200x150.jpg 200w, http:\/\/lazari.com.br\/site\/wp-content\/uploads\/2021\/06\/2012-Claudinho-01-Destaque-400x300.jpg 400w, http:\/\/lazari.com.br\/site\/wp-content\/uploads\/2021\/06\/2012-Claudinho-01-Destaque-600x450.jpg 600w, http:\/\/lazari.com.br\/site\/wp-content\/uploads\/2021\/06\/2012-Claudinho-01-Destaque.jpg 640w\" sizes=\"(min-width: 2200px) 100vw, (min-width: 1124px) 390px, (min-width: 1032px) 585px, (min-width: 940px) 1032px, \" \/>\n\t\n\n\t\t<div class=\"fusion-rollover\">\n\t<div class=\"fusion-rollover-content\">\n\n\t\t\t\t\t\t\t\t\t\t\t\t\t\t<a class=\"fusion-rollover-link\" href=\"http:\/\/lazari.com.br\/site\/portfolio-items\/2012-claudinho-cosenza-pr-prefeito-iracemapolis-sp\/?portfolioCats=37\">2012 &#8211; Claudinho Cosenza (PSDB) Prefeito &#8211; Iracem\u00e1polis\/SP<\/a>\n\t\t\t\n\t\t\t\t\t\t\t\t\t\t\t\t\t\t\n\t\t\t\t\t\t\t\t\n\t\t\t\t\t\t\t\t\t\t\t\t\t<div class=\"fusion-rollover-sep\"><\/div>\n\t\t\t\t\n\t\t\t\t\t\t\t\t\t\t\t\t\t\t\t\t\t\t<a class=\"fusion-rollover-gallery\" href=\"http:\/\/lazari.com.br\/site\/wp-content\/uploads\/2021\/06\/2012-Claudinho-01-Destaque.jpg\" data-id=\"13636\" data-rel=\"iLightbox[gallery-rw-1]\" data-title=\"2012-Claudinho-01-Destaque\" data-caption=\"\">\n\t\t\t\t\t\tGaleria\t\t\t\t\t<\/a>\n\t\t\t\t\t\t\t\t\t\t\t\t\t\t\n\t\t\n\t\t\t\t\t\t\t\t\t\t\t\t<h4 class=\"fusion-rollover-title\">\n\t\t\t\t\t<a class=\"fusion-rollover-title-link\" href=\"http:\/\/lazari.com.br\/site\/portfolio-items\/2012-claudinho-cosenza-pr-prefeito-iracemapolis-sp\/?portfolioCats=37\">\n\t\t\t\t\t\t2012 &#8211; Claudinho Cosenza (PSDB) Prefeito &#8211; Iracem\u00e1polis\/SP\t\t\t\t\t<\/a>\n\t\t\t\t<\/h4>\n\t\t\t\n\t\t\t\t\t\t\t\t\t\t<div class=\"fusion-rollover-categories\"><a href=\"http:\/\/lazari.com.br\/site\/portfolio_category\/2012\/\" rel=\"tag\">2012<\/a>, <a href=\"http:\/\/lazari.com.br\/site\/portfolio_category\/prefeito\/\" rel=\"tag\">Prefeito<\/a><\/div>\t\t\t\t\t\n\t\t\n\t\t\t\t\t\t<a class=\"fusion-link-wrapper\" href=\"http:\/\/lazari.com.br\/site\/portfolio-items\/2012-claudinho-cosenza-pr-prefeito-iracemapolis-sp\/?portfolioCats=37\" aria-label=\"2012 &#8211; Claudinho Cosenza (PSDB) Prefeito &#8211; Iracem\u00e1polis\/SP\"><\/a>\n\t<\/div>\n<\/div>\n\n\t\n<\/div>\n<\/div><\/article><article id=\"portfolio-1-post-13623\" class=\"fusion-portfolio-post 2012 prefeito fusion-col-spacing post-13623\"><div class=\"fusion-portfolio-content-wrapper\" style=\"border:none;\"><span class=\"entry-title rich-snippet-hidden\">2012 &#8211; Dr. Christian (PR) Prefeito &#8211; Cordeir\u00f3polis\/SP<\/span><span class=\"vcard rich-snippet-hidden\"><span class=\"fn\"><a href=\"http:\/\/lazari.com.br\/site\/author\/daniel\/\" title=\"Posts de Daniel\" rel=\"author\">Daniel<\/a><\/span><\/span><span class=\"updated rich-snippet-hidden\">2022-04-29T00:21:52-03:00<\/span>\n\n<div  class=\"fusion-image-wrapper\" aria-haspopup=\"true\">\n\t\n\t\n\t\n\t\t\n\t\t\t\t\t<img decoding=\"async\" width=\"640\" height=\"480\" src=\"http:\/\/lazari.com.br\/site\/wp-content\/uploads\/2021\/06\/2012-Dr-Christian-01-Destaque.jpg\" class=\"attachment-full size-full wp-post-image\" alt=\"\" srcset=\"http:\/\/lazari.com.br\/site\/wp-content\/uploads\/2021\/06\/2012-Dr-Christian-01-Destaque-200x150.jpg 200w, http:\/\/lazari.com.br\/site\/wp-content\/uploads\/2021\/06\/2012-Dr-Christian-01-Destaque-400x300.jpg 400w, http:\/\/lazari.com.br\/site\/wp-content\/uploads\/2021\/06\/2012-Dr-Christian-01-Destaque-600x450.jpg 600w, http:\/\/lazari.com.br\/site\/wp-content\/uploads\/2021\/06\/2012-Dr-Christian-01-Destaque.jpg 640w\" sizes=\"(min-width: 2200px) 100vw, (min-width: 1124px) 390px, (min-width: 1032px) 585px, (min-width: 940px) 1032px, \" \/>\n\t\n\n\t\t<div class=\"fusion-rollover\">\n\t<div class=\"fusion-rollover-content\">\n\n\t\t\t\t\t\t\t\t\t\t\t\t\t\t<a class=\"fusion-rollover-link\" href=\"http:\/\/lazari.com.br\/site\/portfolio-items\/2012-dr-christian-pr-prefeito-cordeiropolis-sp\/?portfolioCats=37\">2012 &#8211; Dr. Christian (PR) Prefeito &#8211; Cordeir\u00f3polis\/SP<\/a>\n\t\t\t\n\t\t\t\t\t\t\t\t\t\t\t\t\t\t\n\t\t\t\t\t\t\t\t\n\t\t\t\t\t\t\t\t\t\t\t\t\t<div class=\"fusion-rollover-sep\"><\/div>\n\t\t\t\t\n\t\t\t\t\t\t\t\t\t\t\t\t\t\t\t\t\t\t<a class=\"fusion-rollover-gallery\" href=\"http:\/\/lazari.com.br\/site\/wp-content\/uploads\/2021\/06\/2012-Dr-Christian-01-Destaque.jpg\" data-id=\"13623\" data-rel=\"iLightbox[gallery-rw-1]\" data-title=\"2012-Dr-Christian-01-Destaque\" data-caption=\"\">\n\t\t\t\t\t\tGaleria\t\t\t\t\t<\/a>\n\t\t\t\t\t\t\t\t\t\t\t\t\t\t\n\t\t\n\t\t\t\t\t\t\t\t\t\t\t\t<h4 class=\"fusion-rollover-title\">\n\t\t\t\t\t<a class=\"fusion-rollover-title-link\" href=\"http:\/\/lazari.com.br\/site\/portfolio-items\/2012-dr-christian-pr-prefeito-cordeiropolis-sp\/?portfolioCats=37\">\n\t\t\t\t\t\t2012 &#8211; Dr. Christian (PR) Prefeito &#8211; Cordeir\u00f3polis\/SP\t\t\t\t\t<\/a>\n\t\t\t\t<\/h4>\n\t\t\t\n\t\t\t\t\t\t\t\t\t\t<div class=\"fusion-rollover-categories\"><a href=\"http:\/\/lazari.com.br\/site\/portfolio_category\/2012\/\" rel=\"tag\">2012<\/a>, <a href=\"http:\/\/lazari.com.br\/site\/portfolio_category\/prefeito\/\" rel=\"tag\">Prefeito<\/a><\/div>\t\t\t\t\t\n\t\t\n\t\t\t\t\t\t<a class=\"fusion-link-wrapper\" href=\"http:\/\/lazari.com.br\/site\/portfolio-items\/2012-dr-christian-pr-prefeito-cordeiropolis-sp\/?portfolioCats=37\" aria-label=\"2012 &#8211; Dr. Christian (PR) Prefeito &#8211; Cordeir\u00f3polis\/SP\"><\/a>\n\t<\/div>\n<\/div>\n\n\t\n<\/div>\n<\/div><\/article><article id=\"portfolio-1-post-13580\" class=\"fusion-portfolio-post 2012 institucional-partidario prefeito fusion-col-spacing post-13580\"><div class=\"fusion-portfolio-content-wrapper\" style=\"border:none;\"><span class=\"entry-title rich-snippet-hidden\">2012 &#8211; PR (Partido da Rep\u00fablica) Diret\u00f3rio Municipal<\/span><span class=\"vcard rich-snippet-hidden\"><span class=\"fn\"><a href=\"http:\/\/lazari.com.br\/site\/author\/daniel\/\" title=\"Posts de Daniel\" rel=\"author\">Daniel<\/a><\/span><\/span><span class=\"updated rich-snippet-hidden\">2021-06-15T13:13:21-03:00<\/span>\n\n<div  class=\"fusion-image-wrapper\" aria-haspopup=\"true\">\n\t\n\t\n\t\n\t\t\n\t\t\t\t\t<img decoding=\"async\" width=\"640\" height=\"480\" src=\"http:\/\/lazari.com.br\/site\/wp-content\/uploads\/2021\/06\/2012-PR-Limeira-01-Destaque.jpg\" class=\"attachment-full size-full wp-post-image\" alt=\"\" srcset=\"http:\/\/lazari.com.br\/site\/wp-content\/uploads\/2021\/06\/2012-PR-Limeira-01-Destaque-200x150.jpg 200w, http:\/\/lazari.com.br\/site\/wp-content\/uploads\/2021\/06\/2012-PR-Limeira-01-Destaque-400x300.jpg 400w, http:\/\/lazari.com.br\/site\/wp-content\/uploads\/2021\/06\/2012-PR-Limeira-01-Destaque-600x450.jpg 600w, http:\/\/lazari.com.br\/site\/wp-content\/uploads\/2021\/06\/2012-PR-Limeira-01-Destaque.jpg 640w\" sizes=\"(min-width: 2200px) 100vw, (min-width: 1124px) 390px, (min-width: 1032px) 585px, (min-width: 940px) 1032px, \" \/>\n\t\n\n\t\t<div class=\"fusion-rollover\">\n\t<div class=\"fusion-rollover-content\">\n\n\t\t\t\t\t\t\t\t\t\t\t\t\t\t<a class=\"fusion-rollover-link\" href=\"http:\/\/lazari.com.br\/site\/portfolio-items\/2012-pr-partido-da-republica\/?portfolioCats=37\">2012 &#8211; PR (Partido da Rep\u00fablica) Diret\u00f3rio Municipal<\/a>\n\t\t\t\n\t\t\t\t\t\t\t\t\t\t\t\t\t\t\n\t\t\t\t\t\t\t\t\n\t\t\t\t\t\t\t\t\t\t\t\t\t<div class=\"fusion-rollover-sep\"><\/div>\n\t\t\t\t\n\t\t\t\t\t\t\t\t\t\t\t\t\t\t\t\t\t\t<a class=\"fusion-rollover-gallery\" href=\"http:\/\/lazari.com.br\/site\/wp-content\/uploads\/2021\/06\/2012-PR-Limeira-01-Destaque.jpg\" data-id=\"13580\" data-rel=\"iLightbox[gallery-rw-1]\" data-title=\"2012-PR-Limeira-01-Destaque\" data-caption=\"\">\n\t\t\t\t\t\tGaleria\t\t\t\t\t<\/a>\n\t\t\t\t\t\t\t\t\t\t\t\t\t\t\n\t\t\n\t\t\t\t\t\t\t\t\t\t\t\t<h4 class=\"fusion-rollover-title\">\n\t\t\t\t\t<a class=\"fusion-rollover-title-link\" href=\"http:\/\/lazari.com.br\/site\/portfolio-items\/2012-pr-partido-da-republica\/?portfolioCats=37\">\n\t\t\t\t\t\t2012 &#8211; PR (Partido da Rep\u00fablica) Diret\u00f3rio Municipal\t\t\t\t\t<\/a>\n\t\t\t\t<\/h4>\n\t\t\t\n\t\t\t\t\t\t\t\t\t\t<div class=\"fusion-rollover-categories\"><a href=\"http:\/\/lazari.com.br\/site\/portfolio_category\/2012\/\" rel=\"tag\">2012<\/a>, <a href=\"http:\/\/lazari.com.br\/site\/portfolio_category\/institucional-partidario\/\" rel=\"tag\">Institucional Partid\u00e1rio<\/a>, <a href=\"http:\/\/lazari.com.br\/site\/portfolio_category\/prefeito\/\" rel=\"tag\">Prefeito<\/a><\/div>\t\t\t\t\t\n\t\t\n\t\t\t\t\t\t<a class=\"fusion-link-wrapper\" href=\"http:\/\/lazari.com.br\/site\/portfolio-items\/2012-pr-partido-da-republica\/?portfolioCats=37\" aria-label=\"2012 &#8211; PR (Partido da Rep\u00fablica) Diret\u00f3rio Municipal\"><\/a>\n\t<\/div>\n<\/div>\n\n\t\n<\/div>\n<\/div><\/article><article id=\"portfolio-1-post-13437\" class=\"fusion-portfolio-post 2008 prefeito fusion-col-spacing post-13437\"><div class=\"fusion-portfolio-content-wrapper\" style=\"border:none;\"><span class=\"entry-title rich-snippet-hidden\">2008 &#8211; Jo\u00e3o Walter (PSDB) Prefeito &#8211; Rio Claro\/SP<\/span><span class=\"vcard rich-snippet-hidden\"><span class=\"fn\"><a href=\"http:\/\/lazari.com.br\/site\/author\/daniel\/\" title=\"Posts de Daniel\" rel=\"author\">Daniel<\/a><\/span><\/span><span class=\"updated rich-snippet-hidden\">2022-04-29T00:33:55-03:00<\/span>\n\n<div  class=\"fusion-image-wrapper\" aria-haspopup=\"true\">\n\t\n\t\n\t\n\t\t\n\t\t\t\t\t<img decoding=\"async\" width=\"640\" height=\"480\" src=\"http:\/\/lazari.com.br\/site\/wp-content\/uploads\/2021\/06\/2008-Joao-Walter-01-Destaque.jpg\" class=\"attachment-full size-full wp-post-image\" alt=\"\" srcset=\"http:\/\/lazari.com.br\/site\/wp-content\/uploads\/2021\/06\/2008-Joao-Walter-01-Destaque-200x150.jpg 200w, http:\/\/lazari.com.br\/site\/wp-content\/uploads\/2021\/06\/2008-Joao-Walter-01-Destaque-400x300.jpg 400w, http:\/\/lazari.com.br\/site\/wp-content\/uploads\/2021\/06\/2008-Joao-Walter-01-Destaque-600x450.jpg 600w, http:\/\/lazari.com.br\/site\/wp-content\/uploads\/2021\/06\/2008-Joao-Walter-01-Destaque.jpg 640w\" sizes=\"(min-width: 2200px) 100vw, (min-width: 1124px) 390px, (min-width: 1032px) 585px, (min-width: 940px) 1032px, \" \/>\n\t\n\n\t\t<div class=\"fusion-rollover\">\n\t<div class=\"fusion-rollover-content\">\n\n\t\t\t\t\t\t\t\t\t\t\t\t\t\t<a class=\"fusion-rollover-link\" href=\"http:\/\/lazari.com.br\/site\/portfolio-items\/2008-joao-walter-psdb-prefeito-rio-claro-sp\/?portfolioCats=37\">2008 &#8211; Jo\u00e3o Walter (PSDB) Prefeito &#8211; Rio Claro\/SP<\/a>\n\t\t\t\n\t\t\t\t\t\t\t\t\t\t\t\t\t\t\n\t\t\t\t\t\t\t\t\n\t\t\t\t\t\t\t\t\t\t\t\t\t<div class=\"fusion-rollover-sep\"><\/div>\n\t\t\t\t\n\t\t\t\t\t\t\t\t\t\t\t\t\t\t\t\t\t\t<a class=\"fusion-rollover-gallery\" href=\"http:\/\/lazari.com.br\/site\/wp-content\/uploads\/2021\/06\/2008-Joao-Walter-01-Destaque.jpg\" data-id=\"13437\" data-rel=\"iLightbox[gallery-rw-1]\" data-title=\"2008-Joao-Walter-01-Destaque\" data-caption=\"\">\n\t\t\t\t\t\tGaleria\t\t\t\t\t<\/a>\n\t\t\t\t\t\t\t\t\t\t\t\t\t\t\n\t\t\n\t\t\t\t\t\t\t\t\t\t\t\t<h4 class=\"fusion-rollover-title\">\n\t\t\t\t\t<a class=\"fusion-rollover-title-link\" href=\"http:\/\/lazari.com.br\/site\/portfolio-items\/2008-joao-walter-psdb-prefeito-rio-claro-sp\/?portfolioCats=37\">\n\t\t\t\t\t\t2008 &#8211; Jo\u00e3o Walter (PSDB) Prefeito &#8211; Rio Claro\/SP\t\t\t\t\t<\/a>\n\t\t\t\t<\/h4>\n\t\t\t\n\t\t\t\t\t\t\t\t\t\t<div class=\"fusion-rollover-categories\"><a href=\"http:\/\/lazari.com.br\/site\/portfolio_category\/2008\/\" rel=\"tag\">2008<\/a>, <a href=\"http:\/\/lazari.com.br\/site\/portfolio_category\/prefeito\/\" rel=\"tag\">Prefeito<\/a><\/div>\t\t\t\t\t\n\t\t\n\t\t\t\t\t\t<a class=\"fusion-link-wrapper\" href=\"http:\/\/lazari.com.br\/site\/portfolio-items\/2008-joao-walter-psdb-prefeito-rio-claro-sp\/?portfolioCats=37\" aria-label=\"2008 &#8211; Jo\u00e3o Walter (PSDB) Prefeito &#8211; Rio Claro\/SP\"><\/a>\n\t<\/div>\n<\/div>\n\n\t\n<\/div>\n<\/div><\/article><\/div><div class=\"pagination clearfix\"><span class=\"current\">1<\/span><a href=\"http:\/\/lazari.com.br\/site\/wp-json\/wp\/v2\/pages\/13263\/page\/2\/\" class=\"inactive\">2<\/a><a class=\"pagination-next\" rel=\"next\" href=\"http:\/\/lazari.com.br\/site\/wp-json\/wp\/v2\/pages\/13263\/page\/2\/\"><span class=\"page-text\">Pr\u00f3ximo<\/span><span class=\"page-next\"><\/span><\/a><\/div><div class=\"fusion-clearfix\"><\/div><\/div><\/div><style type=\"text\/css\">.fusion-body .fusion-builder-column-0{width:100% !important;margin-top : 0px;margin-bottom : 0px;}.fusion-builder-column-0 > .fusion-column-wrapper {padding-top : 0px !important;padding-right : 0px !important;margin-right : 1.92%;padding-bottom : 0px !important;padding-left : 0px !important;margin-left : 1.92%;}@media only screen and (max-width:1024px) {.fusion-body .fusion-builder-column-0{width:100% !important;}.fusion-builder-column-0 > .fusion-column-wrapper {margin-right : 1.92%;margin-left : 1.92%;}}@media only screen and (max-width:640px) {.fusion-body .fusion-builder-column-0{width:100% !important;}.fusion-builder-column-0 > .fusion-column-wrapper {margin-right : 1.92%;margin-left : 1.92%;}}<\/style><\/div><\/div><style type=\"text\/css\">.fusion-body .fusion-flex-container.fusion-builder-row-1{ padding-top : 0px;margin-top : 0px;padding-right : 0px;padding-bottom : 0px;margin-bottom : -82px;padding-left : 0px;}<\/style><\/div>\n","protected":false},"excerpt":{"rendered":"","protected":false},"author":1,"featured_media":0,"parent":0,"menu_order":0,"comment_status":"open","ping_status":"open","template":"100-width.php","meta":{"footnotes":""},"class_list":["post-13263","page","type-page","status-publish","hentry"],"_links":{"self":[{"href":"http:\/\/lazari.com.br\/site\/wp-json\/wp\/v2\/pages\/13263","targetHints":{"allow":["GET"]}}],"collection":[{"href":"http:\/\/lazari.com.br\/site\/wp-json\/wp\/v2\/pages"}],"about":[{"href":"http:\/\/lazari.com.br\/site\/wp-json\/wp\/v2\/types\/page"}],"author":[{"embeddable":true,"href":"http:\/\/lazari.com.br\/site\/wp-json\/wp\/v2\/users\/1"}],"replies":[{"embeddable":true,"href":"http:\/\/lazari.com.br\/site\/wp-json\/wp\/v2\/comments?post=13263"}],"version-history":[{"count":2,"href":"http:\/\/lazari.com.br\/site\/wp-json\/wp\/v2\/pages\/13263\/revisions"}],"predecessor-version":[{"id":13339,"href":"http:\/\/lazari.com.br\/site\/wp-json\/wp\/v2\/pages\/13263\/revisions\/13339"}],"wp:attachment":[{"href":"http:\/\/lazari.com.br\/site\/wp-json\/wp\/v2\/media?parent=13263"}],"curies":[{"name":"wp","href":"https:\/\/api.w.org\/{rel}","templated":true}]}}